{"id":7089,"date":"2022-03-22T12:03:28","date_gmt":"2022-03-22T12:03:28","guid":{"rendered":"https:\/\/www.fundacioolgatorres.org\/galeria-concesion-de-becas\/"},"modified":"2022-03-22T12:03:33","modified_gmt":"2022-03-22T12:03:33","slug":"galeria-concesion-de-becas","status":"publish","type":"page","link":"https:\/\/www.fundacioolgatorres.org\/es\/galeria-concesion-de-becas\/","title":{"rendered":"Galer\u00eda Concesi\u00f3n de becas"},"content":{"rendered":"\t\t<div data-elementor-type=\"wp-page\" data-elementor-id=\"7089\" class=\"elementor elementor-7089 elementor-6626\" data-elementor-post-type=\"page\">\n\t\t\t\t\t\t<section class=\"elementor-section elementor-top-section elementor-element elementor-element-1b51ca1 elementor-section-boxed elementor-section-height-default elementor-section-height-default\" data-id=\"1b51ca1\" data-element_type=\"section\" data-e-type=\"section\" data-settings=\"{&quot;background_background&quot;:&quot;classic&quot;}\">\n\t\t\t\t\t\t<div class=\"elementor-container elementor-column-gap-default\">\n\t\t\t\t\t<div class=\"elementor-column elementor-col-100 elementor-top-column elementor-element elementor-element-9ce5a1c\" data-id=\"9ce5a1c\" data-element_type=\"column\" data-e-type=\"column\">\n\t\t\t<div class=\"elementor-widget-wrap elementor-element-populated\">\n\t\t\t\t\t\t<div class=\"elementor-element elementor-element-0ae9701 elementor-widget elementor-widget-heading\" data-id=\"0ae9701\" data-element_type=\"widget\" data-e-type=\"widget\" data-widget_type=\"heading.default\">\n\t\t\t\t<div class=\"elementor-widget-container\">\n\t\t\t\t\t<h2 class=\"elementor-heading-title elementor-size-default\">Galer\u00eda Fotogr\u00e1fica : Concesi\u00f3n de becas<\/h2>\t\t\t\t<\/div>\n\t\t\t\t<\/div>\n\t\t\t\t\t<\/div>\n\t\t<\/div>\n\t\t\t\t\t<\/div>\n\t\t<\/section>\n\t\t\t\t<section class=\"elementor-section elementor-top-section elementor-element elementor-element-d926863 elementor-section-boxed elementor-section-height-default elementor-section-height-default\" data-id=\"d926863\" data-element_type=\"section\" data-e-type=\"section\">\n\t\t\t\t\t\t<div class=\"elementor-container elementor-column-gap-default\">\n\t\t\t\t\t<div class=\"elementor-column elementor-col-100 elementor-top-column elementor-element elementor-element-fe3336f\" data-id=\"fe3336f\" data-element_type=\"column\" data-e-type=\"column\">\n\t\t\t<div class=\"elementor-widget-wrap elementor-element-populated\">\n\t\t\t\t\t\t<div class=\"elementor-element elementor-element-8d88646 elementor-widget elementor-widget-text-editor\" data-id=\"8d88646\" data-element_type=\"widget\" data-e-type=\"widget\" data-widget_type=\"text-editor.default\">\n\t\t\t\t<div class=\"elementor-widget-container\">\n\t\t\t\t\t\t\t\t\t<p><strong>Celebraci\u00f3n de la Noche de la ciencia y el conocimiento<\/strong><\/p>\t\t\t\t\t\t\t\t<\/div>\n\t\t\t\t<\/div>\n\t\t\t\t<div class=\"elementor-element elementor-element-898f946 elementor-widget elementor-widget-text-editor\" data-id=\"898f946\" data-element_type=\"widget\" data-e-type=\"widget\" data-widget_type=\"text-editor.default\">\n\t\t\t\t<div class=\"elementor-widget-container\">\n\t\t\t\t\t\t\t\t\t<p><strong>Acto central 2018 en Sabadell<br><\/strong><\/p><p>Organizado por la Fundaci\u00f3n Bosch y Cardellach, la Universidad Aut\u00f3noma de Barcelona (UAB), el Ayuntamiento de Sabadell, la Fundaci\u00f3n Parc Taul\u00ed (FPT), la Fundaci\u00f3n Olga Torres (FOT), i la Escuela Superior de Dise\u00f1o (ESDI), el acto central de la 3\u00aa edici\u00f3n de la Noche de la Ciencia se desarroll\u00f3 el d\u00eda 12 de Abril de 2018 en el auditorio de la Antigua Caixa Sabadell.<\/p><p>En este apartado se recogen diversos momentos del acto.<\/p><p><em>(Fotos: Gabinete Comunicaci\u00f3n Parc Taul\u00ed)<\/em><\/p>\t\t\t\t\t\t\t\t<\/div>\n\t\t\t\t<\/div>\n\t\t\t\t<div class=\"elementor-element elementor-element-0adc9d0 elementor-arrows-position-inside elementor-widget elementor-widget-image-carousel\" data-id=\"0adc9d0\" data-element_type=\"widget\" data-e-type=\"widget\" data-settings=\"{&quot;slides_to_show&quot;:&quot;3&quot;,&quot;navigation&quot;:&quot;arrows&quot;,&quot;image_spacing_custom&quot;:{&quot;unit&quot;:&quot;px&quot;,&quot;size&quot;:25,&quot;sizes&quot;:[]},&quot;autoplay&quot;:&quot;yes&quot;,&quot;pause_on_hover&quot;:&quot;yes&quot;,&quot;pause_on_interaction&quot;:&quot;yes&quot;,&quot;autoplay_speed&quot;:5000,&quot;infinite&quot;:&quot;yes&quot;,&quot;speed&quot;:500,&quot;image_spacing_custom_tablet&quot;:{&quot;unit&quot;:&quot;px&quot;,&quot;size&quot;:&quot;&quot;,&quot;sizes&quot;:[]},&quot;image_spacing_custom_mobile&quot;:{&quot;unit&quot;:&quot;px&quot;,&quot;size&quot;:&quot;&quot;,&quot;sizes&quot;:[]}}\" data-widget_type=\"image-carousel.default\">\n\t\t\t\t<div class=\"elementor-widget-container\">\n\t\t\t\t\t\t\t<div class=\"elementor-image-carousel-wrapper swiper\" role=\"region\" aria-roledescription=\"carousel\" aria-label=\"Carrusel de im\u00e1genes\" dir=\"ltr\">\n\t\t\t<div class=\"elementor-image-carousel swiper-wrapper\" aria-live=\"off\">\n\t\t\t\t\t\t\t\t<div class=\"swiper-slide\" role=\"group\" aria-roledescription=\"slide\" aria-label=\"1 de 11\"><a data-elementor-open-lightbox=\"yes\" data-elementor-lightbox-slideshow=\"0adc9d0\" data-elementor-lightbox-title=\"nit-ciencia-2018-1\" data-e-action-hash=\"#elementor-action%3Aaction%3Dlightbox%26settings%3DeyJpZCI6NjYzMCwidXJsIjoiaHR0cHM6XC9cL3d3dy5mdW5kYWNpb29sZ2F0b3JyZXMub3JnXC93cC1jb250ZW50XC91cGxvYWRzXC8yMDIyXC8wM1wvbml0LWNpZW5jaWEtMjAxOC0xLmpwZyIsInNsaWRlc2hvdyI6IjBhZGM5ZDAifQ%3D%3D\" href=\"https:\/\/www.fundacioolgatorres.org\/wp-content\/uploads\/2022\/03\/nit-ciencia-2018-1.jpg\"><figure class=\"swiper-slide-inner\"><img decoding=\"async\" class=\"swiper-slide-image\" src=\"https:\/\/www.fundacioolgatorres.org\/wp-content\/uploads\/2022\/03\/nit-ciencia-2018-1.jpg\" alt=\"Actuaci\u00f3n de la formaci\u00f3n musical integrada por los j\u00f3venes Marina Prades (cantante), Oriol Padr\u00f3s (guitarra) y Jan Fit\u00e9 (contrabajo) del grupo Il\u00b7l\u00fas teatre ensemble\" \/><figcaption class=\"elementor-image-carousel-caption\">Actuaci\u00f3n de la formaci\u00f3n musical integrada por los j\u00f3venes Marina Prades (cantante), Oriol Padr\u00f3s (guitarra) y Jan Fit\u00e9 (contrabajo) del grupo Il\u00b7l\u00fas teatre ensemble<\/figcaption><\/figure><\/a><\/div><div class=\"swiper-slide\" role=\"group\" aria-roledescription=\"slide\" aria-label=\"2 de 11\"><a data-elementor-open-lightbox=\"yes\" data-elementor-lightbox-slideshow=\"0adc9d0\" data-elementor-lightbox-title=\"nit-ciencia-2018-2-\" data-e-action-hash=\"#elementor-action%3Aaction%3Dlightbox%26settings%3DeyJpZCI6NjYzNiwidXJsIjoiaHR0cHM6XC9cL3d3dy5mdW5kYWNpb29sZ2F0b3JyZXMub3JnXC93cC1jb250ZW50XC91cGxvYWRzXC8yMDIyXC8wM1wvbml0LWNpZW5jaWEtMjAxOC0yLS5qcGciLCJzbGlkZXNob3ciOiIwYWRjOWQwIn0%3D\" href=\"https:\/\/www.fundacioolgatorres.org\/wp-content\/uploads\/2022\/03\/nit-ciencia-2018-2-.jpg\"><figure class=\"swiper-slide-inner\"><img decoding=\"async\" class=\"swiper-slide-image\" src=\"https:\/\/www.fundacioolgatorres.org\/wp-content\/uploads\/2022\/03\/nit-ciencia-2018-2-.jpg\" alt=\"El periodista radiof\u00f3nico Sergi Garc\u00e9s fue el presentador y conductor del acto\" \/><figcaption class=\"elementor-image-carousel-caption\">El periodista radiof\u00f3nico Sergi Garc\u00e9s fue el presentador y conductor del acto\n<\/figcaption><\/figure><\/a><\/div><div class=\"swiper-slide\" role=\"group\" aria-roledescription=\"slide\" aria-label=\"3 de 11\"><a data-elementor-open-lightbox=\"yes\" data-elementor-lightbox-slideshow=\"0adc9d0\" data-elementor-lightbox-title=\"nit-ciencia-2018-3\" data-e-action-hash=\"#elementor-action%3Aaction%3Dlightbox%26settings%3DeyJpZCI6NjYzOSwidXJsIjoiaHR0cHM6XC9cL3d3dy5mdW5kYWNpb29sZ2F0b3JyZXMub3JnXC93cC1jb250ZW50XC91cGxvYWRzXC8yMDIyXC8wM1wvbml0LWNpZW5jaWEtMjAxOC0zLmpwZyIsInNsaWRlc2hvdyI6IjBhZGM5ZDAifQ%3D%3D\" href=\"https:\/\/www.fundacioolgatorres.org\/wp-content\/uploads\/2022\/03\/nit-ciencia-2018-3.jpg\"><figure class=\"swiper-slide-inner\"><img decoding=\"async\" class=\"swiper-slide-image\" src=\"https:\/\/www.fundacioolgatorres.org\/wp-content\/uploads\/2022\/03\/nit-ciencia-2018-3.jpg\" alt=\"Miembros del Departamento de Oncolog\u00eda del Parc Taul\u00ed dieron cuenta de los trabajos de investigaci\u00f3n realizados con los fondos obtenidos en la pasada edici\u00f3n de la Nit de la Ci\u00e8ncia 2017\" \/><figcaption class=\"elementor-image-carousel-caption\">Miembros del Departamento de Oncolog\u00eda del Parc Taul\u00ed dieron cuenta de los trabajos de investigaci\u00f3n realizados con los fondos obtenidos en la pasada edici\u00f3n de la Nit de la Ci\u00e8ncia 2017\n<\/figcaption><\/figure><\/a><\/div><div class=\"swiper-slide\" role=\"group\" aria-roledescription=\"slide\" aria-label=\"4 de 11\"><a data-elementor-open-lightbox=\"yes\" data-elementor-lightbox-slideshow=\"0adc9d0\" data-elementor-lightbox-title=\"nit-ciencia-2018-4\" data-e-action-hash=\"#elementor-action%3Aaction%3Dlightbox%26settings%3DeyJpZCI6NjY0MiwidXJsIjoiaHR0cHM6XC9cL3d3dy5mdW5kYWNpb29sZ2F0b3JyZXMub3JnXC93cC1jb250ZW50XC91cGxvYWRzXC8yMDIyXC8wM1wvbml0LWNpZW5jaWEtMjAxOC00LmpwZyIsInNsaWRlc2hvdyI6IjBhZGM5ZDAifQ%3D%3D\" href=\"https:\/\/www.fundacioolgatorres.org\/wp-content\/uploads\/2022\/03\/nit-ciencia-2018-4.jpg\"><figure class=\"swiper-slide-inner\"><img decoding=\"async\" class=\"swiper-slide-image\" src=\"https:\/\/www.fundacioolgatorres.org\/wp-content\/uploads\/2022\/03\/nit-ciencia-2018-4.jpg\" alt=\"La Universidad Aut\u00f3noma de Barcelona hizo entrega de las Ayudas al Talento a 5 investigadores con titulaci\u00f3n de Doctor. En la foto intervenci\u00f3n de una de les ganadoras.\" \/><figcaption class=\"elementor-image-carousel-caption\">La Universidad Aut\u00f3noma de Barcelona hizo entrega de las Ayudas al Talento a 5 investigadores con titulaci\u00f3n de Doctor. En la foto intervenci\u00f3n de una de les ganadoras.<\/figcaption><\/figure><\/a><\/div><div class=\"swiper-slide\" role=\"group\" aria-roledescription=\"slide\" aria-label=\"5 de 11\"><a data-elementor-open-lightbox=\"yes\" data-elementor-lightbox-slideshow=\"0adc9d0\" data-elementor-lightbox-title=\"nit-ciencia-2018-5\" data-elementor-lightbox-description=\"El Dr. Llu\u00eds Blanch, Director de la Fundaci\u00f3 Parc Taul\u00ed, presenta les guanyadores dels 2 ajuts d\u2019incentivaci\u00f3 a la recerca per a estudiants de Medicina de la UAB.\" data-e-action-hash=\"#elementor-action%3Aaction%3Dlightbox%26settings%3DeyJpZCI6NjY0NSwidXJsIjoiaHR0cHM6XC9cL3d3dy5mdW5kYWNpb29sZ2F0b3JyZXMub3JnXC93cC1jb250ZW50XC91cGxvYWRzXC8yMDIyXC8wM1wvbml0LWNpZW5jaWEtMjAxOC01LmpwZyIsInNsaWRlc2hvdyI6IjBhZGM5ZDAifQ%3D%3D\" href=\"https:\/\/www.fundacioolgatorres.org\/wp-content\/uploads\/2022\/03\/nit-ciencia-2018-5.jpg\"><figure class=\"swiper-slide-inner\"><img decoding=\"async\" class=\"swiper-slide-image\" src=\"https:\/\/www.fundacioolgatorres.org\/wp-content\/uploads\/2022\/03\/nit-ciencia-2018-5.jpg\" alt=\"El Dr. Llu\u00eds Blanch, Director de la Fundaci\u00f3n Parc Taul\u00ed, presenta las ganadoras de las 2 ayudas para incentivar la investigaci\u00f3n, destinadas a estudiantes de Medicina de la UAB.\" \/><figcaption class=\"elementor-image-carousel-caption\">El Dr. Llu\u00eds Blanch, Director de la Fundaci\u00f3n Parc Taul\u00ed, presenta las ganadoras de las 2 ayudas para incentivar la investigaci\u00f3n, destinadas a estudiantes de Medicina de la UAB.<\/figcaption><\/figure><\/a><\/div><div class=\"swiper-slide\" role=\"group\" aria-roledescription=\"slide\" aria-label=\"6 de 11\"><a data-elementor-open-lightbox=\"yes\" data-elementor-lightbox-slideshow=\"0adc9d0\" data-elementor-lightbox-title=\"nit-ciencia-2018-6\" data-e-action-hash=\"#elementor-action%3Aaction%3Dlightbox%26settings%3DeyJpZCI6NjY0OCwidXJsIjoiaHR0cHM6XC9cL3d3dy5mdW5kYWNpb29sZ2F0b3JyZXMub3JnXC93cC1jb250ZW50XC91cGxvYWRzXC8yMDIyXC8wM1wvbml0LWNpZW5jaWEtMjAxOC02LmpwZyIsInNsaWRlc2hvdyI6IjBhZGM5ZDAifQ%3D%3D\" href=\"https:\/\/www.fundacioolgatorres.org\/wp-content\/uploads\/2022\/03\/nit-ciencia-2018-6.jpg\"><figure class=\"swiper-slide-inner\"><img decoding=\"async\" class=\"swiper-slide-image\" src=\"https:\/\/www.fundacioolgatorres.org\/wp-content\/uploads\/2022\/03\/nit-ciencia-2018-6.jpg\" alt=\"El mentalista sabadellense David Bar\u00f3, Premio Nacional de Mentalismo, en una de sus intervenciones interactuando con el alcalde.\" \/><figcaption class=\"elementor-image-carousel-caption\">El mentalista sabadellense David Bar\u00f3, Premio Nacional de Mentalismo, en una de sus intervenciones interactuando con el alcalde.\n<\/figcaption><\/figure><\/a><\/div><div class=\"swiper-slide\" role=\"group\" aria-roledescription=\"slide\" aria-label=\"7 de 11\"><a data-elementor-open-lightbox=\"yes\" data-elementor-lightbox-slideshow=\"0adc9d0\" data-elementor-lightbox-title=\"nit-ciencia-2018-7\" data-e-action-hash=\"#elementor-action%3Aaction%3Dlightbox%26settings%3DeyJpZCI6NjY1MSwidXJsIjoiaHR0cHM6XC9cL3d3dy5mdW5kYWNpb29sZ2F0b3JyZXMub3JnXC93cC1jb250ZW50XC91cGxvYWRzXC8yMDIyXC8wM1wvbml0LWNpZW5jaWEtMjAxOC03LmpwZyIsInNsaWRlc2hvdyI6IjBhZGM5ZDAifQ%3D%3D\" href=\"https:\/\/www.fundacioolgatorres.org\/wp-content\/uploads\/2022\/03\/nit-ciencia-2018-7.jpg\"><figure class=\"swiper-slide-inner\"><img decoding=\"async\" class=\"swiper-slide-image\" src=\"https:\/\/www.fundacioolgatorres.org\/wp-content\/uploads\/2022\/03\/nit-ciencia-2018-7.jpg\" alt=\"Un afectado por una de les enfermedades minoritarias presenta la \u201crevoluci\u00f3n de los mini \u00f3rganos\u201d que constituye el objetivo de la investigaci\u00f3n en la presente edici\u00f3n.\" \/><figcaption class=\"elementor-image-carousel-caption\">Un afectado por una de les enfermedades minoritarias presenta la \u201crevoluci\u00f3n de los mini \u00f3rganos\u201d que constituye el objetivo de la investigaci\u00f3n en la presente edici\u00f3n.\n<\/figcaption><\/figure><\/a><\/div><div class=\"swiper-slide\" role=\"group\" aria-roledescription=\"slide\" aria-label=\"8 de 11\"><a data-elementor-open-lightbox=\"yes\" data-elementor-lightbox-slideshow=\"0adc9d0\" data-elementor-lightbox-title=\"nit-ciencia-2018-8\" data-e-action-hash=\"#elementor-action%3Aaction%3Dlightbox%26settings%3DeyJpZCI6NjY1NCwidXJsIjoiaHR0cHM6XC9cL3d3dy5mdW5kYWNpb29sZ2F0b3JyZXMub3JnXC93cC1jb250ZW50XC91cGxvYWRzXC8yMDIyXC8wM1wvbml0LWNpZW5jaWEtMjAxOC04LmpwZyIsInNsaWRlc2hvdyI6IjBhZGM5ZDAifQ%3D%3D\" href=\"https:\/\/www.fundacioolgatorres.org\/wp-content\/uploads\/2022\/03\/nit-ciencia-2018-8.jpg\"><figure class=\"swiper-slide-inner\"><img decoding=\"async\" class=\"swiper-slide-image\" src=\"https:\/\/www.fundacioolgatorres.org\/wp-content\/uploads\/2022\/03\/nit-ciencia-2018-8.jpg\" alt=\"El equipo de profesionales del Hospital Parc Taul\u00ed encargado de llevar a cabo la investigaci\u00f3n acerca de la revoluci\u00f3n de los mini \u00f3rganos explicando el proyecto.\" \/><figcaption class=\"elementor-image-carousel-caption\">El equipo de profesionales del Hospital Parc Taul\u00ed encargado de llevar a cabo la investigaci\u00f3n acerca de la revoluci\u00f3n de los mini \u00f3rganos explicando el proyecto.\n<\/figcaption><\/figure><\/a><\/div><div class=\"swiper-slide\" role=\"group\" aria-roledescription=\"slide\" aria-label=\"9 de 11\"><a data-elementor-open-lightbox=\"yes\" data-elementor-lightbox-slideshow=\"0adc9d0\" data-elementor-lightbox-title=\"nit-ciencia-2018-9\" data-e-action-hash=\"#elementor-action%3Aaction%3Dlightbox%26settings%3DeyJpZCI6NjY1NywidXJsIjoiaHR0cHM6XC9cL3d3dy5mdW5kYWNpb29sZ2F0b3JyZXMub3JnXC93cC1jb250ZW50XC91cGxvYWRzXC8yMDIyXC8wM1wvbml0LWNpZW5jaWEtMjAxOC05LmpwZyIsInNsaWRlc2hvdyI6IjBhZGM5ZDAifQ%3D%3D\" href=\"https:\/\/www.fundacioolgatorres.org\/wp-content\/uploads\/2022\/03\/nit-ciencia-2018-9.jpg\"><figure class=\"swiper-slide-inner\"><img decoding=\"async\" class=\"swiper-slide-image\" src=\"https:\/\/www.fundacioolgatorres.org\/wp-content\/uploads\/2022\/03\/nit-ciencia-2018-9.jpg\" alt=\"El Secretario de la Fundaci\u00f3n Olga Torres, hace entrega del Premio al Trabajo de Divulgaci\u00f3 2018 a la Dr\u00aa Maria Llu\u00efsa Bar\u00e9.\" \/><figcaption class=\"elementor-image-carousel-caption\">El Secretario de la Fundaci\u00f3n Olga Torres, hace entrega del Premio al Trabajo de Divulgaci\u00f3 2018 a la Dr\u00aa Maria Llu\u00efsa Bar\u00e9.\n<\/figcaption><\/figure><\/a><\/div><div class=\"swiper-slide\" role=\"group\" aria-roledescription=\"slide\" aria-label=\"10 de 11\"><a data-elementor-open-lightbox=\"yes\" data-elementor-lightbox-slideshow=\"0adc9d0\" data-elementor-lightbox-title=\"nit-ciencia-2018-10\" data-e-action-hash=\"#elementor-action%3Aaction%3Dlightbox%26settings%3DeyJpZCI6NjY2MCwidXJsIjoiaHR0cHM6XC9cL3d3dy5mdW5kYWNpb29sZ2F0b3JyZXMub3JnXC93cC1jb250ZW50XC91cGxvYWRzXC8yMDIyXC8wM1wvbml0LWNpZW5jaWEtMjAxOC0xMC5qcGciLCJzbGlkZXNob3ciOiIwYWRjOWQwIn0%3D\" href=\"https:\/\/www.fundacioolgatorres.org\/wp-content\/uploads\/2022\/03\/nit-ciencia-2018-10.jpg\"><figure class=\"swiper-slide-inner\"><img decoding=\"async\" class=\"swiper-slide-image\" src=\"https:\/\/www.fundacioolgatorres.org\/wp-content\/uploads\/2022\/03\/nit-ciencia-2018-10.jpg\" alt=\"El alcalde de Sabadell, Sr. Mat\u00edes Serracant en un momento de su discurso.\" \/><figcaption class=\"elementor-image-carousel-caption\">El alcalde de Sabadell, Sr. Mat\u00edes Serracant en un momento de su discurso.\n<\/figcaption><\/figure><\/a><\/div><div class=\"swiper-slide\" role=\"group\" aria-roledescription=\"slide\" aria-label=\"11 de 11\"><a data-elementor-open-lightbox=\"yes\" data-elementor-lightbox-slideshow=\"0adc9d0\" data-elementor-lightbox-title=\"nit-ciencia-2018-11\" data-e-action-hash=\"#elementor-action%3Aaction%3Dlightbox%26settings%3DeyJpZCI6NjY2MywidXJsIjoiaHR0cHM6XC9cL3d3dy5mdW5kYWNpb29sZ2F0b3JyZXMub3JnXC93cC1jb250ZW50XC91cGxvYWRzXC8yMDIyXC8wM1wvbml0LWNpZW5jaWEtMjAxOC0xMS5qcGciLCJzbGlkZXNob3ciOiIwYWRjOWQwIn0%3D\" href=\"https:\/\/www.fundacioolgatorres.org\/wp-content\/uploads\/2022\/03\/nit-ciencia-2018-11.jpg\"><figure class=\"swiper-slide-inner\"><img decoding=\"async\" class=\"swiper-slide-image\" src=\"https:\/\/www.fundacioolgatorres.org\/wp-content\/uploads\/2022\/03\/nit-ciencia-2018-11.jpg\" alt=\"Los ganadores de los diferentes premios, becas, ayudas y reconocimientos a la actividad cient\u00edfica, concedidos durante la presente edici\u00f3n de la Noche de la Ciencia, posan con representantes de les entidades organizadoras.\" \/><figcaption class=\"elementor-image-carousel-caption\">Los ganadores de los diferentes premios, becas, ayudas y reconocimientos a la actividad cient\u00edfica, concedidos durante la presente edici\u00f3n de la Noche de la Ciencia, posan con representantes de les entidades organizadoras.\n\n<\/figcaption><\/figure><\/a><\/div>\t\t\t<\/div>\n\t\t\t\t\t\t\t\t\t\t\t\t<div class=\"elementor-swiper-button elementor-swiper-button-prev\" role=\"button\" tabindex=\"0\">\n\t\t\t\t\t\t<i aria-hidden=\"true\" class=\"eicon-chevron-left\"><\/i>\t\t\t\t\t<\/div>\n\t\t\t\t\t<div class=\"elementor-swiper-button elementor-swiper-button-next\" role=\"button\" tabindex=\"0\">\n\t\t\t\t\t\t<i aria-hidden=\"true\" class=\"eicon-chevron-right\"><\/i>\t\t\t\t\t<\/div>\n\t\t\t\t\n\t\t\t\t\t\t\t\t\t<\/div>\n\t\t\t\t\t\t<\/div>\n\t\t\t\t<\/div>\n\t\t\t\t<div class=\"elementor-element elementor-element-95e9959 elementor-widget elementor-widget-text-editor\" data-id=\"95e9959\" data-element_type=\"widget\" data-e-type=\"widget\" data-widget_type=\"text-editor.default\">\n\t\t\t\t<div class=\"elementor-widget-container\">\n\t\t\t\t\t\t\t\t\t<p><strong>Acto central 2017 en Sabadell<br><\/strong><\/p><p>Organizado por la Fundaci\u00f3n Bosch y Cardellach, Universidad Aut\u00f3noma de Barcelona (UAB), Ayuntamiento de Sabadell, Fundaci\u00f3n Parc Taul\u00ed (FPT), Fundaci\u00f3n Olga Torres (FOT), y Escuela Superior de Dise\u00f1o (ESDI), el acto central tuvo lugar el d\u00eda 18 de Mayo de 2017 en el auditorio de la Antigua Caja Sabadell.<\/p><p><em>(Fotos: Gabinete Comunicaci\u00f3n Parc Taul\u00ed)<\/em><\/p>\t\t\t\t\t\t\t\t<\/div>\n\t\t\t\t<\/div>\n\t\t\t\t<div class=\"elementor-element elementor-element-8f9c3f6 elementor-arrows-position-inside elementor-widget elementor-widget-image-carousel\" data-id=\"8f9c3f6\" data-element_type=\"widget\" data-e-type=\"widget\" data-settings=\"{&quot;slides_to_show&quot;:&quot;3&quot;,&quot;navigation&quot;:&quot;arrows&quot;,&quot;image_spacing_custom&quot;:{&quot;unit&quot;:&quot;px&quot;,&quot;size&quot;:25,&quot;sizes&quot;:[]},&quot;autoplay&quot;:&quot;yes&quot;,&quot;pause_on_hover&quot;:&quot;yes&quot;,&quot;pause_on_interaction&quot;:&quot;yes&quot;,&quot;autoplay_speed&quot;:5000,&quot;infinite&quot;:&quot;yes&quot;,&quot;speed&quot;:500,&quot;image_spacing_custom_tablet&quot;:{&quot;unit&quot;:&quot;px&quot;,&quot;size&quot;:&quot;&quot;,&quot;sizes&quot;:[]},&quot;image_spacing_custom_mobile&quot;:{&quot;unit&quot;:&quot;px&quot;,&quot;size&quot;:&quot;&quot;,&quot;sizes&quot;:[]}}\" data-widget_type=\"image-carousel.default\">\n\t\t\t\t<div class=\"elementor-widget-container\">\n\t\t\t\t\t\t\t<div class=\"elementor-image-carousel-wrapper swiper\" role=\"region\" aria-roledescription=\"carousel\" aria-label=\"Carrusel de im\u00e1genes\" dir=\"ltr\">\n\t\t\t<div class=\"elementor-image-carousel swiper-wrapper\" aria-live=\"off\">\n\t\t\t\t\t\t\t\t<div class=\"swiper-slide\" role=\"group\" aria-roledescription=\"slide\" aria-label=\"1 de 11\"><a data-elementor-open-lightbox=\"yes\" data-elementor-lightbox-slideshow=\"8f9c3f6\" data-elementor-lightbox-title=\"nit-ciencia-2017-1\" data-e-action-hash=\"#elementor-action%3Aaction%3Dlightbox%26settings%3DeyJpZCI6NjY2OSwidXJsIjoiaHR0cHM6XC9cL3d3dy5mdW5kYWNpb29sZ2F0b3JyZXMub3JnXC93cC1jb250ZW50XC91cGxvYWRzXC8yMDIyXC8wM1wvbml0LWNpZW5jaWEtMjAxNy0xLmpwZyIsInNsaWRlc2hvdyI6IjhmOWMzZjYifQ%3D%3D\" href=\"https:\/\/www.fundacioolgatorres.org\/wp-content\/uploads\/2022\/03\/nit-ciencia-2017-1.jpg\"><figure class=\"swiper-slide-inner\"><img decoding=\"async\" class=\"swiper-slide-image\" src=\"https:\/\/www.fundacioolgatorres.org\/wp-content\/uploads\/2022\/03\/nit-ciencia-2017-1.jpg\" alt=\"Vista general del auditorio.\" \/><figcaption class=\"elementor-image-carousel-caption\">Vista general del auditorio.\n<\/figcaption><\/figure><\/a><\/div><div class=\"swiper-slide\" role=\"group\" aria-roledescription=\"slide\" aria-label=\"2 de 11\"><a data-elementor-open-lightbox=\"yes\" data-elementor-lightbox-slideshow=\"8f9c3f6\" data-elementor-lightbox-title=\"nit-ciencia-2018-2\" data-e-action-hash=\"#elementor-action%3Aaction%3Dlightbox%26settings%3DeyJpZCI6NjY3MiwidXJsIjoiaHR0cHM6XC9cL3d3dy5mdW5kYWNpb29sZ2F0b3JyZXMub3JnXC93cC1jb250ZW50XC91cGxvYWRzXC8yMDIyXC8wM1wvbml0LWNpZW5jaWEtMjAxOC0yLTEuanBnIiwic2xpZGVzaG93IjoiOGY5YzNmNiJ9\" href=\"https:\/\/www.fundacioolgatorres.org\/wp-content\/uploads\/2022\/03\/nit-ciencia-2018-2-1.jpg\"><figure class=\"swiper-slide-inner\"><img decoding=\"async\" class=\"swiper-slide-image\" src=\"https:\/\/www.fundacioolgatorres.org\/wp-content\/uploads\/2022\/03\/nit-ciencia-2018-2-1.jpg\" alt=\"El comunicador Xavier Andreu fue el encargado de la presentaci\u00f3n y conducci\u00f3n del acto.\" \/><figcaption class=\"elementor-image-carousel-caption\">El comunicador Xavier Andreu fue el encargado de la presentaci\u00f3n y conducci\u00f3n del acto.\n<\/figcaption><\/figure><\/a><\/div><div class=\"swiper-slide\" role=\"group\" aria-roledescription=\"slide\" aria-label=\"3 de 11\"><a data-elementor-open-lightbox=\"yes\" data-elementor-lightbox-slideshow=\"8f9c3f6\" data-elementor-lightbox-title=\"nit-ciencia-2017-3\" data-e-action-hash=\"#elementor-action%3Aaction%3Dlightbox%26settings%3DeyJpZCI6NjY3NiwidXJsIjoiaHR0cHM6XC9cL3d3dy5mdW5kYWNpb29sZ2F0b3JyZXMub3JnXC93cC1jb250ZW50XC91cGxvYWRzXC8yMDIyXC8wM1wvbml0LWNpZW5jaWEtMjAxNy0zLmpwZyIsInNsaWRlc2hvdyI6IjhmOWMzZjYifQ%3D%3D\" href=\"https:\/\/www.fundacioolgatorres.org\/wp-content\/uploads\/2022\/03\/nit-ciencia-2017-3.jpg\"><figure class=\"swiper-slide-inner\"><img decoding=\"async\" class=\"swiper-slide-image\" src=\"https:\/\/www.fundacioolgatorres.org\/wp-content\/uploads\/2022\/03\/nit-ciencia-2017-3.jpg\" alt=\"El Dr. Diego Palao, Director del Centro de Salud Mental del Parc Taul\u00ed, dio cuenta de la aplicaci\u00f3n de la recaudaci\u00f3n obtenida en la edici\u00f3n anterior al proyecto Mind-u de prevenci\u00f3n en Salud Mental para j\u00f3venes.\" \/><figcaption class=\"elementor-image-carousel-caption\">El Dr. Diego Palao, Director del Centro de Salud Mental del Parc Taul\u00ed, dio cuenta de la aplicaci\u00f3n de la recaudaci\u00f3n obtenida en la edici\u00f3n anterior al proyecto Mind-u de prevenci\u00f3n en Salud Mental para j\u00f3venes.\n\n<\/figcaption><\/figure><\/a><\/div><div class=\"swiper-slide\" role=\"group\" aria-roledescription=\"slide\" aria-label=\"4 de 11\"><a data-elementor-open-lightbox=\"yes\" data-elementor-lightbox-slideshow=\"8f9c3f6\" data-elementor-lightbox-title=\"nit-ciencia-2017-4\" data-e-action-hash=\"#elementor-action%3Aaction%3Dlightbox%26settings%3DeyJpZCI6NjY3OSwidXJsIjoiaHR0cHM6XC9cL3d3dy5mdW5kYWNpb29sZ2F0b3JyZXMub3JnXC93cC1jb250ZW50XC91cGxvYWRzXC8yMDIyXC8wM1wvbml0LWNpZW5jaWEtMjAxNy00LmpwZyIsInNsaWRlc2hvdyI6IjhmOWMzZjYifQ%3D%3D\" href=\"https:\/\/www.fundacioolgatorres.org\/wp-content\/uploads\/2022\/03\/nit-ciencia-2017-4.jpg\"><figure class=\"swiper-slide-inner\"><img decoding=\"async\" class=\"swiper-slide-image\" src=\"https:\/\/www.fundacioolgatorres.org\/wp-content\/uploads\/2022\/03\/nit-ciencia-2017-4.jpg\" alt=\"El Alcalde de Sabadell Sr. Juli Fern\u00e1ndez y el Director de la Fundaci\u00f3n Bosch y Cardellach Sr. Joan Brunet, fotografiados con los ganadores de los premios otorgados por ambas instituciones\" \/><figcaption class=\"elementor-image-carousel-caption\">El Alcalde de Sabadell Sr. Juli Fern\u00e1ndez y el Director de la Fundaci\u00f3n Bosch y Cardellach Sr. Joan Brunet, fotografiados con los ganadores de los premios otorgados por ambas instituciones\n\n<\/figcaption><\/figure><\/a><\/div><div class=\"swiper-slide\" role=\"group\" aria-roledescription=\"slide\" aria-label=\"5 de 11\"><a data-elementor-open-lightbox=\"yes\" data-elementor-lightbox-slideshow=\"8f9c3f6\" data-elementor-lightbox-title=\"nit-ciencia-2017-5\" data-e-action-hash=\"#elementor-action%3Aaction%3Dlightbox%26settings%3DeyJpZCI6NjY4MiwidXJsIjoiaHR0cHM6XC9cL3d3dy5mdW5kYWNpb29sZ2F0b3JyZXMub3JnXC93cC1jb250ZW50XC91cGxvYWRzXC8yMDIyXC8wM1wvbml0LWNpZW5jaWEtMjAxNy01LmpwZyIsInNsaWRlc2hvdyI6IjhmOWMzZjYifQ%3D%3D\" href=\"https:\/\/www.fundacioolgatorres.org\/wp-content\/uploads\/2022\/03\/nit-ciencia-2017-5.jpg\"><figure class=\"swiper-slide-inner\"><img decoding=\"async\" class=\"swiper-slide-image\" src=\"https:\/\/www.fundacioolgatorres.org\/wp-content\/uploads\/2022\/03\/nit-ciencia-2017-5.jpg\" alt=\"Galardonados con el diploma acreditativo del Premio Fem + matem\u00e0tiques a Sabadell 2017.\" \/><figcaption class=\"elementor-image-carousel-caption\">Galardonados con el diploma acreditativo del Premio Fem + matem\u00e0tiques a Sabadell 2017.\n<\/figcaption><\/figure><\/a><\/div><div class=\"swiper-slide\" role=\"group\" aria-roledescription=\"slide\" aria-label=\"6 de 11\"><a data-elementor-open-lightbox=\"yes\" data-elementor-lightbox-slideshow=\"8f9c3f6\" data-elementor-lightbox-title=\"nit-ciencia-2017-6\" data-e-action-hash=\"#elementor-action%3Aaction%3Dlightbox%26settings%3DeyJpZCI6NjY4NSwidXJsIjoiaHR0cHM6XC9cL3d3dy5mdW5kYWNpb29sZ2F0b3JyZXMub3JnXC93cC1jb250ZW50XC91cGxvYWRzXC8yMDIyXC8wM1wvbml0LWNpZW5jaWEtMjAxNy02LmpwZyIsInNsaWRlc2hvdyI6IjhmOWMzZjYifQ%3D%3D\" href=\"https:\/\/www.fundacioolgatorres.org\/wp-content\/uploads\/2022\/03\/nit-ciencia-2017-6.jpg\"><figure class=\"swiper-slide-inner\"><img decoding=\"async\" class=\"swiper-slide-image\" src=\"https:\/\/www.fundacioolgatorres.org\/wp-content\/uploads\/2022\/03\/nit-ciencia-2017-6.jpg\" alt=\"El Dr. Eugeni Saig\u00ed, Jefe del Servicio de Oncolog\u00eda del Parc Taul\u00ed y la Dr\u00aa Anna Brunet investigadora oncol\u00f3gica, presentaron el proyecto: \u201cNuevas herramientas para la detecci\u00f3n precoz del c\u00e1ncer colorrectal\u201d, al cual se destinar\u00e1 la recaudaci\u00f3n de la presente edici\u00f3n.\" \/><figcaption class=\"elementor-image-carousel-caption\">El Dr. Eugeni Saig\u00ed, Jefe del Servicio de Oncolog\u00eda del Parc Taul\u00ed y la Dr\u00aa Anna Brunet investigadora oncol\u00f3gica, presentaron el proyecto: \u201cNuevas herramientas para la detecci\u00f3n precoz del c\u00e1ncer colorrectal\u201d, al cual se destinar\u00e1 la recaudaci\u00f3n de la presente edici\u00f3n.\n<\/figcaption><\/figure><\/a><\/div><div class=\"swiper-slide\" role=\"group\" aria-roledescription=\"slide\" aria-label=\"7 de 11\"><a data-elementor-open-lightbox=\"yes\" data-elementor-lightbox-slideshow=\"8f9c3f6\" data-elementor-lightbox-title=\"nit-ciencia-2017-7\" data-e-action-hash=\"#elementor-action%3Aaction%3Dlightbox%26settings%3DeyJpZCI6NjY4OCwidXJsIjoiaHR0cHM6XC9cL3d3dy5mdW5kYWNpb29sZ2F0b3JyZXMub3JnXC93cC1jb250ZW50XC91cGxvYWRzXC8yMDIyXC8wM1wvbml0LWNpZW5jaWEtMjAxNy03LmpwZyIsInNsaWRlc2hvdyI6IjhmOWMzZjYifQ%3D%3D\" href=\"https:\/\/www.fundacioolgatorres.org\/wp-content\/uploads\/2022\/03\/nit-ciencia-2017-7.jpg\"><figure class=\"swiper-slide-inner\"><img decoding=\"async\" class=\"swiper-slide-image\" src=\"https:\/\/www.fundacioolgatorres.org\/wp-content\/uploads\/2022\/03\/nit-ciencia-2017-7.jpg\" alt=\"El Vicerrector de Investigaci\u00f3n de la Universidad Aut\u00f3noma de Barcelona (UAB) Dr. Armand S\u00e1nchez posa junto a las ganadoras de las becas de investigaci\u00f3n sobre c\u00e1ncer financiadas por la Uni\u00f3n Europea.\" \/><figcaption class=\"elementor-image-carousel-caption\">El Vicerrector de Investigaci\u00f3n de la Universidad Aut\u00f3noma de Barcelona (UAB) Dr. Armand S\u00e1nchez posa junto a las ganadoras de las becas de investigaci\u00f3n sobre c\u00e1ncer financiadas por la Uni\u00f3n Europea.\n<\/figcaption><\/figure><\/a><\/div><div class=\"swiper-slide\" role=\"group\" aria-roledescription=\"slide\" aria-label=\"8 de 11\"><a data-elementor-open-lightbox=\"yes\" data-elementor-lightbox-slideshow=\"8f9c3f6\" data-elementor-lightbox-title=\"nit-ciencia-2017-8\" data-e-action-hash=\"#elementor-action%3Aaction%3Dlightbox%26settings%3DeyJpZCI6NjY5MSwidXJsIjoiaHR0cHM6XC9cL3d3dy5mdW5kYWNpb29sZ2F0b3JyZXMub3JnXC93cC1jb250ZW50XC91cGxvYWRzXC8yMDIyXC8wM1wvbml0LWNpZW5jaWEtMjAxNy04LmpwZyIsInNsaWRlc2hvdyI6IjhmOWMzZjYifQ%3D%3D\" href=\"https:\/\/www.fundacioolgatorres.org\/wp-content\/uploads\/2022\/03\/nit-ciencia-2017-8.jpg\"><figure class=\"swiper-slide-inner\"><img decoding=\"async\" class=\"swiper-slide-image\" src=\"https:\/\/www.fundacioolgatorres.org\/wp-content\/uploads\/2022\/03\/nit-ciencia-2017-8.jpg\" alt=\"El Cor V\u00e8rtex, de las Escuelas P\u00edas de Sabadell, en un momento de su actuaci\u00f3n.\" \/><figcaption class=\"elementor-image-carousel-caption\">El Cor V\u00e8rtex, de las Escuelas P\u00edas de Sabadell, en un momento de su actuaci\u00f3n.\n<\/figcaption><\/figure><\/a><\/div><div class=\"swiper-slide\" role=\"group\" aria-roledescription=\"slide\" aria-label=\"9 de 11\"><a data-elementor-open-lightbox=\"yes\" data-elementor-lightbox-slideshow=\"8f9c3f6\" data-elementor-lightbox-title=\"nit-ciencia-2017-9\" data-e-action-hash=\"#elementor-action%3Aaction%3Dlightbox%26settings%3DeyJpZCI6NjY5NCwidXJsIjoiaHR0cHM6XC9cL3d3dy5mdW5kYWNpb29sZ2F0b3JyZXMub3JnXC93cC1jb250ZW50XC91cGxvYWRzXC8yMDIyXC8wM1wvbml0LWNpZW5jaWEtMjAxNy05LmpwZyIsInNsaWRlc2hvdyI6IjhmOWMzZjYifQ%3D%3D\" href=\"https:\/\/www.fundacioolgatorres.org\/wp-content\/uploads\/2022\/03\/nit-ciencia-2017-9.jpg\"><figure class=\"swiper-slide-inner\"><img decoding=\"async\" class=\"swiper-slide-image\" src=\"https:\/\/www.fundacioolgatorres.org\/wp-content\/uploads\/2022\/03\/nit-ciencia-2017-9.jpg\" alt=\"El Sr. Jordi Carbonell, Secretario del Patronato de la Fundaci\u00f3n Olga Torres (FOT) con las ganadoras del Premio al trabajo de divulgaci\u00f3n sobre c\u00e1ncer de colon.\" \/><figcaption class=\"elementor-image-carousel-caption\">El Sr. Jordi Carbonell, Secretario del Patronato de la Fundaci\u00f3n Olga Torres (FOT) con las ganadoras del Premio al trabajo de divulgaci\u00f3n sobre c\u00e1ncer de colon.\n<\/figcaption><\/figure><\/a><\/div><div class=\"swiper-slide\" role=\"group\" aria-roledescription=\"slide\" aria-label=\"10 de 11\"><a data-elementor-open-lightbox=\"yes\" data-elementor-lightbox-slideshow=\"8f9c3f6\" data-elementor-lightbox-title=\"nit-ciencia-2017-10\" data-e-action-hash=\"#elementor-action%3Aaction%3Dlightbox%26settings%3DeyJpZCI6NjY5NywidXJsIjoiaHR0cHM6XC9cL3d3dy5mdW5kYWNpb29sZ2F0b3JyZXMub3JnXC93cC1jb250ZW50XC91cGxvYWRzXC8yMDIyXC8wM1wvbml0LWNpZW5jaWEtMjAxNy0xMC5qcGciLCJzbGlkZXNob3ciOiI4ZjljM2Y2In0%3D\" href=\"https:\/\/www.fundacioolgatorres.org\/wp-content\/uploads\/2022\/03\/nit-ciencia-2017-10.jpg\"><figure class=\"swiper-slide-inner\"><img decoding=\"async\" class=\"swiper-slide-image\" src=\"https:\/\/www.fundacioolgatorres.org\/wp-content\/uploads\/2022\/03\/nit-ciencia-2017-10.jpg\" alt=\"El showman Carles Reiet interactuando con personas del p\u00fablico en un truco de magia.\" \/><figcaption class=\"elementor-image-carousel-caption\">El showman Carles Reiet interactuando con personas del p\u00fablico en un truco de magia.\n<\/figcaption><\/figure><\/a><\/div><div class=\"swiper-slide\" role=\"group\" aria-roledescription=\"slide\" aria-label=\"11 de 11\"><a data-elementor-open-lightbox=\"yes\" data-elementor-lightbox-slideshow=\"8f9c3f6\" data-elementor-lightbox-title=\"nit-ciencia-2017-11\" data-e-action-hash=\"#elementor-action%3Aaction%3Dlightbox%26settings%3DeyJpZCI6NjcwMCwidXJsIjoiaHR0cHM6XC9cL3d3dy5mdW5kYWNpb29sZ2F0b3JyZXMub3JnXC93cC1jb250ZW50XC91cGxvYWRzXC8yMDIyXC8wM1wvbml0LWNpZW5jaWEtMjAxNy0xMS5qcGciLCJzbGlkZXNob3ciOiI4ZjljM2Y2In0%3D\" href=\"https:\/\/www.fundacioolgatorres.org\/wp-content\/uploads\/2022\/03\/nit-ciencia-2017-11.jpg\"><figure class=\"swiper-slide-inner\"><img decoding=\"async\" class=\"swiper-slide-image\" src=\"https:\/\/www.fundacioolgatorres.org\/wp-content\/uploads\/2022\/03\/nit-ciencia-2017-11.jpg\" alt=\"Foto conjunta de todos los premiados en la edici\u00f3n de la Noche de la Ciencia 2017, con representantes de les entidades organizadoras.\" \/><figcaption class=\"elementor-image-carousel-caption\">Foto conjunta de todos los premiados en la edici\u00f3n de la Noche de la Ciencia 2017, con representantes de les entidades organizadoras.\n\n<\/figcaption><\/figure><\/a><\/div>\t\t\t<\/div>\n\t\t\t\t\t\t\t\t\t\t\t\t<div class=\"elementor-swiper-button elementor-swiper-button-prev\" role=\"button\" tabindex=\"0\">\n\t\t\t\t\t\t<i aria-hidden=\"true\" class=\"eicon-chevron-left\"><\/i>\t\t\t\t\t<\/div>\n\t\t\t\t\t<div class=\"elementor-swiper-button elementor-swiper-button-next\" role=\"button\" tabindex=\"0\">\n\t\t\t\t\t\t<i aria-hidden=\"true\" class=\"eicon-chevron-right\"><\/i>\t\t\t\t\t<\/div>\n\t\t\t\t\n\t\t\t\t\t\t\t\t\t<\/div>\n\t\t\t\t\t\t<\/div>\n\t\t\t\t<\/div>\n\t\t\t\t\t<\/div>\n\t\t<\/div>\n\t\t\t\t\t<\/div>\n\t\t<\/section>\n\t\t\t\t<section class=\"elementor-section elementor-top-section elementor-element elementor-element-c44237d elementor-section-boxed elementor-section-height-default elementor-section-height-default\" data-id=\"c44237d\" data-element_type=\"section\" data-e-type=\"section\" data-settings=\"{&quot;background_background&quot;:&quot;classic&quot;}\">\n\t\t\t\t\t\t<div class=\"elementor-container elementor-column-gap-default\">\n\t\t\t\t\t<div class=\"elementor-column elementor-col-100 elementor-top-column elementor-element elementor-element-0e5555a\" data-id=\"0e5555a\" data-element_type=\"column\" data-e-type=\"column\">\n\t\t\t<div class=\"elementor-widget-wrap elementor-element-populated\">\n\t\t\t\t\t\t<div class=\"elementor-element elementor-element-ce96780 elementor-widget elementor-widget-text-editor\" data-id=\"ce96780\" data-element_type=\"widget\" data-e-type=\"widget\" data-widget_type=\"text-editor.default\">\n\t\t\t\t<div class=\"elementor-widget-container\">\n\t\t\t\t\t\t\t\t\t<strong>Concesi\u00f3n del Premio al Trabajo de Divulgaci\u00f3n 2018\n<\/strong>\t\t\t\t\t\t\t\t<\/div>\n\t\t\t\t<\/div>\n\t\t\t\t<div class=\"elementor-element elementor-element-daab723 elementor-widget elementor-widget-text-editor\" data-id=\"daab723\" data-element_type=\"widget\" data-e-type=\"widget\" data-widget_type=\"text-editor.default\">\n\t\t\t\t<div class=\"elementor-widget-container\">\n\t\t\t\t\t\t\t\t\t<p>El d\u00eda 12 de Abril de 2018, en el transcurso del acto central de la Nit de la Ci\u00e8ncia i el Coneixement a Sabadell, celebrado en el Auditorio de la Fundaci\u00f3 Antiga Caixa Sabadell 1859, se procedi\u00f3 a la concesi\u00f3n del Premio al Trabajo de Divulgaci\u00f3n 2018, convocado por la FOT.<\/p><p>En su 2\u00aa edici\u00f3n el premio dotado con 9.000 \u20ac se otorg\u00f3 a la Dr\u00aa Maria Llu\u00efsa Bar\u00e9 Ma\u00f1as por el Proyecto \u201cLa prevenci\u00f3n integral del c\u00e1ncer colorectal: Colaboraci\u00f3n de los profesionales sanitarios, los alumnos de Medicina del Parc Taul\u00ed y los adolescentes\u201d, y lo llevar\u00e1 a cabo un equipo de la Corporaci\u00f3n Sanitaria Parc Taul\u00ed de Sabadell coordinado por la Dr\u00aa Bar\u00e9, en un periodo de tiempo previsto de 24 mese<\/p><p><em>(Fotos: Dept\u00ba de Comunicaci\u00f3n Parc Taul\u00ed)<\/em><\/p>\t\t\t\t\t\t\t\t<\/div>\n\t\t\t\t<\/div>\n\t\t\t\t<div class=\"elementor-element elementor-element-df012b9 elementor-arrows-position-inside elementor-widget elementor-widget-image-carousel\" data-id=\"df012b9\" data-element_type=\"widget\" data-e-type=\"widget\" data-settings=\"{&quot;slides_to_show&quot;:&quot;3&quot;,&quot;navigation&quot;:&quot;arrows&quot;,&quot;image_spacing_custom&quot;:{&quot;unit&quot;:&quot;px&quot;,&quot;size&quot;:25,&quot;sizes&quot;:[]},&quot;autoplay&quot;:&quot;yes&quot;,&quot;pause_on_hover&quot;:&quot;yes&quot;,&quot;pause_on_interaction&quot;:&quot;yes&quot;,&quot;autoplay_speed&quot;:5000,&quot;infinite&quot;:&quot;yes&quot;,&quot;speed&quot;:500,&quot;image_spacing_custom_tablet&quot;:{&quot;unit&quot;:&quot;px&quot;,&quot;size&quot;:&quot;&quot;,&quot;sizes&quot;:[]},&quot;image_spacing_custom_mobile&quot;:{&quot;unit&quot;:&quot;px&quot;,&quot;size&quot;:&quot;&quot;,&quot;sizes&quot;:[]}}\" data-widget_type=\"image-carousel.default\">\n\t\t\t\t<div class=\"elementor-widget-container\">\n\t\t\t\t\t\t\t<div class=\"elementor-image-carousel-wrapper swiper\" role=\"region\" aria-roledescription=\"carousel\" aria-label=\"Carrusel de im\u00e1genes\" dir=\"ltr\">\n\t\t\t<div class=\"elementor-image-carousel swiper-wrapper\" aria-live=\"off\">\n\t\t\t\t\t\t\t\t<div class=\"swiper-slide\" role=\"group\" aria-roledescription=\"slide\" aria-label=\"1 de 5\"><a data-elementor-open-lightbox=\"yes\" data-elementor-lightbox-slideshow=\"df012b9\" data-elementor-lightbox-title=\"premi-divulgacio-2018-1\" data-e-action-hash=\"#elementor-action%3Aaction%3Dlightbox%26settings%3DeyJpZCI6NjcwNiwidXJsIjoiaHR0cHM6XC9cL3d3dy5mdW5kYWNpb29sZ2F0b3JyZXMub3JnXC93cC1jb250ZW50XC91cGxvYWRzXC8yMDIyXC8wM1wvcHJlbWktZGl2dWxnYWNpby0yMDE4LTEuanBnIiwic2xpZGVzaG93IjoiZGYwMTJiOSJ9\" href=\"https:\/\/www.fundacioolgatorres.org\/wp-content\/uploads\/2022\/03\/premi-divulgacio-2018-1.jpg\"><figure class=\"swiper-slide-inner\"><img decoding=\"async\" class=\"swiper-slide-image\" src=\"https:\/\/www.fundacioolgatorres.org\/wp-content\/uploads\/2022\/03\/premi-divulgacio-2018-1.jpg\" alt=\"El Secretario de la FOT Sr. Jordi Carbonell anuncia el veredicto del Jurado\" \/><figcaption class=\"elementor-image-carousel-caption\">El Secretario de la FOT Sr. Jordi Carbonell anuncia el veredicto del Jurado\n<\/figcaption><\/figure><\/a><\/div><div class=\"swiper-slide\" role=\"group\" aria-roledescription=\"slide\" aria-label=\"2 de 5\"><a data-elementor-open-lightbox=\"yes\" data-elementor-lightbox-slideshow=\"df012b9\" data-elementor-lightbox-title=\"premi-divulgacio-2018-2\" data-e-action-hash=\"#elementor-action%3Aaction%3Dlightbox%26settings%3DeyJpZCI6NjcwOSwidXJsIjoiaHR0cHM6XC9cL3d3dy5mdW5kYWNpb29sZ2F0b3JyZXMub3JnXC93cC1jb250ZW50XC91cGxvYWRzXC8yMDIyXC8wM1wvcHJlbWktZGl2dWxnYWNpby0yMDE4LTIuanBnIiwic2xpZGVzaG93IjoiZGYwMTJiOSJ9\" href=\"https:\/\/www.fundacioolgatorres.org\/wp-content\/uploads\/2022\/03\/premi-divulgacio-2018-2.jpg\"><figure class=\"swiper-slide-inner\"><img decoding=\"async\" class=\"swiper-slide-image\" src=\"https:\/\/www.fundacioolgatorres.org\/wp-content\/uploads\/2022\/03\/premi-divulgacio-2018-2.jpg\" alt=\"Intervenci\u00f3n del Sr. Carbonell explicando el sentido del Premio\" \/><figcaption class=\"elementor-image-carousel-caption\">Intervenci\u00f3n del Sr. Carbonell explicando el sentido del Premio\n\n<\/figcaption><\/figure><\/a><\/div><div class=\"swiper-slide\" role=\"group\" aria-roledescription=\"slide\" aria-label=\"3 de 5\"><a data-elementor-open-lightbox=\"yes\" data-elementor-lightbox-slideshow=\"df012b9\" data-elementor-lightbox-title=\"premi-divulgacio-2018-3\" data-e-action-hash=\"#elementor-action%3Aaction%3Dlightbox%26settings%3DeyJpZCI6NjcxMiwidXJsIjoiaHR0cHM6XC9cL3d3dy5mdW5kYWNpb29sZ2F0b3JyZXMub3JnXC93cC1jb250ZW50XC91cGxvYWRzXC8yMDIyXC8wM1wvcHJlbWktZGl2dWxnYWNpby0yMDE4LTMuanBnIiwic2xpZGVzaG93IjoiZGYwMTJiOSJ9\" href=\"https:\/\/www.fundacioolgatorres.org\/wp-content\/uploads\/2022\/03\/premi-divulgacio-2018-3.jpg\"><figure class=\"swiper-slide-inner\"><img decoding=\"async\" class=\"swiper-slide-image\" src=\"https:\/\/www.fundacioolgatorres.org\/wp-content\/uploads\/2022\/03\/premi-divulgacio-2018-3.jpg\" alt=\"Momento de la entrega del Premio a la Dr\u00aa Maria Llu\u00efsa Bar\u00e9\" \/><figcaption class=\"elementor-image-carousel-caption\">Momento de la entrega del Premio a la Dr\u00aa Maria Llu\u00efsa Bar\u00e9\n\n<\/figcaption><\/figure><\/a><\/div><div class=\"swiper-slide\" role=\"group\" aria-roledescription=\"slide\" aria-label=\"4 de 5\"><a data-elementor-open-lightbox=\"yes\" data-elementor-lightbox-slideshow=\"df012b9\" data-elementor-lightbox-title=\"premi-divulgacio-2018-4\" data-e-action-hash=\"#elementor-action%3Aaction%3Dlightbox%26settings%3DeyJpZCI6NjcxNSwidXJsIjoiaHR0cHM6XC9cL3d3dy5mdW5kYWNpb29sZ2F0b3JyZXMub3JnXC93cC1jb250ZW50XC91cGxvYWRzXC8yMDIyXC8wM1wvcHJlbWktZGl2dWxnYWNpby0yMDE4LTQuanBnIiwic2xpZGVzaG93IjoiZGYwMTJiOSJ9\" href=\"https:\/\/www.fundacioolgatorres.org\/wp-content\/uploads\/2022\/03\/premi-divulgacio-2018-4.jpg\"><figure class=\"swiper-slide-inner\"><img decoding=\"async\" class=\"swiper-slide-image\" src=\"https:\/\/www.fundacioolgatorres.org\/wp-content\/uploads\/2022\/03\/premi-divulgacio-2018-4.jpg\" alt=\"La Dr\u00aa Bar\u00e9, durante la exposici\u00f3n de su Proyecto\" \/><figcaption class=\"elementor-image-carousel-caption\">La Dr\u00aa Bar\u00e9, durante la exposici\u00f3n de su Proyecto\n<\/figcaption><\/figure><\/a><\/div><div class=\"swiper-slide\" role=\"group\" aria-roledescription=\"slide\" aria-label=\"5 de 5\"><a data-elementor-open-lightbox=\"yes\" data-elementor-lightbox-slideshow=\"df012b9\" data-elementor-lightbox-title=\"premi-divulgacio-2018-5\" data-e-action-hash=\"#elementor-action%3Aaction%3Dlightbox%26settings%3DeyJpZCI6NjcxOSwidXJsIjoiaHR0cHM6XC9cL3d3dy5mdW5kYWNpb29sZ2F0b3JyZXMub3JnXC93cC1jb250ZW50XC91cGxvYWRzXC8yMDIyXC8wM1wvcHJlbWktZGl2dWxnYWNpby0yMDE4LTUuanBnIiwic2xpZGVzaG93IjoiZGYwMTJiOSJ9\" href=\"https:\/\/www.fundacioolgatorres.org\/wp-content\/uploads\/2022\/03\/premi-divulgacio-2018-5.jpg\"><figure class=\"swiper-slide-inner\"><img decoding=\"async\" class=\"swiper-slide-image\" src=\"https:\/\/www.fundacioolgatorres.org\/wp-content\/uploads\/2022\/03\/premi-divulgacio-2018-5.jpg\" alt=\"Los premiados en las distintas disciplinas de la Nit de la Ci\u00e8ncia Sabadell 2018 posan junto a los representantes de las entidades organizadoras.\" \/><figcaption class=\"elementor-image-carousel-caption\">Los premiados en las distintas disciplinas de la Nit de la Ci\u00e8ncia Sabadell 2018 posan junto a los representantes de las entidades organizadoras.\n<\/figcaption><\/figure><\/a><\/div>\t\t\t<\/div>\n\t\t\t\t\t\t\t\t\t\t\t\t<div class=\"elementor-swiper-button elementor-swiper-button-prev\" role=\"button\" tabindex=\"0\">\n\t\t\t\t\t\t<i aria-hidden=\"true\" class=\"eicon-chevron-left\"><\/i>\t\t\t\t\t<\/div>\n\t\t\t\t\t<div class=\"elementor-swiper-button elementor-swiper-button-next\" role=\"button\" tabindex=\"0\">\n\t\t\t\t\t\t<i aria-hidden=\"true\" class=\"eicon-chevron-right\"><\/i>\t\t\t\t\t<\/div>\n\t\t\t\t\n\t\t\t\t\t\t\t\t\t<\/div>\n\t\t\t\t\t\t<\/div>\n\t\t\t\t<\/div>\n\t\t\t\t<div class=\"elementor-element elementor-element-8a10567 elementor-widget elementor-widget-text-editor\" data-id=\"8a10567\" data-element_type=\"widget\" data-e-type=\"widget\" data-widget_type=\"text-editor.default\">\n\t\t\t\t<div class=\"elementor-widget-container\">\n\t\t\t\t\t\t\t\t\t<strong>Concesi\u00f3n del Premio al Trabajo de Divulgaci\u00f3n 2017\n<\/strong>\t\t\t\t\t\t\t\t<\/div>\n\t\t\t\t<\/div>\n\t\t\t\t<div class=\"elementor-element elementor-element-d86ff99 elementor-widget elementor-widget-text-editor\" data-id=\"d86ff99\" data-element_type=\"widget\" data-e-type=\"widget\" data-widget_type=\"text-editor.default\">\n\t\t\t\t<div class=\"elementor-widget-container\">\n\t\t\t\t\t\t\t\t\t<p>El d\u00eda 18 de Mayo de 2017 en el Auditorio del Espacio Cultura de la Fundaci\u00f3n Antigua Caja Sabadell 1859 tuvo lugar la celebraci\u00f3n del acto central de la Noche de la Ciencia en Sabadell.<\/p><p>En el transcurso del mismo se hizo entrega del Premio al trabajo de divulgaci\u00f3n 2017 sobre c\u00e1ncer colorrectal convocado por la Fundaci\u00f3n Privada Olga Torres. El Jurado integrado por representantes de las entidades organizadoras de la Noche de la Ciencia acordaron otorgarlo al Proyecto para desarrollar c\u00e1psulas de difusi\u00f3n informativa sobre prevenci\u00f3n del c\u00e1ncer colorrectal en la plataforma \u201cMejor Sin C\u00e1ncer\u201d del ICO\/IDIBELL, coliderado por las doctoras Laura Costas, epidemi\u00f3loga coordinadora de la plataforma y Gemma Binefa, responsable del Programa de Cribado de c\u00e1ncer colorrectal del ICO.<\/p><p><em>(Fotos: Gabinete Comunicaci\u00f3n Parc Taul\u00ed)<\/em><\/p>\t\t\t\t\t\t\t\t<\/div>\n\t\t\t\t<\/div>\n\t\t\t\t<div class=\"elementor-element elementor-element-ffab93d elementor-arrows-position-inside elementor-widget elementor-widget-image-carousel\" data-id=\"ffab93d\" data-element_type=\"widget\" data-e-type=\"widget\" data-settings=\"{&quot;slides_to_show&quot;:&quot;3&quot;,&quot;navigation&quot;:&quot;arrows&quot;,&quot;image_spacing_custom&quot;:{&quot;unit&quot;:&quot;px&quot;,&quot;size&quot;:25,&quot;sizes&quot;:[]},&quot;autoplay&quot;:&quot;yes&quot;,&quot;pause_on_hover&quot;:&quot;yes&quot;,&quot;pause_on_interaction&quot;:&quot;yes&quot;,&quot;autoplay_speed&quot;:5000,&quot;infinite&quot;:&quot;yes&quot;,&quot;speed&quot;:500,&quot;image_spacing_custom_tablet&quot;:{&quot;unit&quot;:&quot;px&quot;,&quot;size&quot;:&quot;&quot;,&quot;sizes&quot;:[]},&quot;image_spacing_custom_mobile&quot;:{&quot;unit&quot;:&quot;px&quot;,&quot;size&quot;:&quot;&quot;,&quot;sizes&quot;:[]}}\" data-widget_type=\"image-carousel.default\">\n\t\t\t\t<div class=\"elementor-widget-container\">\n\t\t\t\t\t\t\t<div class=\"elementor-image-carousel-wrapper swiper\" role=\"region\" aria-roledescription=\"carousel\" aria-label=\"Carrusel de im\u00e1genes\" dir=\"ltr\">\n\t\t\t<div class=\"elementor-image-carousel swiper-wrapper\" aria-live=\"off\">\n\t\t\t\t\t\t\t\t<div class=\"swiper-slide\" role=\"group\" aria-roledescription=\"slide\" aria-label=\"1 de 5\"><a data-elementor-open-lightbox=\"yes\" data-elementor-lightbox-slideshow=\"ffab93d\" data-elementor-lightbox-title=\"premi-divulgacio-2017-1\" data-e-action-hash=\"#elementor-action%3Aaction%3Dlightbox%26settings%3DeyJpZCI6NjcyNiwidXJsIjoiaHR0cHM6XC9cL3d3dy5mdW5kYWNpb29sZ2F0b3JyZXMub3JnXC93cC1jb250ZW50XC91cGxvYWRzXC8yMDIyXC8wM1wvcHJlbWktZGl2dWxnYWNpby0yMDE3LTEuanBnIiwic2xpZGVzaG93IjoiZmZhYjkzZCJ9\" href=\"https:\/\/www.fundacioolgatorres.org\/wp-content\/uploads\/2022\/03\/premi-divulgacio-2017-1.jpg\"><figure class=\"swiper-slide-inner\"><img decoding=\"async\" class=\"swiper-slide-image\" src=\"https:\/\/www.fundacioolgatorres.org\/wp-content\/uploads\/2022\/03\/premi-divulgacio-2017-1.jpg\" alt=\"El Sr. Jordi Carbonell, Secretario del Patronato de la FOT, anunciando el veredicto del Jurado.\" \/><figcaption class=\"elementor-image-carousel-caption\">El Sr. Jordi Carbonell, Secretario del Patronato de la FOT, anunciando el veredicto del Jurado.\n<\/figcaption><\/figure><\/a><\/div><div class=\"swiper-slide\" role=\"group\" aria-roledescription=\"slide\" aria-label=\"2 de 5\"><a data-elementor-open-lightbox=\"yes\" data-elementor-lightbox-slideshow=\"ffab93d\" data-elementor-lightbox-title=\"premi-divulgacio-2017-2\" data-e-action-hash=\"#elementor-action%3Aaction%3Dlightbox%26settings%3DeyJpZCI6NjcyOSwidXJsIjoiaHR0cHM6XC9cL3d3dy5mdW5kYWNpb29sZ2F0b3JyZXMub3JnXC93cC1jb250ZW50XC91cGxvYWRzXC8yMDIyXC8wM1wvcHJlbWktZGl2dWxnYWNpby0yMDE3LTIuanBnIiwic2xpZGVzaG93IjoiZmZhYjkzZCJ9\" href=\"https:\/\/www.fundacioolgatorres.org\/wp-content\/uploads\/2022\/03\/premi-divulgacio-2017-2.jpg\"><figure class=\"swiper-slide-inner\"><img decoding=\"async\" class=\"swiper-slide-image\" src=\"https:\/\/www.fundacioolgatorres.org\/wp-content\/uploads\/2022\/03\/premi-divulgacio-2017-2.jpg\" alt=\"La doctoras Binefa y Costas explican su Proyecto ante el auditorio.\" \/><figcaption class=\"elementor-image-carousel-caption\">La doctoras Binefa y Costas explican su Proyecto ante el auditorio.\n<\/figcaption><\/figure><\/a><\/div><div class=\"swiper-slide\" role=\"group\" aria-roledescription=\"slide\" aria-label=\"3 de 5\"><a data-elementor-open-lightbox=\"yes\" data-elementor-lightbox-slideshow=\"ffab93d\" data-elementor-lightbox-title=\"premi-divulgacio-2017-3\" data-e-action-hash=\"#elementor-action%3Aaction%3Dlightbox%26settings%3DeyJpZCI6NjczMiwidXJsIjoiaHR0cHM6XC9cL3d3dy5mdW5kYWNpb29sZ2F0b3JyZXMub3JnXC93cC1jb250ZW50XC91cGxvYWRzXC8yMDIyXC8wM1wvcHJlbWktZGl2dWxnYWNpby0yMDE3LTMuanBnIiwic2xpZGVzaG93IjoiZmZhYjkzZCJ9\" href=\"https:\/\/www.fundacioolgatorres.org\/wp-content\/uploads\/2022\/03\/premi-divulgacio-2017-3.jpg\"><figure class=\"swiper-slide-inner\"><img decoding=\"async\" class=\"swiper-slide-image\" src=\"https:\/\/www.fundacioolgatorres.org\/wp-content\/uploads\/2022\/03\/premi-divulgacio-2017-3.jpg\" alt=\"Las galardonadas posan junto al Sr. Carbonell celebrando la concesi\u00f3n del Premio\" \/><figcaption class=\"elementor-image-carousel-caption\">Las galardonadas posan junto al Sr. Carbonell celebrando la concesi\u00f3n del Premio\n<\/figcaption><\/figure><\/a><\/div><div class=\"swiper-slide\" role=\"group\" aria-roledescription=\"slide\" aria-label=\"4 de 5\"><a data-elementor-open-lightbox=\"yes\" data-elementor-lightbox-slideshow=\"ffab93d\" data-elementor-lightbox-title=\"premi-divulgacio-2017-4\" data-e-action-hash=\"#elementor-action%3Aaction%3Dlightbox%26settings%3DeyJpZCI6NjczNSwidXJsIjoiaHR0cHM6XC9cL3d3dy5mdW5kYWNpb29sZ2F0b3JyZXMub3JnXC93cC1jb250ZW50XC91cGxvYWRzXC8yMDIyXC8wM1wvcHJlbWktZGl2dWxnYWNpby0yMDE3LTQuanBnIiwic2xpZGVzaG93IjoiZmZhYjkzZCJ9\" href=\"https:\/\/www.fundacioolgatorres.org\/wp-content\/uploads\/2022\/03\/premi-divulgacio-2017-4.jpg\"><figure class=\"swiper-slide-inner\"><img decoding=\"async\" class=\"swiper-slide-image\" src=\"https:\/\/www.fundacioolgatorres.org\/wp-content\/uploads\/2022\/03\/premi-divulgacio-2017-4.jpg\" alt=\"Las galardonadas posan junto al Sr. Carbonell celebrando la concesi\u00f3n del Premio\" \/><figcaption class=\"elementor-image-carousel-caption\">Las galardonadas posan junto al Sr. Carbonell celebrando la concesi\u00f3n del Premio\n<\/figcaption><\/figure><\/a><\/div><div class=\"swiper-slide\" role=\"group\" aria-roledescription=\"slide\" aria-label=\"5 de 5\"><a data-elementor-open-lightbox=\"yes\" data-elementor-lightbox-slideshow=\"ffab93d\" data-elementor-lightbox-title=\"premi-divulgacio-2017-5\" data-e-action-hash=\"#elementor-action%3Aaction%3Dlightbox%26settings%3DeyJpZCI6NjczOCwidXJsIjoiaHR0cHM6XC9cL3d3dy5mdW5kYWNpb29sZ2F0b3JyZXMub3JnXC93cC1jb250ZW50XC91cGxvYWRzXC8yMDIyXC8wM1wvcHJlbWktZGl2dWxnYWNpby0yMDE3LTUuanBnIiwic2xpZGVzaG93IjoiZmZhYjkzZCJ9\" href=\"https:\/\/www.fundacioolgatorres.org\/wp-content\/uploads\/2022\/03\/premi-divulgacio-2017-5.jpg\"><figure class=\"swiper-slide-inner\"><img decoding=\"async\" class=\"swiper-slide-image\" src=\"https:\/\/www.fundacioolgatorres.org\/wp-content\/uploads\/2022\/03\/premi-divulgacio-2017-5.jpg\" alt=\"Todos los premiados en el acto de celebraci\u00f3n de la Noche de la Ciencia 2017 en Sabadell, junto con representantes de las entidades organizadoras.\" \/><figcaption class=\"elementor-image-carousel-caption\">Todos los premiados en el acto de celebraci\u00f3n de la Noche de la Ciencia 2017 en Sabadell, junto con representantes de las entidades organizadoras.\n\n<\/figcaption><\/figure><\/a><\/div>\t\t\t<\/div>\n\t\t\t\t\t\t\t\t\t\t\t\t<div class=\"elementor-swiper-button elementor-swiper-button-prev\" role=\"button\" tabindex=\"0\">\n\t\t\t\t\t\t<i aria-hidden=\"true\" class=\"eicon-chevron-left\"><\/i>\t\t\t\t\t<\/div>\n\t\t\t\t\t<div class=\"elementor-swiper-button elementor-swiper-button-next\" role=\"button\" tabindex=\"0\">\n\t\t\t\t\t\t<i aria-hidden=\"true\" class=\"eicon-chevron-right\"><\/i>\t\t\t\t\t<\/div>\n\t\t\t\t\n\t\t\t\t\t\t\t\t\t<\/div>\n\t\t\t\t\t\t<\/div>\n\t\t\t\t<\/div>\n\t\t\t\t\t<\/div>\n\t\t<\/div>\n\t\t\t\t\t<\/div>\n\t\t<\/section>\n\t\t\t\t<section class=\"elementor-section elementor-top-section elementor-element elementor-element-c0c8965 elementor-section-boxed elementor-section-height-default elementor-section-height-default\" data-id=\"c0c8965\" data-element_type=\"section\" data-e-type=\"section\">\n\t\t\t\t\t\t<div class=\"elementor-container elementor-column-gap-default\">\n\t\t\t\t\t<div class=\"elementor-column elementor-col-100 elementor-top-column elementor-element elementor-element-42bc446\" data-id=\"42bc446\" data-element_type=\"column\" data-e-type=\"column\">\n\t\t\t<div class=\"elementor-widget-wrap elementor-element-populated\">\n\t\t\t\t\t\t<div class=\"elementor-element elementor-element-4f7ff79 elementor-widget elementor-widget-text-editor\" data-id=\"4f7ff79\" data-element_type=\"widget\" data-e-type=\"widget\" data-widget_type=\"text-editor.default\">\n\t\t\t\t<div class=\"elementor-widget-container\">\n\t\t\t\t\t\t\t\t\t<h2>Concesi\u00f3n de becas<\/h2>\t\t\t\t\t\t\t\t<\/div>\n\t\t\t\t<\/div>\n\t\t\t\t<div class=\"elementor-element elementor-element-aff05b4 elementor-widget elementor-widget-text-editor\" data-id=\"aff05b4\" data-element_type=\"widget\" data-e-type=\"widget\" data-widget_type=\"text-editor.default\">\n\t\t\t\t<div class=\"elementor-widget-container\">\n\t\t\t\t\t\t\t\t\t<p><strong>Convocatoria 2018<\/strong><\/p><p>Reportaje del Acto acad\u00e9mico de entrega de las becas postdoctorales de Investigaci\u00f3n sobre C\u00e1ncer Colorectal de la convocatoria 2018 que tuvo lugar en el Auditorio de la Corporaci\u00f3n Sanitaria Parc Taul\u00ed, el d\u00eda 20 de Mayo de 2019. en el transcurso del cual, organizado conjuntamente con la Fundaci\u00f3 Parc Taul\u00ed, se celebr\u00f3 una mesa redonda sobre \u201cEl futuro de la Investigaci\u00f3n Biom\u00e9dica a partir de la colaboraci\u00f3n p\u00fablico-privada\u201d.<\/p><p><em>(Fotos: Gabinete Comunicaci\u00f3n Parc Taul\u00ed)<\/em><\/p>\t\t\t\t\t\t\t\t<\/div>\n\t\t\t\t<\/div>\n\t\t\t\t<div class=\"elementor-element elementor-element-2338718 elementor-arrows-position-inside elementor-widget elementor-widget-image-carousel\" data-id=\"2338718\" data-element_type=\"widget\" data-e-type=\"widget\" data-settings=\"{&quot;slides_to_show&quot;:&quot;3&quot;,&quot;navigation&quot;:&quot;arrows&quot;,&quot;image_spacing_custom&quot;:{&quot;unit&quot;:&quot;px&quot;,&quot;size&quot;:25,&quot;sizes&quot;:[]},&quot;autoplay&quot;:&quot;yes&quot;,&quot;pause_on_hover&quot;:&quot;yes&quot;,&quot;pause_on_interaction&quot;:&quot;yes&quot;,&quot;autoplay_speed&quot;:5000,&quot;infinite&quot;:&quot;yes&quot;,&quot;speed&quot;:500,&quot;image_spacing_custom_tablet&quot;:{&quot;unit&quot;:&quot;px&quot;,&quot;size&quot;:&quot;&quot;,&quot;sizes&quot;:[]},&quot;image_spacing_custom_mobile&quot;:{&quot;unit&quot;:&quot;px&quot;,&quot;size&quot;:&quot;&quot;,&quot;sizes&quot;:[]}}\" data-widget_type=\"image-carousel.default\">\n\t\t\t\t<div class=\"elementor-widget-container\">\n\t\t\t\t\t\t\t<div class=\"elementor-image-carousel-wrapper swiper\" role=\"region\" aria-roledescription=\"carousel\" aria-label=\"Carrusel de im\u00e1genes\" dir=\"ltr\">\n\t\t\t<div class=\"elementor-image-carousel swiper-wrapper\" aria-live=\"off\">\n\t\t\t\t\t\t\t\t<div class=\"swiper-slide\" role=\"group\" aria-roledescription=\"slide\" aria-label=\"1 de 9\"><a data-elementor-open-lightbox=\"yes\" data-elementor-lightbox-slideshow=\"2338718\" data-elementor-lightbox-title=\"concessio-beques-2018-1\" data-e-action-hash=\"#elementor-action%3Aaction%3Dlightbox%26settings%3DeyJpZCI6Njk3NSwidXJsIjoiaHR0cHM6XC9cL3d3dy5mdW5kYWNpb29sZ2F0b3JyZXMub3JnXC93cC1jb250ZW50XC91cGxvYWRzXC8yMDIyXC8wM1wvY29uY2Vzc2lvLWJlcXVlcy0yMDE4LTEuanBnIiwic2xpZGVzaG93IjoiMjMzODcxOCJ9\" href=\"https:\/\/www.fundacioolgatorres.org\/wp-content\/uploads\/2022\/03\/concessio-beques-2018-1.jpg\"><figure class=\"swiper-slide-inner\"><img decoding=\"async\" class=\"swiper-slide-image\" src=\"https:\/\/www.fundacioolgatorres.org\/wp-content\/uploads\/2022\/03\/concessio-beques-2018-1.jpg\" alt=\"Mesa redonda sobre \u201cEl futuro de la Investigaci\u00f3n Biom\u00e9dica a partir de la colaboraci\u00f3n p\u00fablico-privada\u201d.\" \/><figcaption class=\"elementor-image-carousel-caption\">Mesa redonda sobre \u201cEl futuro de la Investigaci\u00f3n Biom\u00e9dica a partir de la colaboraci\u00f3n p\u00fablico-privada\u201d.\n<\/figcaption><\/figure><\/a><\/div><div class=\"swiper-slide\" role=\"group\" aria-roledescription=\"slide\" aria-label=\"2 de 9\"><a data-elementor-open-lightbox=\"yes\" data-elementor-lightbox-slideshow=\"2338718\" data-elementor-lightbox-title=\"concessio-beques-2018-3\" data-e-action-hash=\"#elementor-action%3Aaction%3Dlightbox%26settings%3DeyJpZCI6Njk4MSwidXJsIjoiaHR0cHM6XC9cL3d3dy5mdW5kYWNpb29sZ2F0b3JyZXMub3JnXC93cC1jb250ZW50XC91cGxvYWRzXC8yMDIyXC8wM1wvY29uY2Vzc2lvLWJlcXVlcy0yMDE4LTMuanBnIiwic2xpZGVzaG93IjoiMjMzODcxOCJ9\" href=\"https:\/\/www.fundacioolgatorres.org\/wp-content\/uploads\/2022\/03\/concessio-beques-2018-3.jpg\"><figure class=\"swiper-slide-inner\"><img decoding=\"async\" class=\"swiper-slide-image\" src=\"https:\/\/www.fundacioolgatorres.org\/wp-content\/uploads\/2022\/03\/concessio-beques-2018-3.jpg\" alt=\"Entrega de las becas a las investigadoras ganadoras de la Convocatoria 2018\/19\" \/><figcaption class=\"elementor-image-carousel-caption\">Entrega de las becas a las investigadoras ganadoras de la Convocatoria 2018\/19\n<\/figcaption><\/figure><\/a><\/div><div class=\"swiper-slide\" role=\"group\" aria-roledescription=\"slide\" aria-label=\"3 de 9\"><a data-elementor-open-lightbox=\"yes\" data-elementor-lightbox-slideshow=\"2338718\" data-elementor-lightbox-title=\"concessio-beques-2018-4\" data-e-action-hash=\"#elementor-action%3Aaction%3Dlightbox%26settings%3DeyJpZCI6Njk4NCwidXJsIjoiaHR0cHM6XC9cL3d3dy5mdW5kYWNpb29sZ2F0b3JyZXMub3JnXC93cC1jb250ZW50XC91cGxvYWRzXC8yMDIyXC8wM1wvY29uY2Vzc2lvLWJlcXVlcy0yMDE4LTQuanBnIiwic2xpZGVzaG93IjoiMjMzODcxOCJ9\" href=\"https:\/\/www.fundacioolgatorres.org\/wp-content\/uploads\/2022\/03\/concessio-beques-2018-4.jpg\"><figure class=\"swiper-slide-inner\"><img decoding=\"async\" class=\"swiper-slide-image\" src=\"https:\/\/www.fundacioolgatorres.org\/wp-content\/uploads\/2022\/03\/concessio-beques-2018-4.jpg\" alt=\"La Dr\u00aa Laura Valle, ganadora de la beca en la modalidad para investigadores consolidados durante la exposici\u00f3n de su proyecto\" \/><figcaption class=\"elementor-image-carousel-caption\">La Dr\u00aa Laura Valle, ganadora de la beca en la modalidad para investigadores consolidados durante la exposici\u00f3n de su proyecto\n<\/figcaption><\/figure><\/a><\/div><div class=\"swiper-slide\" role=\"group\" aria-roledescription=\"slide\" aria-label=\"4 de 9\"><a data-elementor-open-lightbox=\"yes\" data-elementor-lightbox-slideshow=\"2338718\" data-elementor-lightbox-title=\"concessio-beques-2018\" data-e-action-hash=\"#elementor-action%3Aaction%3Dlightbox%26settings%3DeyJpZCI6Njk3MiwidXJsIjoiaHR0cHM6XC9cL3d3dy5mdW5kYWNpb29sZ2F0b3JyZXMub3JnXC93cC1jb250ZW50XC91cGxvYWRzXC8yMDIyXC8wM1wvY29uY2Vzc2lvLWJlcXVlcy0yMDE4LmpwZyIsInNsaWRlc2hvdyI6IjIzMzg3MTgifQ%3D%3D\" href=\"https:\/\/www.fundacioolgatorres.org\/wp-content\/uploads\/2022\/03\/concessio-beques-2018.jpg\"><figure class=\"swiper-slide-inner\"><img decoding=\"async\" class=\"swiper-slide-image\" src=\"https:\/\/www.fundacioolgatorres.org\/wp-content\/uploads\/2022\/03\/concessio-beques-2018.jpg\" alt=\"Presidencia del acto. (De izquierda a derecha: Sr. Bombard\u00f3 -Presidente de la FOT, Sr. Custodio -Presidente de la Corporaci\u00f3n Sanitaria Parc Taul\u00ed. Sr. Serracant \u2013Alcalde de Sabadell y Dr. Godia \u2013Presidente de la Fundaci\u00f3 Parc Taul\u00ed).\" \/><figcaption class=\"elementor-image-carousel-caption\">Presidencia del acto. (De izquierda a derecha: Sr. Bombard\u00f3 -Presidente de la FOT, Sr. Custodio -Presidente de la Corporaci\u00f3n Sanitaria Parc Taul\u00ed. Sr. Serracant \u2013Alcalde de Sabadell y Dr. Godia \u2013Presidente de la Fundaci\u00f3 Parc Taul\u00ed).<\/figcaption><\/figure><\/a><\/div><div class=\"swiper-slide\" role=\"group\" aria-roledescription=\"slide\" aria-label=\"5 de 9\"><a data-elementor-open-lightbox=\"yes\" data-elementor-lightbox-slideshow=\"2338718\" data-elementor-lightbox-title=\"concessio-beques-2018-5\" data-e-action-hash=\"#elementor-action%3Aaction%3Dlightbox%26settings%3DeyJpZCI6Njk4NywidXJsIjoiaHR0cHM6XC9cL3d3dy5mdW5kYWNpb29sZ2F0b3JyZXMub3JnXC93cC1jb250ZW50XC91cGxvYWRzXC8yMDIyXC8wM1wvY29uY2Vzc2lvLWJlcXVlcy0yMDE4LTUuanBnIiwic2xpZGVzaG93IjoiMjMzODcxOCJ9\" href=\"https:\/\/www.fundacioolgatorres.org\/wp-content\/uploads\/2022\/03\/concessio-beques-2018-5.jpg\"><figure class=\"swiper-slide-inner\"><img decoding=\"async\" class=\"swiper-slide-image\" src=\"https:\/\/www.fundacioolgatorres.org\/wp-content\/uploads\/2022\/03\/concessio-beques-2018-5.jpg\" alt=\"El Secretario de la Fundaci\u00f3 Olga Torres, Sr. Jordi Carbonell haciendo entrega de la beca a la Dr\u00aa Ceres Fern\u00e1ndez, ganadora en la modalidad de investigadores emergentes.\" \/><figcaption class=\"elementor-image-carousel-caption\">El Secretario de la Fundaci\u00f3 Olga Torres, Sr. Jordi Carbonell haciendo entrega de la beca a la Dr\u00aa Ceres Fern\u00e1ndez, ganadora en la modalidad de investigadores emergentes.\n<\/figcaption><\/figure><\/a><\/div><div class=\"swiper-slide\" role=\"group\" aria-roledescription=\"slide\" aria-label=\"6 de 9\"><a data-elementor-open-lightbox=\"yes\" data-elementor-lightbox-slideshow=\"2338718\" data-elementor-lightbox-title=\"concessio-beques-2018-2\" data-e-action-hash=\"#elementor-action%3Aaction%3Dlightbox%26settings%3DeyJpZCI6Njk3OCwidXJsIjoiaHR0cHM6XC9cL3d3dy5mdW5kYWNpb29sZ2F0b3JyZXMub3JnXC93cC1jb250ZW50XC91cGxvYWRzXC8yMDIyXC8wM1wvY29uY2Vzc2lvLWJlcXVlcy0yMDE4LTIuanBnIiwic2xpZGVzaG93IjoiMjMzODcxOCJ9\" href=\"https:\/\/www.fundacioolgatorres.org\/wp-content\/uploads\/2022\/03\/concessio-beques-2018-2.jpg\"><figure class=\"swiper-slide-inner\"><img decoding=\"async\" class=\"swiper-slide-image\" src=\"https:\/\/www.fundacioolgatorres.org\/wp-content\/uploads\/2022\/03\/concessio-beques-2018-2.jpg\" alt=\"Ponentes participantes: (de izquierda a derecha) Dr. Llu\u00eds Blanch - Director del Institut d\u2019Investigaci\u00f3 i Innovaci\u00f3 Parc Taul\u00ed I3PT moderador del debate, Dr\u00aa Enriqueta Felip \u2013Onc\u00f3loga e Investigadora del Hospital Universitario Valle Hebr\u00f3n, Dr. Jordi Barretina - Director del Institut d\u2019Investigaci\u00f3 Biom\u00e8dica de Girona (IDIBGI), y Sr.Manel Peir\u00f3 -Doctor en Administraci\u00f3n y Direcci\u00f3n de Empreses, profesor de ESADE.\" \/><figcaption class=\"elementor-image-carousel-caption\">Ponentes participantes: (de izquierda a derecha) Dr. Llu\u00eds Blanch - Director del Institut d\u2019Investigaci\u00f3 i Innovaci\u00f3 Parc Taul\u00ed I3PT moderador del debate, Dr\u00aa Enriqueta Felip \u2013Onc\u00f3loga e Investigadora del Hospital Universitario Valle Hebr\u00f3n, Dr. Jordi Barretina - Director del Institut d\u2019Investigaci\u00f3 Biom\u00e8dica de Girona (IDIBGI), y Sr.Manel Peir\u00f3 -Doctor en Administraci\u00f3n y Direcci\u00f3n de Empreses, profesor de ESADE.<\/figcaption><\/figure><\/a><\/div><div class=\"swiper-slide\" role=\"group\" aria-roledescription=\"slide\" aria-label=\"7 de 9\"><a data-elementor-open-lightbox=\"yes\" data-elementor-lightbox-slideshow=\"2338718\" data-elementor-lightbox-title=\"concessio-beques-2018-6\" data-e-action-hash=\"#elementor-action%3Aaction%3Dlightbox%26settings%3DeyJpZCI6Njk5MCwidXJsIjoiaHR0cHM6XC9cL3d3dy5mdW5kYWNpb29sZ2F0b3JyZXMub3JnXC93cC1jb250ZW50XC91cGxvYWRzXC8yMDIyXC8wM1wvY29uY2Vzc2lvLWJlcXVlcy0yMDE4LTYuanBnIiwic2xpZGVzaG93IjoiMjMzODcxOCJ9\" href=\"https:\/\/www.fundacioolgatorres.org\/wp-content\/uploads\/2022\/03\/concessio-beques-2018-6.jpg\"><figure class=\"swiper-slide-inner\"><img decoding=\"async\" class=\"swiper-slide-image\" src=\"https:\/\/www.fundacioolgatorres.org\/wp-content\/uploads\/2022\/03\/concessio-beques-2018-6.jpg\" alt=\"El Sr. El Sr. Carbonell posa con las Dras. Laura Valle y Ceres Fern\u00e1ndez, ganadoras de las becas.\" \/><figcaption class=\"elementor-image-carousel-caption\">El Sr. El Sr. Carbonell posa con las Dras. Laura Valle y Ceres Fern\u00e1ndez, ganadoras de las becas.\n<\/figcaption><\/figure><\/a><\/div><div class=\"swiper-slide\" role=\"group\" aria-roledescription=\"slide\" aria-label=\"8 de 9\"><a data-elementor-open-lightbox=\"yes\" data-elementor-lightbox-slideshow=\"2338718\" data-elementor-lightbox-title=\"concessio-beques-2018-7\" data-e-action-hash=\"#elementor-action%3Aaction%3Dlightbox%26settings%3DeyJpZCI6Njk5MywidXJsIjoiaHR0cHM6XC9cL3d3dy5mdW5kYWNpb29sZ2F0b3JyZXMub3JnXC93cC1jb250ZW50XC91cGxvYWRzXC8yMDIyXC8wM1wvY29uY2Vzc2lvLWJlcXVlcy0yMDE4LTcuanBnIiwic2xpZGVzaG93IjoiMjMzODcxOCJ9\" href=\"https:\/\/www.fundacioolgatorres.org\/wp-content\/uploads\/2022\/03\/concessio-beques-2018-7.jpg\"><figure class=\"swiper-slide-inner\"><img decoding=\"async\" class=\"swiper-slide-image\" src=\"https:\/\/www.fundacioolgatorres.org\/wp-content\/uploads\/2022\/03\/concessio-beques-2018-7.jpg\" alt=\"Discursos del Sr. Josep Bombard\u00f3, Presidente de la FOT y del Sr. Maties Serracant, Alcalde de Sabadell.\" \/><figcaption class=\"elementor-image-carousel-caption\">Discursos del Sr. Josep Bombard\u00f3, Presidente de la FOT y del Sr. Maties Serracant, Alcalde de Sabadell.\n<\/figcaption><\/figure><\/a><\/div><div class=\"swiper-slide\" role=\"group\" aria-roledescription=\"slide\" aria-label=\"9 de 9\"><a data-elementor-open-lightbox=\"yes\" data-elementor-lightbox-slideshow=\"2338718\" data-elementor-lightbox-title=\"concessio-beques-2018-8\" data-e-action-hash=\"#elementor-action%3Aaction%3Dlightbox%26settings%3DeyJpZCI6Njk5NiwidXJsIjoiaHR0cHM6XC9cL3d3dy5mdW5kYWNpb29sZ2F0b3JyZXMub3JnXC93cC1jb250ZW50XC91cGxvYWRzXC8yMDIyXC8wM1wvY29uY2Vzc2lvLWJlcXVlcy0yMDE4LTguanBnIiwic2xpZGVzaG93IjoiMjMzODcxOCJ9\" href=\"https:\/\/www.fundacioolgatorres.org\/wp-content\/uploads\/2022\/03\/concessio-beques-2018-8.jpg\"><figure class=\"swiper-slide-inner\"><img decoding=\"async\" class=\"swiper-slide-image\" src=\"https:\/\/www.fundacioolgatorres.org\/wp-content\/uploads\/2022\/03\/concessio-beques-2018-8.jpg\" alt=\"De izquierda a derecha: Dr. Joan Mart\u00ed (Director Parc Taul\u00ed), Sr. Ram\u00f3n Vidal (Regidor Salud Ayuntamiento Sabadell), Sr. Modesto Custodio (Presidente Parc Taul\u00ed), Sr. Maties Serracant (Alcalde de Sabadell), Dr\u00aa Laura Valle (Beca Investigadores consolidados), Sr. Josep Bombard\u00f3 (Presidente FOT), Sr. Jordi Carbonell (Secretario FOT), Dr\u00aa Ceres Fern\u00e1ndez (Beca Investigadores emergentes) y Sr. Joan Montsech (FOT).\" \/><figcaption class=\"elementor-image-carousel-caption\">De izquierda a derecha: Dr. Joan Mart\u00ed (Director Parc Taul\u00ed), Sr. Ram\u00f3n Vidal (Regidor Salud Ayuntamiento Sabadell), Sr. Modesto Custodio (Presidente Parc Taul\u00ed), Sr. Maties Serracant (Alcalde de Sabadell), Dr\u00aa Laura Valle (Beca Investigadores consolidados), Sr. Josep Bombard\u00f3 (Presidente FOT), Sr. Jordi Carbonell (Secretario FOT), Dr\u00aa Ceres Fern\u00e1ndez (Beca Investigadores emergentes) y Sr. Joan Montsech (FOT).\n<\/figcaption><\/figure><\/a><\/div>\t\t\t<\/div>\n\t\t\t\t\t\t\t\t\t\t\t\t<div class=\"elementor-swiper-button elementor-swiper-button-prev\" role=\"button\" tabindex=\"0\">\n\t\t\t\t\t\t<i aria-hidden=\"true\" class=\"eicon-chevron-left\"><\/i>\t\t\t\t\t<\/div>\n\t\t\t\t\t<div class=\"elementor-swiper-button elementor-swiper-button-next\" role=\"button\" tabindex=\"0\">\n\t\t\t\t\t\t<i aria-hidden=\"true\" class=\"eicon-chevron-right\"><\/i>\t\t\t\t\t<\/div>\n\t\t\t\t\n\t\t\t\t\t\t\t\t\t<\/div>\n\t\t\t\t\t\t<\/div>\n\t\t\t\t<\/div>\n\t\t\t\t<div class=\"elementor-element elementor-element-0c987cc elementor-widget elementor-widget-text-editor\" data-id=\"0c987cc\" data-element_type=\"widget\" data-e-type=\"widget\" data-widget_type=\"text-editor.default\">\n\t\t\t\t<div class=\"elementor-widget-container\">\n\t\t\t\t\t\t\t\t\t<p><strong>Convocatoria 2017<\/strong><\/p><p>Reportaje del Acto acad\u00e9mico de entrega de las becas postdoctorales de Investigaci\u00f3n sobre C\u00e1ncer Colorrectal de la convocatoria 2017 celebrada en el Auditorio de la Corporaci\u00f3n Sanitaria Parc Taul\u00ed, el d\u00eda 19 de Abril de 2018. en el transcurso del cual pronunci\u00f3 la conferencia magistral el Dr. Manel Esteller.<\/p><p><em>(Fotos: Gabinete Comunicaci\u00f3n Parc Taul\u00ed)<\/em><\/p>\t\t\t\t\t\t\t\t<\/div>\n\t\t\t\t<\/div>\n\t\t\t\t<div class=\"elementor-element elementor-element-ceaac58 elementor-arrows-position-inside elementor-widget elementor-widget-image-carousel\" data-id=\"ceaac58\" data-element_type=\"widget\" data-e-type=\"widget\" data-settings=\"{&quot;slides_to_show&quot;:&quot;3&quot;,&quot;navigation&quot;:&quot;arrows&quot;,&quot;image_spacing_custom&quot;:{&quot;unit&quot;:&quot;px&quot;,&quot;size&quot;:25,&quot;sizes&quot;:[]},&quot;autoplay&quot;:&quot;yes&quot;,&quot;pause_on_hover&quot;:&quot;yes&quot;,&quot;pause_on_interaction&quot;:&quot;yes&quot;,&quot;autoplay_speed&quot;:5000,&quot;infinite&quot;:&quot;yes&quot;,&quot;speed&quot;:500,&quot;image_spacing_custom_tablet&quot;:{&quot;unit&quot;:&quot;px&quot;,&quot;size&quot;:&quot;&quot;,&quot;sizes&quot;:[]},&quot;image_spacing_custom_mobile&quot;:{&quot;unit&quot;:&quot;px&quot;,&quot;size&quot;:&quot;&quot;,&quot;sizes&quot;:[]}}\" data-widget_type=\"image-carousel.default\">\n\t\t\t\t<div class=\"elementor-widget-container\">\n\t\t\t\t\t\t\t<div class=\"elementor-image-carousel-wrapper swiper\" role=\"region\" aria-roledescription=\"carousel\" aria-label=\"Carrusel de im\u00e1genes\" dir=\"ltr\">\n\t\t\t<div class=\"elementor-image-carousel swiper-wrapper\" aria-live=\"off\">\n\t\t\t\t\t\t\t\t<div class=\"swiper-slide\" role=\"group\" aria-roledescription=\"slide\" aria-label=\"1 de 12\"><a data-elementor-open-lightbox=\"yes\" data-elementor-lightbox-slideshow=\"ceaac58\" data-elementor-lightbox-title=\"concessio-beques-2017-1\" data-e-action-hash=\"#elementor-action%3Aaction%3Dlightbox%26settings%3DeyJpZCI6NzAwMywidXJsIjoiaHR0cHM6XC9cL3d3dy5mdW5kYWNpb29sZ2F0b3JyZXMub3JnXC93cC1jb250ZW50XC91cGxvYWRzXC8yMDIyXC8wM1wvY29uY2Vzc2lvLWJlcXVlcy0yMDE3LTEuanBnIiwic2xpZGVzaG93IjoiY2VhYWM1OCJ9\" href=\"https:\/\/www.fundacioolgatorres.org\/wp-content\/uploads\/2022\/03\/concessio-beques-2017-1.jpg\"><figure class=\"swiper-slide-inner\"><img decoding=\"async\" class=\"swiper-slide-image\" src=\"https:\/\/www.fundacioolgatorres.org\/wp-content\/uploads\/2022\/03\/concessio-beques-2017-1.jpg\" alt=\"Vista general del Auditorio. Apertura del acto por parte del Presidente de la Fundaci\u00f3 Olga Torres Sr. Josep Bombard\u00f3.\" \/><figcaption class=\"elementor-image-carousel-caption\">Vista general del Auditorio. Apertura del acto por parte del Presidente de la Fundaci\u00f3 Olga Torres Sr. Josep Bombard\u00f3.\n<\/figcaption><\/figure><\/a><\/div><div class=\"swiper-slide\" role=\"group\" aria-roledescription=\"slide\" aria-label=\"2 de 12\"><a data-elementor-open-lightbox=\"yes\" data-elementor-lightbox-slideshow=\"ceaac58\" data-elementor-lightbox-title=\"concessio-beques-2017-2\" data-e-action-hash=\"#elementor-action%3Aaction%3Dlightbox%26settings%3DeyJpZCI6NzAwNiwidXJsIjoiaHR0cHM6XC9cL3d3dy5mdW5kYWNpb29sZ2F0b3JyZXMub3JnXC93cC1jb250ZW50XC91cGxvYWRzXC8yMDIyXC8wM1wvY29uY2Vzc2lvLWJlcXVlcy0yMDE3LTIuanBnIiwic2xpZGVzaG93IjoiY2VhYWM1OCJ9\" href=\"https:\/\/www.fundacioolgatorres.org\/wp-content\/uploads\/2022\/03\/concessio-beques-2017-2.jpg\"><figure class=\"swiper-slide-inner\"><img decoding=\"async\" class=\"swiper-slide-image\" src=\"https:\/\/www.fundacioolgatorres.org\/wp-content\/uploads\/2022\/03\/concessio-beques-2017-2.jpg\" alt=\"Mesa presidencial. El Sr. Modesto Custodio, Presidente de la Corporaci\u00f3n Sanitaria Parc Taul\u00ed da la bienvenida a los asistentes.\" \/><figcaption class=\"elementor-image-carousel-caption\">Mesa presidencial. El Sr. Modesto Custodio, Presidente de la Corporaci\u00f3n Sanitaria Parc Taul\u00ed da la bienvenida a los asistentes.\n<\/figcaption><\/figure><\/a><\/div><div class=\"swiper-slide\" role=\"group\" aria-roledescription=\"slide\" aria-label=\"3 de 12\"><a data-elementor-open-lightbox=\"yes\" data-elementor-lightbox-slideshow=\"ceaac58\" data-elementor-lightbox-title=\"concessio-beques-2017-3\" data-e-action-hash=\"#elementor-action%3Aaction%3Dlightbox%26settings%3DeyJpZCI6NzAwOSwidXJsIjoiaHR0cHM6XC9cL3d3dy5mdW5kYWNpb29sZ2F0b3JyZXMub3JnXC93cC1jb250ZW50XC91cGxvYWRzXC8yMDIyXC8wM1wvY29uY2Vzc2lvLWJlcXVlcy0yMDE3LTMuanBnIiwic2xpZGVzaG93IjoiY2VhYWM1OCJ9\" href=\"https:\/\/www.fundacioolgatorres.org\/wp-content\/uploads\/2022\/03\/concessio-beques-2017-3.jpg\"><figure class=\"swiper-slide-inner\"><img decoding=\"async\" class=\"swiper-slide-image\" src=\"https:\/\/www.fundacioolgatorres.org\/wp-content\/uploads\/2022\/03\/concessio-beques-2017-3.jpg\" alt=\"El Secretari de la FOT Sr. Carbonell hace p\u00fablico el nombre de los ganadores de las becas.\" \/><figcaption class=\"elementor-image-carousel-caption\">El Secretari de la FOT Sr. Carbonell hace p\u00fablico el nombre de los ganadores de las becas.\n<\/figcaption><\/figure><\/a><\/div><div class=\"swiper-slide\" role=\"group\" aria-roledescription=\"slide\" aria-label=\"4 de 12\"><a data-elementor-open-lightbox=\"yes\" data-elementor-lightbox-slideshow=\"ceaac58\" data-elementor-lightbox-title=\"concessio-beques-2017-4\" data-e-action-hash=\"#elementor-action%3Aaction%3Dlightbox%26settings%3DeyJpZCI6NzAxMiwidXJsIjoiaHR0cHM6XC9cL3d3dy5mdW5kYWNpb29sZ2F0b3JyZXMub3JnXC93cC1jb250ZW50XC91cGxvYWRzXC8yMDIyXC8wM1wvY29uY2Vzc2lvLWJlcXVlcy0yMDE3LTQuanBnIiwic2xpZGVzaG93IjoiY2VhYWM1OCJ9\" href=\"https:\/\/www.fundacioolgatorres.org\/wp-content\/uploads\/2022\/03\/concessio-beques-2017-4.jpg\"><figure class=\"swiper-slide-inner\"><img decoding=\"async\" class=\"swiper-slide-image\" src=\"https:\/\/www.fundacioolgatorres.org\/wp-content\/uploads\/2022\/03\/concessio-beques-2017-4.jpg\" alt=\"Entrega de la beca al Dr. Manel Esteller (IDIBELL) por el mejor proyecto en la categor\u00eda de Investigadores consolidados.\" \/><figcaption class=\"elementor-image-carousel-caption\">Entrega de la beca al Dr. Manel Esteller (IDIBELL) por el mejor proyecto en la categor\u00eda de Investigadores consolidados.\n<\/figcaption><\/figure><\/a><\/div><div class=\"swiper-slide\" role=\"group\" aria-roledescription=\"slide\" aria-label=\"5 de 12\"><a data-elementor-open-lightbox=\"yes\" data-elementor-lightbox-slideshow=\"ceaac58\" data-elementor-lightbox-title=\"concessio-beques-2017-5\" data-e-action-hash=\"#elementor-action%3Aaction%3Dlightbox%26settings%3DeyJpZCI6NzAxNSwidXJsIjoiaHR0cHM6XC9cL3d3dy5mdW5kYWNpb29sZ2F0b3JyZXMub3JnXC93cC1jb250ZW50XC91cGxvYWRzXC8yMDIyXC8wM1wvY29uY2Vzc2lvLWJlcXVlcy0yMDE3LTUuanBnIiwic2xpZGVzaG93IjoiY2VhYWM1OCJ9\" href=\"https:\/\/www.fundacioolgatorres.org\/wp-content\/uploads\/2022\/03\/concessio-beques-2017-5.jpg\"><figure class=\"swiper-slide-inner\"><img decoding=\"async\" class=\"swiper-slide-image\" src=\"https:\/\/www.fundacioolgatorres.org\/wp-content\/uploads\/2022\/03\/concessio-beques-2017-5.jpg\" alt=\"Entrega de la beca al Dr. Rodrigo de Almeida Toledo (VHIO) por el mejor proyecto en la categor\u00eda de Investigadores emergentes.\" \/><figcaption class=\"elementor-image-carousel-caption\">Entrega de la beca al Dr. Rodrigo de Almeida Toledo (VHIO) por el mejor proyecto en la categor\u00eda de Investigadores emergentes.\n<\/figcaption><\/figure><\/a><\/div><div class=\"swiper-slide\" role=\"group\" aria-roledescription=\"slide\" aria-label=\"6 de 12\"><a data-elementor-open-lightbox=\"yes\" data-elementor-lightbox-slideshow=\"ceaac58\" data-elementor-lightbox-title=\"concessio-beques-2017-6\" data-e-action-hash=\"#elementor-action%3Aaction%3Dlightbox%26settings%3DeyJpZCI6NzAxOCwidXJsIjoiaHR0cHM6XC9cL3d3dy5mdW5kYWNpb29sZ2F0b3JyZXMub3JnXC93cC1jb250ZW50XC91cGxvYWRzXC8yMDIyXC8wM1wvY29uY2Vzc2lvLWJlcXVlcy0yMDE3LTYuanBnIiwic2xpZGVzaG93IjoiY2VhYWM1OCJ9\" href=\"https:\/\/www.fundacioolgatorres.org\/wp-content\/uploads\/2022\/03\/concessio-beques-2017-6.jpg\"><figure class=\"swiper-slide-inner\"><img decoding=\"async\" class=\"swiper-slide-image\" src=\"https:\/\/www.fundacioolgatorres.org\/wp-content\/uploads\/2022\/03\/concessio-beques-2017-6.jpg\" alt=\"Los autores premiados efect\u00faan una breve exposici\u00f3n de su proyecto.\" \/><figcaption class=\"elementor-image-carousel-caption\">Los autores premiados efect\u00faan una breve exposici\u00f3n de su proyecto.\n<\/figcaption><\/figure><\/a><\/div><div class=\"swiper-slide\" role=\"group\" aria-roledescription=\"slide\" aria-label=\"7 de 12\"><a data-elementor-open-lightbox=\"yes\" data-elementor-lightbox-slideshow=\"ceaac58\" data-elementor-lightbox-title=\"concessio-beques-2017-7\" data-e-action-hash=\"#elementor-action%3Aaction%3Dlightbox%26settings%3DeyJpZCI6NzAyMSwidXJsIjoiaHR0cHM6XC9cL3d3dy5mdW5kYWNpb29sZ2F0b3JyZXMub3JnXC93cC1jb250ZW50XC91cGxvYWRzXC8yMDIyXC8wM1wvY29uY2Vzc2lvLWJlcXVlcy0yMDE3LTcuanBnIiwic2xpZGVzaG93IjoiY2VhYWM1OCJ9\" href=\"https:\/\/www.fundacioolgatorres.org\/wp-content\/uploads\/2022\/03\/concessio-beques-2017-7.jpg\"><figure class=\"swiper-slide-inner\"><img decoding=\"async\" class=\"swiper-slide-image\" src=\"https:\/\/www.fundacioolgatorres.org\/wp-content\/uploads\/2022\/03\/concessio-beques-2017-7.jpg\" alt=\"El Dr. Josep M\u00aa Montan\u00e9 efect\u00faa la presentaci\u00f3n del conferenciante.\" \/><figcaption class=\"elementor-image-carousel-caption\">El Dr. Josep M\u00aa Montan\u00e9 efect\u00faa la presentaci\u00f3n del conferenciante.\n<\/figcaption><\/figure><\/a><\/div><div class=\"swiper-slide\" role=\"group\" aria-roledescription=\"slide\" aria-label=\"8 de 12\"><a data-elementor-open-lightbox=\"yes\" data-elementor-lightbox-slideshow=\"ceaac58\" data-elementor-lightbox-title=\"concessio-beques-2017-8\" data-e-action-hash=\"#elementor-action%3Aaction%3Dlightbox%26settings%3DeyJpZCI6NzAyNCwidXJsIjoiaHR0cHM6XC9cL3d3dy5mdW5kYWNpb29sZ2F0b3JyZXMub3JnXC93cC1jb250ZW50XC91cGxvYWRzXC8yMDIyXC8wM1wvY29uY2Vzc2lvLWJlcXVlcy0yMDE3LTguanBnIiwic2xpZGVzaG93IjoiY2VhYWM1OCJ9\" href=\"https:\/\/www.fundacioolgatorres.org\/wp-content\/uploads\/2022\/03\/concessio-beques-2017-8.jpg\"><figure class=\"swiper-slide-inner\"><img decoding=\"async\" class=\"swiper-slide-image\" src=\"https:\/\/www.fundacioolgatorres.org\/wp-content\/uploads\/2022\/03\/concessio-beques-2017-8.jpg\" alt=\"El Dr. Manel Esteller en un momento de la conferencia.\" \/><figcaption class=\"elementor-image-carousel-caption\">El Dr. Manel Esteller en un momento de la conferencia.\n<\/figcaption><\/figure><\/a><\/div><div class=\"swiper-slide\" role=\"group\" aria-roledescription=\"slide\" aria-label=\"9 de 12\"><a data-elementor-open-lightbox=\"yes\" data-elementor-lightbox-slideshow=\"ceaac58\" data-elementor-lightbox-title=\"concessio-beques-2017-9\" data-e-action-hash=\"#elementor-action%3Aaction%3Dlightbox%26settings%3DeyJpZCI6NzAyNywidXJsIjoiaHR0cHM6XC9cL3d3dy5mdW5kYWNpb29sZ2F0b3JyZXMub3JnXC93cC1jb250ZW50XC91cGxvYWRzXC8yMDIyXC8wM1wvY29uY2Vzc2lvLWJlcXVlcy0yMDE3LTkuanBnIiwic2xpZGVzaG93IjoiY2VhYWM1OCJ9\" href=\"https:\/\/www.fundacioolgatorres.org\/wp-content\/uploads\/2022\/03\/concessio-beques-2017-9.jpg\"><figure class=\"swiper-slide-inner\"><img decoding=\"async\" class=\"swiper-slide-image\" src=\"https:\/\/www.fundacioolgatorres.org\/wp-content\/uploads\/2022\/03\/concessio-beques-2017-9.jpg\" alt=\"El representante de la Academia de Ciencias M\u00e9dicas. Dr. Eugeni Saig\u00ed, durante su intervenci\u00f3n.\" \/><figcaption class=\"elementor-image-carousel-caption\">El representante de la Academia de Ciencias M\u00e9dicas. Dr. Eugeni Saig\u00ed, durante su intervenci\u00f3n.\n<\/figcaption><\/figure><\/a><\/div><div class=\"swiper-slide\" role=\"group\" aria-roledescription=\"slide\" aria-label=\"10 de 12\"><a data-elementor-open-lightbox=\"yes\" data-elementor-lightbox-slideshow=\"ceaac58\" data-elementor-lightbox-title=\"concessio-beques-2017-10\" data-e-action-hash=\"#elementor-action%3Aaction%3Dlightbox%26settings%3DeyJpZCI6NzAzMCwidXJsIjoiaHR0cHM6XC9cL3d3dy5mdW5kYWNpb29sZ2F0b3JyZXMub3JnXC93cC1jb250ZW50XC91cGxvYWRzXC8yMDIyXC8wM1wvY29uY2Vzc2lvLWJlcXVlcy0yMDE3LTEwLmpwZyIsInNsaWRlc2hvdyI6ImNlYWFjNTgifQ%3D%3D\" href=\"https:\/\/www.fundacioolgatorres.org\/wp-content\/uploads\/2022\/03\/concessio-beques-2017-10.jpg\"><figure class=\"swiper-slide-inner\"><img decoding=\"async\" class=\"swiper-slide-image\" src=\"https:\/\/www.fundacioolgatorres.org\/wp-content\/uploads\/2022\/03\/concessio-beques-2017-10.jpg\" alt=\"El p\u00fablico aplaude el discurso del Presidente de la FOT, Sr. Josep Bombard\u00f3\" \/><figcaption class=\"elementor-image-carousel-caption\">El p\u00fablico aplaude el discurso del Presidente de la FOT, Sr. Josep Bombard\u00f3\n<\/figcaption><\/figure><\/a><\/div><div class=\"swiper-slide\" role=\"group\" aria-roledescription=\"slide\" aria-label=\"11 de 12\"><a data-elementor-open-lightbox=\"yes\" data-elementor-lightbox-slideshow=\"ceaac58\" data-elementor-lightbox-title=\"concessio-beques-2017-11\" data-e-action-hash=\"#elementor-action%3Aaction%3Dlightbox%26settings%3DeyJpZCI6NzAzMywidXJsIjoiaHR0cHM6XC9cL3d3dy5mdW5kYWNpb29sZ2F0b3JyZXMub3JnXC93cC1jb250ZW50XC91cGxvYWRzXC8yMDIyXC8wM1wvY29uY2Vzc2lvLWJlcXVlcy0yMDE3LTExLmpwZyIsInNsaWRlc2hvdyI6ImNlYWFjNTgifQ%3D%3D\" href=\"https:\/\/www.fundacioolgatorres.org\/wp-content\/uploads\/2022\/03\/concessio-beques-2017-11.jpg\"><figure class=\"swiper-slide-inner\"><img decoding=\"async\" class=\"swiper-slide-image\" src=\"https:\/\/www.fundacioolgatorres.org\/wp-content\/uploads\/2022\/03\/concessio-beques-2017-11.jpg\" alt=\"El alcalde de Sabadell Sr. Maties Serracant durante el parlamento de clausura del acto.\" \/><figcaption class=\"elementor-image-carousel-caption\">El alcalde de Sabadell Sr. Maties Serracant durante el parlamento de clausura del acto.\n<\/figcaption><\/figure><\/a><\/div><div class=\"swiper-slide\" role=\"group\" aria-roledescription=\"slide\" aria-label=\"12 de 12\"><a data-elementor-open-lightbox=\"yes\" data-elementor-lightbox-slideshow=\"ceaac58\" data-elementor-lightbox-title=\"concessio-beques-2017-12\" data-e-action-hash=\"#elementor-action%3Aaction%3Dlightbox%26settings%3DeyJpZCI6NzAzNiwidXJsIjoiaHR0cHM6XC9cL3d3dy5mdW5kYWNpb29sZ2F0b3JyZXMub3JnXC93cC1jb250ZW50XC91cGxvYWRzXC8yMDIyXC8wM1wvY29uY2Vzc2lvLWJlcXVlcy0yMDE3LTEyLmpwZyIsInNsaWRlc2hvdyI6ImNlYWFjNTgifQ%3D%3D\" href=\"https:\/\/www.fundacioolgatorres.org\/wp-content\/uploads\/2022\/03\/concessio-beques-2017-12.jpg\"><figure class=\"swiper-slide-inner\"><img decoding=\"async\" class=\"swiper-slide-image\" src=\"https:\/\/www.fundacioolgatorres.org\/wp-content\/uploads\/2022\/03\/concessio-beques-2017-12.jpg\" alt=\"Foto de conjunto. De izquierda a derecha: Sr. Joan Montsech (FOT), Sr. Sr. Modesto Custodio (Presidente Parc Taul\u00ed), Dr. Rodrigo Toledo (Beca Investigadores emergentes), Dr. Manel Esteller (Beca Investigadores consolidados), Dr\u00aa Maite Sol\u00e9 (FOT), Sr. Maties Serracant (Alcalde Sabadell), Sr. Josep Bombard\u00f3 (Presidente FOT), Sr. Jordi Carbonell (Secretario FOT), Sr. Ramon Vidal ((Regidor de Salud del Ayuntamiento de Sabadel)\" \/><figcaption class=\"elementor-image-carousel-caption\">Foto de conjunto. De izquierda a derecha: Sr. Joan Montsech (FOT), Sr. Sr. Modesto Custodio (Presidente Parc Taul\u00ed), Dr. Rodrigo Toledo (Beca Investigadores emergentes), Dr. Manel Esteller (Beca Investigadores consolidados), Dr\u00aa Maite Sol\u00e9 (FOT), Sr. Maties Serracant (Alcalde Sabadell), Sr. Josep Bombard\u00f3 (Presidente FOT), Sr. Jordi Carbonell (Secretario FOT), Sr. Ramon Vidal ((Regidor de Salud del Ayuntamiento de Sabadel)\n<\/figcaption><\/figure><\/a><\/div>\t\t\t<\/div>\n\t\t\t\t\t\t\t\t\t\t\t\t<div class=\"elementor-swiper-button elementor-swiper-button-prev\" role=\"button\" tabindex=\"0\">\n\t\t\t\t\t\t<i aria-hidden=\"true\" class=\"eicon-chevron-left\"><\/i>\t\t\t\t\t<\/div>\n\t\t\t\t\t<div class=\"elementor-swiper-button elementor-swiper-button-next\" role=\"button\" tabindex=\"0\">\n\t\t\t\t\t\t<i aria-hidden=\"true\" class=\"eicon-chevron-right\"><\/i>\t\t\t\t\t<\/div>\n\t\t\t\t\n\t\t\t\t\t\t\t\t\t<\/div>\n\t\t\t\t\t\t<\/div>\n\t\t\t\t<\/div>\n\t\t\t\t<div class=\"elementor-element elementor-element-17995c2 elementor-widget elementor-widget-text-editor\" data-id=\"17995c2\" data-element_type=\"widget\" data-e-type=\"widget\" data-widget_type=\"text-editor.default\">\n\t\t\t\t<div class=\"elementor-widget-container\">\n\t\t\t\t\t\t\t\t\t<p><strong>Convocatoria 2016<\/strong><\/p><p>Diversos momentos del Acto de entrega de las becas posdoctorales de Investigaci\u00f3n sobre C\u00e1ncer colorrectal, correspondientes a la 12\u00aa edici\u00f3n celebrada en el Auditorio de la Corporaci\u00f3n Sanitaria Parc Taul\u00ed, el d\u00eda 3 de Mayo de 2017.<\/p><p><em>(Fotos: Gabinete Comunicaci\u00f3n Parc Taul\u00ed)<\/em><\/p>\t\t\t\t\t\t\t\t<\/div>\n\t\t\t\t<\/div>\n\t\t\t\t<div class=\"elementor-element elementor-element-efb554c elementor-arrows-position-inside elementor-widget elementor-widget-image-carousel\" data-id=\"efb554c\" data-element_type=\"widget\" data-e-type=\"widget\" data-settings=\"{&quot;slides_to_show&quot;:&quot;3&quot;,&quot;navigation&quot;:&quot;arrows&quot;,&quot;image_spacing_custom&quot;:{&quot;unit&quot;:&quot;px&quot;,&quot;size&quot;:25,&quot;sizes&quot;:[]},&quot;autoplay&quot;:&quot;yes&quot;,&quot;pause_on_hover&quot;:&quot;yes&quot;,&quot;pause_on_interaction&quot;:&quot;yes&quot;,&quot;autoplay_speed&quot;:5000,&quot;infinite&quot;:&quot;yes&quot;,&quot;speed&quot;:500,&quot;image_spacing_custom_tablet&quot;:{&quot;unit&quot;:&quot;px&quot;,&quot;size&quot;:&quot;&quot;,&quot;sizes&quot;:[]},&quot;image_spacing_custom_mobile&quot;:{&quot;unit&quot;:&quot;px&quot;,&quot;size&quot;:&quot;&quot;,&quot;sizes&quot;:[]}}\" data-widget_type=\"image-carousel.default\">\n\t\t\t\t<div class=\"elementor-widget-container\">\n\t\t\t\t\t\t\t<div class=\"elementor-image-carousel-wrapper swiper\" role=\"region\" aria-roledescription=\"carousel\" aria-label=\"Carrusel de im\u00e1genes\" dir=\"ltr\">\n\t\t\t<div class=\"elementor-image-carousel swiper-wrapper\" aria-live=\"off\">\n\t\t\t\t\t\t\t\t<div class=\"swiper-slide\" role=\"group\" aria-roledescription=\"slide\" aria-label=\"1 de 11\"><a data-elementor-open-lightbox=\"yes\" data-elementor-lightbox-slideshow=\"efb554c\" data-elementor-lightbox-title=\"concessio-beques-2016-1\" data-e-action-hash=\"#elementor-action%3Aaction%3Dlightbox%26settings%3DeyJpZCI6NzA0MywidXJsIjoiaHR0cHM6XC9cL3d3dy5mdW5kYWNpb29sZ2F0b3JyZXMub3JnXC93cC1jb250ZW50XC91cGxvYWRzXC8yMDIyXC8wM1wvY29uY2Vzc2lvLWJlcXVlcy0yMDE2LTEuanBnIiwic2xpZGVzaG93IjoiZWZiNTU0YyJ9\" href=\"https:\/\/www.fundacioolgatorres.org\/wp-content\/uploads\/2022\/03\/concessio-beques-2016-1.jpg\"><figure class=\"swiper-slide-inner\"><img decoding=\"async\" class=\"swiper-slide-image\" src=\"https:\/\/www.fundacioolgatorres.org\/wp-content\/uploads\/2022\/03\/concessio-beques-2016-1.jpg\" alt=\"Vista general del auditorio.\" \/><figcaption class=\"elementor-image-carousel-caption\">Vista general del auditorio.\n<\/figcaption><\/figure><\/a><\/div><div class=\"swiper-slide\" role=\"group\" aria-roledescription=\"slide\" aria-label=\"2 de 11\"><a data-elementor-open-lightbox=\"yes\" data-elementor-lightbox-slideshow=\"efb554c\" data-elementor-lightbox-title=\"concessio-beques-2016-2\" data-e-action-hash=\"#elementor-action%3Aaction%3Dlightbox%26settings%3DeyJpZCI6NzA0NiwidXJsIjoiaHR0cHM6XC9cL3d3dy5mdW5kYWNpb29sZ2F0b3JyZXMub3JnXC93cC1jb250ZW50XC91cGxvYWRzXC8yMDIyXC8wM1wvY29uY2Vzc2lvLWJlcXVlcy0yMDE2LTIuanBnIiwic2xpZGVzaG93IjoiZWZiNTU0YyJ9\" href=\"https:\/\/www.fundacioolgatorres.org\/wp-content\/uploads\/2022\/03\/concessio-beques-2016-2.jpg\"><figure class=\"swiper-slide-inner\"><img decoding=\"async\" class=\"swiper-slide-image\" src=\"https:\/\/www.fundacioolgatorres.org\/wp-content\/uploads\/2022\/03\/concessio-beques-2016-2.jpg\" alt=\"Mesa de presidencia.\" \/><figcaption class=\"elementor-image-carousel-caption\">Mesa de presidencia.\n<\/figcaption><\/figure><\/a><\/div><div class=\"swiper-slide\" role=\"group\" aria-roledescription=\"slide\" aria-label=\"3 de 11\"><a data-elementor-open-lightbox=\"yes\" data-elementor-lightbox-slideshow=\"efb554c\" data-elementor-lightbox-title=\"concessio-beques-2016-3\" data-e-action-hash=\"#elementor-action%3Aaction%3Dlightbox%26settings%3DeyJpZCI6NzA0OSwidXJsIjoiaHR0cHM6XC9cL3d3dy5mdW5kYWNpb29sZ2F0b3JyZXMub3JnXC93cC1jb250ZW50XC91cGxvYWRzXC8yMDIyXC8wM1wvY29uY2Vzc2lvLWJlcXVlcy0yMDE2LTMuanBnIiwic2xpZGVzaG93IjoiZWZiNTU0YyJ9\" href=\"https:\/\/www.fundacioolgatorres.org\/wp-content\/uploads\/2022\/03\/concessio-beques-2016-3.jpg\"><figure class=\"swiper-slide-inner\"><img decoding=\"async\" class=\"swiper-slide-image\" src=\"https:\/\/www.fundacioolgatorres.org\/wp-content\/uploads\/2022\/03\/concessio-beques-2016-3.jpg\" alt=\"Aspecto del desarrollo del acto.\" \/><figcaption class=\"elementor-image-carousel-caption\">Aspecto del desarrollo del acto.\n<\/figcaption><\/figure><\/a><\/div><div class=\"swiper-slide\" role=\"group\" aria-roledescription=\"slide\" aria-label=\"4 de 11\"><a data-elementor-open-lightbox=\"yes\" data-elementor-lightbox-slideshow=\"efb554c\" data-elementor-lightbox-title=\"concessio-beques-2016-4\" data-e-action-hash=\"#elementor-action%3Aaction%3Dlightbox%26settings%3DeyJpZCI6NzA1MiwidXJsIjoiaHR0cHM6XC9cL3d3dy5mdW5kYWNpb29sZ2F0b3JyZXMub3JnXC93cC1jb250ZW50XC91cGxvYWRzXC8yMDIyXC8wM1wvY29uY2Vzc2lvLWJlcXVlcy0yMDE2LTQuanBnIiwic2xpZGVzaG93IjoiZWZiNTU0YyJ9\" href=\"https:\/\/www.fundacioolgatorres.org\/wp-content\/uploads\/2022\/03\/concessio-beques-2016-4.jpg\"><figure class=\"swiper-slide-inner\"><img decoding=\"async\" class=\"swiper-slide-image\" src=\"https:\/\/www.fundacioolgatorres.org\/wp-content\/uploads\/2022\/03\/concessio-beques-2016-4.jpg\" alt=\"El Secretario del Patronato de la FOT, Sr. Jordi Carbonell anuncia los proyectos ganadores de las becas\" \/><figcaption class=\"elementor-image-carousel-caption\">El Secretario del Patronato de la FOT, Sr. Jordi Carbonell anuncia los proyectos ganadores de las becas\n<\/figcaption><\/figure><\/a><\/div><div class=\"swiper-slide\" role=\"group\" aria-roledescription=\"slide\" aria-label=\"5 de 11\"><a data-elementor-open-lightbox=\"yes\" data-elementor-lightbox-slideshow=\"efb554c\" data-elementor-lightbox-title=\"concessio-beques-2016-5\" data-e-action-hash=\"#elementor-action%3Aaction%3Dlightbox%26settings%3DeyJpZCI6NzA1NSwidXJsIjoiaHR0cHM6XC9cL3d3dy5mdW5kYWNpb29sZ2F0b3JyZXMub3JnXC93cC1jb250ZW50XC91cGxvYWRzXC8yMDIyXC8wM1wvY29uY2Vzc2lvLWJlcXVlcy0yMDE2LTUuanBnIiwic2xpZGVzaG93IjoiZWZiNTU0YyJ9\" href=\"https:\/\/www.fundacioolgatorres.org\/wp-content\/uploads\/2022\/03\/concessio-beques-2016-5.jpg\"><figure class=\"swiper-slide-inner\"><img decoding=\"async\" class=\"swiper-slide-image\" src=\"https:\/\/www.fundacioolgatorres.org\/wp-content\/uploads\/2022\/03\/concessio-beques-2016-5.jpg\" alt=\"El Sr. Carbonell cede la palabra al Dr. Eduard Batlle, autor del Proyecto que obtuvo la beca en la categor\u00eda de investigadores consolidados.\" \/><figcaption class=\"elementor-image-carousel-caption\">El Sr. Carbonell cede la palabra al Dr. Eduard Batlle, autor del Proyecto que obtuvo la beca en la categor\u00eda de investigadores consolidados.\n<\/figcaption><\/figure><\/a><\/div><div class=\"swiper-slide\" role=\"group\" aria-roledescription=\"slide\" aria-label=\"6 de 11\"><a data-elementor-open-lightbox=\"yes\" data-elementor-lightbox-slideshow=\"efb554c\" data-elementor-lightbox-title=\"concessio-beques-2016-6\" data-e-action-hash=\"#elementor-action%3Aaction%3Dlightbox%26settings%3DeyJpZCI6NzA1OCwidXJsIjoiaHR0cHM6XC9cL3d3dy5mdW5kYWNpb29sZ2F0b3JyZXMub3JnXC93cC1jb250ZW50XC91cGxvYWRzXC8yMDIyXC8wM1wvY29uY2Vzc2lvLWJlcXVlcy0yMDE2LTYuanBnIiwic2xpZGVzaG93IjoiZWZiNTU0YyJ9\" href=\"https:\/\/www.fundacioolgatorres.org\/wp-content\/uploads\/2022\/03\/concessio-beques-2016-6.jpg\"><figure class=\"swiper-slide-inner\"><img decoding=\"async\" class=\"swiper-slide-image\" src=\"https:\/\/www.fundacioolgatorres.org\/wp-content\/uploads\/2022\/03\/concessio-beques-2016-6.jpg\" alt=\"El Dr. Eduard Batlle durante la exposici\u00f3n de su Proyecto.\" \/><figcaption class=\"elementor-image-carousel-caption\">El Dr. Eduard Batlle durante la exposici\u00f3n de su Proyecto.\n<\/figcaption><\/figure><\/a><\/div><div class=\"swiper-slide\" role=\"group\" aria-roledescription=\"slide\" aria-label=\"7 de 11\"><a data-elementor-open-lightbox=\"yes\" data-elementor-lightbox-slideshow=\"efb554c\" data-elementor-lightbox-title=\"concessio-beques-2016-7\" data-e-action-hash=\"#elementor-action%3Aaction%3Dlightbox%26settings%3DeyJpZCI6NzA2MSwidXJsIjoiaHR0cHM6XC9cL3d3dy5mdW5kYWNpb29sZ2F0b3JyZXMub3JnXC93cC1jb250ZW50XC91cGxvYWRzXC8yMDIyXC8wM1wvY29uY2Vzc2lvLWJlcXVlcy0yMDE2LTcuanBnIiwic2xpZGVzaG93IjoiZWZiNTU0YyJ9\" href=\"https:\/\/www.fundacioolgatorres.org\/wp-content\/uploads\/2022\/03\/concessio-beques-2016-7.jpg\"><figure class=\"swiper-slide-inner\"><img decoding=\"async\" class=\"swiper-slide-image\" src=\"https:\/\/www.fundacioolgatorres.org\/wp-content\/uploads\/2022\/03\/concessio-beques-2016-7.jpg\" alt=\"El Sr. Carbonell hace entrega de la beca al Dr. Francesco P. Marchese, autor del proyecto que obtuvo la beca en la categor\u00eda de investigadores emergentes.\" \/><figcaption class=\"elementor-image-carousel-caption\">El Sr. Carbonell hace entrega de la beca al Dr. Francesco P. Marchese, autor del proyecto que obtuvo la beca en la categor\u00eda de investigadores emergentes.\n<\/figcaption><\/figure><\/a><\/div><div class=\"swiper-slide\" role=\"group\" aria-roledescription=\"slide\" aria-label=\"8 de 11\"><a data-elementor-open-lightbox=\"yes\" data-elementor-lightbox-slideshow=\"efb554c\" data-elementor-lightbox-title=\"concessio-beques-2016-8\" data-e-action-hash=\"#elementor-action%3Aaction%3Dlightbox%26settings%3DeyJpZCI6NzA2NCwidXJsIjoiaHR0cHM6XC9cL3d3dy5mdW5kYWNpb29sZ2F0b3JyZXMub3JnXC93cC1jb250ZW50XC91cGxvYWRzXC8yMDIyXC8wM1wvY29uY2Vzc2lvLWJlcXVlcy0yMDE2LTguanBnIiwic2xpZGVzaG93IjoiZWZiNTU0YyJ9\" href=\"https:\/\/www.fundacioolgatorres.org\/wp-content\/uploads\/2022\/03\/concessio-beques-2016-8.jpg\"><figure class=\"swiper-slide-inner\"><img decoding=\"async\" class=\"swiper-slide-image\" src=\"https:\/\/www.fundacioolgatorres.org\/wp-content\/uploads\/2022\/03\/concessio-beques-2016-8.jpg\" alt=\"El Dr. Francesco P. Marchese exponiendo su proyecto.\" \/><figcaption class=\"elementor-image-carousel-caption\">El Dr. Francesco P. Marchese exponiendo su proyecto.\n<\/figcaption><\/figure><\/a><\/div><div class=\"swiper-slide\" role=\"group\" aria-roledescription=\"slide\" aria-label=\"9 de 11\"><a data-elementor-open-lightbox=\"yes\" data-elementor-lightbox-slideshow=\"efb554c\" data-elementor-lightbox-title=\"concessio-beques-2016-9\" data-e-action-hash=\"#elementor-action%3Aaction%3Dlightbox%26settings%3DeyJpZCI6NzA2NywidXJsIjoiaHR0cHM6XC9cL3d3dy5mdW5kYWNpb29sZ2F0b3JyZXMub3JnXC93cC1jb250ZW50XC91cGxvYWRzXC8yMDIyXC8wM1wvY29uY2Vzc2lvLWJlcXVlcy0yMDE2LTkuanBnIiwic2xpZGVzaG93IjoiZWZiNTU0YyJ9\" href=\"https:\/\/www.fundacioolgatorres.org\/wp-content\/uploads\/2022\/03\/concessio-beques-2016-9.jpg\"><figure class=\"swiper-slide-inner\"><img decoding=\"async\" class=\"swiper-slide-image\" src=\"https:\/\/www.fundacioolgatorres.org\/wp-content\/uploads\/2022\/03\/concessio-beques-2016-9.jpg\" alt=\"El Dr. Josep M\u00aa Montan\u00e9, miembro del Patronato de la FOT en la presentaci\u00f3n del conferenciante.\" \/><figcaption class=\"elementor-image-carousel-caption\">El Dr. Josep M\u00aa Montan\u00e9, miembro del Patronato de la FOT en la presentaci\u00f3n del conferenciante.\n<\/figcaption><\/figure><\/a><\/div><div class=\"swiper-slide\" role=\"group\" aria-roledescription=\"slide\" aria-label=\"10 de 11\"><a data-elementor-open-lightbox=\"yes\" data-elementor-lightbox-slideshow=\"efb554c\" data-elementor-lightbox-title=\"concessio-beques-2016-10\" data-e-action-hash=\"#elementor-action%3Aaction%3Dlightbox%26settings%3DeyJpZCI6NzA3MCwidXJsIjoiaHR0cHM6XC9cL3d3dy5mdW5kYWNpb29sZ2F0b3JyZXMub3JnXC93cC1jb250ZW50XC91cGxvYWRzXC8yMDIyXC8wM1wvY29uY2Vzc2lvLWJlcXVlcy0yMDE2LTEwLmpwZyIsInNsaWRlc2hvdyI6ImVmYjU1NGMifQ%3D%3D\" href=\"https:\/\/www.fundacioolgatorres.org\/wp-content\/uploads\/2022\/03\/concessio-beques-2016-10.jpg\"><figure class=\"swiper-slide-inner\"><img decoding=\"async\" class=\"swiper-slide-image\" src=\"https:\/\/www.fundacioolgatorres.org\/wp-content\/uploads\/2022\/03\/concessio-beques-2016-10.jpg\" alt=\"El Dr. Llu\u00eds A.Hidalgo pronuncia la conferencia magistral.\" \/><figcaption class=\"elementor-image-carousel-caption\">El Dr. Llu\u00eds A.Hidalgo pronuncia la conferencia magistral.\n<\/figcaption><\/figure><\/a><\/div><div class=\"swiper-slide\" role=\"group\" aria-roledescription=\"slide\" aria-label=\"11 de 11\"><a data-elementor-open-lightbox=\"yes\" data-elementor-lightbox-slideshow=\"efb554c\" data-elementor-lightbox-title=\"concessio-beques-2016-11\" data-e-action-hash=\"#elementor-action%3Aaction%3Dlightbox%26settings%3DeyJpZCI6NzA3MywidXJsIjoiaHR0cHM6XC9cL3d3dy5mdW5kYWNpb29sZ2F0b3JyZXMub3JnXC93cC1jb250ZW50XC91cGxvYWRzXC8yMDIyXC8wM1wvY29uY2Vzc2lvLWJlcXVlcy0yMDE2LTExLmpwZyIsInNsaWRlc2hvdyI6ImVmYjU1NGMifQ%3D%3D\" href=\"https:\/\/www.fundacioolgatorres.org\/wp-content\/uploads\/2022\/03\/concessio-beques-2016-11.jpg\"><figure class=\"swiper-slide-inner\"><img decoding=\"async\" class=\"swiper-slide-image\" src=\"https:\/\/www.fundacioolgatorres.org\/wp-content\/uploads\/2022\/03\/concessio-beques-2016-11.jpg\" alt=\"De izquierda a derecha: Sr. Modesto Custodio -Presidente de la Corporaci\u00f3n Sanitaria Parc Taul\u00ed, Dr. Eduard Batlle del IRB Barcelona -ganador de la beca en la modalidad de Investigadores Consolidados, Jordi Carbonell, -Secretario del Patronato de la Fundaci\u00f3n Olga Torres, Sr. Josep Bombard\u00f3 -Presidente de la Fundaci\u00f3n Olga Torres, Dr. Francesco Paolo Marchese, del CIMA -ganador de la beca en la modalidad de Investigadores Emergentes, y Sr. Joan Berlanga -Primer Teniente de Alcalde del Ayuntamiento de Sabadell.\" \/><figcaption class=\"elementor-image-carousel-caption\">De izquierda a derecha: Sr. Modesto Custodio -Presidente de la Corporaci\u00f3n Sanitaria Parc Taul\u00ed, Dr. Eduard Batlle del IRB Barcelona -ganador de la beca en la modalidad de Investigadores Consolidados, Jordi Carbonell, -Secretario del Patronato de la Fundaci\u00f3n Olga Torres, Sr. Josep Bombard\u00f3 -Presidente de la Fundaci\u00f3n Olga Torres, Dr. Francesco Paolo Marchese, del CIMA -ganador de la beca en la modalidad de Investigadores Emergentes, y Sr. Joan Berlanga -Primer Teniente de Alcalde del Ayuntamiento de Sabadell.\n\n<\/figcaption><\/figure><\/a><\/div>\t\t\t<\/div>\n\t\t\t\t\t\t\t\t\t\t\t\t<div class=\"elementor-swiper-button elementor-swiper-button-prev\" role=\"button\" tabindex=\"0\">\n\t\t\t\t\t\t<i aria-hidden=\"true\" class=\"eicon-chevron-left\"><\/i>\t\t\t\t\t<\/div>\n\t\t\t\t\t<div class=\"elementor-swiper-button elementor-swiper-button-next\" role=\"button\" tabindex=\"0\">\n\t\t\t\t\t\t<i aria-hidden=\"true\" class=\"eicon-chevron-right\"><\/i>\t\t\t\t\t<\/div>\n\t\t\t\t\n\t\t\t\t\t\t\t\t\t<\/div>\n\t\t\t\t\t\t<\/div>\n\t\t\t\t<\/div>\n\t\t\t\t<div class=\"elementor-element elementor-element-94a05be elementor-widget elementor-widget-text-editor\" data-id=\"94a05be\" data-element_type=\"widget\" data-e-type=\"widget\" data-widget_type=\"text-editor.default\">\n\t\t\t\t<div class=\"elementor-widget-container\">\n\t\t\t\t\t\t\t\t\t<p><strong>Convocatoria 2008<\/strong><\/p><p>Primer clasificado: <strong>Dr. Stephan Tenbaum<\/strong><br>Proyecto: <strong>C\u00e9lulas Madre Tumorales de C\u00e1ncer de Colon<\/strong><\/p><p>En la fotograf\u00eda: Representantes de la FOT con el Dr. Stephan Tenbaum (en el centro), acompa\u00f1ado de los miembros del Institut d\u2019Oncologia Vall d\u2019Hebron (VHIO) Dr. H\u00e9ctor G.Palmer i Sr. Sergi Cuadrado. <\/p>\t\t\t\t\t\t\t\t<\/div>\n\t\t\t\t<\/div>\n\t\t\t\t<div class=\"elementor-element elementor-element-5c98205 elementor-widget elementor-widget-image\" data-id=\"5c98205\" data-element_type=\"widget\" data-e-type=\"widget\" data-widget_type=\"image.default\">\n\t\t\t\t<div class=\"elementor-widget-container\">\n\t\t\t\t\t\t\t\t\t\t\t\t\t\t\t<img fetchpriority=\"high\" decoding=\"async\" width=\"567\" height=\"284\" src=\"https:\/\/www.fundacioolgatorres.org\/wp-content\/uploads\/2022\/03\/concessio-beques-2008-1.jpg\" class=\"attachment-large size-large wp-image-7079\" alt=\"\" srcset=\"https:\/\/www.fundacioolgatorres.org\/wp-content\/uploads\/2022\/03\/concessio-beques-2008-1.jpg 567w, https:\/\/www.fundacioolgatorres.org\/wp-content\/uploads\/2022\/03\/concessio-beques-2008-1-300x150.jpg 300w\" sizes=\"(max-width: 567px) 100vw, 567px\" \/>\t\t\t\t\t\t\t\t\t\t\t\t\t\t\t<\/div>\n\t\t\t\t<\/div>\n\t\t\t\t<div class=\"elementor-element elementor-element-f5d21a2 elementor-widget elementor-widget-text-editor\" data-id=\"f5d21a2\" data-element_type=\"widget\" data-e-type=\"widget\" data-widget_type=\"text-editor.default\">\n\t\t\t\t<div class=\"elementor-widget-container\">\n\t\t\t\t\t\t\t\t\t<p>Segundo clasificado: <strong>Dr\u00aa Eva Mart\u00ednez Balibrea<br><\/strong>Proyecto: <strong>Estudio del papel de la Isoforma M2 de Piruvato quinasa (PK-M2) en la respuesta y resistencia a oxaliplatino en l\u00edneas celulares y pacientes con c\u00e1ncer colorrectal avanzado.<\/strong><\/p><p>En la fotograf\u00eda: Representants de la FOT con la Dr\u00aa Eva Mart\u00ednez Balibrea, (a la derecha) acompa\u00f1ada del Dr. Albert Abad del Hospital Universitario Germans Trias i Pujol. <\/p><p> <\/p>\t\t\t\t\t\t\t\t<\/div>\n\t\t\t\t<\/div>\n\t\t\t\t<div class=\"elementor-element elementor-element-2e8c10d elementor-widget elementor-widget-image\" data-id=\"2e8c10d\" data-element_type=\"widget\" data-e-type=\"widget\" data-widget_type=\"image.default\">\n\t\t\t\t<div class=\"elementor-widget-container\">\n\t\t\t\t\t\t\t\t\t\t\t\t\t\t\t<img decoding=\"async\" width=\"567\" height=\"284\" src=\"https:\/\/www.fundacioolgatorres.org\/wp-content\/uploads\/2022\/03\/concessio-beques-2008-2.jpg\" class=\"attachment-large size-large wp-image-7082\" alt=\"\" srcset=\"https:\/\/www.fundacioolgatorres.org\/wp-content\/uploads\/2022\/03\/concessio-beques-2008-2.jpg 567w, https:\/\/www.fundacioolgatorres.org\/wp-content\/uploads\/2022\/03\/concessio-beques-2008-2-300x150.jpg 300w\" sizes=\"(max-width: 567px) 100vw, 567px\" \/>\t\t\t\t\t\t\t\t\t\t\t\t\t\t\t<\/div>\n\t\t\t\t<\/div>\n\t\t\t\t\t<\/div>\n\t\t<\/div>\n\t\t\t\t\t<\/div>\n\t\t<\/section>\n\t\t\t\t<\/div>\n\t\t","protected":false},"excerpt":{"rendered":"<p>Galer\u00eda Fotogr\u00e1fica : Concesi\u00f3n de becas Celebraci\u00f3n de la Noche de la ciencia y el conocimiento Acto central 2018 en Sabadell Organizado por la Fundaci\u00f3n Bosch y Cardellach, la Universidad Aut\u00f3noma de Barcelona (UAB), el Ayuntamiento de Sabadell, la Fundaci\u00f3n Parc Taul\u00ed (FPT), la Fundaci\u00f3n Olga Torres (FOT), i la Escuela Superior de Dise\u00f1o (ESDI), [&hellip;]<\/p>\n","protected":false},"author":1,"featured_media":0,"parent":0,"menu_order":0,"comment_status":"closed","ping_status":"closed","template":"","meta":{"give_campaign_id":0,"footnotes":""},"class_list":["post-7089","page","type-page","status-publish","hentry"],"campaignId":"","_links":{"self":[{"href":"https:\/\/www.fundacioolgatorres.org\/es\/wp-json\/wp\/v2\/pages\/7089","targetHints":{"allow":["GET"]}}],"collection":[{"href":"https:\/\/www.fundacioolgatorres.org\/es\/wp-json\/wp\/v2\/pages"}],"about":[{"href":"https:\/\/www.fundacioolgatorres.org\/es\/wp-json\/wp\/v2\/types\/page"}],"author":[{"embeddable":true,"href":"https:\/\/www.fundacioolgatorres.org\/es\/wp-json\/wp\/v2\/users\/1"}],"replies":[{"embeddable":true,"href":"https:\/\/www.fundacioolgatorres.org\/es\/wp-json\/wp\/v2\/comments?post=7089"}],"version-history":[{"count":0,"href":"https:\/\/www.fundacioolgatorres.org\/es\/wp-json\/wp\/v2\/pages\/7089\/revisions"}],"wp:attachment":[{"href":"https:\/\/www.fundacioolgatorres.org\/es\/wp-json\/wp\/v2\/media?parent=7089"}],"curies":[{"name":"wp","href":"https:\/\/api.w.org\/{rel}","templated":true}]}}