{"id":5877,"date":"2022-03-15T10:20:49","date_gmt":"2022-03-15T10:20:49","guid":{"rendered":"https:\/\/www.fundacioolgatorres.org\/prevencion-cancer-colorrectal\/"},"modified":"2022-03-15T10:20:56","modified_gmt":"2022-03-15T10:20:56","slug":"prevencion-cancer-colorrectal","status":"publish","type":"page","link":"https:\/\/www.fundacioolgatorres.org\/es\/prevencion-cancer-colorrectal\/","title":{"rendered":"Prevenci\u00f3n C\u00e1ncer Colorrectal"},"content":{"rendered":"\t\t<div data-elementor-type=\"wp-page\" data-elementor-id=\"5877\" class=\"elementor elementor-5877 elementor-1926\" data-elementor-post-type=\"page\">\n\t\t\t\t\t\t<section class=\"elementor-section elementor-top-section elementor-element elementor-element-40f4acc elementor-section-boxed elementor-section-height-default elementor-section-height-default\" data-id=\"40f4acc\" data-element_type=\"section\" data-e-type=\"section\">\n\t\t\t\t\t\t<div class=\"elementor-container elementor-column-gap-default\">\n\t\t\t\t\t<div class=\"elementor-column elementor-col-100 elementor-top-column elementor-element elementor-element-1a254c0\" data-id=\"1a254c0\" data-element_type=\"column\" data-e-type=\"column\">\n\t\t\t<div class=\"elementor-widget-wrap elementor-element-populated\">\n\t\t\t\t\t\t<div class=\"elementor-element elementor-element-7e765ff elementor-widget elementor-widget-spacer\" data-id=\"7e765ff\" data-element_type=\"widget\" data-e-type=\"widget\" data-widget_type=\"spacer.default\">\n\t\t\t\t<div class=\"elementor-widget-container\">\n\t\t\t\t\t\t\t<div class=\"elementor-spacer\">\n\t\t\t<div class=\"elementor-spacer-inner\"><\/div>\n\t\t<\/div>\n\t\t\t\t\t\t<\/div>\n\t\t\t\t<\/div>\n\t\t\t\t\t<\/div>\n\t\t<\/div>\n\t\t\t\t\t<\/div>\n\t\t<\/section>\n\t\t\t\t<section class=\"elementor-section elementor-top-section elementor-element elementor-element-5ec11b0 elementor-section-boxed elementor-section-height-default elementor-section-height-default\" data-id=\"5ec11b0\" data-element_type=\"section\" data-e-type=\"section\">\n\t\t\t\t\t\t<div class=\"elementor-container elementor-column-gap-default\">\n\t\t\t\t\t<div class=\"elementor-column elementor-col-100 elementor-top-column elementor-element elementor-element-db5ff56\" data-id=\"db5ff56\" data-element_type=\"column\" data-e-type=\"column\">\n\t\t\t<div class=\"elementor-widget-wrap elementor-element-populated\">\n\t\t\t\t\t\t<div class=\"elementor-element elementor-element-d3c93a4 elementor-widget elementor-widget-heading\" data-id=\"d3c93a4\" data-element_type=\"widget\" data-e-type=\"widget\" data-widget_type=\"heading.default\">\n\t\t\t\t<div class=\"elementor-widget-container\">\n\t\t\t\t\t<h2 class=\"elementor-heading-title elementor-size-default\">Prevenci\u00f3n C\u00e1ncer Colorrectal<\/h2>\t\t\t\t<\/div>\n\t\t\t\t<\/div>\n\t\t\t\t\t<\/div>\n\t\t<\/div>\n\t\t\t\t\t<\/div>\n\t\t<\/section>\n\t\t\t\t<section class=\"elementor-section elementor-top-section elementor-element elementor-element-bfdc948 elementor-section-boxed elementor-section-height-default elementor-section-height-default\" data-id=\"bfdc948\" data-element_type=\"section\" data-e-type=\"section\">\n\t\t\t\t\t\t<div class=\"elementor-container elementor-column-gap-default\">\n\t\t\t\t\t<div class=\"elementor-column elementor-col-100 elementor-top-column elementor-element elementor-element-1ce114e\" data-id=\"1ce114e\" data-element_type=\"column\" data-e-type=\"column\">\n\t\t\t<div class=\"elementor-widget-wrap elementor-element-populated\">\n\t\t\t\t\t\t<div class=\"elementor-element elementor-element-143c127 elementor-widget elementor-widget-heading\" data-id=\"143c127\" data-element_type=\"widget\" data-e-type=\"widget\" data-widget_type=\"heading.default\">\n\t\t\t\t<div class=\"elementor-widget-container\">\n\t\t\t\t\t<h2 class=\"elementor-heading-title elementor-size-large\">Autor\/es: Dr. Dra. Dolores Maluenda Colomer, Dr. Javier Nebreda, Dr. Xavier Llor Farr\u00e9\n\n<\/h2>\t\t\t\t<\/div>\n\t\t\t\t<\/div>\n\t\t\t\t\t<\/div>\n\t\t<\/div>\n\t\t\t\t\t<\/div>\n\t\t<\/section>\n\t\t\t\t<section class=\"elementor-section elementor-top-section elementor-element elementor-element-ef7d2d9 elementor-section-boxed elementor-section-height-default elementor-section-height-default\" data-id=\"ef7d2d9\" data-element_type=\"section\" data-e-type=\"section\">\n\t\t\t\t\t\t<div class=\"elementor-container elementor-column-gap-default\">\n\t\t\t\t\t<div class=\"elementor-column elementor-col-100 elementor-top-column elementor-element elementor-element-1c0c85c\" data-id=\"1c0c85c\" data-element_type=\"column\" data-e-type=\"column\">\n\t\t\t<div class=\"elementor-widget-wrap elementor-element-populated\">\n\t\t\t\t\t\t<div class=\"elementor-element elementor-element-88c7ce4 elementor-widget elementor-widget-heading\" data-id=\"88c7ce4\" data-element_type=\"widget\" data-e-type=\"widget\" data-widget_type=\"heading.default\">\n\t\t\t\t<div class=\"elementor-widget-container\">\n\t\t\t\t\t<h2 class=\"elementor-heading-title elementor-size-default\">\u00bfC\u00f3mo se previene el c\u00e1ncer colorrectal?\n<\/h2>\t\t\t\t<\/div>\n\t\t\t\t<\/div>\n\t\t\t\t<div class=\"elementor-element elementor-element-166939c elementor-widget elementor-widget-text-editor\" data-id=\"166939c\" data-element_type=\"widget\" data-e-type=\"widget\" data-widget_type=\"text-editor.default\">\n\t\t\t\t<div class=\"elementor-widget-container\">\n\t\t\t\t\t\t\t\t\t<p>Hay tres niveles de prevenci\u00f3n.<\/p>\t\t\t\t\t\t\t\t<\/div>\n\t\t\t\t<\/div>\n\t\t\t\t\t<\/div>\n\t\t<\/div>\n\t\t\t\t\t<\/div>\n\t\t<\/section>\n\t\t\t\t<section class=\"elementor-section elementor-top-section elementor-element elementor-element-5d5b4e3 elementor-section-boxed elementor-section-height-default elementor-section-height-default\" data-id=\"5d5b4e3\" data-element_type=\"section\" data-e-type=\"section\">\n\t\t\t\t\t\t<div class=\"elementor-container elementor-column-gap-default\">\n\t\t\t\t\t<div class=\"elementor-column elementor-col-100 elementor-top-column elementor-element elementor-element-1b253e2\" data-id=\"1b253e2\" data-element_type=\"column\" data-e-type=\"column\">\n\t\t\t<div class=\"elementor-widget-wrap elementor-element-populated\">\n\t\t\t\t\t\t<div class=\"elementor-element elementor-element-08dacb4 elementor-widget elementor-widget-toggle\" data-id=\"08dacb4\" data-element_type=\"widget\" data-e-type=\"widget\" data-widget_type=\"toggle.default\">\n\t\t\t\t<div class=\"elementor-widget-container\">\n\t\t\t\t\t\t\t<div class=\"elementor-toggle\">\n\t\t\t\t\t\t\t<div class=\"elementor-toggle-item\">\n\t\t\t\t\t<div id=\"elementor-tab-title-9281\" class=\"elementor-tab-title\" data-tab=\"1\" role=\"button\" aria-controls=\"elementor-tab-content-9281\" aria-expanded=\"false\">\n\t\t\t\t\t\t\t\t\t\t\t\t<a class=\"elementor-toggle-title\" tabindex=\"0\">PRIMARIA<\/a>\n\t\t\t\t\t<\/div>\n\n\t\t\t\t\t<div id=\"elementor-tab-content-9281\" class=\"elementor-tab-content elementor-clearfix\" data-tab=\"1\" role=\"region\" aria-labelledby=\"elementor-tab-title-9281\"><p>Consiste en modificar las causas, tomando decisiones que competen a la Salud P\u00fablica. Su objetivo es disminuir la incidencia de c\u00e1ncer colorrectal, tanto en la poblaci\u00f3n general como en los grupos de riesgo (familiares de enfermos afectos, etc).<\/p><\/div>\n\t\t\t\t<\/div>\n\t\t\t\t\t\t\t<div class=\"elementor-toggle-item\">\n\t\t\t\t\t<div id=\"elementor-tab-title-9282\" class=\"elementor-tab-title\" data-tab=\"2\" role=\"button\" aria-controls=\"elementor-tab-content-9282\" aria-expanded=\"false\">\n\t\t\t\t\t\t\t\t\t\t\t\t<a class=\"elementor-toggle-title\" tabindex=\"0\">SECUNDARIA<\/a>\n\t\t\t\t\t<\/div>\n\n\t\t\t\t\t<div id=\"elementor-tab-content-9282\" class=\"elementor-tab-content elementor-clearfix\" data-tab=\"2\" role=\"region\" aria-labelledby=\"elementor-tab-title-9282\"><p>Consiste en realizar un diagn\u00f3stico precoz. Su objetivo es descubrir qu\u00e9 personas tienen mayor riesgo de padecer la enfermedad. Est\u00e1 internacionalmente aceptado que la prevenci\u00f3n del c\u00e1ncer colorrectal se realice de la siguiente manera:<\/p><blockquote dir=\"ltr\"><p>&#8211; Pacientes sin antecedentes familiares de c\u00e1ncer o p\u00f3lipos de colon: se recomienda realizaci\u00f3n de colonoscopia total cada 5-10 a\u00f1os si no hay ning\u00fan hallazgo a partir de los 50 a\u00f1os.<\/p><p>&#8211; Pacientes con antecedentes familiares de primer grado con c\u00e1ncer o p\u00f3lipos de colon: la recomendaci\u00f3n es realizar colonoscopia total a partir de los 40 a\u00f1os o 15 a\u00f1os antes de la edad de diagn\u00f3stico del familiar afecto, y repetirla cada 5 a\u00f1os si no existen alteraciones en dicha endoscopia.<\/p><p>&#8211; Referente a los <strong>s\u00edndromes hereditarios <\/strong> , tienen sus propios protocolos de prevenci\u00f3n, seg\u00fan la enfermedad.<\/p><\/blockquote><\/div>\n\t\t\t\t<\/div>\n\t\t\t\t\t\t\t<div class=\"elementor-toggle-item\">\n\t\t\t\t\t<div id=\"elementor-tab-title-9283\" class=\"elementor-tab-title\" data-tab=\"3\" role=\"button\" aria-controls=\"elementor-tab-content-9283\" aria-expanded=\"false\">\n\t\t\t\t\t\t\t\t\t\t\t\t<a class=\"elementor-toggle-title\" tabindex=\"0\">TERCIARIA<\/a>\n\t\t\t\t\t<\/div>\n\n\t\t\t\t\t<div id=\"elementor-tab-content-9283\" class=\"elementor-tab-content elementor-clearfix\" data-tab=\"3\" role=\"region\" aria-labelledby=\"elementor-tab-title-9283\"><p>La prevenci\u00f3n terciaria se refiere a las medidas que debemos realizar una vez nos han tratado un p\u00f3lipo o tumor de colon, para prevenir su reaparici\u00f3n o la de otros distintos. Esta prevenci\u00f3n, hoy por hoy, se basa en la realizaci\u00f3n de estudios endosc\u00f3picos y en funci\u00f3n a ello lo dividiremos:<\/p><blockquote dir=\"ltr\"><p>&#8211; P\u00d3LIPOS: la prevenci\u00f3n la realizaremos en base al tama\u00f1o del p\u00f3lipo extirpado, las caracter\u00edsticas morfol\u00f3gicas y la histolog\u00eda del mismo. As\u00ed pues, no es lo mismo un p\u00f3lipo de 5 mm que otro de 3 cm, como tampoco es lo mismo si el p\u00f3lipo tiene un ped\u00edculo (es decir, como un tronco en la base) de tejido sano que si est\u00e1 totalmente adherido a la pared (p\u00f3lipo sesil), ya que \u00e9ste tiene m\u00e1s riesgo que no se pueda extirpar del todo y se pueda reproducir. Tambi\u00e9n, es importante el tejido del cual est\u00e1 formado el p\u00f3lipo (histolog\u00eda), ya que unos tienen m\u00e1s riesgo de malignizaci\u00f3n (adenomas vellosos\u2026) y otros menos (adenoma tubular, p\u00f3lipo hiperpl\u00e1sico\u2026). En base a todo ello realizaremos, despu\u00e9s de la resecci\u00f3n de un p\u00f3lipo, control endosc\u00f3pico entre los 6 meses y los 3 a\u00f1os. Posteriormente, esto se puede ir ampliando si no encontramos ning\u00fan otro p\u00f3lipo hasta llegar a las revisiones cada 5 a\u00f1os.<\/p><p>&#8211; C\u00c1NCER: en l\u00edneas generales la prevenci\u00f3n terciaria respecto a una persona operada de c\u00e1ncer de colon es la siguiente. Se realizan endoscopias anuales, para prevenir posibles recidivas del tumor y la aparici\u00f3n de p\u00f3lipos nuevos, durante los 5 primeros a\u00f1os. Posteriormente, y si no ha habido ning\u00fan problema previo, se pasa a realizar revisiones endosc\u00f3picas cada 3 a\u00f1os, aproximadamente.<\/p><\/blockquote><\/div>\n\t\t\t\t<\/div>\n\t\t\t\t\t\t\t\t<\/div>\n\t\t\t\t\t\t<\/div>\n\t\t\t\t<\/div>\n\t\t\t\t\t<\/div>\n\t\t<\/div>\n\t\t\t\t\t<\/div>\n\t\t<\/section>\n\t\t\t\t<section class=\"elementor-section elementor-top-section elementor-element elementor-element-4b162d3 elementor-section-boxed elementor-section-height-default elementor-section-height-default\" data-id=\"4b162d3\" data-element_type=\"section\" data-e-type=\"section\">\n\t\t\t\t\t\t<div class=\"elementor-container elementor-column-gap-default\">\n\t\t\t\t\t<div class=\"elementor-column elementor-col-100 elementor-top-column elementor-element elementor-element-f27d3f7\" data-id=\"f27d3f7\" data-element_type=\"column\" data-e-type=\"column\">\n\t\t\t<div class=\"elementor-widget-wrap elementor-element-populated\">\n\t\t\t\t\t\t<div class=\"elementor-element elementor-element-79edc38 elementor-widget elementor-widget-heading\" data-id=\"79edc38\" data-element_type=\"widget\" data-e-type=\"widget\" data-widget_type=\"heading.default\">\n\t\t\t\t<div class=\"elementor-widget-container\">\n\t\t\t\t\t<h2 class=\"elementor-heading-title elementor-size-default\">Preguntas m\u00e1s frecuentes<\/h2>\t\t\t\t<\/div>\n\t\t\t\t<\/div>\n\t\t\t\t\t<\/div>\n\t\t<\/div>\n\t\t\t\t\t<\/div>\n\t\t<\/section>\n\t\t\t\t<section class=\"elementor-section elementor-top-section elementor-element elementor-element-5cbb29a elementor-section-boxed elementor-section-height-default elementor-section-height-default\" data-id=\"5cbb29a\" data-element_type=\"section\" data-e-type=\"section\">\n\t\t\t\t\t\t<div class=\"elementor-container elementor-column-gap-default\">\n\t\t\t\t\t<div class=\"elementor-column elementor-col-100 elementor-top-column elementor-element elementor-element-7608e4a\" data-id=\"7608e4a\" data-element_type=\"column\" data-e-type=\"column\">\n\t\t\t<div class=\"elementor-widget-wrap elementor-element-populated\">\n\t\t\t\t\t\t<div class=\"elementor-element elementor-element-4cf2b16 elementor-widget elementor-widget-toggle\" data-id=\"4cf2b16\" data-element_type=\"widget\" data-e-type=\"widget\" data-widget_type=\"toggle.default\">\n\t\t\t\t<div class=\"elementor-widget-container\">\n\t\t\t\t\t\t\t<div class=\"elementor-toggle\">\n\t\t\t\t\t\t\t<div class=\"elementor-toggle-item\">\n\t\t\t\t\t<div id=\"elementor-tab-title-8061\" class=\"elementor-tab-title\" data-tab=\"1\" role=\"button\" aria-controls=\"elementor-tab-content-8061\" aria-expanded=\"false\">\n\t\t\t\t\t\t\t\t\t\t\t\t<a class=\"elementor-toggle-title\" tabindex=\"0\">\u00bfDe qu\u00e9 se dispone actualmente para prevenir el c\u00e1ncer colorrectal, a nivel de Salud P\u00fablica?<\/a>\n\t\t\t\t\t<\/div>\n\n\t\t\t\t\t<div id=\"elementor-tab-content-8061\" class=\"elementor-tab-content elementor-clearfix\" data-tab=\"1\" role=\"region\" aria-labelledby=\"elementor-tab-title-8061\"><p dir=\"ltr\"> De la dieta, algunos medicamentos y algunas recomendaciones.<\/p><\/div>\n\t\t\t\t<\/div>\n\t\t\t\t\t\t\t<div class=\"elementor-toggle-item\">\n\t\t\t\t\t<div id=\"elementor-tab-title-8062\" class=\"elementor-tab-title\" data-tab=\"2\" role=\"button\" aria-controls=\"elementor-tab-content-8062\" aria-expanded=\"false\">\n\t\t\t\t\t\t\t\t\t\t\t\t<a class=\"elementor-toggle-title\" tabindex=\"0\"> \u00bfQui\u00e9n hace las recomendaciones referentes a la dieta?<\/a>\n\t\t\t\t\t<\/div>\n\n\t\t\t\t\t<div id=\"elementor-tab-content-8062\" class=\"elementor-tab-content elementor-clearfix\" data-tab=\"2\" role=\"region\" aria-labelledby=\"elementor-tab-title-8062\"><p>Las recomendaciones de la Sociedad Americana del C\u00e1ncer, The National Cancer Institute <u><strong>(NCI)<\/strong><\/u>, The Word health Organization <u><strong>(WHO)<\/strong><\/u> publican recomendaciones muy parecidas, que se dirigen a la poblaci\u00f3n que vive en pa\u00edses industrializados.<\/p><p>En Espa\u00f1a disponemos de las <strong><u>\u201c<\/u><\/strong><strong><u>Gu\u00edas cl\u00ednicas en Gastroenterolog\u00eda<\/u><\/strong><strong><u>\u201d <\/u><\/strong>consensuadas por profesionales de \u00e1mbito nacional.<\/p><\/div>\n\t\t\t\t<\/div>\n\t\t\t\t\t\t\t<div class=\"elementor-toggle-item\">\n\t\t\t\t\t<div id=\"elementor-tab-title-8063\" class=\"elementor-tab-title\" data-tab=\"3\" role=\"button\" aria-controls=\"elementor-tab-content-8063\" aria-expanded=\"false\">\n\t\t\t\t\t\t\t\t\t\t\t\t<a class=\"elementor-toggle-title\" tabindex=\"0\">\u00bfHay una dieta recomendada para prevenir el c\u00e1ncer colorrectal?<\/a>\n\t\t\t\t\t<\/div>\n\n\t\t\t\t\t<div id=\"elementor-tab-content-8063\" class=\"elementor-tab-content elementor-clearfix\" data-tab=\"3\" role=\"region\" aria-labelledby=\"elementor-tab-title-8063\"><p>Si bien sabemos que el c\u00e1ncer colorrectal tiene un componente gen\u00e9tico importante, tambi\u00e9n es cierto que existen unas diferencias muy grandes en su incidencia seg\u00fan la zona geogr\u00e1fica del mundo. A mayor nivel de desarrollo econ\u00f3mico, m\u00e1s incidencia hay de c\u00e1ncer colorrectal. Este hecho refleja la importancia de los factores medioambientales en el desarrollo de este tipo de c\u00e1ncer. Dentro de estos factores, la dieta constituir\u00e1 uno de gran importancia. As\u00ed sabemos que las grasas polinOsaturadas como el aceite de oliva, el calcio y la vitamina D, pueden colaborar en su prevenci\u00f3n. As\u00ed pues cabe hacer recomendaciones en este sentido, sobre todo considerando que estos h\u00e1bitos alimenticios son adecuados para una buena salud en general.<\/p><\/div>\n\t\t\t\t<\/div>\n\t\t\t\t\t\t\t<div class=\"elementor-toggle-item\">\n\t\t\t\t\t<div id=\"elementor-tab-title-8064\" class=\"elementor-tab-title\" data-tab=\"4\" role=\"button\" aria-controls=\"elementor-tab-content-8064\" aria-expanded=\"false\">\n\t\t\t\t\t\t\t\t\t\t\t\t<a class=\"elementor-toggle-title\" tabindex=\"0\">Si tengo divert\u00edculos, \u00bfcorro un riesgo elevado de padecer c\u00e1ncer colorrectal?<\/a>\n\t\t\t\t\t<\/div>\n\n\t\t\t\t\t<div id=\"elementor-tab-content-8064\" class=\"elementor-tab-content elementor-clearfix\" data-tab=\"4\" role=\"region\" aria-labelledby=\"elementor-tab-title-8064\"><p>No se ha demostrado que tener divert\u00edculos en el colon predisponga al desarrollo del c\u00e1ncer colorrectal.<\/p><\/div>\n\t\t\t\t<\/div>\n\t\t\t\t\t\t\t<div class=\"elementor-toggle-item\">\n\t\t\t\t\t<div id=\"elementor-tab-title-8065\" class=\"elementor-tab-title\" data-tab=\"5\" role=\"button\" aria-controls=\"elementor-tab-content-8065\" aria-expanded=\"false\">\n\t\t\t\t\t\t\t\t\t\t\t\t<a class=\"elementor-toggle-title\" tabindex=\"0\">Y si tengo colitis ulcerosa o enfermedad de Crohn, \u00bftengo un riesgo m\u00e1s elevado de padecer c\u00e1ncer colorrectal?<\/a>\n\t\t\t\t\t<\/div>\n\n\t\t\t\t\t<div id=\"elementor-tab-content-8065\" class=\"elementor-tab-content elementor-clearfix\" data-tab=\"5\" role=\"region\" aria-labelledby=\"elementor-tab-title-8065\"><p>Si estas enfermedades afectan una zona limitada del colon, este riesgo es similar al de la poblaci\u00f3n general. Si la afectaci\u00f3n incluye una parte importante del colon o todo el colon entero, el riesgo aumenta, sobre todo a partir de los 8 o 10 a\u00f1os de presentarse la enfermedad, por lo que se recomienda un programa de colonoscopias cada 1 o 2 a\u00f1os a partir de este tiempo.<\/p><\/div>\n\t\t\t\t<\/div>\n\t\t\t\t\t\t\t<div class=\"elementor-toggle-item\">\n\t\t\t\t\t<div id=\"elementor-tab-title-8066\" class=\"elementor-tab-title\" data-tab=\"6\" role=\"button\" aria-controls=\"elementor-tab-content-8066\" aria-expanded=\"false\">\n\t\t\t\t\t\t\t\t\t\t\t\t<a class=\"elementor-toggle-title\" tabindex=\"0\">T\u00edtulo del conmutador<\/a>\n\t\t\t\t\t<\/div>\n\n\t\t\t\t\t<div id=\"elementor-tab-content-8066\" class=\"elementor-tab-content elementor-clearfix\" data-tab=\"6\" role=\"region\" aria-labelledby=\"elementor-tab-title-8066\">Contenido del conmutador<\/div>\n\t\t\t\t<\/div>\n\t\t\t\t\t\t\t\t<\/div>\n\t\t\t\t\t\t<\/div>\n\t\t\t\t<\/div>\n\t\t\t\t\t<\/div>\n\t\t<\/div>\n\t\t\t\t\t<\/div>\n\t\t<\/section>\n\t\t\t\t<section class=\"elementor-section elementor-top-section elementor-element elementor-element-007f3cd elementor-section-boxed elementor-section-height-default elementor-section-height-default\" data-id=\"007f3cd\" data-element_type=\"section\" data-e-type=\"section\">\n\t\t\t\t\t\t<div class=\"elementor-container elementor-column-gap-default\">\n\t\t\t\t\t<div class=\"elementor-column elementor-col-100 elementor-top-column elementor-element elementor-element-8fb0f2a\" data-id=\"8fb0f2a\" data-element_type=\"column\" data-e-type=\"column\">\n\t\t\t<div class=\"elementor-widget-wrap elementor-element-populated\">\n\t\t\t\t\t\t<div class=\"elementor-element elementor-element-d29742b elementor-widget elementor-widget-heading\" data-id=\"d29742b\" data-element_type=\"widget\" data-e-type=\"widget\" data-widget_type=\"heading.default\">\n\t\t\t\t<div class=\"elementor-widget-container\">\n\t\t\t\t\t<h2 class=\"elementor-heading-title elementor-size-default\">Algunos consejos que pueden serle de utilidad\n<\/h2>\t\t\t\t<\/div>\n\t\t\t\t<\/div>\n\t\t\t\t\t<\/div>\n\t\t<\/div>\n\t\t\t\t\t<\/div>\n\t\t<\/section>\n\t\t\t\t<section class=\"elementor-section elementor-top-section elementor-element elementor-element-fbe1318 elementor-section-boxed elementor-section-height-default elementor-section-height-default\" data-id=\"fbe1318\" data-element_type=\"section\" data-e-type=\"section\">\n\t\t\t\t\t\t<div class=\"elementor-container elementor-column-gap-default\">\n\t\t\t\t\t<div class=\"elementor-column elementor-col-100 elementor-top-column elementor-element elementor-element-2156fef\" data-id=\"2156fef\" data-element_type=\"column\" data-e-type=\"column\">\n\t\t\t<div class=\"elementor-widget-wrap elementor-element-populated\">\n\t\t\t\t\t\t<div class=\"elementor-element elementor-element-4d6fc32 elementor-widget elementor-widget-toggle\" data-id=\"4d6fc32\" data-element_type=\"widget\" data-e-type=\"widget\" data-widget_type=\"toggle.default\">\n\t\t\t\t<div class=\"elementor-widget-container\">\n\t\t\t\t\t\t\t<div class=\"elementor-toggle\">\n\t\t\t\t\t\t\t<div class=\"elementor-toggle-item\">\n\t\t\t\t\t<div id=\"elementor-tab-title-8111\" class=\"elementor-tab-title\" data-tab=\"1\" role=\"button\" aria-controls=\"elementor-tab-content-8111\" aria-expanded=\"false\">\n\t\t\t\t\t\t\t\t\t\t\t\t<a class=\"elementor-toggle-title\" tabindex=\"0\">\u00bfCu\u00e1l es la dieta adecuada para la prevenci\u00f3n del c\u00e1ncer colorrectal?<\/a>\n\t\t\t\t\t<\/div>\n\n\t\t\t\t\t<div id=\"elementor-tab-content-8111\" class=\"elementor-tab-content elementor-clearfix\" data-tab=\"1\" role=\"region\" aria-labelledby=\"elementor-tab-title-8111\"><p>1.- Reducir la ingesta diaria de grasa de origen animal favoreciendo el consumo de grasas insaturadas como el aceite de oliva o de pescado. <\/p><p>2.- Incluir diariamente en la dieta frutas y vegetales.<\/p><p>3.- Ingesta moderada de alcohol (1 litro de vino por semana).<\/p><p>4.- Limitar al m\u00e1ximo la ingesta de alimentos conservados en sal y ahumados.<\/p><\/div>\n\t\t\t\t<\/div>\n\t\t\t\t\t\t\t<div class=\"elementor-toggle-item\">\n\t\t\t\t\t<div id=\"elementor-tab-title-8112\" class=\"elementor-tab-title\" data-tab=\"2\" role=\"button\" aria-controls=\"elementor-tab-content-8112\" aria-expanded=\"false\">\n\t\t\t\t\t\t\t\t\t\t\t\t<a class=\"elementor-toggle-title\" tabindex=\"0\"> \u00bfHay otras recomendaciones respecto a la dieta?<\/a>\n\t\t\t\t\t<\/div>\n\n\t\t\t\t\t<div id=\"elementor-tab-content-8112\" class=\"elementor-tab-content elementor-clearfix\" data-tab=\"2\" role=\"region\" aria-labelledby=\"elementor-tab-title-8112\"><p>\u00b7 Es recomendable moderar el consumo de carne roja, carne procesada y carne cocinada muy hecha o en contacto directo con el fuego.<\/p><p>\u00b7 Una dieta rica en leche y otros productos l\u00e1cteos est\u00e1 recomendada en la poblaci\u00f3n de riesgo.<\/p><p>\u00b7 No se recomienda la administraci\u00f3n de betacarotenos, selenio, ni vitaminas A, B, C o E.<\/p><p>\u00b7 No se recomienda la administraci\u00f3n de suplementos de folatos.<\/p><\/div>\n\t\t\t\t<\/div>\n\t\t\t\t\t\t\t<div class=\"elementor-toggle-item\">\n\t\t\t\t\t<div id=\"elementor-tab-title-8113\" class=\"elementor-tab-title\" data-tab=\"3\" role=\"button\" aria-controls=\"elementor-tab-content-8113\" aria-expanded=\"false\">\n\t\t\t\t\t\t\t\t\t\t\t\t<a class=\"elementor-toggle-title\" tabindex=\"0\">\u00bfCu\u00e1les son las recomendaciones respecto al estilo de vida?<\/a>\n\t\t\t\t\t<\/div>\n\n\t\t\t\t\t<div id=\"elementor-tab-content-8113\" class=\"elementor-tab-content elementor-clearfix\" data-tab=\"3\" role=\"region\" aria-labelledby=\"elementor-tab-title-8113\"><p>1.- Hacer ejercicio regularmente, porque ayuda a prevenir el desarrollo del c\u00e1ncer colorrectal. Evitar el tabaco porque predispone a desarrollar el c\u00e1ncer colorrectal.<\/p><p>2.- Este es otro de los efectos nocivos de esta droga sobre la salud.<\/p><p>3.- Evitar el sobrepeso y la obesidad.<\/p><\/div>\n\t\t\t\t<\/div>\n\t\t\t\t\t\t\t<div class=\"elementor-toggle-item\">\n\t\t\t\t\t<div id=\"elementor-tab-title-8114\" class=\"elementor-tab-title\" data-tab=\"4\" role=\"button\" aria-controls=\"elementor-tab-content-8114\" aria-expanded=\"false\">\n\t\t\t\t\t\t\t\t\t\t\t\t<a class=\"elementor-toggle-title\" tabindex=\"0\">\u00bfHay alg\u00fan medicamento que prenvenga la aparici\u00f3n del c\u00e1ncer colorrectal?<\/a>\n\t\t\t\t\t<\/div>\n\n\t\t\t\t\t<div id=\"elementor-tab-content-8114\" class=\"elementor-tab-content elementor-clearfix\" data-tab=\"4\" role=\"region\" aria-labelledby=\"elementor-tab-title-8114\"><p>1.- Los antiinflamatorios no esteroideos, entre los que se incluye el \u00e1cido acetil salic\u00edlico (Aspirina). que a dosis bajas ha demostrado su eficacia, si bien no se recomienda su uso generalizado por los efectos secundarios que conllevan.<\/p><p>2.- El tratamiento hormonal posmenop\u00e1usico no se recomienda en la prevenci\u00f3n.<\/p><\/div>\n\t\t\t\t<\/div>\n\t\t\t\t\t\t\t<div class=\"elementor-toggle-item\">\n\t\t\t\t\t<div id=\"elementor-tab-title-8115\" class=\"elementor-tab-title\" data-tab=\"5\" role=\"button\" aria-controls=\"elementor-tab-content-8115\" aria-expanded=\"false\">\n\t\t\t\t\t\t\t\t\t\t\t\t<a class=\"elementor-toggle-title\" tabindex=\"0\">\u00bfHay otras cosas que debamos conocer?<\/a>\n\t\t\t\t\t<\/div>\n\n\t\t\t\t\t<div id=\"elementor-tab-content-8115\" class=\"elementor-tab-content elementor-clearfix\" data-tab=\"5\" role=\"region\" aria-labelledby=\"elementor-tab-title-8115\"><p>S\u00ed, aunque <strong>NO<\/strong> est\u00e1n totalmente demostradas, si bien hay muchos estudios de investigaci\u00f3n en marcha, con el fin de valorar los efectos beneficiosos que nos pueden aportar la utilizaci\u00f3n de los probi\u00f3ticos y prebi\u00f3ticos.<\/p><p>En esta web iremos informando oportunamente de los resultados que hayan sido publicados.<\/p><\/div>\n\t\t\t\t<\/div>\n\t\t\t\t\t\t\t<div class=\"elementor-toggle-item\">\n\t\t\t\t\t<div id=\"elementor-tab-title-8116\" class=\"elementor-tab-title\" data-tab=\"6\" role=\"button\" aria-controls=\"elementor-tab-content-8116\" aria-expanded=\"false\">\n\t\t\t\t\t\t\t\t\t\t\t\t<a class=\"elementor-toggle-title\" tabindex=\"0\">\u00bfQu\u00e9 es la flora intestinal?<\/a>\n\t\t\t\t\t<\/div>\n\n\t\t\t\t\t<div id=\"elementor-tab-content-8116\" class=\"elementor-tab-content elementor-clearfix\" data-tab=\"6\" role=\"region\" aria-labelledby=\"elementor-tab-title-8116\"><p>El intestino no es un simple \u00f3rgano de absorci\u00f3n Es el elemento m\u00e1s relevante para la actividad del sistema inmune. Sus c\u00e9lulas inmunocompetentes reconocen los agentes pat\u00f3genos y activan la producci\u00f3n de linfocitos, que, a su vez segregan anticuerpos inespec\u00edficos. En condiciones normales, existe una gran variedad de microorganismos que colonizan la \u00faltima parte del intestino delgado y del grueso, constituyendo la flora intestinal del ser humano. Muchas de estas bacterias son beneficiosas para nuestro organismo y aunque otras podr\u00edan ser perjudiciales, conviven en la luz intestinal en equilibrio entre ellas.<\/p><\/div>\n\t\t\t\t<\/div>\n\t\t\t\t\t\t\t<div class=\"elementor-toggle-item\">\n\t\t\t\t\t<div id=\"elementor-tab-title-8117\" class=\"elementor-tab-title\" data-tab=\"7\" role=\"button\" aria-controls=\"elementor-tab-content-8117\" aria-expanded=\"false\">\n\t\t\t\t\t\t\t\t\t\t\t\t<a class=\"elementor-toggle-title\" tabindex=\"0\"> \u00bfQu\u00e9 altera el equilibrio de la flora intestinal?<\/a>\n\t\t\t\t\t<\/div>\n\n\t\t\t\t\t<div id=\"elementor-tab-content-8117\" class=\"elementor-tab-content elementor-clearfix\" data-tab=\"7\" role=\"region\" aria-labelledby=\"elementor-tab-title-8117\"><p>El estr\u00e9s, los malos h\u00e1bitos alimentarios o el abuso de antibi\u00f3ticos son algunos de los factores que pueden afectar negativamente a este equilibrio. Al romperse, se pueden producir diversos trastornos intestinales. Por este motivo, es importante mantener las funciones de las bacterias beneficiosas del intestino.<\/p><\/div>\n\t\t\t\t<\/div>\n\t\t\t\t\t\t\t<div class=\"elementor-toggle-item\">\n\t\t\t\t\t<div id=\"elementor-tab-title-8118\" class=\"elementor-tab-title\" data-tab=\"8\" role=\"button\" aria-controls=\"elementor-tab-content-8118\" aria-expanded=\"false\">\n\t\t\t\t\t\t\t\t\t\t\t\t<a class=\"elementor-toggle-title\" tabindex=\"0\"> \u00bfQu\u00e9 son los \u201calimentos funcionales \u201c ?<\/a>\n\t\t\t\t\t<\/div>\n\n\t\t\t\t\t<div id=\"elementor-tab-content-8118\" class=\"elementor-tab-content elementor-clearfix\" data-tab=\"8\" role=\"region\" aria-labelledby=\"elementor-tab-title-8118\"><p>De un tiempo a esta parte se est\u00e1n poniendo de moda los alimentos funcionales. Son alimentos enriquecidos que, no s\u00f3lo aportan a qui\u00e9n los ingiere beneficios meramente nutricionales, sino tambi\u00e9n otros que le permiten mejorar su salud. Tal es el caso de los prebi\u00f3ticos y de los probi\u00f3ticos, que, adem\u00e1s de nutrir a qui\u00e9n los consume, colonizan el intestino modificando positivamente la flora intestinal y mejorando el funcionamiento del sistema inmune y, por tanto, la salud global del organismo.<\/p><\/div>\n\t\t\t\t<\/div>\n\t\t\t\t\t\t\t<div class=\"elementor-toggle-item\">\n\t\t\t\t\t<div id=\"elementor-tab-title-8119\" class=\"elementor-tab-title\" data-tab=\"9\" role=\"button\" aria-controls=\"elementor-tab-content-8119\" aria-expanded=\"false\">\n\t\t\t\t\t\t\t\t\t\t\t\t<a class=\"elementor-toggle-title\" tabindex=\"0\">\u00bfQu\u00e9 es un probi\u00f3tico?<\/a>\n\t\t\t\t\t<\/div>\n\n\t\t\t\t\t<div id=\"elementor-tab-content-8119\" class=\"elementor-tab-content elementor-clearfix\" data-tab=\"9\" role=\"region\" aria-labelledby=\"elementor-tab-title-8119\"><p>Son aquellos microorganismos vivos, principalmente bacterias y levaduras, que son agregados como suplemento en la dieta y que benefician al hu\u00e9sped, mejorando el balance microbiano de su flora intestinal. O, en otras palabras: son microorganismos vivos que, ingeridos en cierta cantidad, pueden proporcionar efectos beneficiosos para el organismo.<\/p><\/div>\n\t\t\t\t<\/div>\n\t\t\t\t\t\t\t<div class=\"elementor-toggle-item\">\n\t\t\t\t\t<div id=\"elementor-tab-title-81110\" class=\"elementor-tab-title\" data-tab=\"10\" role=\"button\" aria-controls=\"elementor-tab-content-81110\" aria-expanded=\"false\">\n\t\t\t\t\t\t\t\t\t\t\t\t<a class=\"elementor-toggle-title\" tabindex=\"0\">\u00bfC\u00f3mo act\u00faan en el organismo los probi\u00f3ticos?<\/a>\n\t\t\t\t\t<\/div>\n\n\t\t\t\t\t<div id=\"elementor-tab-content-81110\" class=\"elementor-tab-content elementor-clearfix\" data-tab=\"10\" role=\"region\" aria-labelledby=\"elementor-tab-title-81110\"><p>Estos microorganismos ingeridos a trav\u00e9s de la alimentaci\u00f3n logran llegar vivos al intestino delgado d\u00f3nde interaccionan con las bacterias de la microflora end\u00f3gena. Adem\u00e1s, colonizan el intestino grueso y estabilizan la flora intestinal, al adherirse a la mucosa del intestino para impedir la actividad de los microorganismos da\u00f1inos. Por tanto, estas bacterias acidol\u00e1cticas tienen tambi\u00e9n propiedades inmunomoduladoras en la medida en que estimulan la producci\u00f3n de anticuerpos y refuerzan el sistema inmune.<\/p><\/div>\n\t\t\t\t<\/div>\n\t\t\t\t\t\t\t<div class=\"elementor-toggle-item\">\n\t\t\t\t\t<div id=\"elementor-tab-title-81111\" class=\"elementor-tab-title\" data-tab=\"11\" role=\"button\" aria-controls=\"elementor-tab-content-81111\" aria-expanded=\"false\">\n\t\t\t\t\t\t\t\t\t\t\t\t<a class=\"elementor-toggle-title\" tabindex=\"0\">\u00bfC\u00f3mo actuar\u00edan en la prevenci\u00f3n del c\u00e1ncer de colon?<\/a>\n\t\t\t\t\t<\/div>\n\n\t\t\t\t\t<div id=\"elementor-tab-content-81111\" class=\"elementor-tab-content elementor-clearfix\" data-tab=\"11\" role=\"region\" aria-labelledby=\"elementor-tab-title-81111\"><p>Todav\u00eda faltan estudios rigurosos para poder sacar aplicaciones concretas en el c\u00e1ncer de colon. En l\u00edneas generales dir\u00edamos que, eliminar\u00edan los metabolitos desfavorables y las enzimas procancerog\u00e9nicas en el colon.<\/p><\/div>\n\t\t\t\t<\/div>\n\t\t\t\t\t\t\t<div class=\"elementor-toggle-item\">\n\t\t\t\t\t<div id=\"elementor-tab-title-81112\" class=\"elementor-tab-title\" data-tab=\"12\" role=\"button\" aria-controls=\"elementor-tab-content-81112\" aria-expanded=\"false\">\n\t\t\t\t\t\t\t\t\t\t\t\t<a class=\"elementor-toggle-title\" tabindex=\"0\"> \u00bfEs un alimento probi\u00f3tico el yogur tradicional?<\/a>\n\t\t\t\t\t<\/div>\n\n\t\t\t\t\t<div id=\"elementor-tab-content-81112\" class=\"elementor-tab-content elementor-clearfix\" data-tab=\"12\" role=\"region\" aria-labelledby=\"elementor-tab-title-81112\"><p>La caracter\u00edstica que define a un microorganismo como probi\u00f3tico es que pueda sobrevivir a los efectos de los jugos g\u00e1stricos y las sales biliares, llegando activo al intestino grueso para llevar a cabo sus funciones beneficiosas. Faltan muchos estudios para ponerse de acuerdo en qu\u00e9 alimentos son probi\u00f3ticos y cu\u00e1les no.<\/p><p>Por el momento las bacterias (casei, acidophilus, bifidobacterias) s\u00ed tienen propiedades nutricionales e inmunomoduladoras contrastadas.<\/p><\/div>\n\t\t\t\t<\/div>\n\t\t\t\t\t\t\t<div class=\"elementor-toggle-item\">\n\t\t\t\t\t<div id=\"elementor-tab-title-81113\" class=\"elementor-tab-title\" data-tab=\"13\" role=\"button\" aria-controls=\"elementor-tab-content-81113\" aria-expanded=\"false\">\n\t\t\t\t\t\t\t\t\t\t\t\t<a class=\"elementor-toggle-title\" tabindex=\"0\"> \u00bfQu\u00e9 es un prebi\u00f3tico?<\/a>\n\t\t\t\t\t<\/div>\n\n\t\t\t\t\t<div id=\"elementor-tab-content-81113\" class=\"elementor-tab-content elementor-clearfix\" data-tab=\"13\" role=\"region\" aria-labelledby=\"elementor-tab-title-81113\"><p>Son aquellos ingredientes alimentarios no digeribles de los alimentos- en concreto, carbohidratos de cadena corta- que afectan beneficiosamente al hu\u00e9sped estimulando de forma selectiva el crecimiento y\/o la actividad de una o de un limitado grupo de bacterias en el colon y, de este modo, mejora la salud del organismo hu\u00e9sped.<\/p><p>Es decir, se trata de sustancias mayoritariamente de origen vegetal que estimulan el crecimiento y la actividad de las especies bacterianas beneficiosas para el organismo.<\/p><\/div>\n\t\t\t\t<\/div>\n\t\t\t\t\t\t\t<div class=\"elementor-toggle-item\">\n\t\t\t\t\t<div id=\"elementor-tab-title-81114\" class=\"elementor-tab-title\" data-tab=\"14\" role=\"button\" aria-controls=\"elementor-tab-content-81114\" aria-expanded=\"false\">\n\t\t\t\t\t\t\t\t\t\t\t\t<a class=\"elementor-toggle-title\" tabindex=\"0\">\u00bfC\u00f3mo act\u00faan en el organismo los prebi\u00f3ticos?<\/a>\n\t\t\t\t\t<\/div>\n\n\t\t\t\t\t<div id=\"elementor-tab-content-81114\" class=\"elementor-tab-content elementor-clearfix\" data-tab=\"14\" role=\"region\" aria-labelledby=\"elementor-tab-title-81114\"><p>Por el hecho de no ser digeribles por los jugos g\u00e1stricos llegan intactas al intestino grueso donde potencian la absorci\u00f3n de los alimentos prebi\u00f3ticos, mejoran las funciones de la flora intestinal, regulan sus funciones y hacen aumentar el n\u00famero de bifidobacterias \u00fatiles. Adem\u00e1s, controlan durante el tr\u00e1nsito intestinal la absorci\u00f3n de grasas por parte del organismo, actuando como antimicrobianos y anticancer\u00edgenos.<\/p><\/div>\n\t\t\t\t<\/div>\n\t\t\t\t\t\t\t<div class=\"elementor-toggle-item\">\n\t\t\t\t\t<div id=\"elementor-tab-title-81115\" class=\"elementor-tab-title\" data-tab=\"15\" role=\"button\" aria-controls=\"elementor-tab-content-81115\" aria-expanded=\"false\">\n\t\t\t\t\t\t\t\t\t\t\t\t<a class=\"elementor-toggle-title\" tabindex=\"0\">\u00bfC\u00f3mo act\u00faan en la prevenci\u00f3n del c\u00e1ncer de colon?<\/a>\n\t\t\t\t\t<\/div>\n\n\t\t\t\t\t<div id=\"elementor-tab-content-81115\" class=\"elementor-tab-content elementor-clearfix\" data-tab=\"15\" role=\"region\" aria-labelledby=\"elementor-tab-title-81115\"><p>Cuando los ingerimos, los prebi\u00f3ticos (oligosac\u00e1ridos e inulina) son transformados por las bacterias de la flora intestinal y fermentan en el colon produciendo \u00e1cidos grasos de cadena corta. Estos \u00e1cidos grasos son importantes para mantener la funci\u00f3n de las c\u00e9lulas intestinales, disminuyen el pH col\u00f3nico y pueden prevenir as\u00ed la posibilidad de desarrollar el c\u00e1ncer de colon.<\/p><p>De todos modos, faltan estudios serios rigurosos para sacar conclusiones sobre la funci\u00f3n de los prebi\u00f3ticos en la prevenci\u00f3n del c\u00e1ncer de colon.<\/p><\/div>\n\t\t\t\t<\/div>\n\t\t\t\t\t\t\t\t<\/div>\n\t\t\t\t\t\t<\/div>\n\t\t\t\t<\/div>\n\t\t\t\t\t<\/div>\n\t\t<\/div>\n\t\t\t\t\t<\/div>\n\t\t<\/section>\n\t\t\t\t<section class=\"elementor-section elementor-top-section elementor-element elementor-element-1d5843a elementor-section-boxed elementor-section-height-default elementor-section-height-default\" data-id=\"1d5843a\" data-element_type=\"section\" data-e-type=\"section\">\n\t\t\t\t\t\t<div class=\"elementor-container elementor-column-gap-default\">\n\t\t\t\t\t<div class=\"elementor-column elementor-col-100 elementor-top-column elementor-element elementor-element-15a29fc\" data-id=\"15a29fc\" data-element_type=\"column\" data-e-type=\"column\">\n\t\t\t<div class=\"elementor-widget-wrap elementor-element-populated\">\n\t\t\t\t\t\t<div class=\"elementor-element elementor-element-440c109 elementor-widget elementor-widget-spacer\" data-id=\"440c109\" data-element_type=\"widget\" data-e-type=\"widget\" data-widget_type=\"spacer.default\">\n\t\t\t\t<div class=\"elementor-widget-container\">\n\t\t\t\t\t\t\t<div class=\"elementor-spacer\">\n\t\t\t<div class=\"elementor-spacer-inner\"><\/div>\n\t\t<\/div>\n\t\t\t\t\t\t<\/div>\n\t\t\t\t<\/div>\n\t\t\t\t\t<\/div>\n\t\t<\/div>\n\t\t\t\t\t<\/div>\n\t\t<\/section>\n\t\t\t\t<\/div>\n\t\t","protected":false},"excerpt":{"rendered":"<p>Prevenci\u00f3n C\u00e1ncer Colorrectal Autor\/es: Dr. Dra. Dolores Maluenda Colomer, Dr. Javier Nebreda, Dr. Xavier Llor Farr\u00e9 \u00bfC\u00f3mo se previene el c\u00e1ncer colorrectal? Hay tres niveles de prevenci\u00f3n. PRIMARIA Consiste en modificar las causas, tomando decisiones que competen a la Salud P\u00fablica. Su objetivo es disminuir la incidencia de c\u00e1ncer colorrectal, tanto en la poblaci\u00f3n general [&hellip;]<\/p>\n","protected":false},"author":1,"featured_media":0,"parent":0,"menu_order":0,"comment_status":"closed","ping_status":"closed","template":"","meta":{"give_campaign_id":0,"footnotes":""},"class_list":["post-5877","page","type-page","status-publish","hentry"],"campaignId":"","_links":{"self":[{"href":"https:\/\/www.fundacioolgatorres.org\/es\/wp-json\/wp\/v2\/pages\/5877","targetHints":{"allow":["GET"]}}],"collection":[{"href":"https:\/\/www.fundacioolgatorres.org\/es\/wp-json\/wp\/v2\/pages"}],"about":[{"href":"https:\/\/www.fundacioolgatorres.org\/es\/wp-json\/wp\/v2\/types\/page"}],"author":[{"embeddable":true,"href":"https:\/\/www.fundacioolgatorres.org\/es\/wp-json\/wp\/v2\/users\/1"}],"replies":[{"embeddable":true,"href":"https:\/\/www.fundacioolgatorres.org\/es\/wp-json\/wp\/v2\/comments?post=5877"}],"version-history":[{"count":0,"href":"https:\/\/www.fundacioolgatorres.org\/es\/wp-json\/wp\/v2\/pages\/5877\/revisions"}],"wp:attachment":[{"href":"https:\/\/www.fundacioolgatorres.org\/es\/wp-json\/wp\/v2\/media?parent=5877"}],"curies":[{"name":"wp","href":"https:\/\/api.w.org\/{rel}","templated":true}]}}