{"id":5497,"date":"2022-03-08T15:37:06","date_gmt":"2022-03-08T15:37:06","guid":{"rendered":"https:\/\/www.fundacioolgatorres.org\/histologia\/"},"modified":"2022-03-08T15:37:08","modified_gmt":"2022-03-08T15:37:08","slug":"histologia","status":"publish","type":"page","link":"https:\/\/www.fundacioolgatorres.org\/es\/histologia\/","title":{"rendered":"Histolog\u00eda"},"content":{"rendered":"\t\t<div data-elementor-type=\"wp-page\" data-elementor-id=\"5497\" class=\"elementor elementor-5497 elementor-1728\" data-elementor-post-type=\"page\">\n\t\t\t\t\t\t<section class=\"elementor-section elementor-top-section elementor-element elementor-element-40f4acc elementor-section-boxed elementor-section-height-default elementor-section-height-default\" data-id=\"40f4acc\" data-element_type=\"section\" data-e-type=\"section\">\n\t\t\t\t\t\t<div class=\"elementor-container elementor-column-gap-default\">\n\t\t\t\t\t<div class=\"elementor-column elementor-col-100 elementor-top-column elementor-element elementor-element-1a254c0\" data-id=\"1a254c0\" data-element_type=\"column\" data-e-type=\"column\">\n\t\t\t<div class=\"elementor-widget-wrap elementor-element-populated\">\n\t\t\t\t\t\t<div class=\"elementor-element elementor-element-7e765ff elementor-widget elementor-widget-spacer\" data-id=\"7e765ff\" data-element_type=\"widget\" data-e-type=\"widget\" data-widget_type=\"spacer.default\">\n\t\t\t\t<div class=\"elementor-widget-container\">\n\t\t\t\t\t\t\t<div class=\"elementor-spacer\">\n\t\t\t<div class=\"elementor-spacer-inner\"><\/div>\n\t\t<\/div>\n\t\t\t\t\t\t<\/div>\n\t\t\t\t<\/div>\n\t\t\t\t\t<\/div>\n\t\t<\/div>\n\t\t\t\t\t<\/div>\n\t\t<\/section>\n\t\t\t\t<section class=\"elementor-section elementor-top-section elementor-element elementor-element-5ec11b0 elementor-section-boxed elementor-section-height-default elementor-section-height-default\" data-id=\"5ec11b0\" data-element_type=\"section\" data-e-type=\"section\">\n\t\t\t\t\t\t<div class=\"elementor-container elementor-column-gap-default\">\n\t\t\t\t\t<div class=\"elementor-column elementor-col-100 elementor-top-column elementor-element elementor-element-db5ff56\" data-id=\"db5ff56\" data-element_type=\"column\" data-e-type=\"column\">\n\t\t\t<div class=\"elementor-widget-wrap elementor-element-populated\">\n\t\t\t\t\t\t<div class=\"elementor-element elementor-element-d3c93a4 elementor-widget elementor-widget-heading\" data-id=\"d3c93a4\" data-element_type=\"widget\" data-e-type=\"widget\" data-widget_type=\"heading.default\">\n\t\t\t\t<div class=\"elementor-widget-container\">\n\t\t\t\t\t<h2 class=\"elementor-heading-title elementor-size-default\">Histolog\u00eda<\/h2>\t\t\t\t<\/div>\n\t\t\t\t<\/div>\n\t\t\t\t\t<\/div>\n\t\t<\/div>\n\t\t\t\t\t<\/div>\n\t\t<\/section>\n\t\t\t\t<section class=\"elementor-section elementor-top-section elementor-element elementor-element-bfdc948 elementor-section-boxed elementor-section-height-default elementor-section-height-default\" data-id=\"bfdc948\" data-element_type=\"section\" data-e-type=\"section\">\n\t\t\t\t\t\t<div class=\"elementor-container elementor-column-gap-default\">\n\t\t\t\t\t<div class=\"elementor-column elementor-col-100 elementor-top-column elementor-element elementor-element-1ce114e\" data-id=\"1ce114e\" data-element_type=\"column\" data-e-type=\"column\">\n\t\t\t<div class=\"elementor-widget-wrap elementor-element-populated\">\n\t\t\t\t\t\t<div class=\"elementor-element elementor-element-143c127 elementor-widget elementor-widget-heading\" data-id=\"143c127\" data-element_type=\"widget\" data-e-type=\"widget\" data-widget_type=\"heading.default\">\n\t\t\t\t<div class=\"elementor-widget-container\">\n\t\t\t\t\t<h2 class=\"elementor-heading-title elementor-size-large\">Autor\/es: Dr. Francesc Tresserra i Casas<\/h2>\t\t\t\t<\/div>\n\t\t\t\t<\/div>\n\t\t\t\t\t<\/div>\n\t\t<\/div>\n\t\t\t\t\t<\/div>\n\t\t<\/section>\n\t\t\t\t<section class=\"elementor-section elementor-top-section elementor-element elementor-element-ef7d2d9 elementor-section-boxed elementor-section-height-default elementor-section-height-default\" data-id=\"ef7d2d9\" data-element_type=\"section\" data-e-type=\"section\">\n\t\t\t\t\t\t<div class=\"elementor-container elementor-column-gap-default\">\n\t\t\t\t\t<div class=\"elementor-column elementor-col-100 elementor-top-column elementor-element elementor-element-1c0c85c\" data-id=\"1c0c85c\" data-element_type=\"column\" data-e-type=\"column\">\n\t\t\t<div class=\"elementor-widget-wrap elementor-element-populated\">\n\t\t\t\t\t\t<div class=\"elementor-element elementor-element-88c7ce4 elementor-widget elementor-widget-heading\" data-id=\"88c7ce4\" data-element_type=\"widget\" data-e-type=\"widget\" data-widget_type=\"heading.default\">\n\t\t\t\t<div class=\"elementor-widget-container\">\n\t\t\t\t\t<h2 class=\"elementor-heading-title elementor-size-default\">Qu\u00e9 capas forman la pared del colon?\n<\/h2>\t\t\t\t<\/div>\n\t\t\t\t<\/div>\n\t\t\t\t<div class=\"elementor-element elementor-element-166939c elementor-widget elementor-widget-text-editor\" data-id=\"166939c\" data-element_type=\"widget\" data-e-type=\"widget\" data-widget_type=\"text-editor.default\">\n\t\t\t\t<div class=\"elementor-widget-container\">\n\t\t\t\t\t\t\t\t\t<p>1.- Epitelio: Constituido por c\u00e9lulas cil\u00edndricas o c\u00fabicas dispuestas en una sola capa con presencia de c\u00e9lulas mucosecretoras intercaladas Las c\u00e9lulas cil\u00edndricas muestran vellosidades en su superficie que aumentan el \u00e1rea de la c\u00e9lula para facilitar la funci\u00f3n de absorci\u00f3n de iones y de l\u00edquido.<\/p><p>2.- Membrana basal: Que da soporte a las c\u00e9lulas epiteliales.<\/p><p>3.- Lamina Propia: Constituida por un tejido conectivo laxo, en ella se encuentran c\u00e9lulas responsables de la inmunidad (linfocitos, c\u00e9lulas plasm\u00e1ticas y macr\u00f3fagos), peque\u00f1as estructuras vasculares principalmente capilares y vasos linf\u00e1ticos y finas estructuras nerviosas.<\/p><p>4.- Muscularis mucosa: Es una delgada capa de fibras musculares que separa la mucosa (constituida por el epitelio y la l\u00e1mina propia) de la submucosa.<\/p><p>5.- Submucosa: Constituida por tejido conectivo y fibroblastos. En ella se encuentran los plexos nerviosos localizados inmediatamente despu\u00e9s de la muscularis mucosa (Plexo de Meiner) y plexos vasculares constituidos por arteriolas, v\u00e9nulas y vasos linf\u00e1ticos.<\/p><p>6.- Muscular propia: Formada por una capa interna de fibras musculares lisas que se disponen de forma circular y otra externa en la que se disponen de forma longitudinal. Entre ambas capas se encuentra otro plexo nervioso (Plexo de Auerbach). Las capas musculares est\u00e1n atravesadas tanto por vasos sangu\u00edneos como linf\u00e1ticos que se dirigen hacia la serosa.<\/p><p>7.- Subserosa: Capa de tejido conectivo que separa la muscular propia de la serosa.<\/p><p>8.- Serosa: Corresponde a la capa de mesotelio que reviste gran parte del colon, a excepci\u00f3n de su segmento distal y el recto.<\/p>\t\t\t\t\t\t\t\t<\/div>\n\t\t\t\t<\/div>\n\t\t\t\t\t<\/div>\n\t\t<\/div>\n\t\t\t\t\t<\/div>\n\t\t<\/section>\n\t\t\t\t<section class=\"elementor-section elementor-top-section elementor-element elementor-element-8997aea elementor-section-boxed elementor-section-height-default elementor-section-height-default\" data-id=\"8997aea\" data-element_type=\"section\" data-e-type=\"section\">\n\t\t\t\t\t\t<div class=\"elementor-container elementor-column-gap-default\">\n\t\t\t\t\t<div class=\"elementor-column elementor-col-100 elementor-top-column elementor-element elementor-element-42db030\" data-id=\"42db030\" data-element_type=\"column\" data-e-type=\"column\">\n\t\t\t<div class=\"elementor-widget-wrap elementor-element-populated\">\n\t\t\t\t\t\t<div class=\"elementor-element elementor-element-6d1eb74 elementor-widget elementor-widget-heading\" data-id=\"6d1eb74\" data-element_type=\"widget\" data-e-type=\"widget\" data-widget_type=\"heading.default\">\n\t\t\t\t<div class=\"elementor-widget-container\">\n\t\t\t\t\t<h2 class=\"elementor-heading-title elementor-size-default\">\u00bfQu\u00e9 es un p\u00f3lipo?\n<\/h2>\t\t\t\t<\/div>\n\t\t\t\t<\/div>\n\t\t\t\t<div class=\"elementor-element elementor-element-255d881 elementor-widget elementor-widget-text-editor\" data-id=\"255d881\" data-element_type=\"widget\" data-e-type=\"widget\" data-widget_type=\"text-editor.default\">\n\t\t\t\t<div class=\"elementor-widget-container\">\n\t\t\t\t\t\t\t\t\t<p>Un p\u00f3lipo es una lesi\u00f3n proliferativa de la mucosa colorrectal benigna. En funci\u00f3n de su morfolog\u00eda se clasifican en:<\/p><p>1.- Pediculados: Cuando muestran un ped\u00edculo que une la cabeza del p\u00f3lipo con la mucosa colorrectal.<\/p><p>2.- Sesiles: Son aplanados y est\u00e1n en contacto directo con el resto de la mucosa colorrectal.<\/p><p>Seg\u00fan sus caracter\u00edsticas histol\u00f3gicas se clasifican en:<\/p><p>1.- P\u00f3lipos hiperpl\u00e1sicos o metapl\u00e1sicos Es una lesi\u00f3n no neopl\u00e1sica, benigna constituida por gl\u00e1ndulas elongadas y de trayecto tortuoso.<\/p><p>2.- P\u00f3lipos Hamartomatosos: Es una lesi\u00f3n benigna constituida por gl\u00e1ndulas y m\u00fasculo liso.<\/p><p>3.- P\u00f3lipos inflamatorios: Es una lesi\u00f3n benigna resultado de un proceso inflamatorio.<\/p><p>4.- P\u00f3lipos adenomatosos: Son lesiones benignas, intraepiteliales constituidas por c\u00e9lulas displ\u00e1sicas. Pueden ser:<\/p><ol><li>Adenoma tubular: Cuando lo forman gl\u00e1ndulas.<\/li><li>Adenoma velloso: Cuando lo forman proyecciones digitiformes o vellosidades.<\/li><li>Adenoma Tubulovelloso: Cuando est\u00e1n formados por gl\u00e1ndulas y vellosidades.<\/li><li>Otros tipos: Como los adenomas serrados (mixtos hiperpl\u00e1sico-adenomatoso, Combinados (coexistencia de polipo hiperpl\u00e1sico y adenomatoso).<\/li><\/ol>\t\t\t\t\t\t\t\t<\/div>\n\t\t\t\t<\/div>\n\t\t\t\t\t<\/div>\n\t\t<\/div>\n\t\t\t\t\t<\/div>\n\t\t<\/section>\n\t\t\t\t<section class=\"elementor-section elementor-top-section elementor-element elementor-element-5129c0a elementor-section-boxed elementor-section-height-default elementor-section-height-default\" data-id=\"5129c0a\" data-element_type=\"section\" data-e-type=\"section\">\n\t\t\t\t\t\t<div class=\"elementor-container elementor-column-gap-default\">\n\t\t\t\t\t<div class=\"elementor-column elementor-col-100 elementor-top-column elementor-element elementor-element-bbe64b9\" data-id=\"bbe64b9\" data-element_type=\"column\" data-e-type=\"column\">\n\t\t\t<div class=\"elementor-widget-wrap elementor-element-populated\">\n\t\t\t\t\t\t<div class=\"elementor-element elementor-element-32dad3b elementor-widget elementor-widget-heading\" data-id=\"32dad3b\" data-element_type=\"widget\" data-e-type=\"widget\" data-widget_type=\"heading.default\">\n\t\t\t\t<div class=\"elementor-widget-container\">\n\t\t\t\t\t<h2 class=\"elementor-heading-title elementor-size-default\">\u00bfQu\u00e9 p\u00f3lipos tienen mayor riesgo de malignizar?\n<\/h2>\t\t\t\t<\/div>\n\t\t\t\t<\/div>\n\t\t\t\t<div class=\"elementor-element elementor-element-50bc57b elementor-widget elementor-widget-text-editor\" data-id=\"50bc57b\" data-element_type=\"widget\" data-e-type=\"widget\" data-widget_type=\"text-editor.default\">\n\t\t\t\t<div class=\"elementor-widget-container\">\n\t\t\t\t\t\t\t\t\t<p>Los polipos que con mayor frecuencia pueden malignizar son los adenomas vellosos y los tubulo vellosos sobre todo en aquellos pacientes con s\u00edndromes de poliposis colorrectal.<\/p><p>Es importante se\u00f1alar que la transformaci\u00f3n maligna de un p\u00f3lipo colorrectal es baja pues la incidencia de p\u00f3lipos es relativamente alta en la poblaci\u00f3n y pueden estar estables durante largo tiempo.<\/p><p>Los p\u00f3lipos hiperpl\u00e1sicos rara vez malignizan.<\/p>\t\t\t\t\t\t\t\t<\/div>\n\t\t\t\t<\/div>\n\t\t\t\t\t<\/div>\n\t\t<\/div>\n\t\t\t\t\t<\/div>\n\t\t<\/section>\n\t\t\t\t<section class=\"elementor-section elementor-top-section elementor-element elementor-element-76d7d68 elementor-section-boxed elementor-section-height-default elementor-section-height-default\" data-id=\"76d7d68\" data-element_type=\"section\" data-e-type=\"section\">\n\t\t\t\t\t\t<div class=\"elementor-container elementor-column-gap-default\">\n\t\t\t\t\t<div class=\"elementor-column elementor-col-100 elementor-top-column elementor-element elementor-element-c2f375a\" data-id=\"c2f375a\" data-element_type=\"column\" data-e-type=\"column\">\n\t\t\t<div class=\"elementor-widget-wrap elementor-element-populated\">\n\t\t\t\t\t\t<div class=\"elementor-element elementor-element-3558e70 elementor-widget elementor-widget-heading\" data-id=\"3558e70\" data-element_type=\"widget\" data-e-type=\"widget\" data-widget_type=\"heading.default\">\n\t\t\t\t<div class=\"elementor-widget-container\">\n\t\t\t\t\t<h2 class=\"elementor-heading-title elementor-size-default\">\u00bfQu\u00e9 tipos histol\u00f3gicos existen de c\u00e1ncer colorrectal?\n\n<\/h2>\t\t\t\t<\/div>\n\t\t\t\t<\/div>\n\t\t\t\t<div class=\"elementor-element elementor-element-55a7cf4 elementor-widget elementor-widget-text-editor\" data-id=\"55a7cf4\" data-element_type=\"widget\" data-e-type=\"widget\" data-widget_type=\"text-editor.default\">\n\t\t\t\t<div class=\"elementor-widget-container\">\n\t\t\t\t\t\t\t\t\t<p>El tipo histol\u00f3gico m\u00e1s frecuente es el adenocarcinoma, es decir aquellos tumores constituidos por gl\u00e1ndulas En funci\u00f3n de la cantidad del tumor que forma gl\u00e1ndulas se clasifican en bien diferenciados (cuando m\u00e1s del 90% del tumor forma gl\u00e1ndulas), moderadamente diferenciados o pobremente diferenciados (cuando hay escasa o nula formaci\u00f3n de gl\u00e1ndulas). El grado de diferenciaci\u00f3n es un factor pron\u00f3stico importante de forma que aquellos tumores bien diferenciados tienen un comportamiento m\u00e1s favorable.<\/p><p>Otros tipos histol\u00f3gicos menos frecuentes son el carcinoma mucinoso, carcinoma de c\u00e9lulas en anillo de sello, carcinoma de c\u00e9lulas claras, y carcinoma adenoescamoso.<\/p>\t\t\t\t\t\t\t\t<\/div>\n\t\t\t\t<\/div>\n\t\t\t\t\t<\/div>\n\t\t<\/div>\n\t\t\t\t\t<\/div>\n\t\t<\/section>\n\t\t\t\t<section class=\"elementor-section elementor-top-section elementor-element elementor-element-add4ffc elementor-section-boxed elementor-section-height-default elementor-section-height-default\" data-id=\"add4ffc\" data-element_type=\"section\" data-e-type=\"section\">\n\t\t\t\t\t\t<div class=\"elementor-container elementor-column-gap-default\">\n\t\t\t\t\t<div class=\"elementor-column elementor-col-100 elementor-top-column elementor-element elementor-element-adb7e03\" data-id=\"adb7e03\" data-element_type=\"column\" data-e-type=\"column\">\n\t\t\t<div class=\"elementor-widget-wrap elementor-element-populated\">\n\t\t\t\t\t\t<div class=\"elementor-element elementor-element-1b8fca3 elementor-widget elementor-widget-heading\" data-id=\"1b8fca3\" data-element_type=\"widget\" data-e-type=\"widget\" data-widget_type=\"heading.default\">\n\t\t\t\t<div class=\"elementor-widget-container\">\n\t\t\t\t\t<h2 class=\"elementor-heading-title elementor-size-default\">\u00bfC\u00f3mo se extiende el c\u00e1ncer colorrectal?\n\n\n<\/h2>\t\t\t\t<\/div>\n\t\t\t\t<\/div>\n\t\t\t\t<div class=\"elementor-element elementor-element-2dddcd3 elementor-widget elementor-widget-text-editor\" data-id=\"2dddcd3\" data-element_type=\"widget\" data-e-type=\"widget\" data-widget_type=\"text-editor.default\">\n\t\t\t\t<div class=\"elementor-widget-container\">\n\t\t\t\t\t\t\t\t\t<p>La lesi\u00f3n neopl\u00e1sica empieza en el epitelio, ya sea en el contexto de un p\u00f3lipo adenomatoso o en el epitelio original del intestino grueso. En este periodo la lesi\u00f3n es intraepitelial o in situ. En una fase posterior afectar\u00e1 la l\u00e1mina propia convirti\u00e9ndose en una lesi\u00f3n intramucosa. Una vez sobrepasa la muscular propia se convierte en una lesi\u00f3n infiltrante que puede extenderse al resto de las capas de la pared del intestino como son la submucosa, muscular propia, subserosa, serosa y de aqu\u00ed extenderse a la grasa pericol\u00f3nica y a \u00f3rganos adyacentes. Cuando la lesi\u00f3n es infiltrante es susceptible de invadir la pared de vasos linf\u00e1ticos o sangu\u00edneos, penetrando en su interior y las c\u00e9lulas malignas pueden desplazarse a trav\u00e9s de ellos colonizando los ganglios linf\u00e1ticos u otros \u00f3rganos a distancia dando lugar a las met\u00e1stasis.<\/p>\t\t\t\t\t\t\t\t<\/div>\n\t\t\t\t<\/div>\n\t\t\t\t\t<\/div>\n\t\t<\/div>\n\t\t\t\t\t<\/div>\n\t\t<\/section>\n\t\t\t\t<section class=\"elementor-section elementor-top-section elementor-element elementor-element-1d5843a elementor-section-boxed elementor-section-height-default elementor-section-height-default\" data-id=\"1d5843a\" data-element_type=\"section\" data-e-type=\"section\">\n\t\t\t\t\t\t<div class=\"elementor-container elementor-column-gap-default\">\n\t\t\t\t\t<div class=\"elementor-column elementor-col-100 elementor-top-column elementor-element elementor-element-15a29fc\" data-id=\"15a29fc\" data-element_type=\"column\" data-e-type=\"column\">\n\t\t\t<div class=\"elementor-widget-wrap elementor-element-populated\">\n\t\t\t\t\t\t<div class=\"elementor-element elementor-element-440c109 elementor-widget elementor-widget-spacer\" data-id=\"440c109\" data-element_type=\"widget\" data-e-type=\"widget\" data-widget_type=\"spacer.default\">\n\t\t\t\t<div class=\"elementor-widget-container\">\n\t\t\t\t\t\t\t<div class=\"elementor-spacer\">\n\t\t\t<div class=\"elementor-spacer-inner\"><\/div>\n\t\t<\/div>\n\t\t\t\t\t\t<\/div>\n\t\t\t\t<\/div>\n\t\t\t\t\t<\/div>\n\t\t<\/div>\n\t\t\t\t\t<\/div>\n\t\t<\/section>\n\t\t\t\t<\/div>\n\t\t","protected":false},"excerpt":{"rendered":"<p>Histolog\u00eda Autor\/es: Dr. Francesc Tresserra i Casas Qu\u00e9 capas forman la pared del colon? 1.- Epitelio: Constituido por c\u00e9lulas cil\u00edndricas o c\u00fabicas dispuestas en una sola capa con presencia de c\u00e9lulas mucosecretoras intercaladas Las c\u00e9lulas cil\u00edndricas muestran vellosidades en su superficie que aumentan el \u00e1rea de la c\u00e9lula para facilitar la funci\u00f3n de absorci\u00f3n de [&hellip;]<\/p>\n","protected":false},"author":1,"featured_media":0,"parent":0,"menu_order":0,"comment_status":"closed","ping_status":"closed","template":"","meta":{"give_campaign_id":0,"footnotes":""},"class_list":["post-5497","page","type-page","status-publish","hentry"],"campaignId":"","_links":{"self":[{"href":"https:\/\/www.fundacioolgatorres.org\/es\/wp-json\/wp\/v2\/pages\/5497","targetHints":{"allow":["GET"]}}],"collection":[{"href":"https:\/\/www.fundacioolgatorres.org\/es\/wp-json\/wp\/v2\/pages"}],"about":[{"href":"https:\/\/www.fundacioolgatorres.org\/es\/wp-json\/wp\/v2\/types\/page"}],"author":[{"embeddable":true,"href":"https:\/\/www.fundacioolgatorres.org\/es\/wp-json\/wp\/v2\/users\/1"}],"replies":[{"embeddable":true,"href":"https:\/\/www.fundacioolgatorres.org\/es\/wp-json\/wp\/v2\/comments?post=5497"}],"version-history":[{"count":0,"href":"https:\/\/www.fundacioolgatorres.org\/es\/wp-json\/wp\/v2\/pages\/5497\/revisions"}],"wp:attachment":[{"href":"https:\/\/www.fundacioolgatorres.org\/es\/wp-json\/wp\/v2\/media?parent=5497"}],"curies":[{"name":"wp","href":"https:\/\/api.w.org\/{rel}","templated":true}]}}