{"id":5432,"date":"2022-03-08T12:47:19","date_gmt":"2022-03-08T12:47:19","guid":{"rendered":"https:\/\/www.fundacioolgatorres.org\/tipos-de-cancer-colorrectal\/"},"modified":"2022-03-08T12:47:20","modified_gmt":"2022-03-08T12:47:20","slug":"tipos-de-cancer-colorrectal","status":"publish","type":"page","link":"https:\/\/www.fundacioolgatorres.org\/es\/tipos-de-cancer-colorrectal\/","title":{"rendered":"Tipos de c\u00e1ncer colorrectal"},"content":{"rendered":"\t\t<div data-elementor-type=\"wp-page\" data-elementor-id=\"5432\" class=\"elementor elementor-5432 elementor-1630\" data-elementor-post-type=\"page\">\n\t\t\t\t\t\t<section class=\"elementor-section elementor-top-section elementor-element elementor-element-40f4acc elementor-section-boxed elementor-section-height-default elementor-section-height-default\" data-id=\"40f4acc\" data-element_type=\"section\" data-e-type=\"section\">\n\t\t\t\t\t\t<div class=\"elementor-container elementor-column-gap-default\">\n\t\t\t\t\t<div class=\"elementor-column elementor-col-100 elementor-top-column elementor-element elementor-element-1a254c0\" data-id=\"1a254c0\" data-element_type=\"column\" data-e-type=\"column\">\n\t\t\t<div class=\"elementor-widget-wrap elementor-element-populated\">\n\t\t\t\t\t\t<div class=\"elementor-element elementor-element-7e765ff elementor-widget elementor-widget-spacer\" data-id=\"7e765ff\" data-element_type=\"widget\" data-e-type=\"widget\" data-widget_type=\"spacer.default\">\n\t\t\t\t<div class=\"elementor-widget-container\">\n\t\t\t\t\t\t\t<div class=\"elementor-spacer\">\n\t\t\t<div class=\"elementor-spacer-inner\"><\/div>\n\t\t<\/div>\n\t\t\t\t\t\t<\/div>\n\t\t\t\t<\/div>\n\t\t\t\t\t<\/div>\n\t\t<\/div>\n\t\t\t\t\t<\/div>\n\t\t<\/section>\n\t\t\t\t<section class=\"elementor-section elementor-top-section elementor-element elementor-element-5ec11b0 elementor-section-boxed elementor-section-height-default elementor-section-height-default\" data-id=\"5ec11b0\" data-element_type=\"section\" data-e-type=\"section\">\n\t\t\t\t\t\t<div class=\"elementor-container elementor-column-gap-default\">\n\t\t\t\t\t<div class=\"elementor-column elementor-col-100 elementor-top-column elementor-element elementor-element-db5ff56\" data-id=\"db5ff56\" data-element_type=\"column\" data-e-type=\"column\">\n\t\t\t<div class=\"elementor-widget-wrap elementor-element-populated\">\n\t\t\t\t\t\t<div class=\"elementor-element elementor-element-d3c93a4 elementor-widget elementor-widget-heading\" data-id=\"d3c93a4\" data-element_type=\"widget\" data-e-type=\"widget\" data-widget_type=\"heading.default\">\n\t\t\t\t<div class=\"elementor-widget-container\">\n\t\t\t\t\t<h2 class=\"elementor-heading-title elementor-size-default\">Tipos de c\u00e1ncer colorrectal<\/h2>\t\t\t\t<\/div>\n\t\t\t\t<\/div>\n\t\t\t\t\t<\/div>\n\t\t<\/div>\n\t\t\t\t\t<\/div>\n\t\t<\/section>\n\t\t\t\t<section class=\"elementor-section elementor-top-section elementor-element elementor-element-bfdc948 elementor-section-boxed elementor-section-height-default elementor-section-height-default\" data-id=\"bfdc948\" data-element_type=\"section\" data-e-type=\"section\">\n\t\t\t\t\t\t<div class=\"elementor-container elementor-column-gap-default\">\n\t\t\t\t\t<div class=\"elementor-column elementor-col-100 elementor-top-column elementor-element elementor-element-1ce114e\" data-id=\"1ce114e\" data-element_type=\"column\" data-e-type=\"column\">\n\t\t\t<div class=\"elementor-widget-wrap elementor-element-populated\">\n\t\t\t\t\t\t<div class=\"elementor-element elementor-element-143c127 elementor-widget elementor-widget-heading\" data-id=\"143c127\" data-element_type=\"widget\" data-e-type=\"widget\" data-widget_type=\"heading.default\">\n\t\t\t\t<div class=\"elementor-widget-container\">\n\t\t\t\t\t<h2 class=\"elementor-heading-title elementor-size-large\">Autora: Dra. Dolores Maluenda Colomer<\/h2>\t\t\t\t<\/div>\n\t\t\t\t<\/div>\n\t\t\t\t\t<\/div>\n\t\t<\/div>\n\t\t\t\t\t<\/div>\n\t\t<\/section>\n\t\t\t\t<section class=\"elementor-section elementor-top-section elementor-element elementor-element-0db48ff elementor-section-boxed elementor-section-height-default elementor-section-height-default\" data-id=\"0db48ff\" data-element_type=\"section\" data-e-type=\"section\">\n\t\t\t\t\t\t<div class=\"elementor-container elementor-column-gap-default\">\n\t\t\t\t\t<div class=\"elementor-column elementor-col-100 elementor-top-column elementor-element elementor-element-cafd08b\" data-id=\"cafd08b\" data-element_type=\"column\" data-e-type=\"column\">\n\t\t\t<div class=\"elementor-widget-wrap elementor-element-populated\">\n\t\t\t\t\t\t<div class=\"elementor-element elementor-element-49fcc82 elementor-widget elementor-widget-text-editor\" data-id=\"49fcc82\" data-element_type=\"widget\" data-e-type=\"widget\" data-widget_type=\"text-editor.default\">\n\t\t\t\t<div class=\"elementor-widget-container\">\n\t\t\t\t\t\t\t\t\t<p>1) La mayor\u00eda son espor\u00e1dicos (75%) y aparecen precipitados por factores ambientales o diet\u00e9ticos. Podemos decir que en la poblaci\u00f3n general se da en un 5% a lo largo de la vida.<\/p><p>2) Entre el 20 \u2013 25% tienen un componente gen\u00e9tico. En algunos casos esto supone una aparici\u00f3n m\u00e1s temprana del tumor que en los casos espor\u00e1dicos. El riesgo que tiene un familiar de primer grado es mayor que el riesgo del resto de la poblaci\u00f3n. Por esto, en esos casos ser\u00e1 obligado conocer la historia familiar.<\/p><p>3) Un 5% corresponden al S\u00edndrome de LYNCH o tambi\u00e9n llamado \u201cC\u00e1ncer Colorrectal Hereditario No Polipoideo\u201d (CCRHNP)<\/p><p>4) Un 1% corresponden al grupo llamado \u201cPoliposis Adenomatosa Familiar\u201d (PAF). 5) Y un 1% aparece en los enfermos con \u201cColitis Ulcerosa\u201d. Cuando afecta a todo el colon, a partir de los 10 a\u00f1os de enfermedad, el riesgo de que aparezca en alg\u00fan momento un c\u00e1ncer de colon es de alrededor del 18 veces superior a la poblaci\u00f3n general. Siendo mucho m\u00e1s bajo si la afectaci\u00f3n es m\u00e1s limitada, si afecta el colon izquierdo es unas 5 veces superior al de la poblaci\u00f3n general y si s\u00f3lo afecta el recto, el riesgo es similar al de la poblaci\u00f3n general.<\/p>\t\t\t\t\t\t\t\t<\/div>\n\t\t\t\t<\/div>\n\t\t\t\t\t<\/div>\n\t\t<\/div>\n\t\t\t\t\t<\/div>\n\t\t<\/section>\n\t\t\t\t<section class=\"elementor-section elementor-top-section elementor-element elementor-element-ef7d2d9 elementor-section-boxed elementor-section-height-default elementor-section-height-default\" data-id=\"ef7d2d9\" data-element_type=\"section\" data-e-type=\"section\">\n\t\t\t\t\t\t<div class=\"elementor-container elementor-column-gap-default\">\n\t\t\t\t\t<div class=\"elementor-column elementor-col-100 elementor-top-column elementor-element elementor-element-1c0c85c\" data-id=\"1c0c85c\" data-element_type=\"column\" data-e-type=\"column\">\n\t\t\t<div class=\"elementor-widget-wrap elementor-element-populated\">\n\t\t\t\t\t\t<div class=\"elementor-element elementor-element-88c7ce4 elementor-widget elementor-widget-heading\" data-id=\"88c7ce4\" data-element_type=\"widget\" data-e-type=\"widget\" data-widget_type=\"heading.default\">\n\t\t\t\t<div class=\"elementor-widget-container\">\n\t\t\t\t\t<h2 class=\"elementor-heading-title elementor-size-default\">\u00bfCu\u00e1l es el riesgo de padecer la enfermedad en cada grupo?\n<\/h2>\t\t\t\t<\/div>\n\t\t\t\t<\/div>\n\t\t\t\t<div class=\"elementor-element elementor-element-166939c elementor-widget elementor-widget-text-editor\" data-id=\"166939c\" data-element_type=\"widget\" data-e-type=\"widget\" data-widget_type=\"text-editor.default\">\n\t\t\t\t<div class=\"elementor-widget-container\">\n\t\t\t\t\t\t\t\t\t<p>1) Poblaci\u00f3n general: puede aparecer en un 5% a lo largo de la vida.<\/p><p>Con un antecedente familiar aumenta el riesgo de padecer la enfermedad entre 2 -6 veces lo normal, aumentando \u00e9ste en funci\u00f3n del n\u00famero de familiares afectados.<\/p><p>3) La edad precoz de aparici\u00f3n en un familiar predispone a que el resto de familiares lo sufran tambi\u00e9n en edades m\u00e1s tempranas.<\/p><p>4) As\u00ed, los adenomas de colon diagnosticados antes de los 60 a\u00f1os en alg\u00fan o algunos familiares, hacen que exista un mayor riesgo de padecer la enfermedad.<\/p>\t\t\t\t\t\t\t\t<\/div>\n\t\t\t\t<\/div>\n\t\t\t\t\t<\/div>\n\t\t<\/div>\n\t\t\t\t\t<\/div>\n\t\t<\/section>\n\t\t\t\t<section class=\"elementor-section elementor-top-section elementor-element elementor-element-ad65dea elementor-section-boxed elementor-section-height-default elementor-section-height-default\" data-id=\"ad65dea\" data-element_type=\"section\" data-e-type=\"section\">\n\t\t\t\t\t\t<div class=\"elementor-container elementor-column-gap-default\">\n\t\t\t\t\t<div class=\"elementor-column elementor-col-100 elementor-top-column elementor-element elementor-element-231e633\" data-id=\"231e633\" data-element_type=\"column\" data-e-type=\"column\">\n\t\t\t<div class=\"elementor-widget-wrap elementor-element-populated\">\n\t\t\t\t\t\t<div class=\"elementor-element elementor-element-e61da4d elementor-widget elementor-widget-heading\" data-id=\"e61da4d\" data-element_type=\"widget\" data-e-type=\"widget\" data-widget_type=\"heading.default\">\n\t\t\t\t<div class=\"elementor-widget-container\">\n\t\t\t\t\t<h2 class=\"elementor-heading-title elementor-size-default\">Recomendaci\u00f3n de screening de fam\u00edlias con poliposis adenomatosa familiar (PAF)\n \u00bfQu\u00e9 seguimiento deber\u00e1n hacer los familiares de primer grado del afectado de poliposis adenomatosa familiar ( PAF)?<\/h2>\t\t\t\t<\/div>\n\t\t\t\t<\/div>\n\t\t\t\t<div class=\"elementor-element elementor-element-12add7a elementor-widget elementor-widget-text-editor\" data-id=\"12add7a\" data-element_type=\"widget\" data-e-type=\"widget\" data-widget_type=\"text-editor.default\">\n\t\t\t\t<div class=\"elementor-widget-container\">\n\t\t\t\t\t\t\t\t\t<p>Ponerse en manos del especialista<\/p>\t\t\t\t\t\t\t\t<\/div>\n\t\t\t\t<\/div>\n\t\t\t\t\t<\/div>\n\t\t<\/div>\n\t\t\t\t\t<\/div>\n\t\t<\/section>\n\t\t\t\t<section class=\"elementor-section elementor-top-section elementor-element elementor-element-7973a8a elementor-section-boxed elementor-section-height-default elementor-section-height-default\" data-id=\"7973a8a\" data-element_type=\"section\" data-e-type=\"section\">\n\t\t\t\t\t\t<div class=\"elementor-container elementor-column-gap-default\">\n\t\t\t\t\t<div class=\"elementor-column elementor-col-100 elementor-top-column elementor-element elementor-element-d3e9af2\" data-id=\"d3e9af2\" data-element_type=\"column\" data-e-type=\"column\">\n\t\t\t<div class=\"elementor-widget-wrap elementor-element-populated\">\n\t\t\t\t\t\t<div class=\"elementor-element elementor-element-f09994b elementor-widget elementor-widget-heading\" data-id=\"f09994b\" data-element_type=\"widget\" data-e-type=\"widget\" data-widget_type=\"heading.default\">\n\t\t\t\t<div class=\"elementor-widget-container\">\n\t\t\t\t\t<h2 class=\"elementor-heading-title elementor-size-default\">Recomanaci\u00f3 de cribatge de fam\u00edlies amb poliposi adenomatosa familiar (PAF)\n Quin seguiment han de fer els familiars de primer grau de l\u2019afectat de poliposi adenomatosa familiar (PAF)?<\/h2>\t\t\t\t<\/div>\n\t\t\t\t<\/div>\n\t\t\t\t<div class=\"elementor-element elementor-element-bb332b3 elementor-widget elementor-widget-text-editor\" data-id=\"bb332b3\" data-element_type=\"widget\" data-e-type=\"widget\" data-widget_type=\"text-editor.default\">\n\t\t\t\t<div class=\"elementor-widget-container\">\n\t\t\t\t\t\t\t\t\t<p>Cal posar-se a les mans de l\u2019especialista.<\/p>\t\t\t\t\t\t\t\t<\/div>\n\t\t\t\t<\/div>\n\t\t\t\t\t<\/div>\n\t\t<\/div>\n\t\t\t\t\t<\/div>\n\t\t<\/section>\n\t\t\t\t<section class=\"elementor-section elementor-top-section elementor-element elementor-element-882b374 elementor-section-boxed elementor-section-height-default elementor-section-height-default\" data-id=\"882b374\" data-element_type=\"section\" data-e-type=\"section\">\n\t\t\t\t\t\t<div class=\"elementor-container elementor-column-gap-default\">\n\t\t\t\t\t<div class=\"elementor-column elementor-col-100 elementor-top-column elementor-element elementor-element-412650b\" data-id=\"412650b\" data-element_type=\"column\" data-e-type=\"column\">\n\t\t\t<div class=\"elementor-widget-wrap elementor-element-populated\">\n\t\t\t\t\t\t<div class=\"elementor-element elementor-element-2d0f33c elementor-widget elementor-widget-heading\" data-id=\"2d0f33c\" data-element_type=\"widget\" data-e-type=\"widget\" data-widget_type=\"heading.default\">\n\t\t\t\t<div class=\"elementor-widget-container\">\n\t\t\t\t\t<h2 class=\"elementor-heading-title elementor-size-default\">\u00bfC\u00f3mo se realiza el diagn\u00f3stico precoz? (PROFILAXIS SECUNDARIA)\n<\/h2>\t\t\t\t<\/div>\n\t\t\t\t<\/div>\n\t\t\t\t<div class=\"elementor-element elementor-element-33ac16b elementor-widget elementor-widget-text-editor\" data-id=\"33ac16b\" data-element_type=\"widget\" data-e-type=\"widget\" data-widget_type=\"text-editor.default\">\n\t\t\t\t<div class=\"elementor-widget-container\">\n\t\t\t\t\t\t\t\t\t<p>Descubriendo a los familiares que, a su vez, presenten la mutaci\u00f3n.<\/p><p>Es decir que, se les dir\u00e1 a todos los familiares de primer grado del paciente afecto de PAF (mutaci\u00f3n positiva), que deber\u00e1n hacerse el estudio gen\u00e9tico.<\/p>\t\t\t\t\t\t\t\t<\/div>\n\t\t\t\t<\/div>\n\t\t\t\t\t<\/div>\n\t\t<\/div>\n\t\t\t\t\t<\/div>\n\t\t<\/section>\n\t\t\t\t<section class=\"elementor-section elementor-top-section elementor-element elementor-element-23ceb70 elementor-section-boxed elementor-section-height-default elementor-section-height-default\" data-id=\"23ceb70\" data-element_type=\"section\" data-e-type=\"section\">\n\t\t\t\t\t\t<div class=\"elementor-container elementor-column-gap-default\">\n\t\t\t\t\t<div class=\"elementor-column elementor-col-100 elementor-top-column elementor-element elementor-element-8cf2c87\" data-id=\"8cf2c87\" data-element_type=\"column\" data-e-type=\"column\">\n\t\t\t<div class=\"elementor-widget-wrap elementor-element-populated\">\n\t\t\t\t\t\t<div class=\"elementor-element elementor-element-55e857f elementor-widget elementor-widget-heading\" data-id=\"55e857f\" data-element_type=\"widget\" data-e-type=\"widget\" data-widget_type=\"heading.default\">\n\t\t\t\t<div class=\"elementor-widget-container\">\n\t\t\t\t\t<h2 class=\"elementor-heading-title elementor-size-default\"> Si tienes un familiar con PAF, \u00bfa qu\u00e9 familiares habr\u00e1 que informar para que vayan a hacerse las pruebas del diagn\u00f3stico precoz (endosc\u00f3picas)?\n<\/h2>\t\t\t\t<\/div>\n\t\t\t\t<\/div>\n\t\t\t\t<div class=\"elementor-element elementor-element-08ed75a elementor-widget elementor-widget-text-editor\" data-id=\"08ed75a\" data-element_type=\"widget\" data-e-type=\"widget\" data-widget_type=\"text-editor.default\">\n\t\t\t\t<div class=\"elementor-widget-container\">\n\t\t\t\t\t\t\t\t\t<p>A todos los familiares del caso \u00edndice.<\/p>\t\t\t\t\t\t\t\t<\/div>\n\t\t\t\t<\/div>\n\t\t\t\t\t<\/div>\n\t\t<\/div>\n\t\t\t\t\t<\/div>\n\t\t<\/section>\n\t\t\t\t<section class=\"elementor-section elementor-top-section elementor-element elementor-element-095a76e elementor-section-boxed elementor-section-height-default elementor-section-height-default\" data-id=\"095a76e\" data-element_type=\"section\" data-e-type=\"section\">\n\t\t\t\t\t\t<div class=\"elementor-container elementor-column-gap-default\">\n\t\t\t\t\t<div class=\"elementor-column elementor-col-100 elementor-top-column elementor-element elementor-element-0a17d8e\" data-id=\"0a17d8e\" data-element_type=\"column\" data-e-type=\"column\">\n\t\t\t<div class=\"elementor-widget-wrap elementor-element-populated\">\n\t\t\t\t\t\t<div class=\"elementor-element elementor-element-a96b115 elementor-widget elementor-widget-heading\" data-id=\"a96b115\" data-element_type=\"widget\" data-e-type=\"widget\" data-widget_type=\"heading.default\">\n\t\t\t\t<div class=\"elementor-widget-container\">\n\t\t\t\t\t<h2 class=\"elementor-heading-title elementor-size-default\"> Si se ha detectado la mutaci\u00f3n en el caso \u00edndice y esta mutaci\u00f3n NO se detecta en un familiar, \u00bfprecisar\u00e1 este familiar un seguimiento especial posterior por alg\u00fan m\u00e9dico?\n<\/h2>\t\t\t\t<\/div>\n\t\t\t\t<\/div>\n\t\t\t\t<div class=\"elementor-element elementor-element-7ffab1b elementor-widget elementor-widget-text-editor\" data-id=\"7ffab1b\" data-element_type=\"widget\" data-e-type=\"widget\" data-widget_type=\"text-editor.default\">\n\t\t\t\t<div class=\"elementor-widget-container\">\n\t\t\t\t\t\t\t\t\t<p>Precisara el mismo seguimiento que la poblacion general.<\/p>\t\t\t\t\t\t\t\t<\/div>\n\t\t\t\t<\/div>\n\t\t\t\t\t<\/div>\n\t\t<\/div>\n\t\t\t\t\t<\/div>\n\t\t<\/section>\n\t\t\t\t<section class=\"elementor-section elementor-top-section elementor-element elementor-element-c13496a elementor-section-boxed elementor-section-height-default elementor-section-height-default\" data-id=\"c13496a\" data-element_type=\"section\" data-e-type=\"section\">\n\t\t\t\t\t\t<div class=\"elementor-container elementor-column-gap-default\">\n\t\t\t\t\t<div class=\"elementor-column elementor-col-100 elementor-top-column elementor-element elementor-element-fe7787a\" data-id=\"fe7787a\" data-element_type=\"column\" data-e-type=\"column\">\n\t\t\t<div class=\"elementor-widget-wrap elementor-element-populated\">\n\t\t\t\t\t\t<div class=\"elementor-element elementor-element-100f705 elementor-widget elementor-widget-heading\" data-id=\"100f705\" data-element_type=\"widget\" data-e-type=\"widget\" data-widget_type=\"heading.default\">\n\t\t\t\t<div class=\"elementor-widget-container\">\n\t\t\t\t\t<h2 class=\"elementor-heading-title elementor-size-default\">Si el estudio gen\u00e9tico es indeterminado en el familiar, \u00bfqu\u00e9 deber\u00e1 hacer a continuaci\u00f3n?\n<\/h2>\t\t\t\t<\/div>\n\t\t\t\t<\/div>\n\t\t\t\t<div class=\"elementor-element elementor-element-0fc043c elementor-widget elementor-widget-text-editor\" data-id=\"0fc043c\" data-element_type=\"widget\" data-e-type=\"widget\" data-widget_type=\"text-editor.default\">\n\t\t\t\t<div class=\"elementor-widget-container\">\n\t\t\t\t\t\t\t\t\t<p>Una RECTOSIGMOIDOSCOPIA anual desde los 10-12 hasta los 50 a\u00f1os.<\/p>\t\t\t\t\t\t\t\t<\/div>\n\t\t\t\t<\/div>\n\t\t\t\t\t<\/div>\n\t\t<\/div>\n\t\t\t\t\t<\/div>\n\t\t<\/section>\n\t\t\t\t<section class=\"elementor-section elementor-top-section elementor-element elementor-element-2b17e1d elementor-section-boxed elementor-section-height-default elementor-section-height-default\" data-id=\"2b17e1d\" data-element_type=\"section\" data-e-type=\"section\">\n\t\t\t\t\t\t<div class=\"elementor-container elementor-column-gap-default\">\n\t\t\t\t\t<div class=\"elementor-column elementor-col-100 elementor-top-column elementor-element elementor-element-ef66801\" data-id=\"ef66801\" data-element_type=\"column\" data-e-type=\"column\">\n\t\t\t<div class=\"elementor-widget-wrap elementor-element-populated\">\n\t\t\t\t\t\t<div class=\"elementor-element elementor-element-a7d3f2c elementor-widget elementor-widget-heading\" data-id=\"a7d3f2c\" data-element_type=\"widget\" data-e-type=\"widget\" data-widget_type=\"heading.default\">\n\t\t\t\t<div class=\"elementor-widget-container\">\n\t\t\t\t\t<h2 class=\"elementor-heading-title elementor-size-default\">Recomendaci\u00f3n de cribado de familias con PAF\n \u00bfPero, todos los casos de PAF tienen la mutaci\u00f3n POSITIVA?\n<\/h2>\t\t\t\t<\/div>\n\t\t\t\t<\/div>\n\t\t\t\t<div class=\"elementor-element elementor-element-d8f7b52 elementor-widget elementor-widget-text-editor\" data-id=\"d8f7b52\" data-element_type=\"widget\" data-e-type=\"widget\" data-widget_type=\"text-editor.default\">\n\t\t\t\t<div class=\"elementor-widget-container\">\n\t\t\t\t\t\t\t\t\t<p>No, s\u00f3lo el 60%.<\/p>\t\t\t\t\t\t\t\t<\/div>\n\t\t\t\t<\/div>\n\t\t\t\t\t<\/div>\n\t\t<\/div>\n\t\t\t\t\t<\/div>\n\t\t<\/section>\n\t\t\t\t<section class=\"elementor-section elementor-top-section elementor-element elementor-element-c19d165 elementor-section-boxed elementor-section-height-default elementor-section-height-default\" data-id=\"c19d165\" data-element_type=\"section\" data-e-type=\"section\">\n\t\t\t\t\t\t<div class=\"elementor-container elementor-column-gap-default\">\n\t\t\t\t\t<div class=\"elementor-column elementor-col-100 elementor-top-column elementor-element elementor-element-c3e3146\" data-id=\"c3e3146\" data-element_type=\"column\" data-e-type=\"column\">\n\t\t\t<div class=\"elementor-widget-wrap elementor-element-populated\">\n\t\t\t\t\t\t<div class=\"elementor-element elementor-element-01c7020 elementor-widget elementor-widget-heading\" data-id=\"01c7020\" data-element_type=\"widget\" data-e-type=\"widget\" data-widget_type=\"heading.default\">\n\t\t\t\t<div class=\"elementor-widget-container\">\n\t\t\t\t\t<h2 class=\"elementor-heading-title elementor-size-default\">\u00bfQu\u00e9 deber\u00e1n hacer los familiares de un enfermo afecto de PAF que no tenga la mutaci\u00f3n, o sea, que el familiar afecto se encuentre en el grupo de \u00e9ste 40%?\n<\/h2>\t\t\t\t<\/div>\n\t\t\t\t<\/div>\n\t\t\t\t<div class=\"elementor-element elementor-element-d629bc2 elementor-widget elementor-widget-text-editor\" data-id=\"d629bc2\" data-element_type=\"widget\" data-e-type=\"widget\" data-widget_type=\"text-editor.default\">\n\t\t\t\t<div class=\"elementor-widget-container\">\n\t\t\t\t\t\t\t\t\t<p>Los familiares de primer grado deber\u00e1n visitarse por un especialista (seguimiento cl\u00ednico) y RECTOSIGMOIDOSCOPIA ANUAL desde los 10-12 a\u00f1os hasta la aparici\u00f3n del s\u00edndrome. En este momento se aconseja la colectomia subtotal con vigilancia de la porci\u00f3n rectal conservada. Ya que podr\u00edan tener otras mutaciones que todav\u00eda no se conocen.<\/p>\t\t\t\t\t\t\t\t<\/div>\n\t\t\t\t<\/div>\n\t\t\t\t\t<\/div>\n\t\t<\/div>\n\t\t\t\t\t<\/div>\n\t\t<\/section>\n\t\t\t\t<section class=\"elementor-section elementor-top-section elementor-element elementor-element-6f444da elementor-section-boxed elementor-section-height-default elementor-section-height-default\" data-id=\"6f444da\" data-element_type=\"section\" data-e-type=\"section\">\n\t\t\t\t\t\t<div class=\"elementor-container elementor-column-gap-default\">\n\t\t\t\t\t<div class=\"elementor-column elementor-col-100 elementor-top-column elementor-element elementor-element-4be33cf\" data-id=\"4be33cf\" data-element_type=\"column\" data-e-type=\"column\">\n\t\t\t<div class=\"elementor-widget-wrap elementor-element-populated\">\n\t\t\t\t\t\t<div class=\"elementor-element elementor-element-3948d43 elementor-widget elementor-widget-heading\" data-id=\"3948d43\" data-element_type=\"widget\" data-e-type=\"widget\" data-widget_type=\"heading.default\">\n\t\t\t\t<div class=\"elementor-widget-container\">\n\t\t\t\t\t<h2 class=\"elementor-heading-title elementor-size-default\">\u00bfNo hace falta hacer colonoscopia total para la revisi\u00f3n anual?\n<\/h2>\t\t\t\t<\/div>\n\t\t\t\t<\/div>\n\t\t\t\t<div class=\"elementor-element elementor-element-3201f88 elementor-widget elementor-widget-text-editor\" data-id=\"3201f88\" data-element_type=\"widget\" data-e-type=\"widget\" data-widget_type=\"text-editor.default\">\n\t\t\t\t<div class=\"elementor-widget-container\">\n\t\t\t\t\t\t\t\t\t<p>No, porque el 100% de los casos, o sea TODOS, empiezan a desarrollar p\u00f3lipos en el recto.<\/p>\t\t\t\t\t\t\t\t<\/div>\n\t\t\t\t<\/div>\n\t\t\t\t\t<\/div>\n\t\t<\/div>\n\t\t\t\t\t<\/div>\n\t\t<\/section>\n\t\t\t\t<section class=\"elementor-section elementor-top-section elementor-element elementor-element-1d5843a elementor-section-boxed elementor-section-height-default elementor-section-height-default\" data-id=\"1d5843a\" data-element_type=\"section\" data-e-type=\"section\">\n\t\t\t\t\t\t<div class=\"elementor-container elementor-column-gap-default\">\n\t\t\t\t\t<div class=\"elementor-column elementor-col-100 elementor-top-column elementor-element elementor-element-15a29fc\" data-id=\"15a29fc\" data-element_type=\"column\" data-e-type=\"column\">\n\t\t\t<div class=\"elementor-widget-wrap elementor-element-populated\">\n\t\t\t\t\t\t<div class=\"elementor-element elementor-element-440c109 elementor-widget elementor-widget-spacer\" data-id=\"440c109\" data-element_type=\"widget\" data-e-type=\"widget\" data-widget_type=\"spacer.default\">\n\t\t\t\t<div class=\"elementor-widget-container\">\n\t\t\t\t\t\t\t<div class=\"elementor-spacer\">\n\t\t\t<div class=\"elementor-spacer-inner\"><\/div>\n\t\t<\/div>\n\t\t\t\t\t\t<\/div>\n\t\t\t\t<\/div>\n\t\t\t\t\t<\/div>\n\t\t<\/div>\n\t\t\t\t\t<\/div>\n\t\t<\/section>\n\t\t\t\t<\/div>\n\t\t","protected":false},"excerpt":{"rendered":"<p>Tipos de c\u00e1ncer colorrectal Autora: Dra. Dolores Maluenda Colomer 1) La mayor\u00eda son espor\u00e1dicos (75%) y aparecen precipitados por factores ambientales o diet\u00e9ticos. Podemos decir que en la poblaci\u00f3n general se da en un 5% a lo largo de la vida. 2) Entre el 20 \u2013 25% tienen un componente gen\u00e9tico. En algunos casos esto [&hellip;]<\/p>\n","protected":false},"author":1,"featured_media":0,"parent":0,"menu_order":0,"comment_status":"closed","ping_status":"closed","template":"","meta":{"give_campaign_id":0,"footnotes":""},"class_list":["post-5432","page","type-page","status-publish","hentry"],"campaignId":"","_links":{"self":[{"href":"https:\/\/www.fundacioolgatorres.org\/es\/wp-json\/wp\/v2\/pages\/5432","targetHints":{"allow":["GET"]}}],"collection":[{"href":"https:\/\/www.fundacioolgatorres.org\/es\/wp-json\/wp\/v2\/pages"}],"about":[{"href":"https:\/\/www.fundacioolgatorres.org\/es\/wp-json\/wp\/v2\/types\/page"}],"author":[{"embeddable":true,"href":"https:\/\/www.fundacioolgatorres.org\/es\/wp-json\/wp\/v2\/users\/1"}],"replies":[{"embeddable":true,"href":"https:\/\/www.fundacioolgatorres.org\/es\/wp-json\/wp\/v2\/comments?post=5432"}],"version-history":[{"count":0,"href":"https:\/\/www.fundacioolgatorres.org\/es\/wp-json\/wp\/v2\/pages\/5432\/revisions"}],"wp:attachment":[{"href":"https:\/\/www.fundacioolgatorres.org\/es\/wp-json\/wp\/v2\/media?parent=5432"}],"curies":[{"name":"wp","href":"https:\/\/api.w.org\/{rel}","templated":true}]}}