{"id":5409,"date":"2022-03-08T11:00:21","date_gmt":"2022-03-08T11:00:21","guid":{"rendered":"https:\/\/www.fundacioolgatorres.org\/cancer-colorrectal\/"},"modified":"2022-03-23T10:57:41","modified_gmt":"2022-03-23T10:57:41","slug":"cancer-colorrectal","status":"publish","type":"page","link":"https:\/\/www.fundacioolgatorres.org\/es\/cancer-colorrectal\/","title":{"rendered":"C\u00e1ncer Colorrectal"},"content":{"rendered":"\t\t<div data-elementor-type=\"wp-page\" data-elementor-id=\"5409\" class=\"elementor elementor-5409 elementor-1583\" data-elementor-post-type=\"page\">\n\t\t\t\t\t\t<section class=\"elementor-section elementor-top-section elementor-element elementor-element-2f54d8f elementor-section-boxed elementor-section-height-default elementor-section-height-default\" data-id=\"2f54d8f\" data-element_type=\"section\" data-e-type=\"section\">\n\t\t\t\t\t\t<div class=\"elementor-container elementor-column-gap-default\">\n\t\t\t\t\t<div class=\"elementor-column elementor-col-100 elementor-top-column elementor-element elementor-element-b24e999\" data-id=\"b24e999\" data-element_type=\"column\" data-e-type=\"column\">\n\t\t\t<div class=\"elementor-widget-wrap elementor-element-populated\">\n\t\t\t\t\t\t<div class=\"elementor-element elementor-element-5020239 elementor-widget elementor-widget-spacer\" data-id=\"5020239\" data-element_type=\"widget\" data-e-type=\"widget\" data-widget_type=\"spacer.default\">\n\t\t\t\t<div class=\"elementor-widget-container\">\n\t\t\t\t\t\t\t<div class=\"elementor-spacer\">\n\t\t\t<div class=\"elementor-spacer-inner\"><\/div>\n\t\t<\/div>\n\t\t\t\t\t\t<\/div>\n\t\t\t\t<\/div>\n\t\t\t\t\t<\/div>\n\t\t<\/div>\n\t\t\t\t\t<\/div>\n\t\t<\/section>\n\t\t\t\t<section class=\"elementor-section elementor-top-section elementor-element elementor-element-c2cc4f8 elementor-section-boxed elementor-section-height-default elementor-section-height-default\" data-id=\"c2cc4f8\" data-element_type=\"section\" data-e-type=\"section\">\n\t\t\t\t\t\t<div class=\"elementor-container elementor-column-gap-default\">\n\t\t\t\t\t<div class=\"elementor-column elementor-col-100 elementor-top-column elementor-element elementor-element-c586c22\" data-id=\"c586c22\" data-element_type=\"column\" data-e-type=\"column\">\n\t\t\t<div class=\"elementor-widget-wrap elementor-element-populated\">\n\t\t\t\t\t\t<div class=\"elementor-element elementor-element-04f1c00 elementor-widget elementor-widget-heading\" data-id=\"04f1c00\" data-element_type=\"widget\" data-e-type=\"widget\" data-widget_type=\"heading.default\">\n\t\t\t\t<div class=\"elementor-widget-container\">\n\t\t\t\t\t<h2 class=\"elementor-heading-title elementor-size-default\">C\u00e1ncer Colorrectal<\/h2>\t\t\t\t<\/div>\n\t\t\t\t<\/div>\n\t\t\t\t\t<\/div>\n\t\t<\/div>\n\t\t\t\t\t<\/div>\n\t\t<\/section>\n\t\t\t\t<section class=\"elementor-section elementor-top-section elementor-element elementor-element-ec5ecc9 elementor-section-boxed elementor-section-height-default elementor-section-height-default\" data-id=\"ec5ecc9\" data-element_type=\"section\" data-e-type=\"section\">\n\t\t\t\t\t\t<div class=\"elementor-container elementor-column-gap-default\">\n\t\t\t\t\t<div class=\"elementor-column elementor-col-100 elementor-top-column elementor-element elementor-element-4ef7faa\" data-id=\"4ef7faa\" data-element_type=\"column\" data-e-type=\"column\">\n\t\t\t<div class=\"elementor-widget-wrap elementor-element-populated\">\n\t\t\t\t\t\t<div class=\"elementor-element elementor-element-619d818 elementor-widget elementor-widget-spacer\" data-id=\"619d818\" data-element_type=\"widget\" data-e-type=\"widget\" data-widget_type=\"spacer.default\">\n\t\t\t\t<div class=\"elementor-widget-container\">\n\t\t\t\t\t\t\t<div class=\"elementor-spacer\">\n\t\t\t<div class=\"elementor-spacer-inner\"><\/div>\n\t\t<\/div>\n\t\t\t\t\t\t<\/div>\n\t\t\t\t<\/div>\n\t\t\t\t\t<\/div>\n\t\t<\/div>\n\t\t\t\t\t<\/div>\n\t\t<\/section>\n\t\t\t\t<section class=\"elementor-section elementor-top-section elementor-element elementor-element-b7025e2 elementor-section-boxed elementor-section-height-default elementor-section-height-default\" data-id=\"b7025e2\" data-element_type=\"section\" data-e-type=\"section\">\n\t\t\t\t\t\t<div class=\"elementor-container elementor-column-gap-default\">\n\t\t\t\t\t<div class=\"elementor-column elementor-col-50 elementor-top-column elementor-element elementor-element-79b8401\" data-id=\"79b8401\" data-element_type=\"column\" data-e-type=\"column\">\n\t\t\t<div class=\"elementor-widget-wrap elementor-element-populated\">\n\t\t\t\t\t\t<div class=\"elementor-element elementor-element-74d1077 elementor-widget elementor-widget-image\" data-id=\"74d1077\" data-element_type=\"widget\" data-e-type=\"widget\" data-widget_type=\"image.default\">\n\t\t\t\t<div class=\"elementor-widget-container\">\n\t\t\t\t\t\t\t\t\t\t\t\t\t\t\t<img fetchpriority=\"high\" decoding=\"async\" width=\"800\" height=\"533\" src=\"https:\/\/www.fundacioolgatorres.org\/wp-content\/uploads\/2021\/11\/cancer-colorectal.jpg\" class=\"attachment-large size-large wp-image-4135\" alt=\"\" srcset=\"https:\/\/www.fundacioolgatorres.org\/wp-content\/uploads\/2021\/11\/cancer-colorectal.jpg 800w, https:\/\/www.fundacioolgatorres.org\/wp-content\/uploads\/2021\/11\/cancer-colorectal-300x200.jpg 300w, https:\/\/www.fundacioolgatorres.org\/wp-content\/uploads\/2021\/11\/cancer-colorectal-768x512.jpg 768w\" sizes=\"(max-width: 800px) 100vw, 800px\" \/>\t\t\t\t\t\t\t\t\t\t\t\t\t\t\t<\/div>\n\t\t\t\t<\/div>\n\t\t\t\t\t<\/div>\n\t\t<\/div>\n\t\t\t\t<div class=\"elementor-column elementor-col-50 elementor-top-column elementor-element elementor-element-be2c216\" data-id=\"be2c216\" data-element_type=\"column\" data-e-type=\"column\">\n\t\t\t<div class=\"elementor-widget-wrap elementor-element-populated\">\n\t\t\t\t\t\t<div class=\"elementor-element elementor-element-46c9091 elementor-widget elementor-widget-toggle\" data-id=\"46c9091\" data-element_type=\"widget\" data-e-type=\"widget\" data-widget_type=\"toggle.default\">\n\t\t\t\t<div class=\"elementor-widget-container\">\n\t\t\t\t\t\t\t<div class=\"elementor-toggle\">\n\t\t\t\t\t\t\t<div class=\"elementor-toggle-item\">\n\t\t\t\t\t<div id=\"elementor-tab-title-7421\" class=\"elementor-tab-title\" data-tab=\"1\" role=\"button\" aria-controls=\"elementor-tab-content-7421\" aria-expanded=\"false\">\n\t\t\t\t\t\t\t\t\t\t\t\t<span class=\"elementor-toggle-icon elementor-toggle-icon-left\" aria-hidden=\"true\">\n\t\t\t\t\t\t\t\t\t\t\t\t\t\t\t<span class=\"elementor-toggle-icon-closed\"><i class=\"fas fa-caret-right\"><\/i><\/span>\n\t\t\t\t\t\t\t\t<span class=\"elementor-toggle-icon-opened\"><i class=\"elementor-toggle-icon-opened fas fa-caret-up\"><\/i><\/span>\n\t\t\t\t\t\t\t\t\t\t\t\t\t<\/span>\n\t\t\t\t\t\t\t\t\t\t\t\t<a class=\"elementor-toggle-title\" tabindex=\"0\">\u00bfQu\u00e9 es el c\u00e1ncer colorrectal?<\/a>\n\t\t\t\t\t<\/div>\n\n\t\t\t\t\t<div id=\"elementor-tab-content-7421\" class=\"elementor-tab-content elementor-clearfix\" data-tab=\"1\" role=\"region\" aria-labelledby=\"elementor-tab-title-7421\"><p>Es un tumor maligno que se localiza a distintos niveles dentro del intestino grueso. Puede situarse a la altura del colon o al final del intestino, en la zona llamada recto.<\/p><\/div>\n\t\t\t\t<\/div>\n\t\t\t\t\t\t\t<div class=\"elementor-toggle-item\">\n\t\t\t\t\t<div id=\"elementor-tab-title-7422\" class=\"elementor-tab-title\" data-tab=\"2\" role=\"button\" aria-controls=\"elementor-tab-content-7422\" aria-expanded=\"false\">\n\t\t\t\t\t\t\t\t\t\t\t\t<span class=\"elementor-toggle-icon elementor-toggle-icon-left\" aria-hidden=\"true\">\n\t\t\t\t\t\t\t\t\t\t\t\t\t\t\t<span class=\"elementor-toggle-icon-closed\"><i class=\"fas fa-caret-right\"><\/i><\/span>\n\t\t\t\t\t\t\t\t<span class=\"elementor-toggle-icon-opened\"><i class=\"elementor-toggle-icon-opened fas fa-caret-up\"><\/i><\/span>\n\t\t\t\t\t\t\t\t\t\t\t\t\t<\/span>\n\t\t\t\t\t\t\t\t\t\t\t\t<a class=\"elementor-toggle-title\" tabindex=\"0\">Epidemiolog\u00eda<\/a>\n\t\t\t\t\t<\/div>\n\n\t\t\t\t\t<div id=\"elementor-tab-content-7422\" class=\"elementor-tab-content elementor-clearfix\" data-tab=\"2\" role=\"region\" aria-labelledby=\"elementor-tab-title-7422\"><p><strong>\u00bfCu\u00e1l es la frecuencia?<\/strong><br>1.- Es la segunda neoplasia m\u00e1s frecuente, despu\u00e9s del c\u00e1ncer de mama en mujeres y de pulm\u00f3n en varones.<\/p><p>2.- Es la neoplasia digestiva maligna m\u00e1s com\u00fan en el mundo occidental, con una incidencia superior a la de todos los otros tumores combinados.<\/p><p><strong>\u00bfCu\u00e1l es exactamente su incidencia en otros pa\u00edses?<\/strong><br>1.- En Estados Unidos y Nueva Zelanda se dan 50 casos por cada 100.000 habitantes.<\/p><p>2.- En Senegal, Colombia e India, menos de 10 casos por cada 100.000 habitantes.<\/p><p><strong>\u00bfCu\u00e1l es la incidencia en Espa\u00f1a?<\/strong><br>31 casos de varones por 100.000 habitantes y 21 casos por 100.000 habitantes para las mujeres.<\/p><p>\u00bfHay alguna diferencia entre ambos sexos?<br>Se dice que afecta por igual a varones y mujeres, aunque estudios recientes han demostrado que el c\u00e1ncer de colon se da m\u00e1s en mujeres y el de recto m\u00e1s en varones.<\/p><\/div>\n\t\t\t\t<\/div>\n\t\t\t\t\t\t\t<div class=\"elementor-toggle-item\">\n\t\t\t\t\t<div id=\"elementor-tab-title-7423\" class=\"elementor-tab-title\" data-tab=\"3\" role=\"button\" aria-controls=\"elementor-tab-content-7423\" aria-expanded=\"false\">\n\t\t\t\t\t\t\t\t\t\t\t\t<span class=\"elementor-toggle-icon elementor-toggle-icon-left\" aria-hidden=\"true\">\n\t\t\t\t\t\t\t\t\t\t\t\t\t\t\t<span class=\"elementor-toggle-icon-closed\"><i class=\"fas fa-caret-right\"><\/i><\/span>\n\t\t\t\t\t\t\t\t<span class=\"elementor-toggle-icon-opened\"><i class=\"elementor-toggle-icon-opened fas fa-caret-up\"><\/i><\/span>\n\t\t\t\t\t\t\t\t\t\t\t\t\t<\/span>\n\t\t\t\t\t\t\t\t\t\t\t\t<a class=\"elementor-toggle-title\" tabindex=\"0\">Factores de riesgo<\/a>\n\t\t\t\t\t<\/div>\n\n\t\t\t\t\t<div id=\"elementor-tab-content-7423\" class=\"elementor-tab-content elementor-clearfix\" data-tab=\"3\" role=\"region\" aria-labelledby=\"elementor-tab-title-7423\"><p>Se considera que el c\u00e1ncer colorrectal surge de una combinaci\u00f3n de factores gen\u00e9ticos y medioambientales. La herencia determina la susceptibilidad individual al c\u00e1ncer colorrectal mientras que los factores medioambientales interact\u00faan con \u00e9sta susceptibilidad para dar lugar a peque\u00f1os p\u00f3lipos adenomatosos, p\u00f3lipos adenomatosos m\u00e1s grandes y, finalmente, c\u00e1ncer.<\/p><p><strong>\u00bfUno o varios de estos s\u00edntomas permiten concluir que se tiene un c\u00e1ncer?<\/strong><br>No, ya que existen otras enfermedades que pueden presentar los mismos s\u00edntomas.<\/p><\/div>\n\t\t\t\t<\/div>\n\t\t\t\t\t\t\t<div class=\"elementor-toggle-item\">\n\t\t\t\t\t<div id=\"elementor-tab-title-7424\" class=\"elementor-tab-title\" data-tab=\"4\" role=\"button\" aria-controls=\"elementor-tab-content-7424\" aria-expanded=\"false\">\n\t\t\t\t\t\t\t\t\t\t\t\t<span class=\"elementor-toggle-icon elementor-toggle-icon-left\" aria-hidden=\"true\">\n\t\t\t\t\t\t\t\t\t\t\t\t\t\t\t<span class=\"elementor-toggle-icon-closed\"><i class=\"fas fa-caret-right\"><\/i><\/span>\n\t\t\t\t\t\t\t\t<span class=\"elementor-toggle-icon-opened\"><i class=\"elementor-toggle-icon-opened fas fa-caret-up\"><\/i><\/span>\n\t\t\t\t\t\t\t\t\t\t\t\t\t<\/span>\n\t\t\t\t\t\t\t\t\t\t\t\t<a class=\"elementor-toggle-title\" tabindex=\"0\">Aspectos cl\u00ednicos<\/a>\n\t\t\t\t\t<\/div>\n\n\t\t\t\t\t<div id=\"elementor-tab-content-7424\" class=\"elementor-tab-content elementor-clearfix\" data-tab=\"4\" role=\"region\" aria-labelledby=\"elementor-tab-title-7424\"><p><strong>\u00bfC\u00f3mo se detecta o qu\u00e9 s\u00edntomas sugieren la necesidad de consultar con un m\u00e9dico especialista?<\/strong><br>1.- P\u00e9rdidas de sangre roja mezclada con las heces o sangre negruzca.<\/p><p>2.- Alteraciones en el ritmo habitual de defecar: aparici\u00f3n de estre\u00f1imiento o diarrea.<\/p><p>3.- Cuando nota que no ha defecado completamente.<\/p><p>4.- P\u00e9rdida de peso, cansancio, falta de apetito.<\/p><p>5.- Anemia ferrop\u00e9nica (por falta de hierro).<\/p><p>6.- Cuando le duele el abdomen y tras la deposici\u00f3n o la expulsi\u00f3n de gases, el dolor le desaparece parcialmente.<\/p><p>En estos casos conviene consultar con un m\u00e9dico especialista.<\/p><p><strong>\u00bfUno o varios de estos s\u00edntomas permiten concluir que se tiene un c\u00e1ncer?<\/strong><br>No, ya que existen otras enfermedades que pueden presentar los mismos s\u00edntomas.<\/p><\/div>\n\t\t\t\t<\/div>\n\t\t\t\t\t\t\t<div class=\"elementor-toggle-item\">\n\t\t\t\t\t<div id=\"elementor-tab-title-7425\" class=\"elementor-tab-title\" data-tab=\"5\" role=\"button\" aria-controls=\"elementor-tab-content-7425\" aria-expanded=\"false\">\n\t\t\t\t\t\t\t\t\t\t\t\t<span class=\"elementor-toggle-icon elementor-toggle-icon-left\" aria-hidden=\"true\">\n\t\t\t\t\t\t\t\t\t\t\t\t\t\t\t<span class=\"elementor-toggle-icon-closed\"><i class=\"fas fa-caret-right\"><\/i><\/span>\n\t\t\t\t\t\t\t\t<span class=\"elementor-toggle-icon-opened\"><i class=\"elementor-toggle-icon-opened fas fa-caret-up\"><\/i><\/span>\n\t\t\t\t\t\t\t\t\t\t\t\t\t<\/span>\n\t\t\t\t\t\t\t\t\t\t\t\t<a class=\"elementor-toggle-title\" tabindex=\"0\">Diagn\u00f3stico<\/a>\n\t\t\t\t\t<\/div>\n\n\t\t\t\t\t<div id=\"elementor-tab-content-7425\" class=\"elementor-tab-content elementor-clearfix\" data-tab=\"5\" role=\"region\" aria-labelledby=\"elementor-tab-title-7425\"><p><strong>\u00bfQu\u00e9 hacer?<\/strong><br>Lo primero que hay que hacer es ir al m\u00e9dico especialista. \u00c9l elegir\u00e1 y decidir\u00e1 las pruebas.<\/p><p><strong>\u00bfC\u00f3mo se puede realizar la vigilancia para prevenir un c\u00e1ncer de intestino grueso?<\/strong><br>Hay dos sistemas de realizar la vigilancia y detecci\u00f3n precoz del c\u00e1ncer colorrectal.<\/p><p>1.- Test de detecci\u00f3n de sangre oculta en heces. Este test debe efectuarse todos los a\u00f1os y tres dias consecutivos en cada a\u00f1o. A este test hay que a\u00f1adir sigmoidoscopia cada 3-5 a\u00f1os.<\/p><p>2.- Colonoscopia completa cada 10 a\u00f1os, o con mayor frecuencia dependiendo de los hallazgos encontrados.<\/p><p><strong>\u00bfQu\u00e9 pruebas existen para confirmar o descartar el diagn\u00f3stico de c\u00e1ncer colorrectal?<\/strong><br>Colonoscopia, Colonoscopia virtual, Sigmoidoscopia flexible, Enema opaco y Tacto rectal.<\/p><\/div>\n\t\t\t\t<\/div>\n\t\t\t\t\t\t\t<div class=\"elementor-toggle-item\">\n\t\t\t\t\t<div id=\"elementor-tab-title-7426\" class=\"elementor-tab-title\" data-tab=\"6\" role=\"button\" aria-controls=\"elementor-tab-content-7426\" aria-expanded=\"false\">\n\t\t\t\t\t\t\t\t\t\t\t\t<span class=\"elementor-toggle-icon elementor-toggle-icon-left\" aria-hidden=\"true\">\n\t\t\t\t\t\t\t\t\t\t\t\t\t\t\t<span class=\"elementor-toggle-icon-closed\"><i class=\"fas fa-caret-right\"><\/i><\/span>\n\t\t\t\t\t\t\t\t<span class=\"elementor-toggle-icon-opened\"><i class=\"elementor-toggle-icon-opened fas fa-caret-up\"><\/i><\/span>\n\t\t\t\t\t\t\t\t\t\t\t\t\t<\/span>\n\t\t\t\t\t\t\t\t\t\t\t\t<a class=\"elementor-toggle-title\" tabindex=\"0\">Patogenia<\/a>\n\t\t\t\t\t<\/div>\n\n\t\t\t\t\t<div id=\"elementor-tab-content-7426\" class=\"elementor-tab-content elementor-clearfix\" data-tab=\"6\" role=\"region\" aria-labelledby=\"elementor-tab-title-7426\"><p><strong>\u00bfPor qu\u00e9 y d\u00f3nde se produce el c\u00e1ncer de colon?<\/strong><br \/>La microarquitectura del colon est\u00e1 formada por las criptas. \u00c9stas tienen en la base (parte m\u00e1s profunda y m\u00e1s alejada de la luz intestinal) c\u00e9lulas progenitoras, o sea, c\u00e9lulas inmaduras que se van diferenciando y finalmente, cuando est\u00e1n diferenciadas, suben a la superficie de las criptas, y se posicionan ya en contacto con la luz intestinal (c\u00e9lulas superficiales maduras).<\/p><p><span style=\"text-decoration: underline;\"><a style=\"color: #454883; text-decoration: underline;\" href=\"https:\/\/www.fundacioolgatorres.org\/es\/patogenia\/\">Ver m\u00e1s<\/a><\/span><\/p><\/div>\n\t\t\t\t<\/div>\n\t\t\t\t\t\t\t<div class=\"elementor-toggle-item\">\n\t\t\t\t\t<div id=\"elementor-tab-title-7427\" class=\"elementor-tab-title\" data-tab=\"7\" role=\"button\" aria-controls=\"elementor-tab-content-7427\" aria-expanded=\"false\">\n\t\t\t\t\t\t\t\t\t\t\t\t<span class=\"elementor-toggle-icon elementor-toggle-icon-left\" aria-hidden=\"true\">\n\t\t\t\t\t\t\t\t\t\t\t\t\t\t\t<span class=\"elementor-toggle-icon-closed\"><i class=\"fas fa-caret-right\"><\/i><\/span>\n\t\t\t\t\t\t\t\t<span class=\"elementor-toggle-icon-opened\"><i class=\"elementor-toggle-icon-opened fas fa-caret-up\"><\/i><\/span>\n\t\t\t\t\t\t\t\t\t\t\t\t\t<\/span>\n\t\t\t\t\t\t\t\t\t\t\t\t<a class=\"elementor-toggle-title\" tabindex=\"0\">Tipos<\/a>\n\t\t\t\t\t<\/div>\n\n\t\t\t\t\t<div id=\"elementor-tab-content-7427\" class=\"elementor-tab-content elementor-clearfix\" data-tab=\"7\" role=\"region\" aria-labelledby=\"elementor-tab-title-7427\"><p>1) La mayor\u00eda son espor\u00e1dicos (75%) y aparecen precipitados por factores ambientales o diet\u00e9ticos. Podemos decir que en la poblaci\u00f3n general se da en un 5% a lo largo de la vida.<\/p><p>2) Entre el 20 \u2013 25% tienen un componente gen\u00e9tico. En algunos casos esto supone una aparici\u00f3n m\u00e1s temprana del tumor que en los casos espor\u00e1dicos. El riesgo que tiene un familiar de primer grado es mayor que el riesgo del resto de la poblaci\u00f3n. Por esto, en esos casos ser\u00e1 obligado conocer la historia familiar.<\/p><p><span style=\"color: #454883;\"><a style=\"color: #454883;\" href=\"https:\/\/www.fundacioolgatorres.org\/es\/tipos-de-cancer-colorrectal\/\"><span style=\"text-decoration: underline;\">Continuar leyendo<\/span><\/a><\/span><\/p><\/div>\n\t\t\t\t<\/div>\n\t\t\t\t\t\t\t<div class=\"elementor-toggle-item\">\n\t\t\t\t\t<div id=\"elementor-tab-title-7428\" class=\"elementor-tab-title\" data-tab=\"8\" role=\"button\" aria-controls=\"elementor-tab-content-7428\" aria-expanded=\"false\">\n\t\t\t\t\t\t\t\t\t\t\t\t<span class=\"elementor-toggle-icon elementor-toggle-icon-left\" aria-hidden=\"true\">\n\t\t\t\t\t\t\t\t\t\t\t\t\t\t\t<span class=\"elementor-toggle-icon-closed\"><i class=\"fas fa-caret-right\"><\/i><\/span>\n\t\t\t\t\t\t\t\t<span class=\"elementor-toggle-icon-opened\"><i class=\"elementor-toggle-icon-opened fas fa-caret-up\"><\/i><\/span>\n\t\t\t\t\t\t\t\t\t\t\t\t\t<\/span>\n\t\t\t\t\t\t\t\t\t\t\t\t<a class=\"elementor-toggle-title\" tabindex=\"0\">Familias con s\u00edndromes hereditarios<\/a>\n\t\t\t\t\t<\/div>\n\n\t\t\t\t\t<div id=\"elementor-tab-content-7428\" class=\"elementor-tab-content elementor-clearfix\" data-tab=\"8\" role=\"region\" aria-labelledby=\"elementor-tab-title-7428\"><p><strong>\u00bfQu\u00e9 se debe hacer cuando se sospecha la existencia de un c\u00e0ncer colorrectal familiar?<\/strong><\/p><p>Acudir al m\u00e9dico especialista, y solicitar una evaluaci\u00f3n del riesgo.<\/p><p><strong>\u00bfQui\u00e9n decide a qu\u00e9 familiares hay que estudiar?<\/strong><\/p><p>El m\u00e9dico especialista.<\/p><p><strong>Pero, \u00bfpor qu\u00e9 hay necesidad de realizar el estudio gen\u00e9tico?<\/strong><\/p><p>Porque pretende identificar a personas con alta probabilidad de presentar alteraciones gen\u00e9ticas asociadas. Sabiendo qui\u00e9n tiene \u201cm\u00e1s puntos\u201d, se har\u00e1 un seguimiento m\u00e1s a corto plazo en plan preventivo, para poder detectar a tiempo cualquier alteraci\u00f3n.<\/p><p><strong>\u00bfQui\u00e9n debe realizar el \u201cscreening\u201d \u2013el \u201crastreo\u201do seguimiento?<\/strong><\/p><p>El m\u00e9dico especialista.<\/p><\/div>\n\t\t\t\t<\/div>\n\t\t\t\t\t\t\t\t<\/div>\n\t\t\t\t\t\t<\/div>\n\t\t\t\t<\/div>\n\t\t\t\t\t<\/div>\n\t\t<\/div>\n\t\t\t\t\t<\/div>\n\t\t<\/section>\n\t\t\t\t<section class=\"elementor-section elementor-top-section elementor-element elementor-element-65062e0 elementor-section-boxed elementor-section-height-default elementor-section-height-default\" data-id=\"65062e0\" data-element_type=\"section\" data-e-type=\"section\">\n\t\t\t\t\t\t<div class=\"elementor-container elementor-column-gap-default\">\n\t\t\t\t\t<div class=\"elementor-column elementor-col-100 elementor-top-column elementor-element elementor-element-71475d2\" data-id=\"71475d2\" data-element_type=\"column\" data-e-type=\"column\">\n\t\t\t<div class=\"elementor-widget-wrap elementor-element-populated\">\n\t\t\t\t\t\t<div class=\"elementor-element elementor-element-294e2a7 elementor-widget elementor-widget-spacer\" data-id=\"294e2a7\" data-element_type=\"widget\" data-e-type=\"widget\" data-widget_type=\"spacer.default\">\n\t\t\t\t<div class=\"elementor-widget-container\">\n\t\t\t\t\t\t\t<div class=\"elementor-spacer\">\n\t\t\t<div class=\"elementor-spacer-inner\"><\/div>\n\t\t<\/div>\n\t\t\t\t\t\t<\/div>\n\t\t\t\t<\/div>\n\t\t\t\t\t<\/div>\n\t\t<\/div>\n\t\t\t\t\t<\/div>\n\t\t<\/section>\n\t\t\t\t<section class=\"elementor-section elementor-top-section elementor-element elementor-element-4ca53c5 elementor-section-boxed elementor-section-height-default elementor-section-height-default\" data-id=\"4ca53c5\" data-element_type=\"section\" data-e-type=\"section\" data-settings=\"{&quot;background_background&quot;:&quot;classic&quot;}\">\n\t\t\t\t\t\t<div class=\"elementor-container elementor-column-gap-default\">\n\t\t\t\t\t<div class=\"elementor-column elementor-col-100 elementor-top-column elementor-element elementor-element-874b288\" data-id=\"874b288\" data-element_type=\"column\" data-e-type=\"column\">\n\t\t\t<div class=\"elementor-widget-wrap elementor-element-populated\">\n\t\t\t\t\t\t<div class=\"elementor-element elementor-element-1ff60f3 elementor-widget elementor-widget-heading\" data-id=\"1ff60f3\" data-element_type=\"widget\" data-e-type=\"widget\" data-widget_type=\"heading.default\">\n\t\t\t\t<div class=\"elementor-widget-container\">\n\t\t\t\t\t<h2 class=\"elementor-heading-title elementor-size-default\">M\u00e9todos Diagn\u00f3stico<\/h2>\t\t\t\t<\/div>\n\t\t\t\t<\/div>\n\t\t\t\t<section class=\"elementor-section elementor-inner-section elementor-element elementor-element-0ba2cb8 elementor-hidden-desktop elementor-hidden-mobile elementor-section-boxed elementor-section-height-default elementor-section-height-default\" data-id=\"0ba2cb8\" data-element_type=\"section\" data-e-type=\"section\">\n\t\t\t\t\t\t<div class=\"elementor-container elementor-column-gap-no\">\n\t\t\t\t\t<div class=\"elementor-column elementor-col-50 elementor-inner-column elementor-element elementor-element-a6cda3c elementor-invisible\" data-id=\"a6cda3c\" data-element_type=\"column\" data-e-type=\"column\" data-settings=\"{&quot;background_background&quot;:&quot;classic&quot;,&quot;animation&quot;:&quot;fadeIn&quot;}\">\n\t\t\t<div class=\"elementor-widget-wrap elementor-element-populated\">\n\t\t\t\t\t\t<div class=\"elementor-element elementor-element-a46cbe8 elementor-widget elementor-widget-spacer\" data-id=\"a46cbe8\" data-element_type=\"widget\" data-e-type=\"widget\" data-widget_type=\"spacer.default\">\n\t\t\t\t<div class=\"elementor-widget-container\">\n\t\t\t\t\t\t\t<div class=\"elementor-spacer\">\n\t\t\t<div class=\"elementor-spacer-inner\"><\/div>\n\t\t<\/div>\n\t\t\t\t\t\t<\/div>\n\t\t\t\t<\/div>\n\t\t\t\t<div class=\"elementor-element elementor-element-282bc48 elementor-widget elementor-widget-heading\" data-id=\"282bc48\" data-element_type=\"widget\" data-e-type=\"widget\" data-widget_type=\"heading.default\">\n\t\t\t\t<div class=\"elementor-widget-container\">\n\t\t\t\t\t<h2 class=\"elementor-heading-title elementor-size-large\">Colonoscopia<\/h2>\t\t\t\t<\/div>\n\t\t\t\t<\/div>\n\t\t\t\t<div class=\"elementor-element elementor-element-4a2cfb5 elementor-widget elementor-widget-heading\" data-id=\"4a2cfb5\" data-element_type=\"widget\" data-e-type=\"widget\" data-widget_type=\"heading.default\">\n\t\t\t\t<div class=\"elementor-widget-container\">\n\t\t\t\t\t<h2 class=\"elementor-heading-title elementor-size-large\">autor\/es: Dra. M\u00aa del Carmen Pe\u00f1a Cala, Dr. Javier Nebreda<\/h2>\t\t\t\t<\/div>\n\t\t\t\t<\/div>\n\t\t\t\t<div class=\"elementor-element elementor-element-477bfc4 elementor-widget elementor-widget-text-editor\" data-id=\"477bfc4\" data-element_type=\"widget\" data-e-type=\"widget\" data-widget_type=\"text-editor.default\">\n\t\t\t\t<div class=\"elementor-widget-container\">\n\t\t\t\t\t\t\t\t\t<p>Es un examen interno del colon, empleando un instrumento llamado colonoscopio, que consiste en una peque\u00f1a c\u00e1mara adherida a un tubo flexible. <\/p>\t\t\t\t\t\t\t\t<\/div>\n\t\t\t\t<\/div>\n\t\t\t\t<div class=\"elementor-element elementor-element-5eb6c55 elementor-align-center elementor-widget elementor-widget-button\" data-id=\"5eb6c55\" data-element_type=\"widget\" data-e-type=\"widget\" data-widget_type=\"button.default\">\n\t\t\t\t<div class=\"elementor-widget-container\">\n\t\t\t\t\t\t\t\t\t<div class=\"elementor-button-wrapper\">\n\t\t\t\t\t<a class=\"elementor-button elementor-button-link elementor-size-sm\" href=\"https:\/\/www.fundacioolgatorres.org\/es\/colonoscopia\/\">\n\t\t\t\t\t\t<span class=\"elementor-button-content-wrapper\">\n\t\t\t\t\t\t\t\t\t<span class=\"elementor-button-text\">Quiero saber m\u00e1s<\/span>\n\t\t\t\t\t<\/span>\n\t\t\t\t\t<\/a>\n\t\t\t\t<\/div>\n\t\t\t\t\t\t\t\t<\/div>\n\t\t\t\t<\/div>\n\t\t\t\t\t<\/div>\n\t\t<\/div>\n\t\t\t\t<div class=\"elementor-column elementor-col-50 elementor-inner-column elementor-element elementor-element-8923470 elementor-invisible\" data-id=\"8923470\" data-element_type=\"column\" data-e-type=\"column\" data-settings=\"{&quot;background_background&quot;:&quot;classic&quot;,&quot;animation&quot;:&quot;fadeIn&quot;}\">\n\t\t\t<div class=\"elementor-widget-wrap elementor-element-populated\">\n\t\t\t\t\t\t<div class=\"elementor-element elementor-element-a9451b7 elementor-widget elementor-widget-spacer\" data-id=\"a9451b7\" data-element_type=\"widget\" data-e-type=\"widget\" data-widget_type=\"spacer.default\">\n\t\t\t\t<div class=\"elementor-widget-container\">\n\t\t\t\t\t\t\t<div class=\"elementor-spacer\">\n\t\t\t<div class=\"elementor-spacer-inner\"><\/div>\n\t\t<\/div>\n\t\t\t\t\t\t<\/div>\n\t\t\t\t<\/div>\n\t\t\t\t<div class=\"elementor-element elementor-element-5d866ea elementor-widget elementor-widget-heading\" data-id=\"5d866ea\" data-element_type=\"widget\" data-e-type=\"widget\" data-widget_type=\"heading.default\">\n\t\t\t\t<div class=\"elementor-widget-container\">\n\t\t\t\t\t<h2 class=\"elementor-heading-title elementor-size-large\">Colonoscopia virtual<\/h2>\t\t\t\t<\/div>\n\t\t\t\t<\/div>\n\t\t\t\t<div class=\"elementor-element elementor-element-dc7f920 elementor-widget elementor-widget-heading\" data-id=\"dc7f920\" data-element_type=\"widget\" data-e-type=\"widget\" data-widget_type=\"heading.default\">\n\t\t\t\t<div class=\"elementor-widget-container\">\n\t\t\t\t\t<h2 class=\"elementor-heading-title elementor-size-large\">autor\/es: Dra. Dolores Maluenda<\/h2>\t\t\t\t<\/div>\n\t\t\t\t<\/div>\n\t\t\t\t<div class=\"elementor-element elementor-element-50a7aee elementor-widget elementor-widget-text-editor\" data-id=\"50a7aee\" data-element_type=\"widget\" data-e-type=\"widget\" data-widget_type=\"text-editor.default\">\n\t\t\t\t<div class=\"elementor-widget-container\">\n\t\t\t\t\t\t\t\t\t<p>Es un esc\u00e1ner o TAC (tomograf\u00eda axial computarizada) -radiograf\u00eda computarizada-, que tiene como novedad el hecho de que la imagen \u201cfotografiada\u201d<\/p>\t\t\t\t\t\t\t\t<\/div>\n\t\t\t\t<\/div>\n\t\t\t\t<div class=\"elementor-element elementor-element-1b7f81c elementor-align-center elementor-widget elementor-widget-button\" data-id=\"1b7f81c\" data-element_type=\"widget\" data-e-type=\"widget\" data-widget_type=\"button.default\">\n\t\t\t\t<div class=\"elementor-widget-container\">\n\t\t\t\t\t\t\t\t\t<div class=\"elementor-button-wrapper\">\n\t\t\t\t\t<a class=\"elementor-button elementor-button-link elementor-size-sm\" href=\"https:\/\/www.fundacioolgatorres.org\/es\/colonoscopia-virtual\/\">\n\t\t\t\t\t\t<span class=\"elementor-button-content-wrapper\">\n\t\t\t\t\t\t\t\t\t<span class=\"elementor-button-text\">Quiero saber m\u00e1s<\/span>\n\t\t\t\t\t<\/span>\n\t\t\t\t\t<\/a>\n\t\t\t\t<\/div>\n\t\t\t\t\t\t\t\t<\/div>\n\t\t\t\t<\/div>\n\t\t\t\t\t<\/div>\n\t\t<\/div>\n\t\t\t\t\t<\/div>\n\t\t<\/section>\n\t\t\t\t<section class=\"elementor-section elementor-inner-section elementor-element elementor-element-70b6b8c elementor-hidden-desktop elementor-hidden-mobile elementor-section-boxed elementor-section-height-default elementor-section-height-default\" data-id=\"70b6b8c\" data-element_type=\"section\" data-e-type=\"section\">\n\t\t\t\t\t\t<div class=\"elementor-container elementor-column-gap-no\">\n\t\t\t\t\t<div class=\"elementor-column elementor-col-50 elementor-inner-column elementor-element elementor-element-146db14 elementor-invisible\" data-id=\"146db14\" data-element_type=\"column\" data-e-type=\"column\" data-settings=\"{&quot;background_background&quot;:&quot;classic&quot;,&quot;animation&quot;:&quot;fadeIn&quot;}\">\n\t\t\t<div class=\"elementor-widget-wrap elementor-element-populated\">\n\t\t\t\t\t\t<div class=\"elementor-element elementor-element-3bb36cb elementor-widget elementor-widget-spacer\" data-id=\"3bb36cb\" data-element_type=\"widget\" data-e-type=\"widget\" data-widget_type=\"spacer.default\">\n\t\t\t\t<div class=\"elementor-widget-container\">\n\t\t\t\t\t\t\t<div class=\"elementor-spacer\">\n\t\t\t<div class=\"elementor-spacer-inner\"><\/div>\n\t\t<\/div>\n\t\t\t\t\t\t<\/div>\n\t\t\t\t<\/div>\n\t\t\t\t<div class=\"elementor-element elementor-element-bffd882 elementor-widget elementor-widget-heading\" data-id=\"bffd882\" data-element_type=\"widget\" data-e-type=\"widget\" data-widget_type=\"heading.default\">\n\t\t\t\t<div class=\"elementor-widget-container\">\n\t\t\t\t\t<h2 class=\"elementor-heading-title elementor-size-large\">Sigmoidoscopia flexible<\/h2>\t\t\t\t<\/div>\n\t\t\t\t<\/div>\n\t\t\t\t<div class=\"elementor-element elementor-element-a352c63 elementor-widget elementor-widget-heading\" data-id=\"a352c63\" data-element_type=\"widget\" data-e-type=\"widget\" data-widget_type=\"heading.default\">\n\t\t\t\t<div class=\"elementor-widget-container\">\n\t\t\t\t\t<h2 class=\"elementor-heading-title elementor-size-large\">autor\/es: Dr. Javier Nebreda<\/h2>\t\t\t\t<\/div>\n\t\t\t\t<\/div>\n\t\t\t\t<div class=\"elementor-element elementor-element-ddf7d16 elementor-widget elementor-widget-text-editor\" data-id=\"ddf7d16\" data-element_type=\"widget\" data-e-type=\"widget\" data-widget_type=\"text-editor.default\">\n\t\t\t\t<div class=\"elementor-widget-container\">\n\t\t\t\t\t\t\t\t\t<p>Esta t\u00e9cnica consiste en introducir un tubo delgado con luz a trav\u00e9s del recto hasta unos 60 cent\u00edmetros en busca de p\u00f3lipos, \u00e1reas anormales y c\u00e1ncer. <\/p>\t\t\t\t\t\t\t\t<\/div>\n\t\t\t\t<\/div>\n\t\t\t\t<div class=\"elementor-element elementor-element-ee91ded elementor-align-center elementor-widget elementor-widget-button\" data-id=\"ee91ded\" data-element_type=\"widget\" data-e-type=\"widget\" data-widget_type=\"button.default\">\n\t\t\t\t<div class=\"elementor-widget-container\">\n\t\t\t\t\t\t\t\t\t<div class=\"elementor-button-wrapper\">\n\t\t\t\t\t<a class=\"elementor-button elementor-button-link elementor-size-sm\" href=\"https:\/\/www.fundacioolgatorres.org\/metodes-diagnosi\/#sigmoidoscopia\">\n\t\t\t\t\t\t<span class=\"elementor-button-content-wrapper\">\n\t\t\t\t\t\t\t\t\t<span class=\"elementor-button-text\">Quiero saber m\u00e1s<\/span>\n\t\t\t\t\t<\/span>\n\t\t\t\t\t<\/a>\n\t\t\t\t<\/div>\n\t\t\t\t\t\t\t\t<\/div>\n\t\t\t\t<\/div>\n\t\t\t\t\t<\/div>\n\t\t<\/div>\n\t\t\t\t<div class=\"elementor-column elementor-col-50 elementor-inner-column elementor-element elementor-element-71fef4c elementor-invisible\" data-id=\"71fef4c\" data-element_type=\"column\" data-e-type=\"column\" data-settings=\"{&quot;background_background&quot;:&quot;classic&quot;,&quot;animation&quot;:&quot;fadeIn&quot;}\">\n\t\t\t<div class=\"elementor-widget-wrap elementor-element-populated\">\n\t\t\t\t\t\t<div class=\"elementor-element elementor-element-65b2ae4 elementor-widget elementor-widget-spacer\" data-id=\"65b2ae4\" data-element_type=\"widget\" data-e-type=\"widget\" data-widget_type=\"spacer.default\">\n\t\t\t\t<div class=\"elementor-widget-container\">\n\t\t\t\t\t\t\t<div class=\"elementor-spacer\">\n\t\t\t<div class=\"elementor-spacer-inner\"><\/div>\n\t\t<\/div>\n\t\t\t\t\t\t<\/div>\n\t\t\t\t<\/div>\n\t\t\t\t<div class=\"elementor-element elementor-element-beb7be5 elementor-widget elementor-widget-heading\" data-id=\"beb7be5\" data-element_type=\"widget\" data-e-type=\"widget\" data-widget_type=\"heading.default\">\n\t\t\t\t<div class=\"elementor-widget-container\">\n\t\t\t\t\t<h2 class=\"elementor-heading-title elementor-size-large\">Enema opaco<\/h2>\t\t\t\t<\/div>\n\t\t\t\t<\/div>\n\t\t\t\t<div class=\"elementor-element elementor-element-9166f46 elementor-widget elementor-widget-heading\" data-id=\"9166f46\" data-element_type=\"widget\" data-e-type=\"widget\" data-widget_type=\"heading.default\">\n\t\t\t\t<div class=\"elementor-widget-container\">\n\t\t\t\t\t<h2 class=\"elementor-heading-title elementor-size-large\">autor\/es: Dra. Dolores Maluenda Colomer<\/h2>\t\t\t\t<\/div>\n\t\t\t\t<\/div>\n\t\t\t\t<div class=\"elementor-element elementor-element-94ed3e1 elementor-widget elementor-widget-text-editor\" data-id=\"94ed3e1\" data-element_type=\"widget\" data-e-type=\"widget\" data-widget_type=\"text-editor.default\">\n\t\t\t\t<div class=\"elementor-widget-container\">\n\t\t\t\t\t\t\t\t\t<p>Es una t\u00e9cnica radiol\u00f3gica que permite ver la silueta del colon despu\u00e9s de la introducci\u00f3n de un contraste baritado por el recto.<\/p>\t\t\t\t\t\t\t\t<\/div>\n\t\t\t\t<\/div>\n\t\t\t\t<div class=\"elementor-element elementor-element-b4075a7 elementor-align-center elementor-widget elementor-widget-button\" data-id=\"b4075a7\" data-element_type=\"widget\" data-e-type=\"widget\" data-widget_type=\"button.default\">\n\t\t\t\t<div class=\"elementor-widget-container\">\n\t\t\t\t\t\t\t\t\t<div class=\"elementor-button-wrapper\">\n\t\t\t\t\t<a class=\"elementor-button elementor-button-link elementor-size-sm\" href=\"https:\/\/www.fundacioolgatorres.org\/es\/metodos-diagnosticos\/\">\n\t\t\t\t\t\t<span class=\"elementor-button-content-wrapper\">\n\t\t\t\t\t\t\t\t\t<span class=\"elementor-button-text\">Quiero saber m\u00e1s<\/span>\n\t\t\t\t\t<\/span>\n\t\t\t\t\t<\/a>\n\t\t\t\t<\/div>\n\t\t\t\t\t\t\t\t<\/div>\n\t\t\t\t<\/div>\n\t\t\t\t\t<\/div>\n\t\t<\/div>\n\t\t\t\t\t<\/div>\n\t\t<\/section>\n\t\t\t\t<section class=\"elementor-section elementor-inner-section elementor-element elementor-element-4c0e663 elementor-hidden-desktop elementor-hidden-mobile elementor-section-boxed elementor-section-height-default elementor-section-height-default\" data-id=\"4c0e663\" data-element_type=\"section\" data-e-type=\"section\">\n\t\t\t\t\t\t<div class=\"elementor-container elementor-column-gap-no\">\n\t\t\t\t\t<div class=\"elementor-column elementor-col-50 elementor-inner-column elementor-element elementor-element-33277f3 elementor-invisible\" data-id=\"33277f3\" data-element_type=\"column\" data-e-type=\"column\" data-settings=\"{&quot;background_background&quot;:&quot;classic&quot;,&quot;animation&quot;:&quot;fadeIn&quot;}\">\n\t\t\t<div class=\"elementor-widget-wrap elementor-element-populated\">\n\t\t\t\t\t\t<div class=\"elementor-element elementor-element-b00ff59 elementor-widget elementor-widget-spacer\" data-id=\"b00ff59\" data-element_type=\"widget\" data-e-type=\"widget\" data-widget_type=\"spacer.default\">\n\t\t\t\t<div class=\"elementor-widget-container\">\n\t\t\t\t\t\t\t<div class=\"elementor-spacer\">\n\t\t\t<div class=\"elementor-spacer-inner\"><\/div>\n\t\t<\/div>\n\t\t\t\t\t\t<\/div>\n\t\t\t\t<\/div>\n\t\t\t\t<div class=\"elementor-element elementor-element-6f4085b elementor-widget elementor-widget-heading\" data-id=\"6f4085b\" data-element_type=\"widget\" data-e-type=\"widget\" data-widget_type=\"heading.default\">\n\t\t\t\t<div class=\"elementor-widget-container\">\n\t\t\t\t\t<h2 class=\"elementor-heading-title elementor-size-large\">Tacto rectal<\/h2>\t\t\t\t<\/div>\n\t\t\t\t<\/div>\n\t\t\t\t<div class=\"elementor-element elementor-element-af58a85 elementor-widget elementor-widget-heading\" data-id=\"af58a85\" data-element_type=\"widget\" data-e-type=\"widget\" data-widget_type=\"heading.default\">\n\t\t\t\t<div class=\"elementor-widget-container\">\n\t\t\t\t\t<h2 class=\"elementor-heading-title elementor-size-large\">autor\/es: Dra. Dolores Maluenda Colomer<\/h2>\t\t\t\t<\/div>\n\t\t\t\t<\/div>\n\t\t\t\t<div class=\"elementor-element elementor-element-3bb35c6 elementor-widget elementor-widget-text-editor\" data-id=\"3bb35c6\" data-element_type=\"widget\" data-e-type=\"widget\" data-widget_type=\"text-editor.default\">\n\t\t\t\t<div class=\"elementor-widget-container\">\n\t\t\t\t\t\t\t\t\t\nConsiste en un examen del recto. El doctor en cuesti\u00f3n introduce un dedo protegido con un guante lubricado a trav\u00e9s del recto en busca de masas o \u00e1reas anormales.\t\t\t\t\t\t\t\t<\/div>\n\t\t\t\t<\/div>\n\t\t\t\t<div class=\"elementor-element elementor-element-624b24c elementor-align-center elementor-widget elementor-widget-button\" data-id=\"624b24c\" data-element_type=\"widget\" data-e-type=\"widget\" data-widget_type=\"button.default\">\n\t\t\t\t<div class=\"elementor-widget-container\">\n\t\t\t\t\t\t\t\t\t<div class=\"elementor-button-wrapper\">\n\t\t\t\t\t<a class=\"elementor-button elementor-button-link elementor-size-sm\" href=\"https:\/\/www.fundacioolgatorres.org\/es\/metodos-diagnosticos\/\">\n\t\t\t\t\t\t<span class=\"elementor-button-content-wrapper\">\n\t\t\t\t\t\t\t\t\t<span class=\"elementor-button-text\">Quiero saber m\u00e1s<\/span>\n\t\t\t\t\t<\/span>\n\t\t\t\t\t<\/a>\n\t\t\t\t<\/div>\n\t\t\t\t\t\t\t\t<\/div>\n\t\t\t\t<\/div>\n\t\t\t\t\t<\/div>\n\t\t<\/div>\n\t\t\t\t<div class=\"elementor-column elementor-col-50 elementor-inner-column elementor-element elementor-element-5a0845f elementor-invisible\" data-id=\"5a0845f\" data-element_type=\"column\" data-e-type=\"column\" data-settings=\"{&quot;background_background&quot;:&quot;classic&quot;,&quot;animation&quot;:&quot;fadeIn&quot;}\">\n\t\t\t<div class=\"elementor-widget-wrap elementor-element-populated\">\n\t\t\t\t\t\t<div class=\"elementor-element elementor-element-0fedc22 elementor-widget elementor-widget-spacer\" data-id=\"0fedc22\" data-element_type=\"widget\" data-e-type=\"widget\" data-widget_type=\"spacer.default\">\n\t\t\t\t<div class=\"elementor-widget-container\">\n\t\t\t\t\t\t\t<div class=\"elementor-spacer\">\n\t\t\t<div class=\"elementor-spacer-inner\"><\/div>\n\t\t<\/div>\n\t\t\t\t\t\t<\/div>\n\t\t\t\t<\/div>\n\t\t\t\t<div class=\"elementor-element elementor-element-80b6147 elementor-widget elementor-widget-heading\" data-id=\"80b6147\" data-element_type=\"widget\" data-e-type=\"widget\" data-widget_type=\"heading.default\">\n\t\t\t\t<div class=\"elementor-widget-container\">\n\t\t\t\t\t<h2 class=\"elementor-heading-title elementor-size-large\">Histolog\u00eda<\/h2>\t\t\t\t<\/div>\n\t\t\t\t<\/div>\n\t\t\t\t<div class=\"elementor-element elementor-element-9883f47 elementor-widget elementor-widget-heading\" data-id=\"9883f47\" data-element_type=\"widget\" data-e-type=\"widget\" data-widget_type=\"heading.default\">\n\t\t\t\t<div class=\"elementor-widget-container\">\n\t\t\t\t\t<h2 class=\"elementor-heading-title elementor-size-large\">autor\/es: Dr. Javier Nebreda<\/h2>\t\t\t\t<\/div>\n\t\t\t\t<\/div>\n\t\t\t\t<div class=\"elementor-element elementor-element-39f65bb elementor-widget elementor-widget-text-editor\" data-id=\"39f65bb\" data-element_type=\"widget\" data-e-type=\"widget\" data-widget_type=\"text-editor.default\">\n\t\t\t\t<div class=\"elementor-widget-container\">\n\t\t\t\t\t\t\t\t\t<p>\u00bfQu\u00e9 es un p\u00f3lipo? \u00bfQu\u00e9 p\u00f3lipos tienen mayor riesgo de malignizar? \u00bfQu\u00e9 tipos histol\u00f3gicos existen de c\u00e1ncer colorrectal?<\/p>\t\t\t\t\t\t\t\t<\/div>\n\t\t\t\t<\/div>\n\t\t\t\t<div class=\"elementor-element elementor-element-ede911a elementor-align-center elementor-widget elementor-widget-button\" data-id=\"ede911a\" data-element_type=\"widget\" data-e-type=\"widget\" data-widget_type=\"button.default\">\n\t\t\t\t<div class=\"elementor-widget-container\">\n\t\t\t\t\t\t\t\t\t<div class=\"elementor-button-wrapper\">\n\t\t\t\t\t<a class=\"elementor-button elementor-button-link elementor-size-sm\" href=\"https:\/\/www.fundacioolgatorres.org\/es\/histologia\/\">\n\t\t\t\t\t\t<span class=\"elementor-button-content-wrapper\">\n\t\t\t\t\t\t\t\t\t<span class=\"elementor-button-text\">Quiero saber m\u00e1s<\/span>\n\t\t\t\t\t<\/span>\n\t\t\t\t\t<\/a>\n\t\t\t\t<\/div>\n\t\t\t\t\t\t\t\t<\/div>\n\t\t\t\t<\/div>\n\t\t\t\t\t<\/div>\n\t\t<\/div>\n\t\t\t\t\t<\/div>\n\t\t<\/section>\n\t\t\t\t<section class=\"elementor-section elementor-inner-section elementor-element elementor-element-90c3d70 elementor-hidden-tablet elementor-section-boxed elementor-section-height-default elementor-section-height-default\" data-id=\"90c3d70\" data-element_type=\"section\" data-e-type=\"section\">\n\t\t\t\t\t\t<div class=\"elementor-container elementor-column-gap-no\">\n\t\t\t\t\t<div class=\"elementor-column elementor-col-33 elementor-inner-column elementor-element elementor-element-b36d989 elementor-invisible\" data-id=\"b36d989\" data-element_type=\"column\" data-e-type=\"column\" data-settings=\"{&quot;background_background&quot;:&quot;classic&quot;,&quot;animation&quot;:&quot;fadeIn&quot;}\">\n\t\t\t<div class=\"elementor-widget-wrap elementor-element-populated\">\n\t\t\t\t\t\t<div class=\"elementor-element elementor-element-d575c3e elementor-widget elementor-widget-spacer\" data-id=\"d575c3e\" data-element_type=\"widget\" data-e-type=\"widget\" data-widget_type=\"spacer.default\">\n\t\t\t\t<div class=\"elementor-widget-container\">\n\t\t\t\t\t\t\t<div class=\"elementor-spacer\">\n\t\t\t<div class=\"elementor-spacer-inner\"><\/div>\n\t\t<\/div>\n\t\t\t\t\t\t<\/div>\n\t\t\t\t<\/div>\n\t\t\t\t<div class=\"elementor-element elementor-element-21af128 elementor-widget elementor-widget-heading\" data-id=\"21af128\" data-element_type=\"widget\" data-e-type=\"widget\" data-widget_type=\"heading.default\">\n\t\t\t\t<div class=\"elementor-widget-container\">\n\t\t\t\t\t<h2 class=\"elementor-heading-title elementor-size-large\">Colonoscopia<\/h2>\t\t\t\t<\/div>\n\t\t\t\t<\/div>\n\t\t\t\t<div class=\"elementor-element elementor-element-0305afe elementor-widget elementor-widget-heading\" data-id=\"0305afe\" data-element_type=\"widget\" data-e-type=\"widget\" data-widget_type=\"heading.default\">\n\t\t\t\t<div class=\"elementor-widget-container\">\n\t\t\t\t\t<h2 class=\"elementor-heading-title elementor-size-large\">autor\/es: Dra. M\u00aa del Carmen Pe\u00f1a Cala, Dr. Javier Nebreda<\/h2>\t\t\t\t<\/div>\n\t\t\t\t<\/div>\n\t\t\t\t<div class=\"elementor-element elementor-element-79b7aab elementor-widget elementor-widget-text-editor\" data-id=\"79b7aab\" data-element_type=\"widget\" data-e-type=\"widget\" data-widget_type=\"text-editor.default\">\n\t\t\t\t<div class=\"elementor-widget-container\">\n\t\t\t\t\t\t\t\t\t<p>Es un examen interno del colon, empleando un instrumento llamado colonoscopio, que consiste en una peque\u00f1a c\u00e1mara adherida a un tubo flexible. <\/p>\t\t\t\t\t\t\t\t<\/div>\n\t\t\t\t<\/div>\n\t\t\t\t<div class=\"elementor-element elementor-element-3585489 elementor-align-center elementor-widget elementor-widget-button\" data-id=\"3585489\" data-element_type=\"widget\" data-e-type=\"widget\" data-widget_type=\"button.default\">\n\t\t\t\t<div class=\"elementor-widget-container\">\n\t\t\t\t\t\t\t\t\t<div class=\"elementor-button-wrapper\">\n\t\t\t\t\t<a class=\"elementor-button elementor-button-link elementor-size-sm\" href=\"https:\/\/www.fundacioolgatorres.org\/es\/colonoscopia\/\">\n\t\t\t\t\t\t<span class=\"elementor-button-content-wrapper\">\n\t\t\t\t\t\t\t\t\t<span class=\"elementor-button-text\">Quiero saber m\u00e1s<\/span>\n\t\t\t\t\t<\/span>\n\t\t\t\t\t<\/a>\n\t\t\t\t<\/div>\n\t\t\t\t\t\t\t\t<\/div>\n\t\t\t\t<\/div>\n\t\t\t\t\t<\/div>\n\t\t<\/div>\n\t\t\t\t<div class=\"elementor-column elementor-col-33 elementor-inner-column elementor-element elementor-element-50f8943 elementor-invisible\" data-id=\"50f8943\" data-element_type=\"column\" data-e-type=\"column\" data-settings=\"{&quot;background_background&quot;:&quot;classic&quot;,&quot;animation&quot;:&quot;fadeIn&quot;}\">\n\t\t\t<div class=\"elementor-widget-wrap elementor-element-populated\">\n\t\t\t\t\t\t<div class=\"elementor-element elementor-element-c4bd5f4 elementor-widget elementor-widget-spacer\" data-id=\"c4bd5f4\" data-element_type=\"widget\" data-e-type=\"widget\" data-widget_type=\"spacer.default\">\n\t\t\t\t<div class=\"elementor-widget-container\">\n\t\t\t\t\t\t\t<div class=\"elementor-spacer\">\n\t\t\t<div class=\"elementor-spacer-inner\"><\/div>\n\t\t<\/div>\n\t\t\t\t\t\t<\/div>\n\t\t\t\t<\/div>\n\t\t\t\t<div class=\"elementor-element elementor-element-4e7c11b elementor-widget elementor-widget-heading\" data-id=\"4e7c11b\" data-element_type=\"widget\" data-e-type=\"widget\" data-widget_type=\"heading.default\">\n\t\t\t\t<div class=\"elementor-widget-container\">\n\t\t\t\t\t<h2 class=\"elementor-heading-title elementor-size-large\">Colonoscopia virtual<\/h2>\t\t\t\t<\/div>\n\t\t\t\t<\/div>\n\t\t\t\t<div class=\"elementor-element elementor-element-077f491 elementor-widget elementor-widget-heading\" data-id=\"077f491\" data-element_type=\"widget\" data-e-type=\"widget\" data-widget_type=\"heading.default\">\n\t\t\t\t<div class=\"elementor-widget-container\">\n\t\t\t\t\t<h2 class=\"elementor-heading-title elementor-size-large\">autor\/es: Dra. Dolores Maluenda<\/h2>\t\t\t\t<\/div>\n\t\t\t\t<\/div>\n\t\t\t\t<div class=\"elementor-element elementor-element-03c10c9 elementor-widget elementor-widget-text-editor\" data-id=\"03c10c9\" data-element_type=\"widget\" data-e-type=\"widget\" data-widget_type=\"text-editor.default\">\n\t\t\t\t<div class=\"elementor-widget-container\">\n\t\t\t\t\t\t\t\t\t<p>Es un esc\u00e1ner o TAC (tomograf\u00eda axial computarizada) -radiograf\u00eda computarizada-, que tiene como novedad el hecho de que la imagen \u201cfotografiada\u201d<\/p>\t\t\t\t\t\t\t\t<\/div>\n\t\t\t\t<\/div>\n\t\t\t\t<div class=\"elementor-element elementor-element-12b5602 elementor-align-center elementor-widget elementor-widget-button\" data-id=\"12b5602\" data-element_type=\"widget\" data-e-type=\"widget\" data-widget_type=\"button.default\">\n\t\t\t\t<div class=\"elementor-widget-container\">\n\t\t\t\t\t\t\t\t\t<div class=\"elementor-button-wrapper\">\n\t\t\t\t\t<a class=\"elementor-button elementor-button-link elementor-size-sm\" href=\"https:\/\/www.fundacioolgatorres.org\/es\/colonoscopia-virtual\/\">\n\t\t\t\t\t\t<span class=\"elementor-button-content-wrapper\">\n\t\t\t\t\t\t\t\t\t<span class=\"elementor-button-text\">Quiero saber m\u00e1s<\/span>\n\t\t\t\t\t<\/span>\n\t\t\t\t\t<\/a>\n\t\t\t\t<\/div>\n\t\t\t\t\t\t\t\t<\/div>\n\t\t\t\t<\/div>\n\t\t\t\t\t<\/div>\n\t\t<\/div>\n\t\t\t\t<div class=\"elementor-column elementor-col-33 elementor-inner-column elementor-element elementor-element-5266de8 elementor-invisible\" data-id=\"5266de8\" data-element_type=\"column\" data-e-type=\"column\" data-settings=\"{&quot;background_background&quot;:&quot;classic&quot;,&quot;animation&quot;:&quot;fadeIn&quot;}\">\n\t\t\t<div class=\"elementor-widget-wrap elementor-element-populated\">\n\t\t\t\t\t\t<div class=\"elementor-element elementor-element-91b56da elementor-widget elementor-widget-spacer\" data-id=\"91b56da\" data-element_type=\"widget\" data-e-type=\"widget\" data-widget_type=\"spacer.default\">\n\t\t\t\t<div class=\"elementor-widget-container\">\n\t\t\t\t\t\t\t<div class=\"elementor-spacer\">\n\t\t\t<div class=\"elementor-spacer-inner\"><\/div>\n\t\t<\/div>\n\t\t\t\t\t\t<\/div>\n\t\t\t\t<\/div>\n\t\t\t\t<div class=\"elementor-element elementor-element-ba9e8cf elementor-widget elementor-widget-heading\" data-id=\"ba9e8cf\" data-element_type=\"widget\" data-e-type=\"widget\" data-widget_type=\"heading.default\">\n\t\t\t\t<div class=\"elementor-widget-container\">\n\t\t\t\t\t<h2 class=\"elementor-heading-title elementor-size-large\">Sigmoidoscopia flexible<\/h2>\t\t\t\t<\/div>\n\t\t\t\t<\/div>\n\t\t\t\t<div class=\"elementor-element elementor-element-47f9b2d elementor-widget elementor-widget-heading\" data-id=\"47f9b2d\" data-element_type=\"widget\" data-e-type=\"widget\" data-widget_type=\"heading.default\">\n\t\t\t\t<div class=\"elementor-widget-container\">\n\t\t\t\t\t<h2 class=\"elementor-heading-title elementor-size-large\">autor\/es: Dr. Javier Nebreda<\/h2>\t\t\t\t<\/div>\n\t\t\t\t<\/div>\n\t\t\t\t<div class=\"elementor-element elementor-element-f64f928 elementor-widget elementor-widget-text-editor\" data-id=\"f64f928\" data-element_type=\"widget\" data-e-type=\"widget\" data-widget_type=\"text-editor.default\">\n\t\t\t\t<div class=\"elementor-widget-container\">\n\t\t\t\t\t\t\t\t\t<p>Esta t\u00e9cnica consiste en introducir un tubo delgado con luz a trav\u00e9s del recto hasta unos 60 cent\u00edmetros en busca de p\u00f3lipos, \u00e1reas anormales y c\u00e1ncer. <\/p>\t\t\t\t\t\t\t\t<\/div>\n\t\t\t\t<\/div>\n\t\t\t\t<div class=\"elementor-element elementor-element-5d000b8 elementor-align-center elementor-widget elementor-widget-button\" data-id=\"5d000b8\" data-element_type=\"widget\" data-e-type=\"widget\" data-widget_type=\"button.default\">\n\t\t\t\t<div class=\"elementor-widget-container\">\n\t\t\t\t\t\t\t\t\t<div class=\"elementor-button-wrapper\">\n\t\t\t\t\t<a class=\"elementor-button elementor-button-link elementor-size-sm\" href=\"https:\/\/www.fundacioolgatorres.org\/es\/metodos-diagnosticos\/\">\n\t\t\t\t\t\t<span class=\"elementor-button-content-wrapper\">\n\t\t\t\t\t\t\t\t\t<span class=\"elementor-button-text\">Quiero saber m\u00e1s<\/span>\n\t\t\t\t\t<\/span>\n\t\t\t\t\t<\/a>\n\t\t\t\t<\/div>\n\t\t\t\t\t\t\t\t<\/div>\n\t\t\t\t<\/div>\n\t\t\t\t\t<\/div>\n\t\t<\/div>\n\t\t\t\t\t<\/div>\n\t\t<\/section>\n\t\t\t\t<div class=\"elementor-element elementor-element-d75a71c elementor-hidden-mobile elementor-widget elementor-widget-spacer\" data-id=\"d75a71c\" data-element_type=\"widget\" data-e-type=\"widget\" data-widget_type=\"spacer.default\">\n\t\t\t\t<div class=\"elementor-widget-container\">\n\t\t\t\t\t\t\t<div class=\"elementor-spacer\">\n\t\t\t<div class=\"elementor-spacer-inner\"><\/div>\n\t\t<\/div>\n\t\t\t\t\t\t<\/div>\n\t\t\t\t<\/div>\n\t\t\t\t<section class=\"elementor-section elementor-inner-section elementor-element elementor-element-e14f6d0 elementor-hidden-tablet elementor-section-boxed elementor-section-height-default elementor-section-height-default\" data-id=\"e14f6d0\" data-element_type=\"section\" data-e-type=\"section\">\n\t\t\t\t\t\t<div class=\"elementor-container elementor-column-gap-no\">\n\t\t\t\t\t<div class=\"elementor-column elementor-col-33 elementor-inner-column elementor-element elementor-element-8e5c5cc elementor-invisible\" data-id=\"8e5c5cc\" data-element_type=\"column\" data-e-type=\"column\" data-settings=\"{&quot;background_background&quot;:&quot;classic&quot;,&quot;animation&quot;:&quot;fadeIn&quot;}\">\n\t\t\t<div class=\"elementor-widget-wrap elementor-element-populated\">\n\t\t\t\t\t\t<div class=\"elementor-element elementor-element-03f20ad elementor-widget elementor-widget-spacer\" data-id=\"03f20ad\" data-element_type=\"widget\" data-e-type=\"widget\" data-widget_type=\"spacer.default\">\n\t\t\t\t<div class=\"elementor-widget-container\">\n\t\t\t\t\t\t\t<div class=\"elementor-spacer\">\n\t\t\t<div class=\"elementor-spacer-inner\"><\/div>\n\t\t<\/div>\n\t\t\t\t\t\t<\/div>\n\t\t\t\t<\/div>\n\t\t\t\t<div class=\"elementor-element elementor-element-94dfaba elementor-widget elementor-widget-heading\" data-id=\"94dfaba\" data-element_type=\"widget\" data-e-type=\"widget\" data-widget_type=\"heading.default\">\n\t\t\t\t<div class=\"elementor-widget-container\">\n\t\t\t\t\t<h2 class=\"elementor-heading-title elementor-size-large\">Enema opaco<\/h2>\t\t\t\t<\/div>\n\t\t\t\t<\/div>\n\t\t\t\t<div class=\"elementor-element elementor-element-800ac08 elementor-widget elementor-widget-heading\" data-id=\"800ac08\" data-element_type=\"widget\" data-e-type=\"widget\" data-widget_type=\"heading.default\">\n\t\t\t\t<div class=\"elementor-widget-container\">\n\t\t\t\t\t<h2 class=\"elementor-heading-title elementor-size-large\">autor\/es: Dra. Dolores Maluenda Colomer<\/h2>\t\t\t\t<\/div>\n\t\t\t\t<\/div>\n\t\t\t\t<div class=\"elementor-element elementor-element-2de7c07 elementor-widget elementor-widget-text-editor\" data-id=\"2de7c07\" data-element_type=\"widget\" data-e-type=\"widget\" data-widget_type=\"text-editor.default\">\n\t\t\t\t<div class=\"elementor-widget-container\">\n\t\t\t\t\t\t\t\t\tEs una t\u00e9cnica radiol\u00f3gica que permite ver la silueta del colon despu\u00e9s de la introducci\u00f3n de un contraste baritado por el recto.\t\t\t\t\t\t\t\t<\/div>\n\t\t\t\t<\/div>\n\t\t\t\t<div class=\"elementor-element elementor-element-d00840f elementor-align-center elementor-widget elementor-widget-button\" data-id=\"d00840f\" data-element_type=\"widget\" data-e-type=\"widget\" data-widget_type=\"button.default\">\n\t\t\t\t<div class=\"elementor-widget-container\">\n\t\t\t\t\t\t\t\t\t<div class=\"elementor-button-wrapper\">\n\t\t\t\t\t<a class=\"elementor-button elementor-button-link elementor-size-sm\" href=\"https:\/\/www.fundacioolgatorres.org\/es\/metodos-diagnosticos\/\">\n\t\t\t\t\t\t<span class=\"elementor-button-content-wrapper\">\n\t\t\t\t\t\t\t\t\t<span class=\"elementor-button-text\">Quiero saber m\u00e1s<\/span>\n\t\t\t\t\t<\/span>\n\t\t\t\t\t<\/a>\n\t\t\t\t<\/div>\n\t\t\t\t\t\t\t\t<\/div>\n\t\t\t\t<\/div>\n\t\t\t\t\t<\/div>\n\t\t<\/div>\n\t\t\t\t<div class=\"elementor-column elementor-col-33 elementor-inner-column elementor-element elementor-element-6b0d132 elementor-invisible\" data-id=\"6b0d132\" data-element_type=\"column\" data-e-type=\"column\" data-settings=\"{&quot;background_background&quot;:&quot;classic&quot;,&quot;animation&quot;:&quot;fadeIn&quot;}\">\n\t\t\t<div class=\"elementor-widget-wrap elementor-element-populated\">\n\t\t\t\t\t\t<div class=\"elementor-element elementor-element-ac7f442 elementor-widget elementor-widget-spacer\" data-id=\"ac7f442\" data-element_type=\"widget\" data-e-type=\"widget\" data-widget_type=\"spacer.default\">\n\t\t\t\t<div class=\"elementor-widget-container\">\n\t\t\t\t\t\t\t<div class=\"elementor-spacer\">\n\t\t\t<div class=\"elementor-spacer-inner\"><\/div>\n\t\t<\/div>\n\t\t\t\t\t\t<\/div>\n\t\t\t\t<\/div>\n\t\t\t\t<div class=\"elementor-element elementor-element-68099f5 elementor-widget elementor-widget-heading\" data-id=\"68099f5\" data-element_type=\"widget\" data-e-type=\"widget\" data-widget_type=\"heading.default\">\n\t\t\t\t<div class=\"elementor-widget-container\">\n\t\t\t\t\t<h2 class=\"elementor-heading-title elementor-size-large\">Tacto rectal<\/h2>\t\t\t\t<\/div>\n\t\t\t\t<\/div>\n\t\t\t\t<div class=\"elementor-element elementor-element-6528bf4 elementor-widget elementor-widget-heading\" data-id=\"6528bf4\" data-element_type=\"widget\" data-e-type=\"widget\" data-widget_type=\"heading.default\">\n\t\t\t\t<div class=\"elementor-widget-container\">\n\t\t\t\t\t<h2 class=\"elementor-heading-title elementor-size-large\">autor\/es: Dra. Dolores Maluenda Colomer<\/h2>\t\t\t\t<\/div>\n\t\t\t\t<\/div>\n\t\t\t\t<div class=\"elementor-element elementor-element-ef9579c elementor-widget elementor-widget-text-editor\" data-id=\"ef9579c\" data-element_type=\"widget\" data-e-type=\"widget\" data-widget_type=\"text-editor.default\">\n\t\t\t\t<div class=\"elementor-widget-container\">\n\t\t\t\t\t\t\t\t\t\nConsiste en un examen del recto. El doctor en cuesti\u00f3n introduce un dedo protegido con un guante lubricado a trav\u00e9s del recto en busca de masas o \u00e1reas anormales.\t\t\t\t\t\t\t\t<\/div>\n\t\t\t\t<\/div>\n\t\t\t\t<div class=\"elementor-element elementor-element-181d4d2 elementor-align-center elementor-widget elementor-widget-button\" data-id=\"181d4d2\" data-element_type=\"widget\" data-e-type=\"widget\" data-widget_type=\"button.default\">\n\t\t\t\t<div class=\"elementor-widget-container\">\n\t\t\t\t\t\t\t\t\t<div class=\"elementor-button-wrapper\">\n\t\t\t\t\t<a class=\"elementor-button elementor-button-link elementor-size-sm\" href=\"https:\/\/www.fundacioolgatorres.org\/es\/metodos-diagnosticos\/\">\n\t\t\t\t\t\t<span class=\"elementor-button-content-wrapper\">\n\t\t\t\t\t\t\t\t\t<span class=\"elementor-button-text\">Quiero saber m\u00e1s<\/span>\n\t\t\t\t\t<\/span>\n\t\t\t\t\t<\/a>\n\t\t\t\t<\/div>\n\t\t\t\t\t\t\t\t<\/div>\n\t\t\t\t<\/div>\n\t\t\t\t\t<\/div>\n\t\t<\/div>\n\t\t\t\t<div class=\"elementor-column elementor-col-33 elementor-inner-column elementor-element elementor-element-3e413f9 elementor-invisible\" data-id=\"3e413f9\" data-element_type=\"column\" data-e-type=\"column\" data-settings=\"{&quot;background_background&quot;:&quot;classic&quot;,&quot;animation&quot;:&quot;fadeIn&quot;}\">\n\t\t\t<div class=\"elementor-widget-wrap elementor-element-populated\">\n\t\t\t\t\t\t<div class=\"elementor-element elementor-element-c1b6ddc elementor-widget elementor-widget-spacer\" data-id=\"c1b6ddc\" data-element_type=\"widget\" data-e-type=\"widget\" data-widget_type=\"spacer.default\">\n\t\t\t\t<div class=\"elementor-widget-container\">\n\t\t\t\t\t\t\t<div class=\"elementor-spacer\">\n\t\t\t<div class=\"elementor-spacer-inner\"><\/div>\n\t\t<\/div>\n\t\t\t\t\t\t<\/div>\n\t\t\t\t<\/div>\n\t\t\t\t<div class=\"elementor-element elementor-element-60faef3 elementor-widget elementor-widget-heading\" data-id=\"60faef3\" data-element_type=\"widget\" data-e-type=\"widget\" data-widget_type=\"heading.default\">\n\t\t\t\t<div class=\"elementor-widget-container\">\n\t\t\t\t\t<h2 class=\"elementor-heading-title elementor-size-large\">Histolog\u00eda<\/h2>\t\t\t\t<\/div>\n\t\t\t\t<\/div>\n\t\t\t\t<div class=\"elementor-element elementor-element-f5e1a2a elementor-widget elementor-widget-heading\" data-id=\"f5e1a2a\" data-element_type=\"widget\" data-e-type=\"widget\" data-widget_type=\"heading.default\">\n\t\t\t\t<div class=\"elementor-widget-container\">\n\t\t\t\t\t<h2 class=\"elementor-heading-title elementor-size-large\">autor\/es: Dr. Javier Nebreda<\/h2>\t\t\t\t<\/div>\n\t\t\t\t<\/div>\n\t\t\t\t<div class=\"elementor-element elementor-element-fcb2c8d elementor-widget elementor-widget-text-editor\" data-id=\"fcb2c8d\" data-element_type=\"widget\" data-e-type=\"widget\" data-widget_type=\"text-editor.default\">\n\t\t\t\t<div class=\"elementor-widget-container\">\n\t\t\t\t\t\t\t\t\t<p>\u00bfQu\u00e9 es un p\u00f3lipo? \u00bfQu\u00e9 p\u00f3lipos tienen mayor riesgo de malignizar? \u00bfQu\u00e9 tipos histol\u00f3gicos existen de c\u00e1ncer colorrectal?<\/p>\t\t\t\t\t\t\t\t<\/div>\n\t\t\t\t<\/div>\n\t\t\t\t<div class=\"elementor-element elementor-element-e96d83c elementor-align-center elementor-widget elementor-widget-button\" data-id=\"e96d83c\" data-element_type=\"widget\" data-e-type=\"widget\" data-widget_type=\"button.default\">\n\t\t\t\t<div class=\"elementor-widget-container\">\n\t\t\t\t\t\t\t\t\t<div class=\"elementor-button-wrapper\">\n\t\t\t\t\t<a class=\"elementor-button elementor-button-link elementor-size-sm\" href=\"https:\/\/www.fundacioolgatorres.org\/es\/histologia\/\">\n\t\t\t\t\t\t<span class=\"elementor-button-content-wrapper\">\n\t\t\t\t\t\t\t\t\t<span class=\"elementor-button-text\">Quiero saber m\u00e1s<\/span>\n\t\t\t\t\t<\/span>\n\t\t\t\t\t<\/a>\n\t\t\t\t<\/div>\n\t\t\t\t\t\t\t\t<\/div>\n\t\t\t\t<\/div>\n\t\t\t\t\t<\/div>\n\t\t<\/div>\n\t\t\t\t\t<\/div>\n\t\t<\/section>\n\t\t\t\t\t<\/div>\n\t\t<\/div>\n\t\t\t\t\t<\/div>\n\t\t<\/section>\n\t\t\t\t<section class=\"elementor-section elementor-top-section elementor-element elementor-element-f8d1a28 elementor-section-content-middle elementor-reverse-mobile elementor-section-boxed elementor-section-height-default elementor-section-height-default elementor-invisible\" data-id=\"f8d1a28\" data-element_type=\"section\" data-e-type=\"section\" data-settings=\"{&quot;background_background&quot;:&quot;classic&quot;,&quot;animation&quot;:&quot;fadeIn&quot;}\">\n\t\t\t\t\t\t<div class=\"elementor-container elementor-column-gap-default\">\n\t\t\t\t\t<div class=\"elementor-column elementor-col-50 elementor-top-column elementor-element elementor-element-5293da7 elementor-invisible\" data-id=\"5293da7\" data-element_type=\"column\" data-e-type=\"column\" data-settings=\"{&quot;animation&quot;:&quot;fadeInLeft&quot;}\">\n\t\t\t<div class=\"elementor-widget-wrap elementor-element-populated\">\n\t\t\t\t\t\t<div class=\"elementor-element elementor-element-68c65c7 elementor-widget elementor-widget-spacer\" data-id=\"68c65c7\" data-element_type=\"widget\" data-e-type=\"widget\" data-widget_type=\"spacer.default\">\n\t\t\t\t<div class=\"elementor-widget-container\">\n\t\t\t\t\t\t\t<div class=\"elementor-spacer\">\n\t\t\t<div class=\"elementor-spacer-inner\"><\/div>\n\t\t<\/div>\n\t\t\t\t\t\t<\/div>\n\t\t\t\t<\/div>\n\t\t\t\t<div class=\"elementor-element elementor-element-c31e16d elementor-widget elementor-widget-heading\" data-id=\"c31e16d\" data-element_type=\"widget\" data-e-type=\"widget\" data-widget_type=\"heading.default\">\n\t\t\t\t<div class=\"elementor-widget-container\">\n\t\t\t\t\t<h2 class=\"elementor-heading-title elementor-size-default\">\u00bfC\u00f3mo se extiende el c\u00e1ncer colorrectal?\n<\/h2>\t\t\t\t<\/div>\n\t\t\t\t<\/div>\n\t\t\t\t<div class=\"elementor-element elementor-element-91430c0 elementor-widget elementor-widget-text-editor\" data-id=\"91430c0\" data-element_type=\"widget\" data-e-type=\"widget\" data-widget_type=\"text-editor.default\">\n\t\t\t\t<div class=\"elementor-widget-container\">\n\t\t\t\t\t\t\t\t\t<p>Cuando se inicia la malignizaci\u00f3n en un p\u00f3lipo, \u00e9ste va creciendo y va atravesando las diferentes capas de la pared del colon o recto, seg\u00fan donde est\u00e9 situado. Posteriormente a trav\u00e9s de los linf\u00e1ticos puede invadir los ganglios y puede invadir tambi\u00e9n a trav\u00e9s de la sangre otros \u00f3rganos, principalmente el h\u00edgado y el pulm\u00f3n (met\u00e1stasis). Tambi\u00e9n puede producir tumores en el interior del abdomen.<\/p><p>La extensi\u00f3n del tumor se complementar\u00e1 con estudios de imagen que incluir\u00e1n pruebas de ecografia, tomografia(TAC) y\/o resonancia magn\u00e9tica (RNM).<\/p>\t\t\t\t\t\t\t\t<\/div>\n\t\t\t\t<\/div>\n\t\t\t\t\t<\/div>\n\t\t<\/div>\n\t\t\t\t<div class=\"elementor-column elementor-col-50 elementor-top-column elementor-element elementor-element-e277d76 elementor-invisible\" data-id=\"e277d76\" data-element_type=\"column\" data-e-type=\"column\" data-settings=\"{&quot;animation&quot;:&quot;fadeInRight&quot;}\">\n\t\t\t<div class=\"elementor-widget-wrap elementor-element-populated\">\n\t\t\t\t\t\t<div class=\"elementor-element elementor-element-724b440 elementor-widget elementor-widget-image\" data-id=\"724b440\" data-element_type=\"widget\" data-e-type=\"widget\" data-widget_type=\"image.default\">\n\t\t\t\t<div class=\"elementor-widget-container\">\n\t\t\t\t\t\t\t\t\t\t\t\t\t\t\t<img decoding=\"async\" width=\"800\" height=\"533\" src=\"https:\/\/www.fundacioolgatorres.org\/wp-content\/uploads\/2021\/12\/cancer-colorectal-1024x682.jpg\" class=\"attachment-large size-large wp-image-4143\" alt=\"\" srcset=\"https:\/\/www.fundacioolgatorres.org\/wp-content\/uploads\/2021\/12\/cancer-colorectal-1024x682.jpg 1024w, https:\/\/www.fundacioolgatorres.org\/wp-content\/uploads\/2021\/12\/cancer-colorectal-300x200.jpg 300w, https:\/\/www.fundacioolgatorres.org\/wp-content\/uploads\/2021\/12\/cancer-colorectal-768x512.jpg 768w, https:\/\/www.fundacioolgatorres.org\/wp-content\/uploads\/2021\/12\/cancer-colorectal-1536x1024.jpg 1536w, https:\/\/www.fundacioolgatorres.org\/wp-content\/uploads\/2021\/12\/cancer-colorectal.jpg 2000w\" sizes=\"(max-width: 800px) 100vw, 800px\" \/>\t\t\t\t\t\t\t\t\t\t\t\t\t\t\t<\/div>\n\t\t\t\t<\/div>\n\t\t\t\t\t<\/div>\n\t\t<\/div>\n\t\t\t\t\t<\/div>\n\t\t<\/section>\n\t\t\t\t<section class=\"elementor-section elementor-top-section elementor-element elementor-element-6aa7ba9 elementor-section-boxed elementor-section-height-default elementor-section-height-default\" data-id=\"6aa7ba9\" data-element_type=\"section\" data-e-type=\"section\" data-settings=\"{&quot;background_background&quot;:&quot;classic&quot;}\">\n\t\t\t\t\t\t<div class=\"elementor-container elementor-column-gap-default\">\n\t\t\t\t\t<div class=\"elementor-column elementor-col-100 elementor-top-column elementor-element elementor-element-2988481\" data-id=\"2988481\" data-element_type=\"column\" data-e-type=\"column\">\n\t\t\t<div class=\"elementor-widget-wrap elementor-element-populated\">\n\t\t\t\t\t\t<div class=\"elementor-element elementor-element-e4a4e94 elementor-widget elementor-widget-heading\" data-id=\"e4a4e94\" data-element_type=\"widget\" data-e-type=\"widget\" data-widget_type=\"heading.default\">\n\t\t\t\t<div class=\"elementor-widget-container\">\n\t\t\t\t\t<h2 class=\"elementor-heading-title elementor-size-default\">Opciones Terap\u00e9uticas<\/h2>\t\t\t\t<\/div>\n\t\t\t\t<\/div>\n\t\t\t\t\t<\/div>\n\t\t<\/div>\n\t\t\t\t\t<\/div>\n\t\t<\/section>\n\t\t\t\t<section class=\"elementor-section elementor-top-section elementor-element elementor-element-bf301cc elementor-section-content-middle elementor-hidden-tablet elementor-section-boxed elementor-section-height-default elementor-section-height-default\" data-id=\"bf301cc\" data-element_type=\"section\" data-e-type=\"section\" data-settings=\"{&quot;background_background&quot;:&quot;classic&quot;}\">\n\t\t\t\t\t\t<div class=\"elementor-container elementor-column-gap-no\">\n\t\t\t\t\t<div class=\"elementor-column elementor-col-50 elementor-top-column elementor-element elementor-element-c8185ec elementor-invisible\" data-id=\"c8185ec\" data-element_type=\"column\" data-e-type=\"column\" data-settings=\"{&quot;background_background&quot;:&quot;classic&quot;,&quot;animation&quot;:&quot;fadeInLeft&quot;}\">\n\t\t\t<div class=\"elementor-widget-wrap elementor-element-populated\">\n\t\t\t\t\t\t<div class=\"elementor-element elementor-element-a6fe20b elementor-widget elementor-widget-heading\" data-id=\"a6fe20b\" data-element_type=\"widget\" data-e-type=\"widget\" data-widget_type=\"heading.default\">\n\t\t\t\t<div class=\"elementor-widget-container\">\n\t\t\t\t\t<h3 class=\"elementor-heading-title elementor-size-large\">Endoscopia terap\u00e9utica<\/h3>\t\t\t\t<\/div>\n\t\t\t\t<\/div>\n\t\t\t\t<div class=\"elementor-element elementor-element-6a681bf elementor-widget elementor-widget-text-editor\" data-id=\"6a681bf\" data-element_type=\"widget\" data-e-type=\"widget\" data-widget_type=\"text-editor.default\">\n\t\t\t\t<div class=\"elementor-widget-container\">\n\t\t\t\t\t\t\t\t\t<p>La colonoscopia terap\u00e9utica es la aplicaci\u00f3n de diferentes tratamientos a trav\u00e9s del colonoscopio. Tratamientos habituales: Polipectom\u00eda, Mucosectom\u00eda, etc.<\/p>\t\t\t\t\t\t\t\t<\/div>\n\t\t\t\t<\/div>\n\t\t\t\t<div class=\"elementor-element elementor-element-1e95381 elementor-align-center elementor-widget elementor-widget-button\" data-id=\"1e95381\" data-element_type=\"widget\" data-e-type=\"widget\" data-widget_type=\"button.default\">\n\t\t\t\t<div class=\"elementor-widget-container\">\n\t\t\t\t\t\t\t\t\t<div class=\"elementor-button-wrapper\">\n\t\t\t\t\t<a class=\"elementor-button elementor-button-link elementor-size-sm\" href=\"https:\/\/www.fundacioolgatorres.org\/es\/endoscopia-terapeutica\/\">\n\t\t\t\t\t\t<span class=\"elementor-button-content-wrapper\">\n\t\t\t\t\t\t\t\t\t<span class=\"elementor-button-text\">Quiero saber m\u00e1s<\/span>\n\t\t\t\t\t<\/span>\n\t\t\t\t\t<\/a>\n\t\t\t\t<\/div>\n\t\t\t\t\t\t\t\t<\/div>\n\t\t\t\t<\/div>\n\t\t\t\t\t<\/div>\n\t\t<\/div>\n\t\t\t\t<div class=\"elementor-column elementor-col-50 elementor-top-column elementor-element elementor-element-6626695 elementor-invisible\" data-id=\"6626695\" data-element_type=\"column\" data-e-type=\"column\" data-settings=\"{&quot;animation&quot;:&quot;fadeInRight&quot;}\">\n\t\t\t<div class=\"elementor-widget-wrap elementor-element-populated\">\n\t\t\t\t\t\t<div class=\"elementor-element elementor-element-e18bcbd elementor-widget elementor-widget-image\" data-id=\"e18bcbd\" data-element_type=\"widget\" data-e-type=\"widget\" data-widget_type=\"image.default\">\n\t\t\t\t<div class=\"elementor-widget-container\">\n\t\t\t\t\t\t\t\t\t\t\t\t\t\t\t<img decoding=\"async\" src=\"https:\/\/www.fundacioolgatorres.org\/wp-content\/uploads\/2021\/12\/endoscopia.jpg\" title=\"endoscopia\" alt=\"endoscopia\" loading=\"lazy\" \/>\t\t\t\t\t\t\t\t\t\t\t\t\t\t\t<\/div>\n\t\t\t\t<\/div>\n\t\t\t\t\t<\/div>\n\t\t<\/div>\n\t\t\t\t\t<\/div>\n\t\t<\/section>\n\t\t\t\t<section class=\"elementor-section elementor-top-section elementor-element elementor-element-d4eeb00 elementor-section-content-middle elementor-hidden-desktop elementor-hidden-mobile elementor-section-boxed elementor-section-height-default elementor-section-height-default\" data-id=\"d4eeb00\" data-element_type=\"section\" data-e-type=\"section\" data-settings=\"{&quot;background_background&quot;:&quot;classic&quot;}\">\n\t\t\t\t\t\t<div class=\"elementor-container elementor-column-gap-no\">\n\t\t\t\t\t<div class=\"elementor-column elementor-col-50 elementor-top-column elementor-element elementor-element-f8bf04f elementor-invisible\" data-id=\"f8bf04f\" data-element_type=\"column\" data-e-type=\"column\" data-settings=\"{&quot;background_background&quot;:&quot;classic&quot;,&quot;animation&quot;:&quot;fadeInLeft&quot;}\">\n\t\t\t<div class=\"elementor-widget-wrap elementor-element-populated\">\n\t\t\t\t\t\t<div class=\"elementor-element elementor-element-cf5859c elementor-widget elementor-widget-heading\" data-id=\"cf5859c\" data-element_type=\"widget\" data-e-type=\"widget\" data-widget_type=\"heading.default\">\n\t\t\t\t<div class=\"elementor-widget-container\">\n\t\t\t\t\t<h3 class=\"elementor-heading-title elementor-size-large\">Endoscopia terap\u00e9utica<\/h3>\t\t\t\t<\/div>\n\t\t\t\t<\/div>\n\t\t\t\t<div class=\"elementor-element elementor-element-702f5e8 elementor-widget elementor-widget-text-editor\" data-id=\"702f5e8\" data-element_type=\"widget\" data-e-type=\"widget\" data-widget_type=\"text-editor.default\">\n\t\t\t\t<div class=\"elementor-widget-container\">\n\t\t\t\t\t\t\t\t\t<p>La colonoscopia terap\u00e9utica es la aplicaci\u00f3n de diferentes tratamientos a trav\u00e9s del colonoscopio. Tratamientos habituales: Polipectom\u00eda, Mucosectom\u00eda, etc.<\/p>\t\t\t\t\t\t\t\t<\/div>\n\t\t\t\t<\/div>\n\t\t\t\t<div class=\"elementor-element elementor-element-4dea2be elementor-align-center elementor-widget elementor-widget-button\" data-id=\"4dea2be\" data-element_type=\"widget\" data-e-type=\"widget\" data-widget_type=\"button.default\">\n\t\t\t\t<div class=\"elementor-widget-container\">\n\t\t\t\t\t\t\t\t\t<div class=\"elementor-button-wrapper\">\n\t\t\t\t\t<a class=\"elementor-button elementor-button-link elementor-size-sm\" href=\"https:\/\/www.fundacioolgatorres.org\/es\/endoscopia-terapeutica\/\">\n\t\t\t\t\t\t<span class=\"elementor-button-content-wrapper\">\n\t\t\t\t\t\t\t\t\t<span class=\"elementor-button-text\">Quiero saber m\u00e1s<\/span>\n\t\t\t\t\t<\/span>\n\t\t\t\t\t<\/a>\n\t\t\t\t<\/div>\n\t\t\t\t\t\t\t\t<\/div>\n\t\t\t\t<\/div>\n\t\t\t\t\t<\/div>\n\t\t<\/div>\n\t\t\t\t<div class=\"elementor-column elementor-col-50 elementor-top-column elementor-element elementor-element-99f0a34 elementor-invisible\" data-id=\"99f0a34\" data-element_type=\"column\" data-e-type=\"column\" data-settings=\"{&quot;animation&quot;:&quot;fadeInRight&quot;}\">\n\t\t\t<div class=\"elementor-widget-wrap elementor-element-populated\">\n\t\t\t\t\t\t<div class=\"elementor-element elementor-element-8439aca elementor-widget elementor-widget-image\" data-id=\"8439aca\" data-element_type=\"widget\" data-e-type=\"widget\" data-widget_type=\"image.default\">\n\t\t\t\t<div class=\"elementor-widget-container\">\n\t\t\t\t\t\t\t\t\t\t\t\t\t\t\t<img decoding=\"async\" src=\"https:\/\/www.fundacioolgatorres.org\/wp-content\/uploads\/elementor\/thumbs\/endoscopia-qwnku325u7nf07v1ok3pgsgdkjt9wnb40x1sj1etfs.jpg\" title=\"endoscopia\" alt=\"endoscopia\" loading=\"lazy\" \/>\t\t\t\t\t\t\t\t\t\t\t\t\t\t\t<\/div>\n\t\t\t\t<\/div>\n\t\t\t\t\t<\/div>\n\t\t<\/div>\n\t\t\t\t\t<\/div>\n\t\t<\/section>\n\t\t\t\t<section class=\"elementor-section elementor-top-section elementor-element elementor-element-51db39d elementor-section-content-middle elementor-reverse-mobile elementor-hidden-tablet elementor-section-boxed elementor-section-height-default elementor-section-height-default\" data-id=\"51db39d\" data-element_type=\"section\" data-e-type=\"section\" data-settings=\"{&quot;background_background&quot;:&quot;classic&quot;}\">\n\t\t\t\t\t\t<div class=\"elementor-container elementor-column-gap-no\">\n\t\t\t\t\t<div class=\"elementor-column elementor-col-50 elementor-top-column elementor-element elementor-element-850a109 elementor-invisible\" data-id=\"850a109\" data-element_type=\"column\" data-e-type=\"column\" data-settings=\"{&quot;animation&quot;:&quot;fadeInLeft&quot;}\">\n\t\t\t<div class=\"elementor-widget-wrap elementor-element-populated\">\n\t\t\t\t\t\t<div class=\"elementor-element elementor-element-4786372 elementor-widget elementor-widget-image\" data-id=\"4786372\" data-element_type=\"widget\" data-e-type=\"widget\" data-widget_type=\"image.default\">\n\t\t\t\t<div class=\"elementor-widget-container\">\n\t\t\t\t\t\t\t\t\t\t\t\t\t\t\t<img decoding=\"async\" width=\"800\" height=\"534\" src=\"https:\/\/www.fundacioolgatorres.org\/wp-content\/uploads\/2021\/12\/cirugia-1024x684.jpg\" class=\"attachment-large size-large wp-image-4147\" alt=\"\" srcset=\"https:\/\/www.fundacioolgatorres.org\/wp-content\/uploads\/2021\/12\/cirugia-1024x684.jpg 1024w, https:\/\/www.fundacioolgatorres.org\/wp-content\/uploads\/2021\/12\/cirugia-300x200.jpg 300w, https:\/\/www.fundacioolgatorres.org\/wp-content\/uploads\/2021\/12\/cirugia-768x513.jpg 768w, https:\/\/www.fundacioolgatorres.org\/wp-content\/uploads\/2021\/12\/cirugia-1536x1025.jpg 1536w, https:\/\/www.fundacioolgatorres.org\/wp-content\/uploads\/2021\/12\/cirugia.jpg 2000w\" sizes=\"(max-width: 800px) 100vw, 800px\" \/>\t\t\t\t\t\t\t\t\t\t\t\t\t\t\t<\/div>\n\t\t\t\t<\/div>\n\t\t\t\t\t<\/div>\n\t\t<\/div>\n\t\t\t\t<div class=\"elementor-column elementor-col-50 elementor-top-column elementor-element elementor-element-acec3ad elementor-invisible\" data-id=\"acec3ad\" data-element_type=\"column\" data-e-type=\"column\" data-settings=\"{&quot;background_background&quot;:&quot;classic&quot;,&quot;animation&quot;:&quot;fadeInRight&quot;}\">\n\t\t\t<div class=\"elementor-widget-wrap elementor-element-populated\">\n\t\t\t\t\t\t<div class=\"elementor-element elementor-element-4daa2a2 elementor-widget elementor-widget-heading\" data-id=\"4daa2a2\" data-element_type=\"widget\" data-e-type=\"widget\" data-widget_type=\"heading.default\">\n\t\t\t\t<div class=\"elementor-widget-container\">\n\t\t\t\t\t<h3 class=\"elementor-heading-title elementor-size-large\">Cirug\u00eda de colon y recto<\/h3>\t\t\t\t<\/div>\n\t\t\t\t<\/div>\n\t\t\t\t<div class=\"elementor-element elementor-element-e157c2b elementor-widget elementor-widget-text-editor\" data-id=\"e157c2b\" data-element_type=\"widget\" data-e-type=\"widget\" data-widget_type=\"text-editor.default\">\n\t\t\t\t<div class=\"elementor-widget-container\">\n\t\t\t\t\t\t\t\t\t<p>El objetivo de la operaci\u00f3n es resecar una porci\u00f3n de intestino grueso que englobe el tumor, as\u00ed como todo su territorio de drenaje linf\u00e1tico.<\/p>\t\t\t\t\t\t\t\t<\/div>\n\t\t\t\t<\/div>\n\t\t\t\t<div class=\"elementor-element elementor-element-71cba9c elementor-align-center elementor-widget elementor-widget-button\" data-id=\"71cba9c\" data-element_type=\"widget\" data-e-type=\"widget\" data-widget_type=\"button.default\">\n\t\t\t\t<div class=\"elementor-widget-container\">\n\t\t\t\t\t\t\t\t\t<div class=\"elementor-button-wrapper\">\n\t\t\t\t\t<a class=\"elementor-button elementor-button-link elementor-size-sm\" href=\"https:\/\/www.fundacioolgatorres.org\/es\/cirugia-de-colon-y-recto\/\">\n\t\t\t\t\t\t<span class=\"elementor-button-content-wrapper\">\n\t\t\t\t\t\t\t\t\t<span class=\"elementor-button-text\">Quiero saber m\u00e1s<\/span>\n\t\t\t\t\t<\/span>\n\t\t\t\t\t<\/a>\n\t\t\t\t<\/div>\n\t\t\t\t\t\t\t\t<\/div>\n\t\t\t\t<\/div>\n\t\t\t\t\t<\/div>\n\t\t<\/div>\n\t\t\t\t\t<\/div>\n\t\t<\/section>\n\t\t\t\t<section class=\"elementor-section elementor-top-section elementor-element elementor-element-b220a14 elementor-section-content-middle elementor-reverse-mobile elementor-hidden-desktop elementor-hidden-mobile elementor-section-boxed elementor-section-height-default elementor-section-height-default\" data-id=\"b220a14\" data-element_type=\"section\" data-e-type=\"section\" data-settings=\"{&quot;background_background&quot;:&quot;classic&quot;}\">\n\t\t\t\t\t\t<div class=\"elementor-container elementor-column-gap-no\">\n\t\t\t\t\t<div class=\"elementor-column elementor-col-50 elementor-top-column elementor-element elementor-element-6a6bf71 elementor-invisible\" data-id=\"6a6bf71\" data-element_type=\"column\" data-e-type=\"column\" data-settings=\"{&quot;animation&quot;:&quot;fadeInLeft&quot;}\">\n\t\t\t<div class=\"elementor-widget-wrap elementor-element-populated\">\n\t\t\t\t\t\t<div class=\"elementor-element elementor-element-e9d3d06 elementor-widget elementor-widget-image\" data-id=\"e9d3d06\" data-element_type=\"widget\" data-e-type=\"widget\" data-widget_type=\"image.default\">\n\t\t\t\t<div class=\"elementor-widget-container\">\n\t\t\t\t\t\t\t\t\t\t\t\t\t\t\t<img decoding=\"async\" src=\"https:\/\/www.fundacioolgatorres.org\/wp-content\/uploads\/elementor\/thumbs\/cirugia-qwnku325u7nf07v1ok3pgsgdkjt9wnb40x1sj1etfs.jpg\" title=\"cirugia\" alt=\"cirugia\" loading=\"lazy\" \/>\t\t\t\t\t\t\t\t\t\t\t\t\t\t\t<\/div>\n\t\t\t\t<\/div>\n\t\t\t\t\t<\/div>\n\t\t<\/div>\n\t\t\t\t<div class=\"elementor-column elementor-col-50 elementor-top-column elementor-element elementor-element-3257cd6 elementor-invisible\" data-id=\"3257cd6\" data-element_type=\"column\" data-e-type=\"column\" data-settings=\"{&quot;background_background&quot;:&quot;classic&quot;,&quot;animation&quot;:&quot;fadeInRight&quot;}\">\n\t\t\t<div class=\"elementor-widget-wrap elementor-element-populated\">\n\t\t\t\t\t\t<div class=\"elementor-element elementor-element-5a673b0 elementor-widget elementor-widget-heading\" data-id=\"5a673b0\" data-element_type=\"widget\" data-e-type=\"widget\" data-widget_type=\"heading.default\">\n\t\t\t\t<div class=\"elementor-widget-container\">\n\t\t\t\t\t<h3 class=\"elementor-heading-title elementor-size-large\">Cirug\u00eda de colon y recto<\/h3>\t\t\t\t<\/div>\n\t\t\t\t<\/div>\n\t\t\t\t<div class=\"elementor-element elementor-element-2c449e8 elementor-widget elementor-widget-text-editor\" data-id=\"2c449e8\" data-element_type=\"widget\" data-e-type=\"widget\" data-widget_type=\"text-editor.default\">\n\t\t\t\t<div class=\"elementor-widget-container\">\n\t\t\t\t\t\t\t\t\t<p>El objetivo de la operaci\u00f3n es resecar una porci\u00f3n de intestino grueso que englobe el tumor, as\u00ed como todo su territorio de drenaje linf\u00e1tico.<\/p>\t\t\t\t\t\t\t\t<\/div>\n\t\t\t\t<\/div>\n\t\t\t\t<div class=\"elementor-element elementor-element-7d9b3e1 elementor-align-center elementor-widget elementor-widget-button\" data-id=\"7d9b3e1\" data-element_type=\"widget\" data-e-type=\"widget\" data-widget_type=\"button.default\">\n\t\t\t\t<div class=\"elementor-widget-container\">\n\t\t\t\t\t\t\t\t\t<div class=\"elementor-button-wrapper\">\n\t\t\t\t\t<a class=\"elementor-button elementor-button-link elementor-size-sm\" href=\"https:\/\/www.fundacioolgatorres.org\/es\/cirugia-de-colon-y-recto\/\">\n\t\t\t\t\t\t<span class=\"elementor-button-content-wrapper\">\n\t\t\t\t\t\t\t\t\t<span class=\"elementor-button-text\">Quiero saber m\u00e1s<\/span>\n\t\t\t\t\t<\/span>\n\t\t\t\t\t<\/a>\n\t\t\t\t<\/div>\n\t\t\t\t\t\t\t\t<\/div>\n\t\t\t\t<\/div>\n\t\t\t\t\t<\/div>\n\t\t<\/div>\n\t\t\t\t\t<\/div>\n\t\t<\/section>\n\t\t\t\t<section class=\"elementor-section elementor-top-section elementor-element elementor-element-77edc2c elementor-section-content-middle elementor-hidden-tablet elementor-section-boxed elementor-section-height-default elementor-section-height-default\" data-id=\"77edc2c\" data-element_type=\"section\" data-e-type=\"section\" data-settings=\"{&quot;background_background&quot;:&quot;classic&quot;}\">\n\t\t\t\t\t\t<div class=\"elementor-container elementor-column-gap-no\">\n\t\t\t\t\t<div class=\"elementor-column elementor-col-50 elementor-top-column elementor-element elementor-element-3df0aa5 elementor-invisible\" data-id=\"3df0aa5\" data-element_type=\"column\" data-e-type=\"column\" data-settings=\"{&quot;background_background&quot;:&quot;classic&quot;,&quot;animation&quot;:&quot;fadeInLeft&quot;}\">\n\t\t\t<div class=\"elementor-widget-wrap elementor-element-populated\">\n\t\t\t\t\t\t<div class=\"elementor-element elementor-element-517f7e3 elementor-widget elementor-widget-heading\" data-id=\"517f7e3\" data-element_type=\"widget\" data-e-type=\"widget\" data-widget_type=\"heading.default\">\n\t\t\t\t<div class=\"elementor-widget-container\">\n\t\t\t\t\t<h3 class=\"elementor-heading-title elementor-size-large\">Cirug\u00eda TEM<\/h3>\t\t\t\t<\/div>\n\t\t\t\t<\/div>\n\t\t\t\t<div class=\"elementor-element elementor-element-c0b5515 elementor-widget elementor-widget-text-editor\" data-id=\"c0b5515\" data-element_type=\"widget\" data-e-type=\"widget\" data-widget_type=\"text-editor.default\">\n\t\t\t\t<div class=\"elementor-widget-container\">\n\t\t\t\t\t\t\t\t\tEl TEM es una t\u00e9cnica endosc\u00f3pica m\u00ednimamente invasiva que consiste en la extirpaci\u00f3n de tumores que cumplen algunos criterios espec\u00edficos.\t\t\t\t\t\t\t\t<\/div>\n\t\t\t\t<\/div>\n\t\t\t\t<div class=\"elementor-element elementor-element-4c9ae3b elementor-align-center elementor-widget elementor-widget-button\" data-id=\"4c9ae3b\" data-element_type=\"widget\" data-e-type=\"widget\" data-widget_type=\"button.default\">\n\t\t\t\t<div class=\"elementor-widget-container\">\n\t\t\t\t\t\t\t\t\t<div class=\"elementor-button-wrapper\">\n\t\t\t\t\t<a class=\"elementor-button elementor-button-link elementor-size-sm\" href=\"https:\/\/www.fundacioolgatorres.org\/es\/cirugia-tem\/\">\n\t\t\t\t\t\t<span class=\"elementor-button-content-wrapper\">\n\t\t\t\t\t\t\t\t\t<span class=\"elementor-button-text\">Quiero saber m\u00e1s<\/span>\n\t\t\t\t\t<\/span>\n\t\t\t\t\t<\/a>\n\t\t\t\t<\/div>\n\t\t\t\t\t\t\t\t<\/div>\n\t\t\t\t<\/div>\n\t\t\t\t\t<\/div>\n\t\t<\/div>\n\t\t\t\t<div class=\"elementor-column elementor-col-50 elementor-top-column elementor-element elementor-element-b257267 elementor-invisible\" data-id=\"b257267\" data-element_type=\"column\" data-e-type=\"column\" data-settings=\"{&quot;animation&quot;:&quot;fadeInRight&quot;}\">\n\t\t\t<div class=\"elementor-widget-wrap elementor-element-populated\">\n\t\t\t\t\t\t<div class=\"elementor-element elementor-element-11f12bd elementor-widget elementor-widget-image\" data-id=\"11f12bd\" data-element_type=\"widget\" data-e-type=\"widget\" data-widget_type=\"image.default\">\n\t\t\t\t<div class=\"elementor-widget-container\">\n\t\t\t\t\t\t\t\t\t\t\t\t\t\t\t<img loading=\"lazy\" decoding=\"async\" width=\"800\" height=\"533\" src=\"https:\/\/www.fundacioolgatorres.org\/wp-content\/uploads\/2021\/12\/cirugia-tem-1024x682.jpg\" class=\"attachment-large size-large wp-image-4149\" alt=\"\" srcset=\"https:\/\/www.fundacioolgatorres.org\/wp-content\/uploads\/2021\/12\/cirugia-tem-1024x682.jpg 1024w, https:\/\/www.fundacioolgatorres.org\/wp-content\/uploads\/2021\/12\/cirugia-tem-300x200.jpg 300w, https:\/\/www.fundacioolgatorres.org\/wp-content\/uploads\/2021\/12\/cirugia-tem-768x512.jpg 768w, https:\/\/www.fundacioolgatorres.org\/wp-content\/uploads\/2021\/12\/cirugia-tem-1536x1024.jpg 1536w, https:\/\/www.fundacioolgatorres.org\/wp-content\/uploads\/2021\/12\/cirugia-tem.jpg 2000w\" sizes=\"(max-width: 800px) 100vw, 800px\" \/>\t\t\t\t\t\t\t\t\t\t\t\t\t\t\t<\/div>\n\t\t\t\t<\/div>\n\t\t\t\t\t<\/div>\n\t\t<\/div>\n\t\t\t\t\t<\/div>\n\t\t<\/section>\n\t\t\t\t<section class=\"elementor-section elementor-top-section elementor-element elementor-element-3365932 elementor-section-content-middle elementor-hidden-desktop elementor-hidden-mobile elementor-section-boxed elementor-section-height-default elementor-section-height-default\" data-id=\"3365932\" data-element_type=\"section\" data-e-type=\"section\" data-settings=\"{&quot;background_background&quot;:&quot;classic&quot;}\">\n\t\t\t\t\t\t<div class=\"elementor-container elementor-column-gap-no\">\n\t\t\t\t\t<div class=\"elementor-column elementor-col-50 elementor-top-column elementor-element elementor-element-d0ca611 elementor-invisible\" data-id=\"d0ca611\" data-element_type=\"column\" data-e-type=\"column\" data-settings=\"{&quot;background_background&quot;:&quot;classic&quot;,&quot;animation&quot;:&quot;fadeInLeft&quot;}\">\n\t\t\t<div class=\"elementor-widget-wrap elementor-element-populated\">\n\t\t\t\t\t\t<div class=\"elementor-element elementor-element-160fa1e elementor-widget elementor-widget-heading\" data-id=\"160fa1e\" data-element_type=\"widget\" data-e-type=\"widget\" data-widget_type=\"heading.default\">\n\t\t\t\t<div class=\"elementor-widget-container\">\n\t\t\t\t\t<h3 class=\"elementor-heading-title elementor-size-large\">Cirug\u00eda TEM<\/h3>\t\t\t\t<\/div>\n\t\t\t\t<\/div>\n\t\t\t\t<div class=\"elementor-element elementor-element-8d4ee69 elementor-widget elementor-widget-text-editor\" data-id=\"8d4ee69\" data-element_type=\"widget\" data-e-type=\"widget\" data-widget_type=\"text-editor.default\">\n\t\t\t\t<div class=\"elementor-widget-container\">\n\t\t\t\t\t\t\t\t\tEl TEM es una t\u00e9cnica endosc\u00f3pica m\u00ednimamente invasiva que consiste en la extirpaci\u00f3n de tumores que cumplen algunos criterios espec\u00edficos.\t\t\t\t\t\t\t\t<\/div>\n\t\t\t\t<\/div>\n\t\t\t\t<div class=\"elementor-element elementor-element-e70c0ef elementor-align-center elementor-widget elementor-widget-button\" data-id=\"e70c0ef\" data-element_type=\"widget\" data-e-type=\"widget\" data-widget_type=\"button.default\">\n\t\t\t\t<div class=\"elementor-widget-container\">\n\t\t\t\t\t\t\t\t\t<div class=\"elementor-button-wrapper\">\n\t\t\t\t\t<a class=\"elementor-button elementor-button-link elementor-size-sm\" href=\"https:\/\/www.fundacioolgatorres.org\/es\/cirugia-tem\/\">\n\t\t\t\t\t\t<span class=\"elementor-button-content-wrapper\">\n\t\t\t\t\t\t\t\t\t<span class=\"elementor-button-text\">Quiero saber m\u00e1s<\/span>\n\t\t\t\t\t<\/span>\n\t\t\t\t\t<\/a>\n\t\t\t\t<\/div>\n\t\t\t\t\t\t\t\t<\/div>\n\t\t\t\t<\/div>\n\t\t\t\t\t<\/div>\n\t\t<\/div>\n\t\t\t\t<div class=\"elementor-column elementor-col-50 elementor-top-column elementor-element elementor-element-5d4a806 elementor-invisible\" data-id=\"5d4a806\" data-element_type=\"column\" data-e-type=\"column\" data-settings=\"{&quot;animation&quot;:&quot;fadeInRight&quot;}\">\n\t\t\t<div class=\"elementor-widget-wrap elementor-element-populated\">\n\t\t\t\t\t\t<div class=\"elementor-element elementor-element-b4d2b21 elementor-widget elementor-widget-image\" data-id=\"b4d2b21\" data-element_type=\"widget\" data-e-type=\"widget\" data-widget_type=\"image.default\">\n\t\t\t\t<div class=\"elementor-widget-container\">\n\t\t\t\t\t\t\t\t\t\t\t\t\t\t\t<img decoding=\"async\" src=\"https:\/\/www.fundacioolgatorres.org\/wp-content\/uploads\/elementor\/thumbs\/cirugia-tem-qwnku325u7nf07v1ok3pgsgdkjt9wnb40x1sj1etfs.jpg\" title=\"cirugia-tem\" alt=\"cirugia-tem\" loading=\"lazy\" \/>\t\t\t\t\t\t\t\t\t\t\t\t\t\t\t<\/div>\n\t\t\t\t<\/div>\n\t\t\t\t\t<\/div>\n\t\t<\/div>\n\t\t\t\t\t<\/div>\n\t\t<\/section>\n\t\t\t\t<section class=\"elementor-section elementor-top-section elementor-element elementor-element-fee758a elementor-section-content-middle elementor-reverse-mobile elementor-hidden-tablet elementor-section-boxed elementor-section-height-default elementor-section-height-default\" data-id=\"fee758a\" data-element_type=\"section\" data-e-type=\"section\" data-settings=\"{&quot;background_background&quot;:&quot;classic&quot;}\">\n\t\t\t\t\t\t<div class=\"elementor-container elementor-column-gap-no\">\n\t\t\t\t\t<div class=\"elementor-column elementor-col-50 elementor-top-column elementor-element elementor-element-933af89 elementor-invisible\" data-id=\"933af89\" data-element_type=\"column\" data-e-type=\"column\" data-settings=\"{&quot;animation&quot;:&quot;fadeInLeft&quot;}\">\n\t\t\t<div class=\"elementor-widget-wrap elementor-element-populated\">\n\t\t\t\t\t\t<div class=\"elementor-element elementor-element-185789b elementor-widget elementor-widget-image\" data-id=\"185789b\" data-element_type=\"widget\" data-e-type=\"widget\" data-widget_type=\"image.default\">\n\t\t\t\t<div class=\"elementor-widget-container\">\n\t\t\t\t\t\t\t\t\t\t\t\t\t\t\t<img loading=\"lazy\" decoding=\"async\" width=\"800\" height=\"533\" src=\"https:\/\/www.fundacioolgatorres.org\/wp-content\/uploads\/2021\/12\/oncologia--1024x682.jpg\" class=\"attachment-large size-large wp-image-4151\" alt=\"\" srcset=\"https:\/\/www.fundacioolgatorres.org\/wp-content\/uploads\/2021\/12\/oncologia--1024x682.jpg 1024w, https:\/\/www.fundacioolgatorres.org\/wp-content\/uploads\/2021\/12\/oncologia--300x200.jpg 300w, https:\/\/www.fundacioolgatorres.org\/wp-content\/uploads\/2021\/12\/oncologia--768x512.jpg 768w, https:\/\/www.fundacioolgatorres.org\/wp-content\/uploads\/2021\/12\/oncologia--1536x1024.jpg 1536w, https:\/\/www.fundacioolgatorres.org\/wp-content\/uploads\/2021\/12\/oncologia-.jpg 2000w\" sizes=\"(max-width: 800px) 100vw, 800px\" \/>\t\t\t\t\t\t\t\t\t\t\t\t\t\t\t<\/div>\n\t\t\t\t<\/div>\n\t\t\t\t\t<\/div>\n\t\t<\/div>\n\t\t\t\t<div class=\"elementor-column elementor-col-50 elementor-top-column elementor-element elementor-element-d2e3954 elementor-invisible\" data-id=\"d2e3954\" data-element_type=\"column\" data-e-type=\"column\" data-settings=\"{&quot;background_background&quot;:&quot;classic&quot;,&quot;animation&quot;:&quot;fadeInRight&quot;}\">\n\t\t\t<div class=\"elementor-widget-wrap elementor-element-populated\">\n\t\t\t\t\t\t<div class=\"elementor-element elementor-element-afb3f8c elementor-widget elementor-widget-heading\" data-id=\"afb3f8c\" data-element_type=\"widget\" data-e-type=\"widget\" data-widget_type=\"heading.default\">\n\t\t\t\t<div class=\"elementor-widget-container\">\n\t\t\t\t\t<h3 class=\"elementor-heading-title elementor-size-large\">Oncolog\u00eda m\u00e9dica<\/h3>\t\t\t\t<\/div>\n\t\t\t\t<\/div>\n\t\t\t\t<div class=\"elementor-element elementor-element-4661507 elementor-widget elementor-widget-text-editor\" data-id=\"4661507\" data-element_type=\"widget\" data-e-type=\"widget\" data-widget_type=\"text-editor.default\">\n\t\t\t\t<div class=\"elementor-widget-container\">\n\t\t\t\t\t\t\t\t\t<p>Consiste en la clasificaci\u00f3n pron\u00f3stica de una enfermedad neopl\u00e1sica. En todos los tumores se realiza y, en funci\u00f3n del pron\u00f3stico, se indican una serie de tratamientos.<\/p>\t\t\t\t\t\t\t\t<\/div>\n\t\t\t\t<\/div>\n\t\t\t\t<div class=\"elementor-element elementor-element-4ddbe54 elementor-align-center elementor-widget elementor-widget-button\" data-id=\"4ddbe54\" data-element_type=\"widget\" data-e-type=\"widget\" data-widget_type=\"button.default\">\n\t\t\t\t<div class=\"elementor-widget-container\">\n\t\t\t\t\t\t\t\t\t<div class=\"elementor-button-wrapper\">\n\t\t\t\t\t<a class=\"elementor-button elementor-button-link elementor-size-sm\" href=\"https:\/\/www.fundacioolgatorres.org\/es\/oncologia-medica\/\">\n\t\t\t\t\t\t<span class=\"elementor-button-content-wrapper\">\n\t\t\t\t\t\t\t\t\t<span class=\"elementor-button-text\">Quiero saber m\u00e1s<\/span>\n\t\t\t\t\t<\/span>\n\t\t\t\t\t<\/a>\n\t\t\t\t<\/div>\n\t\t\t\t\t\t\t\t<\/div>\n\t\t\t\t<\/div>\n\t\t\t\t\t<\/div>\n\t\t<\/div>\n\t\t\t\t\t<\/div>\n\t\t<\/section>\n\t\t\t\t<section class=\"elementor-section elementor-top-section elementor-element elementor-element-ab6e38d elementor-section-content-middle elementor-reverse-mobile elementor-hidden-desktop elementor-hidden-mobile elementor-section-boxed elementor-section-height-default elementor-section-height-default\" data-id=\"ab6e38d\" data-element_type=\"section\" data-e-type=\"section\" data-settings=\"{&quot;background_background&quot;:&quot;classic&quot;}\">\n\t\t\t\t\t\t<div class=\"elementor-container elementor-column-gap-no\">\n\t\t\t\t\t<div class=\"elementor-column elementor-col-50 elementor-top-column elementor-element elementor-element-dcf7af3 elementor-invisible\" data-id=\"dcf7af3\" data-element_type=\"column\" data-e-type=\"column\" data-settings=\"{&quot;animation&quot;:&quot;fadeInLeft&quot;}\">\n\t\t\t<div class=\"elementor-widget-wrap elementor-element-populated\">\n\t\t\t\t\t\t<div class=\"elementor-element elementor-element-8d40cdf elementor-widget elementor-widget-image\" data-id=\"8d40cdf\" data-element_type=\"widget\" data-e-type=\"widget\" data-widget_type=\"image.default\">\n\t\t\t\t<div class=\"elementor-widget-container\">\n\t\t\t\t\t\t\t\t\t\t\t\t\t\t\t<img decoding=\"async\" src=\"https:\/\/www.fundacioolgatorres.org\/wp-content\/uploads\/elementor\/thumbs\/oncologia--qwnku40011opbttoj2ic1a7u5xon4ceud1pa0bdf9k.jpg\" title=\"oncologia-\" alt=\"oncologia-\" loading=\"lazy\" \/>\t\t\t\t\t\t\t\t\t\t\t\t\t\t\t<\/div>\n\t\t\t\t<\/div>\n\t\t\t\t\t<\/div>\n\t\t<\/div>\n\t\t\t\t<div class=\"elementor-column elementor-col-50 elementor-top-column elementor-element elementor-element-3c1eccd elementor-invisible\" data-id=\"3c1eccd\" data-element_type=\"column\" data-e-type=\"column\" data-settings=\"{&quot;background_background&quot;:&quot;classic&quot;,&quot;animation&quot;:&quot;fadeInRight&quot;}\">\n\t\t\t<div class=\"elementor-widget-wrap elementor-element-populated\">\n\t\t\t\t\t\t<div class=\"elementor-element elementor-element-e6e304a elementor-widget elementor-widget-heading\" data-id=\"e6e304a\" data-element_type=\"widget\" data-e-type=\"widget\" data-widget_type=\"heading.default\">\n\t\t\t\t<div class=\"elementor-widget-container\">\n\t\t\t\t\t<h3 class=\"elementor-heading-title elementor-size-large\">Oncolog\u00eda m\u00e9dica<\/h3>\t\t\t\t<\/div>\n\t\t\t\t<\/div>\n\t\t\t\t<div class=\"elementor-element elementor-element-831852b elementor-widget elementor-widget-text-editor\" data-id=\"831852b\" data-element_type=\"widget\" data-e-type=\"widget\" data-widget_type=\"text-editor.default\">\n\t\t\t\t<div class=\"elementor-widget-container\">\n\t\t\t\t\t\t\t\t\t<p>Consiste en la clasificaci\u00f3n pron\u00f3stica de una enfermedad neopl\u00e1sica. En todos los tumores se realiza y, en funci\u00f3n del pron\u00f3stico, se indican una serie de tratamientos.<\/p>\t\t\t\t\t\t\t\t<\/div>\n\t\t\t\t<\/div>\n\t\t\t\t<div class=\"elementor-element elementor-element-461d744 elementor-align-center elementor-widget elementor-widget-button\" data-id=\"461d744\" data-element_type=\"widget\" data-e-type=\"widget\" data-widget_type=\"button.default\">\n\t\t\t\t<div class=\"elementor-widget-container\">\n\t\t\t\t\t\t\t\t\t<div class=\"elementor-button-wrapper\">\n\t\t\t\t\t<a class=\"elementor-button elementor-button-link elementor-size-sm\" href=\"https:\/\/www.fundacioolgatorres.org\/es\/oncologia-medica\/\">\n\t\t\t\t\t\t<span class=\"elementor-button-content-wrapper\">\n\t\t\t\t\t\t\t\t\t<span class=\"elementor-button-text\">Quiero saber m\u00e1s<\/span>\n\t\t\t\t\t<\/span>\n\t\t\t\t\t<\/a>\n\t\t\t\t<\/div>\n\t\t\t\t\t\t\t\t<\/div>\n\t\t\t\t<\/div>\n\t\t\t\t\t<\/div>\n\t\t<\/div>\n\t\t\t\t\t<\/div>\n\t\t<\/section>\n\t\t\t\t<section class=\"elementor-section elementor-top-section elementor-element elementor-element-a10f214 elementor-section-content-middle elementor-hidden-tablet elementor-section-boxed elementor-section-height-default elementor-section-height-default\" data-id=\"a10f214\" data-element_type=\"section\" data-e-type=\"section\" data-settings=\"{&quot;background_background&quot;:&quot;classic&quot;}\">\n\t\t\t\t\t\t<div class=\"elementor-container elementor-column-gap-no\">\n\t\t\t\t\t<div class=\"elementor-column elementor-col-50 elementor-top-column elementor-element elementor-element-4d9bcaa elementor-invisible\" data-id=\"4d9bcaa\" data-element_type=\"column\" data-e-type=\"column\" data-settings=\"{&quot;background_background&quot;:&quot;classic&quot;,&quot;animation&quot;:&quot;fadeInLeft&quot;}\">\n\t\t\t<div class=\"elementor-widget-wrap elementor-element-populated\">\n\t\t\t\t\t\t<div class=\"elementor-element elementor-element-2c76538 elementor-widget elementor-widget-heading\" data-id=\"2c76538\" data-element_type=\"widget\" data-e-type=\"widget\" data-widget_type=\"heading.default\">\n\t\t\t\t<div class=\"elementor-widget-container\">\n\t\t\t\t\t<h3 class=\"elementor-heading-title elementor-size-large\">Oncolog\u00eda radioter\u00e1pica<\/h3>\t\t\t\t<\/div>\n\t\t\t\t<\/div>\n\t\t\t\t<div class=\"elementor-element elementor-element-6a7e481 elementor-widget elementor-widget-text-editor\" data-id=\"6a7e481\" data-element_type=\"widget\" data-e-type=\"widget\" data-widget_type=\"text-editor.default\">\n\t\t\t\t<div class=\"elementor-widget-container\">\n\t\t\t\t\t\t\t\t\t<p>Es la administraci\u00f3n de radiaciones ionizantes que provocan alteraciones celulares y de forma m\u00e1s importante en las c\u00e9lulas tumorales<\/p>\t\t\t\t\t\t\t\t<\/div>\n\t\t\t\t<\/div>\n\t\t\t\t<div class=\"elementor-element elementor-element-70e1fc6 elementor-align-center elementor-widget elementor-widget-button\" data-id=\"70e1fc6\" data-element_type=\"widget\" data-e-type=\"widget\" data-widget_type=\"button.default\">\n\t\t\t\t<div class=\"elementor-widget-container\">\n\t\t\t\t\t\t\t\t\t<div class=\"elementor-button-wrapper\">\n\t\t\t\t\t<a class=\"elementor-button elementor-button-link elementor-size-sm\" href=\"https:\/\/www.fundacioolgatorres.org\/es\/oncologia-radioterapica\/\">\n\t\t\t\t\t\t<span class=\"elementor-button-content-wrapper\">\n\t\t\t\t\t\t\t\t\t<span class=\"elementor-button-text\">Quiero saber m\u00e1s<\/span>\n\t\t\t\t\t<\/span>\n\t\t\t\t\t<\/a>\n\t\t\t\t<\/div>\n\t\t\t\t\t\t\t\t<\/div>\n\t\t\t\t<\/div>\n\t\t\t\t\t<\/div>\n\t\t<\/div>\n\t\t\t\t<div class=\"elementor-column elementor-col-50 elementor-top-column elementor-element elementor-element-f95e29c elementor-invisible\" data-id=\"f95e29c\" data-element_type=\"column\" data-e-type=\"column\" data-settings=\"{&quot;animation&quot;:&quot;fadeInRight&quot;}\">\n\t\t\t<div class=\"elementor-widget-wrap elementor-element-populated\">\n\t\t\t\t\t\t<div class=\"elementor-element elementor-element-cc40528 elementor-widget elementor-widget-image\" data-id=\"cc40528\" data-element_type=\"widget\" data-e-type=\"widget\" data-widget_type=\"image.default\">\n\t\t\t\t<div class=\"elementor-widget-container\">\n\t\t\t\t\t\t\t\t\t\t\t\t\t\t\t<img loading=\"lazy\" decoding=\"async\" width=\"800\" height=\"533\" src=\"https:\/\/www.fundacioolgatorres.org\/wp-content\/uploads\/2021\/12\/radioterapia-1024x682.jpg\" class=\"attachment-large size-large wp-image-4153\" alt=\"\" srcset=\"https:\/\/www.fundacioolgatorres.org\/wp-content\/uploads\/2021\/12\/radioterapia-1024x682.jpg 1024w, https:\/\/www.fundacioolgatorres.org\/wp-content\/uploads\/2021\/12\/radioterapia-300x200.jpg 300w, https:\/\/www.fundacioolgatorres.org\/wp-content\/uploads\/2021\/12\/radioterapia-768x512.jpg 768w, https:\/\/www.fundacioolgatorres.org\/wp-content\/uploads\/2021\/12\/radioterapia-1536x1024.jpg 1536w, https:\/\/www.fundacioolgatorres.org\/wp-content\/uploads\/2021\/12\/radioterapia.jpg 2000w\" sizes=\"(max-width: 800px) 100vw, 800px\" \/>\t\t\t\t\t\t\t\t\t\t\t\t\t\t\t<\/div>\n\t\t\t\t<\/div>\n\t\t\t\t\t<\/div>\n\t\t<\/div>\n\t\t\t\t\t<\/div>\n\t\t<\/section>\n\t\t\t\t<section class=\"elementor-section elementor-top-section elementor-element elementor-element-59367b6 elementor-section-content-middle elementor-hidden-desktop elementor-hidden-mobile elementor-section-boxed elementor-section-height-default elementor-section-height-default\" data-id=\"59367b6\" data-element_type=\"section\" data-e-type=\"section\" data-settings=\"{&quot;background_background&quot;:&quot;classic&quot;}\">\n\t\t\t\t\t\t<div class=\"elementor-container elementor-column-gap-no\">\n\t\t\t\t\t<div class=\"elementor-column elementor-col-50 elementor-top-column elementor-element elementor-element-8f7cbd9 elementor-invisible\" data-id=\"8f7cbd9\" data-element_type=\"column\" data-e-type=\"column\" data-settings=\"{&quot;background_background&quot;:&quot;classic&quot;,&quot;animation&quot;:&quot;fadeInLeft&quot;}\">\n\t\t\t<div class=\"elementor-widget-wrap elementor-element-populated\">\n\t\t\t\t\t\t<div class=\"elementor-element elementor-element-531d6f0 elementor-widget elementor-widget-heading\" data-id=\"531d6f0\" data-element_type=\"widget\" data-e-type=\"widget\" data-widget_type=\"heading.default\">\n\t\t\t\t<div class=\"elementor-widget-container\">\n\t\t\t\t\t<h3 class=\"elementor-heading-title elementor-size-large\">Oncolog\u00eda radioter\u00e1pica<\/h3>\t\t\t\t<\/div>\n\t\t\t\t<\/div>\n\t\t\t\t<div class=\"elementor-element elementor-element-0e7647a elementor-widget elementor-widget-text-editor\" data-id=\"0e7647a\" data-element_type=\"widget\" data-e-type=\"widget\" data-widget_type=\"text-editor.default\">\n\t\t\t\t<div class=\"elementor-widget-container\">\n\t\t\t\t\t\t\t\t\t<p>Es la administraci\u00f3n de radiaciones ionizantes que provocan alteraciones celulares y de forma m\u00e1s importante en las c\u00e9lulas tumorales<\/p>\t\t\t\t\t\t\t\t<\/div>\n\t\t\t\t<\/div>\n\t\t\t\t<div class=\"elementor-element elementor-element-cf3c312 elementor-align-center elementor-widget elementor-widget-button\" data-id=\"cf3c312\" data-element_type=\"widget\" data-e-type=\"widget\" data-widget_type=\"button.default\">\n\t\t\t\t<div class=\"elementor-widget-container\">\n\t\t\t\t\t\t\t\t\t<div class=\"elementor-button-wrapper\">\n\t\t\t\t\t<a class=\"elementor-button elementor-button-link elementor-size-sm\" href=\"https:\/\/www.fundacioolgatorres.org\/es\/oncologia-radioterapica\/\">\n\t\t\t\t\t\t<span class=\"elementor-button-content-wrapper\">\n\t\t\t\t\t\t\t\t\t<span class=\"elementor-button-text\">Quiero saber m\u00e1s<\/span>\n\t\t\t\t\t<\/span>\n\t\t\t\t\t<\/a>\n\t\t\t\t<\/div>\n\t\t\t\t\t\t\t\t<\/div>\n\t\t\t\t<\/div>\n\t\t\t\t\t<\/div>\n\t\t<\/div>\n\t\t\t\t<div class=\"elementor-column elementor-col-50 elementor-top-column elementor-element elementor-element-0498598 elementor-invisible\" data-id=\"0498598\" data-element_type=\"column\" data-e-type=\"column\" data-settings=\"{&quot;animation&quot;:&quot;fadeInRight&quot;}\">\n\t\t\t<div class=\"elementor-widget-wrap elementor-element-populated\">\n\t\t\t\t\t\t<div class=\"elementor-element elementor-element-38a8a1e elementor-widget elementor-widget-image\" data-id=\"38a8a1e\" data-element_type=\"widget\" data-e-type=\"widget\" data-widget_type=\"image.default\">\n\t\t\t\t<div class=\"elementor-widget-container\">\n\t\t\t\t\t\t\t\t\t\t\t\t\t\t\t<img decoding=\"async\" src=\"https:\/\/www.fundacioolgatorres.org\/wp-content\/uploads\/elementor\/thumbs\/radioterapia-qwnku325u7nf07v1ok3pgsgdkjt9wnb40x1sj1etfs.jpg\" title=\"radioterapia\" alt=\"radioterapia\" loading=\"lazy\" \/>\t\t\t\t\t\t\t\t\t\t\t\t\t\t\t<\/div>\n\t\t\t\t<\/div>\n\t\t\t\t\t<\/div>\n\t\t<\/div>\n\t\t\t\t\t<\/div>\n\t\t<\/section>\n\t\t\t\t<section class=\"elementor-section elementor-top-section elementor-element elementor-element-18bddfa elementor-hidden-mobile elementor-section-boxed elementor-section-height-default elementor-section-height-default\" data-id=\"18bddfa\" data-element_type=\"section\" data-e-type=\"section\">\n\t\t\t\t\t\t<div class=\"elementor-container elementor-column-gap-default\">\n\t\t\t\t\t<div class=\"elementor-column elementor-col-100 elementor-top-column elementor-element elementor-element-be67cf0\" data-id=\"be67cf0\" data-element_type=\"column\" data-e-type=\"column\">\n\t\t\t<div class=\"elementor-widget-wrap elementor-element-populated\">\n\t\t\t\t\t\t<div class=\"elementor-element elementor-element-d4462ae elementor-widget elementor-widget-spacer\" data-id=\"d4462ae\" data-element_type=\"widget\" data-e-type=\"widget\" data-widget_type=\"spacer.default\">\n\t\t\t\t<div class=\"elementor-widget-container\">\n\t\t\t\t\t\t\t<div class=\"elementor-spacer\">\n\t\t\t<div class=\"elementor-spacer-inner\"><\/div>\n\t\t<\/div>\n\t\t\t\t\t\t<\/div>\n\t\t\t\t<\/div>\n\t\t\t\t\t<\/div>\n\t\t<\/div>\n\t\t\t\t\t<\/div>\n\t\t<\/section>\n\t\t\t\t<section class=\"elementor-section elementor-top-section elementor-element elementor-element-72fec23 elementor-section-content-middle elementor-reverse-mobile elementor-hidden-tablet elementor-section-boxed elementor-section-height-default elementor-section-height-default elementor-invisible\" data-id=\"72fec23\" data-element_type=\"section\" data-e-type=\"section\" data-settings=\"{&quot;background_background&quot;:&quot;classic&quot;,&quot;animation&quot;:&quot;fadeIn&quot;}\">\n\t\t\t\t\t\t<div class=\"elementor-container elementor-column-gap-default\">\n\t\t\t\t\t<div class=\"elementor-column elementor-col-50 elementor-top-column elementor-element elementor-element-1483c67\" data-id=\"1483c67\" data-element_type=\"column\" data-e-type=\"column\">\n\t\t\t<div class=\"elementor-widget-wrap elementor-element-populated\">\n\t\t\t\t\t\t<div class=\"elementor-element elementor-element-a4dcab0 elementor-hidden-mobile elementor-widget elementor-widget-image\" data-id=\"a4dcab0\" data-element_type=\"widget\" data-e-type=\"widget\" data-widget_type=\"image.default\">\n\t\t\t\t<div class=\"elementor-widget-container\">\n\t\t\t\t\t\t\t\t\t\t\t\t\t\t\t<img loading=\"lazy\" decoding=\"async\" width=\"800\" height=\"533\" src=\"https:\/\/www.fundacioolgatorres.org\/wp-content\/uploads\/2021\/12\/pronostic-cancer-colorectal.jpg\" class=\"attachment-large size-large wp-image-4155\" alt=\"\" srcset=\"https:\/\/www.fundacioolgatorres.org\/wp-content\/uploads\/2021\/12\/pronostic-cancer-colorectal.jpg 800w, https:\/\/www.fundacioolgatorres.org\/wp-content\/uploads\/2021\/12\/pronostic-cancer-colorectal-300x200.jpg 300w, https:\/\/www.fundacioolgatorres.org\/wp-content\/uploads\/2021\/12\/pronostic-cancer-colorectal-768x512.jpg 768w\" sizes=\"(max-width: 800px) 100vw, 800px\" \/>\t\t\t\t\t\t\t\t\t\t\t\t\t\t\t<\/div>\n\t\t\t\t<\/div>\n\t\t\t\t\t<\/div>\n\t\t<\/div>\n\t\t\t\t<div class=\"elementor-column elementor-col-50 elementor-top-column elementor-element elementor-element-3188fb6\" data-id=\"3188fb6\" data-element_type=\"column\" data-e-type=\"column\">\n\t\t\t<div class=\"elementor-widget-wrap elementor-element-populated\">\n\t\t\t\t\t\t<div class=\"elementor-element elementor-element-1f8153c elementor-widget elementor-widget-heading\" data-id=\"1f8153c\" data-element_type=\"widget\" data-e-type=\"widget\" data-widget_type=\"heading.default\">\n\t\t\t\t<div class=\"elementor-widget-container\">\n\t\t\t\t\t<h2 class=\"elementor-heading-title elementor-size-default\">Pron\u00f3stico<\/h2>\t\t\t\t<\/div>\n\t\t\t\t<\/div>\n\t\t\t\t<div class=\"elementor-element elementor-element-31b15fc elementor-widget elementor-widget-text-editor\" data-id=\"31b15fc\" data-element_type=\"widget\" data-e-type=\"widget\" data-widget_type=\"text-editor.default\">\n\t\t\t\t<div class=\"elementor-widget-container\">\n\t\t\t\t\t\t\t\t\t<p>El c\u00e1ncer colorrectal no es, afortunadamente, uno de los tumores m\u00e1s agresivos. Las posibilidades de curaci\u00f3n son muy variables y van en funci\u00f3n del momento en que se detecta la lesi\u00f3n. Cuando se detecta muy al principio estas posibilidades de curaci\u00f3n est\u00e1n cerca del 100%. Luego van disminuyendo. Podr\u00edamos decir que hay varios niveles de gravedad, el que el tumor no atraviese toda la pared del intestino, el que s\u00ed lo haga, el que los ganglios est\u00e9n afectados y, por \u00faltimo el que haya dado siembras en otros \u00f3rganos, lo que se conoce como met\u00e1stasis. A pesar de todo, a\u00fan en los casos de diseminaci\u00f3n a otros \u00f3rganos, existen opciones de curaci\u00f3n o como m\u00ednimo de frenar la evoluci\u00f3n de la enfermedad.<\/p>\t\t\t\t\t\t\t\t<\/div>\n\t\t\t\t<\/div>\n\t\t\t\t\t<\/div>\n\t\t<\/div>\n\t\t\t\t\t<\/div>\n\t\t<\/section>\n\t\t\t\t<section class=\"elementor-section elementor-top-section elementor-element elementor-element-5a17bdc elementor-section-content-middle elementor-reverse-mobile elementor-hidden-desktop elementor-hidden-mobile elementor-section-boxed elementor-section-height-default elementor-section-height-default elementor-invisible\" data-id=\"5a17bdc\" data-element_type=\"section\" data-e-type=\"section\" data-settings=\"{&quot;background_background&quot;:&quot;classic&quot;,&quot;animation&quot;:&quot;fadeIn&quot;}\">\n\t\t\t\t\t\t<div class=\"elementor-container elementor-column-gap-default\">\n\t\t\t\t\t<div class=\"elementor-column elementor-col-100 elementor-top-column elementor-element elementor-element-7fb0742\" data-id=\"7fb0742\" data-element_type=\"column\" data-e-type=\"column\">\n\t\t\t<div class=\"elementor-widget-wrap elementor-element-populated\">\n\t\t\t\t\t\t<div class=\"elementor-element elementor-element-745e17d elementor-widget elementor-widget-heading\" data-id=\"745e17d\" data-element_type=\"widget\" data-e-type=\"widget\" data-widget_type=\"heading.default\">\n\t\t\t\t<div class=\"elementor-widget-container\">\n\t\t\t\t\t<h2 class=\"elementor-heading-title elementor-size-default\">Pron\u00f3stico<\/h2>\t\t\t\t<\/div>\n\t\t\t\t<\/div>\n\t\t\t\t<div class=\"elementor-element elementor-element-e608546 elementor-widget elementor-widget-image\" data-id=\"e608546\" data-element_type=\"widget\" data-e-type=\"widget\" data-widget_type=\"image.default\">\n\t\t\t\t<div class=\"elementor-widget-container\">\n\t\t\t\t\t\t\t\t\t\t\t\t\t\t\t<img loading=\"lazy\" decoding=\"async\" width=\"800\" height=\"533\" src=\"https:\/\/www.fundacioolgatorres.org\/wp-content\/uploads\/2021\/12\/pronostic-cancer-colorectal.jpg\" class=\"attachment-large size-large wp-image-4155\" alt=\"\" srcset=\"https:\/\/www.fundacioolgatorres.org\/wp-content\/uploads\/2021\/12\/pronostic-cancer-colorectal.jpg 800w, https:\/\/www.fundacioolgatorres.org\/wp-content\/uploads\/2021\/12\/pronostic-cancer-colorectal-300x200.jpg 300w, https:\/\/www.fundacioolgatorres.org\/wp-content\/uploads\/2021\/12\/pronostic-cancer-colorectal-768x512.jpg 768w\" sizes=\"(max-width: 800px) 100vw, 800px\" \/>\t\t\t\t\t\t\t\t\t\t\t\t\t\t\t<\/div>\n\t\t\t\t<\/div>\n\t\t\t\t<div class=\"elementor-element elementor-element-fb7297e elementor-widget elementor-widget-text-editor\" data-id=\"fb7297e\" data-element_type=\"widget\" data-e-type=\"widget\" data-widget_type=\"text-editor.default\">\n\t\t\t\t<div class=\"elementor-widget-container\">\n\t\t\t\t\t\t\t\t\t<p>El c\u00e1ncer colorrectal no es, afortunadamente, uno de los tumores m\u00e1s agresivos. Las posibilidades de curaci\u00f3n son muy variables y van en funci\u00f3n del momento en que se detecta la lesi\u00f3n. Cuando se detecta muy al principio estas posibilidades de curaci\u00f3n est\u00e1n cerca del 100%. Luego van disminuyendo. Podemos decir que hay distintos niveles de gravedad: cuando no afecta toda la pared del intestino, cuando lo afecta, cuando los ganglios est\u00e1n afectados, por \u00faltimo, cuando afecta a otros \u00f3rganos, es lo que se conoce por met\u00e1stasis No obstante, hasta en este \u00faltimo nivel hay opciones de curaci\u00f3n o, como m\u00ednimo, de frenar la evoluci\u00f3n de la enfermedad.<\/p>\t\t\t\t\t\t\t\t<\/div>\n\t\t\t\t<\/div>\n\t\t\t\t\t<\/div>\n\t\t<\/div>\n\t\t\t\t\t<\/div>\n\t\t<\/section>\n\t\t\t\t<section class=\"elementor-section elementor-top-section elementor-element elementor-element-0e85116 elementor-section-boxed elementor-section-height-default elementor-section-height-default\" data-id=\"0e85116\" data-element_type=\"section\" data-e-type=\"section\">\n\t\t\t\t\t\t<div class=\"elementor-container elementor-column-gap-default\">\n\t\t\t\t\t<div class=\"elementor-column elementor-col-100 elementor-top-column elementor-element elementor-element-4be64b4\" data-id=\"4be64b4\" data-element_type=\"column\" data-e-type=\"column\">\n\t\t\t<div class=\"elementor-widget-wrap elementor-element-populated\">\n\t\t\t\t\t\t<div class=\"elementor-element elementor-element-2a8e20d elementor-widget elementor-widget-heading\" data-id=\"2a8e20d\" data-element_type=\"widget\" data-e-type=\"widget\" data-widget_type=\"heading.default\">\n\t\t\t\t<div class=\"elementor-widget-container\">\n\t\t\t\t\t<h2 class=\"elementor-heading-title elementor-size-default\">Gen\u00e9tica<\/h2>\t\t\t\t<\/div>\n\t\t\t\t<\/div>\n\t\t\t\t\t<\/div>\n\t\t<\/div>\n\t\t\t\t\t<\/div>\n\t\t<\/section>\n\t\t\t\t<section class=\"elementor-section elementor-top-section elementor-element elementor-element-b4b5c8d elementor-section-boxed elementor-section-height-default elementor-section-height-default\" data-id=\"b4b5c8d\" data-element_type=\"section\" data-e-type=\"section\">\n\t\t\t\t\t\t<div class=\"elementor-container elementor-column-gap-default\">\n\t\t\t\t\t<div class=\"elementor-column elementor-col-33 elementor-top-column elementor-element elementor-element-66966c4\" data-id=\"66966c4\" data-element_type=\"column\" data-e-type=\"column\">\n\t\t\t<div class=\"elementor-widget-wrap elementor-element-populated\">\n\t\t\t\t\t\t<div class=\"elementor-element elementor-element-1843e79 elementor-widget elementor-widget-image\" data-id=\"1843e79\" data-element_type=\"widget\" data-e-type=\"widget\" data-widget_type=\"image.default\">\n\t\t\t\t<div class=\"elementor-widget-container\">\n\t\t\t\t\t\t\t\t\t\t\t\t\t\t\t<img decoding=\"async\" src=\"https:\/\/www.fundacioolgatorres.org\/wp-content\/uploads\/elementor\/thumbs\/deteccion-cancer-qwnku323ei2js7jkuqdd8mrnhve0l4vo9bvg88gddk.jpg\" title=\"deteccion-cancer\" alt=\"deteccion-cancer\" loading=\"lazy\" \/>\t\t\t\t\t\t\t\t\t\t\t\t\t\t\t<\/div>\n\t\t\t\t<\/div>\n\t\t\t\t<div class=\"elementor-element elementor-element-34c5309 elementor-widget elementor-widget-heading\" data-id=\"34c5309\" data-element_type=\"widget\" data-e-type=\"widget\" data-widget_type=\"heading.default\">\n\t\t\t\t<div class=\"elementor-widget-container\">\n\t\t\t\t\t<h3 class=\"elementor-heading-title elementor-size-large\">Detecci\u00f3n precoz<\/h3>\t\t\t\t<\/div>\n\t\t\t\t<\/div>\n\t\t\t\t<div class=\"elementor-element elementor-element-41235ad elementor-widget elementor-widget-heading\" data-id=\"41235ad\" data-element_type=\"widget\" data-e-type=\"widget\" data-widget_type=\"heading.default\">\n\t\t\t\t<div class=\"elementor-widget-container\">\n\t\t\t\t\t<h2 class=\"elementor-heading-title elementor-size-large\">Autor: Dr. Xavier Llor Farr\u00e9<\/h2>\t\t\t\t<\/div>\n\t\t\t\t<\/div>\n\t\t\t\t<div class=\"elementor-element elementor-element-d20d0f4 elementor-widget elementor-widget-toggle\" data-id=\"d20d0f4\" data-element_type=\"widget\" data-e-type=\"widget\" data-widget_type=\"toggle.default\">\n\t\t\t\t<div class=\"elementor-widget-container\">\n\t\t\t\t\t\t\t<div class=\"elementor-toggle\">\n\t\t\t\t\t\t\t<div class=\"elementor-toggle-item\">\n\t\t\t\t\t<div id=\"elementor-tab-title-2201\" class=\"elementor-tab-title\" data-tab=\"1\" role=\"button\" aria-controls=\"elementor-tab-content-2201\" aria-expanded=\"false\">\n\t\t\t\t\t\t\t\t\t\t\t\t<a class=\"elementor-toggle-title\" tabindex=\"0\">Detecci\u00f3n precoz<\/a>\n\t\t\t\t\t<\/div>\n\n\t\t\t\t\t<div id=\"elementor-tab-content-2201\" class=\"elementor-tab-content elementor-clearfix\" data-tab=\"1\" role=\"region\" aria-labelledby=\"elementor-tab-title-2201\"><p>El c\u00e1ncer colorrectal es uno de los c\u00e1nceres que presenta un crecimiento m\u00e1s lento. Adem\u00e1s, disponemos de t\u00e9cnicas que nos permiten una detecci\u00f3n incluso en las fases m\u00e1s iniciales de desarrollo de este tipo de c\u00e1ncer. La prueba m\u00e1s eficaz es la colonoscopia. Si el c\u00e1ncer colorrectal se detecta mediante esta t\u00e9cnica y es todav\u00eda de peque\u00f1o tama\u00f1o, se puede extirpar en la misma prueba.<\/p><\/div>\n\t\t\t\t<\/div>\n\t\t\t\t\t\t\t<div class=\"elementor-toggle-item\">\n\t\t\t\t\t<div id=\"elementor-tab-title-2202\" class=\"elementor-tab-title\" data-tab=\"2\" role=\"button\" aria-controls=\"elementor-tab-content-2202\" aria-expanded=\"false\">\n\t\t\t\t\t\t\t\t\t\t\t\t<a class=\"elementor-toggle-title\" tabindex=\"0\">\u00bfEs eficaz?<\/a>\n\t\t\t\t\t<\/div>\n\n\t\t\t\t\t<div id=\"elementor-tab-content-2202\" class=\"elementor-tab-content elementor-clearfix\" data-tab=\"2\" role=\"region\" aria-labelledby=\"elementor-tab-title-2202\">La detecci\u00f3n precoz de este c\u00e1ncer ha demostrado ser extraordinariamente eficaz. M\u00faltiples estudios han constatado que si se detecta en las fases m\u00e1s iniciales, la supervivencia despu\u00e9s del tratamiento se aproxima al 95% mientras que \u00e9sta no llega al 50% si se detecta en fases m\u00e1s avanzadas.<\/div>\n\t\t\t\t<\/div>\n\t\t\t\t\t\t\t<div class=\"elementor-toggle-item\">\n\t\t\t\t\t<div id=\"elementor-tab-title-2203\" class=\"elementor-tab-title\" data-tab=\"3\" role=\"button\" aria-controls=\"elementor-tab-content-2203\" aria-expanded=\"false\">\n\t\t\t\t\t\t\t\t\t\t\t\t<a class=\"elementor-toggle-title\" tabindex=\"0\">M\u00e9todos <\/a>\n\t\t\t\t\t<\/div>\n\n\t\t\t\t\t<div id=\"elementor-tab-content-2203\" class=\"elementor-tab-content elementor-clearfix\" data-tab=\"3\" role=\"region\" aria-labelledby=\"elementor-tab-title-2203\"><p>Los m\u00e9todos utilizados para la detecci\u00f3n precoz son el an\u00e1lisis de sangre oculta en las heces, la colonoscopia, el enema opaco, y a\u00fan en fase de validaci\u00f3n, la colonoscopia virtual. Se han dise\u00f1ado distintas estrategias que utilizan una o m\u00e1s de estas pruebas con un buen porcentaje de detecciones.<\/p><\/div>\n\t\t\t\t<\/div>\n\t\t\t\t\t\t\t<div class=\"elementor-toggle-item\">\n\t\t\t\t\t<div id=\"elementor-tab-title-2204\" class=\"elementor-tab-title\" data-tab=\"4\" role=\"button\" aria-controls=\"elementor-tab-content-2204\" aria-expanded=\"false\">\n\t\t\t\t\t\t\t\t\t\t\t\t<a class=\"elementor-toggle-title\" tabindex=\"0\">M\u00e9todos m\u00e1s efectivos<\/a>\n\t\t\t\t\t<\/div>\n\n\t\t\t\t\t<div id=\"elementor-tab-content-2204\" class=\"elementor-tab-content elementor-clearfix\" data-tab=\"4\" role=\"region\" aria-labelledby=\"elementor-tab-title-2204\"><p>Sin duda alguna, la prueba definitiva para el diagn\u00f3stico es la colonoscopia que, a parte de detectar el c\u00e1ncer, tambi\u00e9n permite realizar biopsias para analizar los tumores. Los tests de sangre oculta en las heces, combinados con la colonoscopia, han demostrado ser muy eficaces. La simplicidad de los primeros permite que se pueda hacer un cribaje muy general a toda la poblaci\u00f3n sin ning\u00fan riesgo y con una buena efectividad. No obstante, toda estrategia pasa finalmente por la realizaci\u00f3n de una colonoscopia cuando se haya detectado una anomal\u00eda. Esta prueba es la que aporta un diagn\u00f3stico definitivo.<\/p><\/div>\n\t\t\t\t<\/div>\n\t\t\t\t\t\t\t<div class=\"elementor-toggle-item\">\n\t\t\t\t\t<div id=\"elementor-tab-title-2205\" class=\"elementor-tab-title\" data-tab=\"5\" role=\"button\" aria-controls=\"elementor-tab-content-2205\" aria-expanded=\"false\">\n\t\t\t\t\t\t\t\t\t\t\t\t<a class=\"elementor-toggle-title\" tabindex=\"0\">\u00bfQui\u00e9n tiene un riesgo m\u00e1s elevado de c\u00e1ncer?<\/a>\n\t\t\t\t\t<\/div>\n\n\t\t\t\t\t<div id=\"elementor-tab-content-2205\" class=\"elementor-tab-content elementor-clearfix\" data-tab=\"5\" role=\"region\" aria-labelledby=\"elementor-tab-title-2205\"><p>El riesgo de c\u00e1ncer colorrectal comienza a aumentar de manera evidente a partir aproximadamente de los 50 a\u00f1os de edad. No obstante, se dan una serie de circunstancias que hacen que una persona determinada corra un riesgo mayor y, por tanto, deba hacerse una vigilancia m\u00e1s temprana. Nos referimos a personas que tenga alg\u00fan familiar afecto de este tipo de c\u00e1ncer, personas con distintos tipos de c\u00e1ncer en la familia, pacientes con antecedentes de enfermedad inflamatoria intestinal, y sobre todo, personas con s\u00edndromes familiares de c\u00e1ncer colorrectal, como por ejemplo el S\u00edndrome de la Poliposis Adenomatosa o S\u00edndrome de Lynch.<\/p><\/div>\n\t\t\t\t<\/div>\n\t\t\t\t\t\t\t<div class=\"elementor-toggle-item\">\n\t\t\t\t\t<div id=\"elementor-tab-title-2206\" class=\"elementor-tab-title\" data-tab=\"6\" role=\"button\" aria-controls=\"elementor-tab-content-2206\" aria-expanded=\"false\">\n\t\t\t\t\t\t\t\t\t\t\t\t<a class=\"elementor-toggle-title\" tabindex=\"0\">Manifestaciones asociadas<\/a>\n\t\t\t\t\t<\/div>\n\n\t\t\t\t\t<div id=\"elementor-tab-content-2206\" class=\"elementor-tab-content elementor-clearfix\" data-tab=\"6\" role=\"region\" aria-labelledby=\"elementor-tab-title-2206\"><p>Lo m\u00e1s importante es detectar este c\u00e1ncer cuando todav\u00eda no se ha manifestado, siendo esta fase la de mayor garant\u00eda para cogerlo a tiempo. Los s\u00edntomas se acostumbran a presentar cuando el tumor ya ha alcanzado un tama\u00f1o considerable y se encuentra en una fase avanzada. El mejor momento para detectar el c\u00e1ncer es cuando el paciente se encuentra bien y nada le hace pensar que puede tener c\u00e1ncer. Los s\u00edntomas o signos que pueden acompa\u00f1ar al c\u00e1ncer colorrectal son: sangrado por el recto, dolor de est\u00f3mago, dolor en el intestino, cambios en el tama\u00f1o o frecuencia de las deposiciones, o anemia.<\/p><\/div>\n\t\t\t\t<\/div>\n\t\t\t\t\t\t\t\t<\/div>\n\t\t\t\t\t\t<\/div>\n\t\t\t\t<\/div>\n\t\t\t\t\t<\/div>\n\t\t<\/div>\n\t\t\t\t<div class=\"elementor-column elementor-col-33 elementor-top-column elementor-element elementor-element-94ad833\" data-id=\"94ad833\" data-element_type=\"column\" data-e-type=\"column\">\n\t\t\t<div class=\"elementor-widget-wrap elementor-element-populated\">\n\t\t\t\t\t\t<div class=\"elementor-element elementor-element-d3c5f2a elementor-widget elementor-widget-image\" data-id=\"d3c5f2a\" data-element_type=\"widget\" data-e-type=\"widget\" data-widget_type=\"image.default\">\n\t\t\t\t<div class=\"elementor-widget-container\">\n\t\t\t\t\t\t\t\t\t\t\t\t\t\t\t<img decoding=\"async\" src=\"https:\/\/www.fundacioolgatorres.org\/wp-content\/uploads\/elementor\/thumbs\/adn-fot-qwnku3zxlc3u3ti7p8rzt4j4399dstzelgixpiez7c.jpg\" title=\"adn-fot\" alt=\"adn-fot\" loading=\"lazy\" \/>\t\t\t\t\t\t\t\t\t\t\t\t\t\t\t<\/div>\n\t\t\t\t<\/div>\n\t\t\t\t<div class=\"elementor-element elementor-element-880ee59 elementor-widget elementor-widget-heading\" data-id=\"880ee59\" data-element_type=\"widget\" data-e-type=\"widget\" data-widget_type=\"heading.default\">\n\t\t\t\t<div class=\"elementor-widget-container\">\n\t\t\t\t\t<h3 class=\"elementor-heading-title elementor-size-large\">Herencia<\/h3>\t\t\t\t<\/div>\n\t\t\t\t<\/div>\n\t\t\t\t<div class=\"elementor-element elementor-element-1fd3ac8 elementor-widget elementor-widget-heading\" data-id=\"1fd3ac8\" data-element_type=\"widget\" data-e-type=\"widget\" data-widget_type=\"heading.default\">\n\t\t\t\t<div class=\"elementor-widget-container\">\n\t\t\t\t\t<h2 class=\"elementor-heading-title elementor-size-large\">Autor: Dr. Xavier Llor Farr\u00e9<\/h2>\t\t\t\t<\/div>\n\t\t\t\t<\/div>\n\t\t\t\t<div class=\"elementor-element elementor-element-28cbe97 elementor-widget elementor-widget-toggle\" data-id=\"28cbe97\" data-element_type=\"widget\" data-e-type=\"widget\" data-widget_type=\"toggle.default\">\n\t\t\t\t<div class=\"elementor-widget-container\">\n\t\t\t\t\t\t\t<div class=\"elementor-toggle\">\n\t\t\t\t\t\t\t<div class=\"elementor-toggle-item\">\n\t\t\t\t\t<div id=\"elementor-tab-title-4271\" class=\"elementor-tab-title\" data-tab=\"1\" role=\"button\" aria-controls=\"elementor-tab-content-4271\" aria-expanded=\"false\">\n\t\t\t\t\t\t\t\t\t\t\t\t<a class=\"elementor-toggle-title\" tabindex=\"0\">Herencia C\u00e1ncer Colorrectal<\/a>\n\t\t\t\t\t<\/div>\n\n\t\t\t\t\t<div id=\"elementor-tab-content-4271\" class=\"elementor-tab-content elementor-clearfix\" data-tab=\"1\" role=\"region\" aria-labelledby=\"elementor-tab-title-4271\"><p><strong>\u00bfTengo o he tenido familiares con \u00e9ste o con otros tipos de c\u00e1ncer?<\/strong><br>Uno de los factores m\u00e1s importantes en lo que concierne al riesgo de c\u00e1ncer colorrectal es si tenemos o hemos tenido uno o m\u00e1s familiares que hayan padecido este tipo de c\u00e1ncer o si ha habido distintos tipos de c\u00e1ncer en la familia. Si bien el porcentaje m\u00e1s alto de c\u00e1ncer colorrectal aparece en personas sin ning\u00fan familiar afectado, el riesgo de una persona de padecer este tipo de c\u00e1ncer es m\u00e1s alto si existen antecedentes en la historia familiar antes mencionada. Cuantos m\u00e1s familiares afectados, mayor ser\u00e1 el riesgo. Un cap\u00edtulo aparte son las familias con s\u00edndromes hereditarios como la poliposis adenomatosa familiar o el s\u00edndrome de Lynch en el que el riesgo de padecer un c\u00e1ncer colorrectal por cada persona de la familia se aproxima al 50%.<\/p><p><strong>\u00bfSe hereda el c\u00e1ncer colorrectal?<\/strong><br>El componente hereditario en este tipo de c\u00e1ncer es muy importante. Conocemos ya diversos genes en que si se hereda la forma mutada de \u00e9stos, el riesgo de padecer c\u00e1ncer colorrectal se aproxima al 100%. Todav\u00eda no se conocen todos los genes responsables.<\/p><p> <\/p><\/div>\n\t\t\t\t<\/div>\n\t\t\t\t\t\t\t<div class=\"elementor-toggle-item\">\n\t\t\t\t\t<div id=\"elementor-tab-title-4272\" class=\"elementor-tab-title\" data-tab=\"2\" role=\"button\" aria-controls=\"elementor-tab-content-4272\" aria-expanded=\"false\">\n\t\t\t\t\t\t\t\t\t\t\t\t<a class=\"elementor-toggle-title\" tabindex=\"0\">Familiar afectado<\/a>\n\t\t\t\t\t<\/div>\n\n\t\t\t\t\t<div id=\"elementor-tab-content-4272\" class=\"elementor-tab-content elementor-clearfix\" data-tab=\"2\" role=\"region\" aria-labelledby=\"elementor-tab-title-4272\"><p><strong>Cu\u00e1ndo he de sospechar que mi familia puede estar afectada <\/strong><br>Cuando haya habido diversos familiares afectados de c\u00e1ncer colorrectal o de otros tipos de c\u00e1ncer, sobre todo de endometrio. Tambi\u00e9n cuando haya habido casos de c\u00e1ncer en personas j\u00f3venes (menos de 50 a\u00f1os).<\/p><p><strong>\u00bfQu\u00e9 he de hacer si tengo familiares con c\u00e1ncer colorrectal o de otros tipos?<\/strong><br>Consultar con su digest\u00f3logo, quien le sugerir\u00e1 las posibles estrategias a seguir de acuerdo con su riesgo particular y su edad, remiti\u00e9ndole a que se someta a una consulta gen\u00e9tica si se sospecha un caso de s\u00edndrome familiar.<\/p><\/div>\n\t\t\t\t<\/div>\n\t\t\t\t\t\t\t<div class=\"elementor-toggle-item\">\n\t\t\t\t\t<div id=\"elementor-tab-title-4273\" class=\"elementor-tab-title\" data-tab=\"3\" role=\"button\" aria-controls=\"elementor-tab-content-4273\" aria-expanded=\"false\">\n\t\t\t\t\t\t\t\t\t\t\t\t<a class=\"elementor-toggle-title\" tabindex=\"0\">\u00bfQu\u00e9 es el consejo gen\u00e9tico?<\/a>\n\t\t\t\t\t<\/div>\n\n\t\t\t\t\t<div id=\"elementor-tab-content-4273\" class=\"elementor-tab-content elementor-clearfix\" data-tab=\"3\" role=\"region\" aria-labelledby=\"elementor-tab-title-4273\"><p>Es la evaluaci\u00f3n personalizada que se hace para determinar si existe la posibilidad de tener un s\u00edndrome hereditario, en este caso de c\u00e1ncer colorrectal. Se har\u00e1n las recomendaciones pertinentes, y si se estima oportuno, las pruebas gen\u00e9ticas que puedan ayudar a establecer si se ha heredado la mutaci\u00f3n presente en su familia.<\/p><\/div>\n\t\t\t\t<\/div>\n\t\t\t\t\t\t\t<div class=\"elementor-toggle-item\">\n\t\t\t\t\t<div id=\"elementor-tab-title-4274\" class=\"elementor-tab-title\" data-tab=\"4\" role=\"button\" aria-controls=\"elementor-tab-content-4274\" aria-expanded=\"false\">\n\t\t\t\t\t\t\t\t\t\t\t\t<a class=\"elementor-toggle-title\" tabindex=\"0\">Hay pruebas para detectar<\/a>\n\t\t\t\t\t<\/div>\n\n\t\t\t\t\t<div id=\"elementor-tab-content-4274\" class=\"elementor-tab-content elementor-clearfix\" data-tab=\"4\" role=\"region\" aria-labelledby=\"elementor-tab-title-4274\"><p>S\u00ed. Aunque no se conocen todos los genes involucrados en el c\u00e1ncer colorrectal hereditario, si se detecta una mutaci\u00f3n en uno de los genes conocidos en una persona afectada de la familia se podr\u00e1 realizar pruebas al resto de familiares para determinar si han heredado o no aquella mutaci\u00f3n, y por tanto, el elevad\u00edsimo riesgo de desarrollar c\u00e1ncer colorrectal u otros c\u00e1nceres que est\u00e1n relacionados con \u00e9ste.<\/p><p><strong>\u00bfSon efectivas estas pruebas?<\/strong><br>Si se consigue detectar la mutaci\u00f3n en una persona afectada de la familia, al resto de los familiares se les podr\u00e1 hacer la prueba f\u00e1cilmente. Los que no hayan heredado la mutaci\u00f3n tendr\u00e1n un riesgo igual al de la poblaci\u00f3n general de desarrollar c\u00e1ncer colorrectal y, por tanto, no har\u00e1 falta iniciar el cribaje hasta los 50 a\u00f1os, como en el resto de la poblaci\u00f3n que no tiene ning\u00fan s\u00edntoma. En aquellos individuos que s\u00ed la hayan heredado, ser\u00e1 necesario seguir las pautas establecidas para evitar el desarrollo del c\u00e1ncer.<\/p><\/div>\n\t\t\t\t<\/div>\n\t\t\t\t\t\t\t<div class=\"elementor-toggle-item\">\n\t\t\t\t\t<div id=\"elementor-tab-title-4275\" class=\"elementor-tab-title\" data-tab=\"5\" role=\"button\" aria-controls=\"elementor-tab-content-4275\" aria-expanded=\"false\">\n\t\t\t\t\t\t\t\t\t\t\t\t<a class=\"elementor-toggle-title\" tabindex=\"0\">\u00bfCu\u00e1les son los s\u00edndromes familiares?<\/a>\n\t\t\t\t\t<\/div>\n\n\t\t\t\t\t<div id=\"elementor-tab-content-4275\" class=\"elementor-tab-content elementor-clearfix\" data-tab=\"5\" role=\"region\" aria-labelledby=\"elementor-tab-title-4275\"><p>Los s\u00edndromes familiares m\u00e1s importantes son el s\u00edndrome de Lynch o tambi\u00e9n denominado s\u00edndrome del c\u00e1ncer colorrectal no poliposo o sin p\u00f3lipos y la poliposis adenomatosa familiar que se caracteriza por la presencia de un gran n\u00famero de p\u00f3lipos a lo largo de todo el colon.<\/p><\/div>\n\t\t\t\t<\/div>\n\t\t\t\t\t\t\t<div class=\"elementor-toggle-item\">\n\t\t\t\t\t<div id=\"elementor-tab-title-4276\" class=\"elementor-tab-title\" data-tab=\"6\" role=\"button\" aria-controls=\"elementor-tab-content-4276\" aria-expanded=\"false\">\n\t\t\t\t\t\t\t\t\t\t\t\t<a class=\"elementor-toggle-title\" tabindex=\"0\">\u00bfPuedo prevenir el c\u00e1ncer colorrectal?<\/a>\n\t\t\t\t\t<\/div>\n\n\t\t\t\t\t<div id=\"elementor-tab-content-4276\" class=\"elementor-tab-content elementor-clearfix\" data-tab=\"6\" role=\"region\" aria-labelledby=\"elementor-tab-title-4276\"><p>El c\u00e1ncer colorrectal es uno de los c\u00e1nceres que m\u00e1s se pueden prevenir, debido a su habitualmente lento crecimiento y al significativo conocimiento que tenemos sobre los s\u00edndromes familiares. En todos los casos, lo m\u00e1s importante es que se conozcan las pautas a seguir y lo que se debe hacer en cada caso en particular.<\/p><\/div>\n\t\t\t\t<\/div>\n\t\t\t\t\t\t\t\t<\/div>\n\t\t\t\t\t\t<\/div>\n\t\t\t\t<\/div>\n\t\t\t\t\t<\/div>\n\t\t<\/div>\n\t\t\t\t<div class=\"elementor-column elementor-col-33 elementor-top-column elementor-element elementor-element-bd1459e\" data-id=\"bd1459e\" data-element_type=\"column\" data-e-type=\"column\">\n\t\t\t<div class=\"elementor-widget-wrap elementor-element-populated\">\n\t\t\t\t\t\t<div class=\"elementor-element elementor-element-de75bc2 elementor-widget elementor-widget-image\" data-id=\"de75bc2\" data-element_type=\"widget\" data-e-type=\"widget\" data-widget_type=\"image.default\">\n\t\t\t\t<div class=\"elementor-widget-container\">\n\t\t\t\t\t\t\t\t\t\t\t\t\t\t\t<img decoding=\"async\" src=\"https:\/\/www.fundacioolgatorres.org\/wp-content\/uploads\/elementor\/thumbs\/genetica-fot-qwnku3zxlc3u3ti7p8rzt4j4399dstzelgixpiez7c.jpg\" title=\"genetica-fot\" alt=\"genetica-fot\" loading=\"lazy\" \/>\t\t\t\t\t\t\t\t\t\t\t\t\t\t\t<\/div>\n\t\t\t\t<\/div>\n\t\t\t\t<div class=\"elementor-element elementor-element-6b16a61 elementor-widget elementor-widget-heading\" data-id=\"6b16a61\" data-element_type=\"widget\" data-e-type=\"widget\" data-widget_type=\"heading.default\">\n\t\t\t\t<div class=\"elementor-widget-container\">\n\t\t\t\t\t<h3 class=\"elementor-heading-title elementor-size-large\">S\u00edndromes Gen\u00e9ticos<\/h3>\t\t\t\t<\/div>\n\t\t\t\t<\/div>\n\t\t\t\t<div class=\"elementor-element elementor-element-30f9510 elementor-widget elementor-widget-heading\" data-id=\"30f9510\" data-element_type=\"widget\" data-e-type=\"widget\" data-widget_type=\"heading.default\">\n\t\t\t\t<div class=\"elementor-widget-container\">\n\t\t\t\t\t<h2 class=\"elementor-heading-title elementor-size-large\">Autora: Dra. Maria Teresa Sol\u00e9 Pujol<\/h2>\t\t\t\t<\/div>\n\t\t\t\t<\/div>\n\t\t\t\t<div class=\"elementor-element elementor-element-da132b0 elementor-widget elementor-widget-toggle\" data-id=\"da132b0\" data-element_type=\"widget\" data-e-type=\"widget\" data-widget_type=\"toggle.default\">\n\t\t\t\t<div class=\"elementor-widget-container\">\n\t\t\t\t\t\t\t<div class=\"elementor-toggle\">\n\t\t\t\t\t\t\t<div class=\"elementor-toggle-item\">\n\t\t\t\t\t<div id=\"elementor-tab-title-2281\" class=\"elementor-tab-title\" data-tab=\"1\" role=\"button\" aria-controls=\"elementor-tab-content-2281\" aria-expanded=\"false\">\n\t\t\t\t\t\t\t\t\t\t\t\t<a class=\"elementor-toggle-title\" tabindex=\"0\"> \u00bfQu\u00e9 son los s\u00edndromes asociados?<\/a>\n\t\t\t\t\t<\/div>\n\n\t\t\t\t\t<div id=\"elementor-tab-content-2281\" class=\"elementor-tab-content elementor-clearfix\" data-tab=\"1\" role=\"region\" aria-labelledby=\"elementor-tab-title-2281\"><p>Definimos como s\u00edndrome a todo el conjunto de malformaciones o anomal\u00edas que observamos en un individuo y que afectan a diferentes estructuras u \u00f3rganos de su cuerpo, originadas por una causa en com\u00fan.<\/p><p>Un s\u00edndrome asociado al c\u00e1ncer colorrectal es el conjunto de malformaciones o anomal\u00edas que comparten la misma etiolog\u00eda afectar a diferentes estructuras de nuestro cuerpo, entre ellas el colon y el recto.<\/p><p><span style=\"color: #454883;\"><a style=\"color: #454883;\" href=\"https:\/\/www.fundacioolgatorres.org\/sindromes-genetics\/\"><span style=\"text-decoration: underline;\">Continuar leyendo<\/span><\/a><\/span><\/p><\/div>\n\t\t\t\t<\/div>\n\t\t\t\t\t\t\t<div class=\"elementor-toggle-item\">\n\t\t\t\t\t<div id=\"elementor-tab-title-2282\" class=\"elementor-tab-title\" data-tab=\"2\" role=\"button\" aria-controls=\"elementor-tab-content-2282\" aria-expanded=\"false\">\n\t\t\t\t\t\t\t\t\t\t\t\t<a class=\"elementor-toggle-title\" tabindex=\"0\">\u00bfQu\u00e9 hay que hacer?<\/a>\n\t\t\t\t\t<\/div>\n\n\t\t\t\t\t<div id=\"elementor-tab-content-2282\" class=\"elementor-tab-content elementor-clearfix\" data-tab=\"2\" role=\"region\" aria-labelledby=\"elementor-tab-title-2282\"><p>Acudir a un genetista cl\u00ednico para que lo estudie y, una vez establecido el diagn\u00f3stico, hacer un asesoramiento o consejo gen\u00e9tico.<\/p><p><span style=\"color: #454883;\"><a style=\"color: #454883;\" href=\"https:\/\/www.fundacioolgatorres.org\/sindromes-genetics\/\"><span style=\"text-decoration: underline;\">Continuar leyendo<\/span><\/a><\/span><\/p><\/div>\n\t\t\t\t<\/div>\n\t\t\t\t\t\t\t<div class=\"elementor-toggle-item\">\n\t\t\t\t\t<div id=\"elementor-tab-title-2283\" class=\"elementor-tab-title\" data-tab=\"3\" role=\"button\" aria-controls=\"elementor-tab-content-2283\" aria-expanded=\"false\">\n\t\t\t\t\t\t\t\t\t\t\t\t<a class=\"elementor-toggle-title\" tabindex=\"0\">\u00bfQu\u00e9 es el consejo gen\u00e9tico?<\/a>\n\t\t\t\t\t<\/div>\n\n\t\t\t\t\t<div id=\"elementor-tab-content-2283\" class=\"elementor-tab-content elementor-clearfix\" data-tab=\"3\" role=\"region\" aria-labelledby=\"elementor-tab-title-2283\"><p>Una sesi\u00f3n en la que el individuo(s) afectado habla con el m\u00e9dico genetista sobre el estudio, diagn\u00f3stico, pron\u00f3stico y prevenci\u00f3n del s\u00edndrome y sus futuras complicaciones.<\/p><p>La prevenci\u00f3n puede realizarse a nivel prenatal (individuo antes de nacer) o postnatal, cuando el individuo ya ha nacido, para prevenir las futuras complicaciones de la enfermedad.<\/p><p><span style=\"color: #454883;\"><a style=\"color: #454883;\" href=\"https:\/\/www.fundacioolgatorres.org\/sindromes-genetics\/\"><span style=\"text-decoration: underline;\">Continuar leyendo<\/span><\/a><\/span><\/p><\/div>\n\t\t\t\t<\/div>\n\t\t\t\t\t\t\t<div class=\"elementor-toggle-item\">\n\t\t\t\t\t<div id=\"elementor-tab-title-2284\" class=\"elementor-tab-title\" data-tab=\"4\" role=\"button\" aria-controls=\"elementor-tab-content-2284\" aria-expanded=\"false\">\n\t\t\t\t\t\t\t\t\t\t\t\t<a class=\"elementor-toggle-title\" tabindex=\"0\"> \u00bfPor qu\u00e9 es hereditario?<\/a>\n\t\t\t\t\t<\/div>\n\n\t\t\t\t\t<div id=\"elementor-tab-content-2284\" class=\"elementor-tab-content elementor-clearfix\" data-tab=\"4\" role=\"region\" aria-labelledby=\"elementor-tab-title-2284\"><p>Porque uno de los padres tiene el gen mutado y lo transmite a sus hijos.<\/p><p><span style=\"color: #454883;\"><a style=\"color: #454883;\" href=\"https:\/\/www.fundacioolgatorres.org\/sindromes-genetics\/\"><span style=\"text-decoration: underline;\">Continuar leyendo<\/span><\/a><\/span><\/p><\/div>\n\t\t\t\t<\/div>\n\t\t\t\t\t\t\t<div class=\"elementor-toggle-item\">\n\t\t\t\t\t<div id=\"elementor-tab-title-2285\" class=\"elementor-tab-title\" data-tab=\"5\" role=\"button\" aria-controls=\"elementor-tab-content-2285\" aria-expanded=\"false\">\n\t\t\t\t\t\t\t\t\t\t\t\t<a class=\"elementor-toggle-title\" tabindex=\"0\"> \u00bfC\u00f3mo lo transmiten?<\/a>\n\t\t\t\t\t<\/div>\n\n\t\t\t\t\t<div id=\"elementor-tab-content-2285\" class=\"elementor-tab-content elementor-clearfix\" data-tab=\"5\" role=\"region\" aria-labelledby=\"elementor-tab-title-2285\"><p>Pues a trav\u00e9s del \u00f3vulo (mujer) o del espermatozoide (var\u00f3n), en el momento de la fecundaci\u00f3n.<\/p><p>Recordemos que el hombre tiene 46 cromosomas, agrupados en 23 pares, y que los cromosomas son como nuestros libros de cocina con nuestras recetas\u2026..f\u00f3rmese un coraz\u00f3n\u2026\u2026..marchando un ri\u00f1\u00f3n\u2026\u2026etc.<\/p><p>De vez en cuando estas recetas son err\u00f3neas, y los \u00f3rganos o tejidos que dependen de ellas salen defectuosos, pudi\u00e9ndose manifestar el fallo durante el periodo prenatal (antes de nacer), o en diferentes etapas de la vida durante el periodo postnatal (despu\u00e9s de nacer).<\/p><p><span style=\"color: #454883;\"><a style=\"color: #454883;\" href=\"https:\/\/www.fundacioolgatorres.org\/sindromes-genetics\/\"><span style=\"text-decoration: underline;\">Continuar leyendo<\/span><\/a><\/span><\/p><\/div>\n\t\t\t\t<\/div>\n\t\t\t\t\t\t\t<div class=\"elementor-toggle-item\">\n\t\t\t\t\t<div id=\"elementor-tab-title-2286\" class=\"elementor-tab-title\" data-tab=\"6\" role=\"button\" aria-controls=\"elementor-tab-content-2286\" aria-expanded=\"false\">\n\t\t\t\t\t\t\t\t\t\t\t\t<a class=\"elementor-toggle-title\" tabindex=\"0\">Tipo de herencia tienen los s\u00edndromes<\/a>\n\t\t\t\t\t<\/div>\n\n\t\t\t\t\t<div id=\"elementor-tab-content-2286\" class=\"elementor-tab-content elementor-clearfix\" data-tab=\"6\" role=\"region\" aria-labelledby=\"elementor-tab-title-2286\"><p>Depende de cada s\u00edndrome, pero muchos de los involucrados en c\u00e1ncer colorrectal tienen una herencia de tipo autos\u00f3mico dominante.<\/p><p><span style=\"color: #454883;\"><a style=\"color: #454883;\" href=\"https:\/\/www.fundacioolgatorres.org\/sindromes-genetics\/\"><span style=\"text-decoration: underline;\">Continuar leyendo<\/span><\/a><\/span><\/p><\/div>\n\t\t\t\t<\/div>\n\t\t\t\t\t\t\t\t<\/div>\n\t\t\t\t\t\t<\/div>\n\t\t\t\t<\/div>\n\t\t\t\t\t<\/div>\n\t\t<\/div>\n\t\t\t\t\t<\/div>\n\t\t<\/section>\n\t\t\t\t<section class=\"elementor-section elementor-top-section elementor-element elementor-element-216b676 elementor-section-content-middle elementor-section-boxed elementor-section-height-default elementor-section-height-default\" data-id=\"216b676\" data-element_type=\"section\" data-e-type=\"section\">\n\t\t\t\t\t\t<div class=\"elementor-container elementor-column-gap-no\">\n\t\t\t\t\t<div class=\"elementor-column elementor-col-100 elementor-top-column elementor-element elementor-element-90a824e\" data-id=\"90a824e\" data-element_type=\"column\" data-e-type=\"column\">\n\t\t\t<div class=\"elementor-widget-wrap elementor-element-populated\">\n\t\t\t\t\t\t<div class=\"elementor-element elementor-element-4eaf738 elementor-widget elementor-widget-heading\" data-id=\"4eaf738\" data-element_type=\"widget\" data-e-type=\"widget\" data-widget_type=\"heading.default\">\n\t\t\t\t<div class=\"elementor-widget-container\">\n\t\t\t\t\t<h2 class=\"elementor-heading-title elementor-size-default\">Protocolo de seguimiento del carcinoma colorrectal\n<\/h2>\t\t\t\t<\/div>\n\t\t\t\t<\/div>\n\t\t\t\t<section class=\"elementor-section elementor-inner-section elementor-element elementor-element-ffbe58d elementor-hidden-desktop elementor-section-boxed elementor-section-height-default elementor-section-height-default\" data-id=\"ffbe58d\" data-element_type=\"section\" data-e-type=\"section\">\n\t\t\t\t\t\t<div class=\"elementor-container elementor-column-gap-default\">\n\t\t\t\t\t<div class=\"elementor-column elementor-col-100 elementor-inner-column elementor-element elementor-element-59df2a2\" data-id=\"59df2a2\" data-element_type=\"column\" data-e-type=\"column\">\n\t\t\t<div class=\"elementor-widget-wrap elementor-element-populated\">\n\t\t\t\t\t\t<div class=\"elementor-element elementor-element-73f3271 elementor-widget elementor-widget-image\" data-id=\"73f3271\" data-element_type=\"widget\" data-e-type=\"widget\" data-widget_type=\"image.default\">\n\t\t\t\t<div class=\"elementor-widget-container\">\n\t\t\t\t\t\t\t\t\t\t\t\t\t\t\t<img decoding=\"async\" src=\"https:\/\/www.fundacioolgatorres.org\/wp-content\/uploads\/elementor\/thumbs\/fot-divulgacio-cancer-colorectal-seguiment-qwnku40011o4v8he6ztvi6dts38fugfnrk7fzcug80.jpg\" title=\"fot-divulgacio-cancer-colorectal-seguiment\" alt=\"fot-divulgacio-cancer-colorectal-seguiment\" loading=\"lazy\" \/>\t\t\t\t\t\t\t\t\t\t\t\t\t\t\t<\/div>\n\t\t\t\t<\/div>\n\t\t\t\t<div class=\"elementor-element elementor-element-92c54ea elementor-widget elementor-widget-text-editor\" data-id=\"92c54ea\" data-element_type=\"widget\" data-e-type=\"widget\" data-widget_type=\"text-editor.default\">\n\t\t\t\t<div class=\"elementor-widget-container\">\n\t\t\t\t\t\t\t\t\t<p>Los pacientes con c\u00e0ncer colorrectal (CCR) en estadio I, se someter\u00e1n a seguimiento con el fin de detectar la aparaci\u00f3n de un segundo tumor o de p\u00f3lipos, con colonoscopia cada 3 o 5 a\u00f1os.<\/p><p>En los enfermos portadores de un c\u00e1ncer colorrectal en <strong>estadio II<\/strong> o <strong>III<\/strong>, el seguimiento deber\u00e1 constar de anamnesis, exploraci\u00f3n f\u00edsica, marcadores tumorales en sangre (CEA), ecograf\u00eda abdominal y endoscopia digestiva baja. Ser\u00e1 conveniente valorar la idoneidad de practicar tomograf\u00eda abdominop\u00e9lvica (TAC) en aquellos enfermos con tumor de recto.<\/p>\t\t\t\t\t\t\t\t<\/div>\n\t\t\t\t<\/div>\n\t\t\t\t<div class=\"elementor-element elementor-element-85eb292 elementor-widget elementor-widget-image\" data-id=\"85eb292\" data-element_type=\"widget\" data-e-type=\"widget\" data-widget_type=\"image.default\">\n\t\t\t\t<div class=\"elementor-widget-container\">\n\t\t\t\t\t\t\t\t\t\t\t\t\t\t\t<img decoding=\"async\" src=\"https:\/\/www.fundacioolgatorres.org\/wp-content\/uploads\/elementor\/thumbs\/soporte-reunion-qwnku325u7mujmirchf8xomd6pd2mrbxffjyi2vue8.jpg\" title=\"soporte-reunion\" alt=\"soporte-reunion\" loading=\"lazy\" \/>\t\t\t\t\t\t\t\t\t\t\t\t\t\t\t<\/div>\n\t\t\t\t<\/div>\n\t\t\t\t<div class=\"elementor-element elementor-element-1bd1529 elementor-widget elementor-widget-text-editor\" data-id=\"1bd1529\" data-element_type=\"widget\" data-e-type=\"widget\" data-widget_type=\"text-editor.default\">\n\t\t\t\t<div class=\"elementor-widget-container\">\n\t\t\t\t\t\t\t\t\t<p>Solamente si la exploraci\u00f3n preoperatoria fue incompleta ser\u00eda conveniente practicar una nueva colonoscopia en el postoperatorio.<\/p><p>La exploraci\u00f3n endosc\u00f3pica del intestino grueso, en el caso de ser normal, se realizar\u00e1 cada 3 a\u00f1os. Como alternativa en enfermos que no toleren esta exploraci\u00f3n se realizar\u00e1 proctoscopia y enema opaco.<\/p><p>A partir del quinto a\u00f1o, el seguimiento se hace b\u00e1sicamente para descubrir el c\u00e1ncer de colon metacr\u00f3nico (posterior en el tiempo).<\/p>\t\t\t\t\t\t\t\t<\/div>\n\t\t\t\t<\/div>\n\t\t\t\t\t<\/div>\n\t\t<\/div>\n\t\t\t\t\t<\/div>\n\t\t<\/section>\n\t\t\t\t<section class=\"elementor-section elementor-inner-section elementor-element elementor-element-b382fbb elementor-section-content-middle elementor-hidden-tablet elementor-hidden-mobile elementor-section-boxed elementor-section-height-default elementor-section-height-default\" data-id=\"b382fbb\" data-element_type=\"section\" data-e-type=\"section\">\n\t\t\t\t\t\t<div class=\"elementor-container elementor-column-gap-no\">\n\t\t\t\t\t<div class=\"elementor-column elementor-col-50 elementor-inner-column elementor-element elementor-element-06e98c9 elementor-invisible\" data-id=\"06e98c9\" data-element_type=\"column\" data-e-type=\"column\" data-settings=\"{&quot;animation&quot;:&quot;fadeInLeft&quot;}\">\n\t\t\t<div class=\"elementor-widget-wrap elementor-element-populated\">\n\t\t\t\t\t\t<div class=\"elementor-element elementor-element-5dbbc3d elementor-widget elementor-widget-image\" data-id=\"5dbbc3d\" data-element_type=\"widget\" data-e-type=\"widget\" data-widget_type=\"image.default\">\n\t\t\t\t<div class=\"elementor-widget-container\">\n\t\t\t\t\t\t\t\t\t\t\t\t\t\t\t<img loading=\"lazy\" decoding=\"async\" width=\"800\" height=\"551\" src=\"https:\/\/www.fundacioolgatorres.org\/wp-content\/uploads\/2021\/12\/fot-divulgacio-cancer-colorectal-seguiment-1024x705.jpg\" class=\"attachment-large size-large wp-image-4163\" alt=\"\" srcset=\"https:\/\/www.fundacioolgatorres.org\/wp-content\/uploads\/2021\/12\/fot-divulgacio-cancer-colorectal-seguiment-1024x705.jpg 1024w, https:\/\/www.fundacioolgatorres.org\/wp-content\/uploads\/2021\/12\/fot-divulgacio-cancer-colorectal-seguiment-300x207.jpg 300w, https:\/\/www.fundacioolgatorres.org\/wp-content\/uploads\/2021\/12\/fot-divulgacio-cancer-colorectal-seguiment-768x529.jpg 768w, https:\/\/www.fundacioolgatorres.org\/wp-content\/uploads\/2021\/12\/fot-divulgacio-cancer-colorectal-seguiment-1536x1058.jpg 1536w, https:\/\/www.fundacioolgatorres.org\/wp-content\/uploads\/2021\/12\/fot-divulgacio-cancer-colorectal-seguiment.jpg 2000w\" sizes=\"(max-width: 800px) 100vw, 800px\" \/>\t\t\t\t\t\t\t\t\t\t\t\t\t\t\t<\/div>\n\t\t\t\t<\/div>\n\t\t\t\t\t<\/div>\n\t\t<\/div>\n\t\t\t\t<div class=\"elementor-column elementor-col-50 elementor-inner-column elementor-element elementor-element-b400afd elementor-invisible\" data-id=\"b400afd\" data-element_type=\"column\" data-e-type=\"column\" data-settings=\"{&quot;animation&quot;:&quot;fadeInRight&quot;}\">\n\t\t\t<div class=\"elementor-widget-wrap elementor-element-populated\">\n\t\t\t\t\t\t<div class=\"elementor-element elementor-element-09f9391 elementor-widget elementor-widget-text-editor\" data-id=\"09f9391\" data-element_type=\"widget\" data-e-type=\"widget\" data-widget_type=\"text-editor.default\">\n\t\t\t\t<div class=\"elementor-widget-container\">\n\t\t\t\t\t\t\t\t\t<p>Los pacientes con c\u00e0ncer colorrectal (CCR) en estadio I, se someter\u00e1n a seguimiento con el fin de detectar la aparaci\u00f3n de un segundo tumor o de p\u00f3lipos, con colonoscopia cada 3 o 5 a\u00f1os.<\/p><p>En los enfermos portadores de un c\u00e1ncer colorrectal en <strong>estadio II<\/strong> o <strong>III<\/strong>, el seguimiento deber\u00e1 constar de anamnesis, exploraci\u00f3n f\u00edsica, marcadores tumorales en sangre (CEA), ecograf\u00eda abdominal y endoscopia digestiva baja. Ser\u00e1 conveniente valorar la idoneidad de practicar tomograf\u00eda abdominop\u00e9lvica (TAC) en aquellos enfermos con tumor de recto.<\/p>\t\t\t\t\t\t\t\t<\/div>\n\t\t\t\t<\/div>\n\t\t\t\t\t<\/div>\n\t\t<\/div>\n\t\t\t\t\t<\/div>\n\t\t<\/section>\n\t\t\t\t<section class=\"elementor-section elementor-inner-section elementor-element elementor-element-eda0b09 elementor-section-content-middle elementor-reverse-mobile elementor-hidden-tablet elementor-hidden-mobile elementor-section-boxed elementor-section-height-default elementor-section-height-default\" data-id=\"eda0b09\" data-element_type=\"section\" data-e-type=\"section\">\n\t\t\t\t\t\t<div class=\"elementor-container elementor-column-gap-no\">\n\t\t\t\t\t<div class=\"elementor-column elementor-col-50 elementor-inner-column elementor-element elementor-element-22e7a48 elementor-invisible\" data-id=\"22e7a48\" data-element_type=\"column\" data-e-type=\"column\" data-settings=\"{&quot;animation&quot;:&quot;fadeInLeft&quot;}\">\n\t\t\t<div class=\"elementor-widget-wrap elementor-element-populated\">\n\t\t\t\t\t\t<div class=\"elementor-element elementor-element-f77ed57 elementor-widget elementor-widget-text-editor\" data-id=\"f77ed57\" data-element_type=\"widget\" data-e-type=\"widget\" data-widget_type=\"text-editor.default\">\n\t\t\t\t<div class=\"elementor-widget-container\">\n\t\t\t\t\t\t\t\t\t<p>Solamente si la exploraci\u00f3n preoperatoria fue incompleta ser\u00eda conveniente practicar una nueva colonoscopia en el postoperatorio.<\/p><p>La exploraci\u00f3n endosc\u00f3pica del intestino grueso, en el caso de ser normal, se realizar\u00e1 cada 3 a\u00f1os. Como alternativa en enfermos que no toleren esta exploraci\u00f3n se realizar\u00e1 proctoscopia y enema opaco.<\/p><p>A partir del quinto a\u00f1o, el seguimiento se hace b\u00e1sicamente para descubrir el c\u00e1ncer de colon metacr\u00f3nico (posterior en el tiempo).<\/p>\t\t\t\t\t\t\t\t<\/div>\n\t\t\t\t<\/div>\n\t\t\t\t\t<\/div>\n\t\t<\/div>\n\t\t\t\t<div class=\"elementor-column elementor-col-50 elementor-inner-column elementor-element elementor-element-85cd0b1 elementor-invisible\" data-id=\"85cd0b1\" data-element_type=\"column\" data-e-type=\"column\" data-settings=\"{&quot;animation&quot;:&quot;fadeInRight&quot;}\">\n\t\t\t<div class=\"elementor-widget-wrap elementor-element-populated\">\n\t\t\t\t\t\t<div class=\"elementor-element elementor-element-e88df90 elementor-widget elementor-widget-image\" data-id=\"e88df90\" data-element_type=\"widget\" data-e-type=\"widget\" data-widget_type=\"image.default\">\n\t\t\t\t<div class=\"elementor-widget-container\">\n\t\t\t\t\t\t\t\t\t\t\t\t\t\t\t<img loading=\"lazy\" decoding=\"async\" width=\"800\" height=\"533\" src=\"https:\/\/www.fundacioolgatorres.org\/wp-content\/uploads\/2022\/03\/soporte-reunion.jpg\" class=\"attachment-large size-large wp-image-7164\" alt=\"\" srcset=\"https:\/\/www.fundacioolgatorres.org\/wp-content\/uploads\/2022\/03\/soporte-reunion.jpg 800w, https:\/\/www.fundacioolgatorres.org\/wp-content\/uploads\/2022\/03\/soporte-reunion-300x200.jpg 300w, https:\/\/www.fundacioolgatorres.org\/wp-content\/uploads\/2022\/03\/soporte-reunion-768x512.jpg 768w\" sizes=\"(max-width: 800px) 100vw, 800px\" \/>\t\t\t\t\t\t\t\t\t\t\t\t\t\t\t<\/div>\n\t\t\t\t<\/div>\n\t\t\t\t\t<\/div>\n\t\t<\/div>\n\t\t\t\t\t<\/div>\n\t\t<\/section>\n\t\t\t\t\t<\/div>\n\t\t<\/div>\n\t\t\t\t\t<\/div>\n\t\t<\/section>\n\t\t\t\t<section class=\"elementor-section elementor-top-section elementor-element elementor-element-bc71690 elementor-section-content-middle elementor-reverse-mobile elementor-section-boxed elementor-section-height-default elementor-section-height-default elementor-invisible\" data-id=\"bc71690\" data-element_type=\"section\" data-e-type=\"section\" data-settings=\"{&quot;background_background&quot;:&quot;classic&quot;,&quot;animation&quot;:&quot;fadeIn&quot;}\">\n\t\t\t\t\t\t<div class=\"elementor-container elementor-column-gap-default\">\n\t\t\t\t\t<div class=\"elementor-column elementor-col-50 elementor-top-column elementor-element elementor-element-17f2fba\" data-id=\"17f2fba\" data-element_type=\"column\" data-e-type=\"column\">\n\t\t\t<div class=\"elementor-widget-wrap elementor-element-populated\">\n\t\t\t\t\t\t<div class=\"elementor-element elementor-element-ecd14fe elementor-widget elementor-widget-heading\" data-id=\"ecd14fe\" data-element_type=\"widget\" data-e-type=\"widget\" data-widget_type=\"heading.default\">\n\t\t\t\t<div class=\"elementor-widget-container\">\n\t\t\t\t\t<h2 class=\"elementor-heading-title elementor-size-default\">\u00bfC\u00f3mo se previene el c\u00e1ncer colorrectal?\n<\/h2>\t\t\t\t<\/div>\n\t\t\t\t<\/div>\n\t\t\t\t<div class=\"elementor-element elementor-element-31b6e3a elementor-widget elementor-widget-text-editor\" data-id=\"31b6e3a\" data-element_type=\"widget\" data-e-type=\"widget\" data-widget_type=\"text-editor.default\">\n\t\t\t\t<div class=\"elementor-widget-container\">\n\t\t\t\t\t\t\t\t\t<p>Consiste en modificar las causas, tomando decisiones que competen a la Salud P\u00fablica. Su objetivo es disminuir la incidencia de c\u00e1ncer colorrectal, tanto en la poblaci\u00f3n general como en los grupos de riesgo (familiares de enfermos afectos, etc).<\/p>\t\t\t\t\t\t\t\t<\/div>\n\t\t\t\t<\/div>\n\t\t\t\t<div class=\"elementor-element elementor-element-906203c elementor-align-left elementor-mobile-align-center elementor-widget elementor-widget-button\" data-id=\"906203c\" data-element_type=\"widget\" data-e-type=\"widget\" data-widget_type=\"button.default\">\n\t\t\t\t<div class=\"elementor-widget-container\">\n\t\t\t\t\t\t\t\t\t<div class=\"elementor-button-wrapper\">\n\t\t\t\t\t<a class=\"elementor-button elementor-button-link elementor-size-sm\" href=\"https:\/\/www.fundacioolgatorres.org\/prevencio-cancer-colorectal\/\">\n\t\t\t\t\t\t<span class=\"elementor-button-content-wrapper\">\n\t\t\t\t\t\t\t\t\t<span class=\"elementor-button-text\">Quiero saber m\u00e1s<\/span>\n\t\t\t\t\t<\/span>\n\t\t\t\t\t<\/a>\n\t\t\t\t<\/div>\n\t\t\t\t\t\t\t\t<\/div>\n\t\t\t\t<\/div>\n\t\t\t\t\t<\/div>\n\t\t<\/div>\n\t\t\t\t<div class=\"elementor-column elementor-col-50 elementor-top-column elementor-element elementor-element-2cf807e\" data-id=\"2cf807e\" data-element_type=\"column\" data-e-type=\"column\">\n\t\t\t<div class=\"elementor-widget-wrap elementor-element-populated\">\n\t\t\t\t\t\t<div class=\"elementor-element elementor-element-82c79d3 elementor-widget elementor-widget-image\" data-id=\"82c79d3\" data-element_type=\"widget\" data-e-type=\"widget\" data-widget_type=\"image.default\">\n\t\t\t\t<div class=\"elementor-widget-container\">\n\t\t\t\t\t\t\t\t\t\t\t\t\t\t\t<img loading=\"lazy\" decoding=\"async\" width=\"800\" height=\"577\" src=\"https:\/\/www.fundacioolgatorres.org\/wp-content\/uploads\/2021\/12\/fot-divulgacio-cancer-colorectal-prevencio--1024x739.jpg\" class=\"attachment-large size-large wp-image-4165\" alt=\"\" srcset=\"https:\/\/www.fundacioolgatorres.org\/wp-content\/uploads\/2021\/12\/fot-divulgacio-cancer-colorectal-prevencio--1024x739.jpg 1024w, https:\/\/www.fundacioolgatorres.org\/wp-content\/uploads\/2021\/12\/fot-divulgacio-cancer-colorectal-prevencio--300x216.jpg 300w, https:\/\/www.fundacioolgatorres.org\/wp-content\/uploads\/2021\/12\/fot-divulgacio-cancer-colorectal-prevencio--768x554.jpg 768w, https:\/\/www.fundacioolgatorres.org\/wp-content\/uploads\/2021\/12\/fot-divulgacio-cancer-colorectal-prevencio--1536x1108.jpg 1536w, https:\/\/www.fundacioolgatorres.org\/wp-content\/uploads\/2021\/12\/fot-divulgacio-cancer-colorectal-prevencio-.jpg 1855w\" sizes=\"(max-width: 800px) 100vw, 800px\" \/>\t\t\t\t\t\t\t\t\t\t\t\t\t\t\t<\/div>\n\t\t\t\t<\/div>\n\t\t\t\t\t<\/div>\n\t\t<\/div>\n\t\t\t\t\t<\/div>\n\t\t<\/section>\n\t\t\t\t<section class=\"elementor-section elementor-top-section elementor-element elementor-element-3120dd3 elementor-section-boxed elementor-section-height-default elementor-section-height-default\" data-id=\"3120dd3\" data-element_type=\"section\" data-e-type=\"section\">\n\t\t\t\t\t\t<div class=\"elementor-container elementor-column-gap-default\">\n\t\t\t\t\t<div class=\"elementor-column elementor-col-100 elementor-top-column elementor-element elementor-element-b926ffd\" data-id=\"b926ffd\" data-element_type=\"column\" data-e-type=\"column\">\n\t\t\t<div class=\"elementor-widget-wrap elementor-element-populated\">\n\t\t\t\t\t\t<div class=\"elementor-element elementor-element-2f8f6f4 elementor-widget elementor-widget-heading\" data-id=\"2f8f6f4\" data-element_type=\"widget\" data-e-type=\"widget\" data-widget_type=\"heading.default\">\n\t\t\t\t<div class=\"elementor-widget-container\">\n\t\t\t\t\t<h2 class=\"elementor-heading-title elementor-size-default\">Y Recuerda...<\/h2>\t\t\t\t<\/div>\n\t\t\t\t<\/div>\n\t\t\t\t\t<\/div>\n\t\t<\/div>\n\t\t\t\t\t<\/div>\n\t\t<\/section>\n\t\t\t\t<section class=\"elementor-section elementor-top-section elementor-element elementor-element-94104a0 elementor-section-boxed elementor-section-height-default elementor-section-height-default\" data-id=\"94104a0\" data-element_type=\"section\" data-e-type=\"section\">\n\t\t\t\t\t\t<div class=\"elementor-container elementor-column-gap-default\">\n\t\t\t\t\t<div class=\"elementor-column elementor-col-100 elementor-top-column elementor-element elementor-element-757d019\" data-id=\"757d019\" data-element_type=\"column\" data-e-type=\"column\">\n\t\t\t<div class=\"elementor-widget-wrap elementor-element-populated\">\n\t\t\t\t\t\t<div class=\"elementor-element elementor-element-8fc08f1 elementor-widget elementor-widget-text-editor\" data-id=\"8fc08f1\" data-element_type=\"widget\" data-e-type=\"widget\" data-widget_type=\"text-editor.default\">\n\t\t\t\t<div class=\"elementor-widget-container\">\n\t\t\t\t\t\t\t\t\t<p>Nuestro aparato digestivo es una maquinaria compleja pero perfectamente engranada, que necesita una serie de cuidados. A pesar de ser tan complejo, nuestro aparato digestivo precisa de una cierta rutina para que su funcionamiento sea mejor. Esto es, comer ordenadamente y a horas similares cada d\u00eda, tomar dietas equilibradas, ir al ba\u00f1o a horas similares y de forma diaria, etc.<\/p><p>En general, cuanto m\u00e1s rutinarios seamos mejor se comportar\u00e1 nuestro aparato digestivo.<\/p>\t\t\t\t\t\t\t\t<\/div>\n\t\t\t\t<\/div>\n\t\t\t\t<div class=\"elementor-element elementor-element-b194053 elementor-widget elementor-widget-spacer\" data-id=\"b194053\" data-element_type=\"widget\" data-e-type=\"widget\" data-widget_type=\"spacer.default\">\n\t\t\t\t<div class=\"elementor-widget-container\">\n\t\t\t\t\t\t\t<div class=\"elementor-spacer\">\n\t\t\t<div class=\"elementor-spacer-inner\"><\/div>\n\t\t<\/div>\n\t\t\t\t\t\t<\/div>\n\t\t\t\t<\/div>\n\t\t\t\t\t<\/div>\n\t\t<\/div>\n\t\t\t\t\t<\/div>\n\t\t<\/section>\n\t\t\t\t<section class=\"elementor-section elementor-top-section elementor-element elementor-element-a2fd22b elementor-section-boxed elementor-section-height-default elementor-section-height-default\" data-id=\"a2fd22b\" data-element_type=\"section\" data-e-type=\"section\">\n\t\t\t\t\t\t<div class=\"elementor-container elementor-column-gap-default\">\n\t\t\t\t\t<div class=\"elementor-column elementor-col-33 elementor-top-column elementor-element elementor-element-848a875\" data-id=\"848a875\" data-element_type=\"column\" data-e-type=\"column\">\n\t\t\t<div class=\"elementor-widget-wrap elementor-element-populated\">\n\t\t\t\t\t\t<div class=\"elementor-element elementor-element-78cf0fe elementor-widget elementor-widget-image\" data-id=\"78cf0fe\" data-element_type=\"widget\" data-e-type=\"widget\" data-widget_type=\"image.default\">\n\t\t\t\t<div class=\"elementor-widget-container\">\n\t\t\t\t\t\t\t\t\t\t\t\t\t\t\t<img loading=\"lazy\" decoding=\"async\" width=\"800\" height=\"534\" src=\"https:\/\/www.fundacioolgatorres.org\/wp-content\/uploads\/2021\/12\/fot-divulgacio-cancer-colorectal-recorda-dieta-1024x684.jpg\" class=\"attachment-large size-large wp-image-4169\" alt=\"\" srcset=\"https:\/\/www.fundacioolgatorres.org\/wp-content\/uploads\/2021\/12\/fot-divulgacio-cancer-colorectal-recorda-dieta-1024x684.jpg 1024w, https:\/\/www.fundacioolgatorres.org\/wp-content\/uploads\/2021\/12\/fot-divulgacio-cancer-colorectal-recorda-dieta-300x200.jpg 300w, https:\/\/www.fundacioolgatorres.org\/wp-content\/uploads\/2021\/12\/fot-divulgacio-cancer-colorectal-recorda-dieta-768x513.jpg 768w, https:\/\/www.fundacioolgatorres.org\/wp-content\/uploads\/2021\/12\/fot-divulgacio-cancer-colorectal-recorda-dieta-1536x1025.jpg 1536w, https:\/\/www.fundacioolgatorres.org\/wp-content\/uploads\/2021\/12\/fot-divulgacio-cancer-colorectal-recorda-dieta.jpg 2000w\" sizes=\"(max-width: 800px) 100vw, 800px\" \/>\t\t\t\t\t\t\t\t\t\t\t\t\t\t\t<\/div>\n\t\t\t\t<\/div>\n\t\t\t\t<section class=\"elementor-section elementor-inner-section elementor-element elementor-element-3b94623 elementor-section-boxed elementor-section-height-default elementor-section-height-default\" data-id=\"3b94623\" data-element_type=\"section\" data-e-type=\"section\">\n\t\t\t\t\t\t<div class=\"elementor-container elementor-column-gap-default\">\n\t\t\t\t\t<div class=\"elementor-column elementor-col-100 elementor-inner-column elementor-element elementor-element-32d8523\" data-id=\"32d8523\" data-element_type=\"column\" data-e-type=\"column\" data-settings=\"{&quot;background_background&quot;:&quot;classic&quot;}\">\n\t\t\t<div class=\"elementor-widget-wrap elementor-element-populated\">\n\t\t\t\t\t\t<div class=\"elementor-element elementor-element-0b6a880 elementor-widget elementor-widget-text-editor\" data-id=\"0b6a880\" data-element_type=\"widget\" data-e-type=\"widget\" data-widget_type=\"text-editor.default\">\n\t\t\t\t<div class=\"elementor-widget-container\">\n\t\t\t\t\t\t\t\t\t<p>La dieta ideal es una dieta equilibrada de tipo mediterr\u00e1neo. Tomar una dieta con bajo contenido en grasas, rica en verduras y frutas mejora el funcionamiento intestinal y previene la formaci\u00f3n y crecimiento de tumores digestivos como el c\u00e1ncer de colon.<\/p>\t\t\t\t\t\t\t\t<\/div>\n\t\t\t\t<\/div>\n\t\t\t\t\t<\/div>\n\t\t<\/div>\n\t\t\t\t\t<\/div>\n\t\t<\/section>\n\t\t\t\t\t<\/div>\n\t\t<\/div>\n\t\t\t\t<div class=\"elementor-column elementor-col-33 elementor-top-column elementor-element elementor-element-60c5522\" data-id=\"60c5522\" data-element_type=\"column\" data-e-type=\"column\">\n\t\t\t<div class=\"elementor-widget-wrap elementor-element-populated\">\n\t\t\t\t\t\t<div class=\"elementor-element elementor-element-69b8968 elementor-widget elementor-widget-image\" data-id=\"69b8968\" data-element_type=\"widget\" data-e-type=\"widget\" data-widget_type=\"image.default\">\n\t\t\t\t<div class=\"elementor-widget-container\">\n\t\t\t\t\t\t\t\t\t\t\t\t\t\t\t<img loading=\"lazy\" decoding=\"async\" width=\"800\" height=\"533\" src=\"https:\/\/www.fundacioolgatorres.org\/wp-content\/uploads\/2021\/12\/divulgacio-cancer-colorectal-recorda-esport-1024x682.jpg\" class=\"attachment-large size-large wp-image-4167\" alt=\"\" srcset=\"https:\/\/www.fundacioolgatorres.org\/wp-content\/uploads\/2021\/12\/divulgacio-cancer-colorectal-recorda-esport-1024x682.jpg 1024w, https:\/\/www.fundacioolgatorres.org\/wp-content\/uploads\/2021\/12\/divulgacio-cancer-colorectal-recorda-esport-300x200.jpg 300w, https:\/\/www.fundacioolgatorres.org\/wp-content\/uploads\/2021\/12\/divulgacio-cancer-colorectal-recorda-esport-768x512.jpg 768w, https:\/\/www.fundacioolgatorres.org\/wp-content\/uploads\/2021\/12\/divulgacio-cancer-colorectal-recorda-esport-1536x1024.jpg 1536w, https:\/\/www.fundacioolgatorres.org\/wp-content\/uploads\/2021\/12\/divulgacio-cancer-colorectal-recorda-esport.jpg 2000w\" sizes=\"(max-width: 800px) 100vw, 800px\" \/>\t\t\t\t\t\t\t\t\t\t\t\t\t\t\t<\/div>\n\t\t\t\t<\/div>\n\t\t\t\t<section class=\"elementor-section elementor-inner-section elementor-element elementor-element-fea9c7e elementor-section-boxed elementor-section-height-default elementor-section-height-default\" data-id=\"fea9c7e\" data-element_type=\"section\" data-e-type=\"section\">\n\t\t\t\t\t\t<div class=\"elementor-container elementor-column-gap-default\">\n\t\t\t\t\t<div class=\"elementor-column elementor-col-100 elementor-inner-column elementor-element elementor-element-cd584cb\" data-id=\"cd584cb\" data-element_type=\"column\" data-e-type=\"column\">\n\t\t\t<div class=\"elementor-widget-wrap elementor-element-populated\">\n\t\t\t\t\t\t<div class=\"elementor-element elementor-element-650f6ea elementor-widget elementor-widget-text-editor\" data-id=\"650f6ea\" data-element_type=\"widget\" data-e-type=\"widget\" data-widget_type=\"text-editor.default\">\n\t\t\t\t<div class=\"elementor-widget-container\">\n\t\t\t\t\t\t\t\t\t<p>El ejercicio f\u00edsico moderado mejora el funcionamiento intestinal favoreciendo la digesti\u00f3n y la evacuaci\u00f3n, previniendo, tambi\u00e9n, la aparici\u00f3n de patolog\u00edas funcionales (s\u00edndrome de intestino irritable, etc.) y org\u00e1nicas (enfermedad inflamatoria, tumores, etc.).<\/p>\t\t\t\t\t\t\t\t<\/div>\n\t\t\t\t<\/div>\n\t\t\t\t\t<\/div>\n\t\t<\/div>\n\t\t\t\t\t<\/div>\n\t\t<\/section>\n\t\t\t\t\t<\/div>\n\t\t<\/div>\n\t\t\t\t<div class=\"elementor-column elementor-col-33 elementor-top-column elementor-element elementor-element-9822ff1\" data-id=\"9822ff1\" data-element_type=\"column\" data-e-type=\"column\">\n\t\t\t<div class=\"elementor-widget-wrap elementor-element-populated\">\n\t\t\t\t\t\t<div class=\"elementor-element elementor-element-d206f61 elementor-widget elementor-widget-image\" data-id=\"d206f61\" data-element_type=\"widget\" data-e-type=\"widget\" data-widget_type=\"image.default\">\n\t\t\t\t<div class=\"elementor-widget-container\">\n\t\t\t\t\t\t\t\t\t\t\t\t\t\t\t<img loading=\"lazy\" decoding=\"async\" width=\"800\" height=\"533\" src=\"https:\/\/www.fundacioolgatorres.org\/wp-content\/uploads\/2021\/12\/fot-divulgacio-cancer-colorectal-recorda-tabac-1024x682.jpg\" class=\"attachment-large size-large wp-image-4171\" alt=\"\" srcset=\"https:\/\/www.fundacioolgatorres.org\/wp-content\/uploads\/2021\/12\/fot-divulgacio-cancer-colorectal-recorda-tabac-1024x682.jpg 1024w, https:\/\/www.fundacioolgatorres.org\/wp-content\/uploads\/2021\/12\/fot-divulgacio-cancer-colorectal-recorda-tabac-300x200.jpg 300w, https:\/\/www.fundacioolgatorres.org\/wp-content\/uploads\/2021\/12\/fot-divulgacio-cancer-colorectal-recorda-tabac-768x512.jpg 768w, https:\/\/www.fundacioolgatorres.org\/wp-content\/uploads\/2021\/12\/fot-divulgacio-cancer-colorectal-recorda-tabac-1536x1024.jpg 1536w, https:\/\/www.fundacioolgatorres.org\/wp-content\/uploads\/2021\/12\/fot-divulgacio-cancer-colorectal-recorda-tabac.jpg 2000w\" sizes=\"(max-width: 800px) 100vw, 800px\" \/>\t\t\t\t\t\t\t\t\t\t\t\t\t\t\t<\/div>\n\t\t\t\t<\/div>\n\t\t\t\t<section class=\"elementor-section elementor-inner-section elementor-element elementor-element-c313d91 elementor-section-boxed elementor-section-height-default elementor-section-height-default\" data-id=\"c313d91\" data-element_type=\"section\" data-e-type=\"section\">\n\t\t\t\t\t\t<div class=\"elementor-container elementor-column-gap-default\">\n\t\t\t\t\t<div class=\"elementor-column elementor-col-100 elementor-inner-column elementor-element elementor-element-ed1237f\" data-id=\"ed1237f\" data-element_type=\"column\" data-e-type=\"column\">\n\t\t\t<div class=\"elementor-widget-wrap elementor-element-populated\">\n\t\t\t\t\t\t<div class=\"elementor-element elementor-element-3ad7ae2 elementor-widget elementor-widget-text-editor\" data-id=\"3ad7ae2\" data-element_type=\"widget\" data-e-type=\"widget\" data-widget_type=\"text-editor.default\">\n\t\t\t\t<div class=\"elementor-widget-container\">\n\t\t\t\t\t\t\t\t\t<p>Dejar de fumar. El tabaco influye en la formaci\u00f3n de muchos tipos de c\u00e1ncer. Tambi\u00e9n en la aparici\u00f3n de c\u00e1ncer de es\u00f3fago, est\u00f3mago o colon. En el de colon, por ejemplo, los hombres fumadores tienen un 34% m\u00e1s posibilidades de padecerlo, y las mujeres fumadoras un 43%.<\/p>\t\t\t\t\t\t\t\t<\/div>\n\t\t\t\t<\/div>\n\t\t\t\t\t<\/div>\n\t\t<\/div>\n\t\t\t\t\t<\/div>\n\t\t<\/section>\n\t\t\t\t\t<\/div>\n\t\t<\/div>\n\t\t\t\t\t<\/div>\n\t\t<\/section>\n\t\t\t\t<section class=\"elementor-section elementor-top-section elementor-element elementor-element-751aaad elementor-section-boxed elementor-section-height-default elementor-section-height-default\" data-id=\"751aaad\" data-element_type=\"section\" data-e-type=\"section\">\n\t\t\t\t\t\t<div class=\"elementor-container elementor-column-gap-default\">\n\t\t\t\t\t<div class=\"elementor-column elementor-col-100 elementor-top-column elementor-element elementor-element-a9825be\" data-id=\"a9825be\" data-element_type=\"column\" data-e-type=\"column\">\n\t\t\t<div class=\"elementor-widget-wrap elementor-element-populated\">\n\t\t\t\t\t\t<div class=\"elementor-element elementor-element-99a8d08 elementor-widget elementor-widget-spacer\" data-id=\"99a8d08\" data-element_type=\"widget\" data-e-type=\"widget\" data-widget_type=\"spacer.default\">\n\t\t\t\t<div class=\"elementor-widget-container\">\n\t\t\t\t\t\t\t<div class=\"elementor-spacer\">\n\t\t\t<div class=\"elementor-spacer-inner\"><\/div>\n\t\t<\/div>\n\t\t\t\t\t\t<\/div>\n\t\t\t\t<\/div>\n\t\t\t\t\t<\/div>\n\t\t<\/div>\n\t\t\t\t\t<\/div>\n\t\t<\/section>\n\t\t\t\t<\/div>\n\t\t","protected":false},"excerpt":{"rendered":"<p>C\u00e1ncer Colorrectal \u00bfQu\u00e9 es el c\u00e1ncer colorrectal? Es un tumor maligno que se localiza a distintos niveles dentro del intestino grueso. Puede situarse a la altura del colon o al final del intestino, en la zona llamada recto. Epidemiolog\u00eda \u00bfCu\u00e1l es la frecuencia?1.- Es la segunda neoplasia m\u00e1s frecuente, despu\u00e9s del c\u00e1ncer de mama en [&hellip;]<\/p>\n","protected":false},"author":1,"featured_media":0,"parent":0,"menu_order":0,"comment_status":"closed","ping_status":"closed","template":"","meta":{"give_campaign_id":0,"footnotes":""},"class_list":["post-5409","page","type-page","status-publish","hentry"],"campaignId":"","_links":{"self":[{"href":"https:\/\/www.fundacioolgatorres.org\/es\/wp-json\/wp\/v2\/pages\/5409","targetHints":{"allow":["GET"]}}],"collection":[{"href":"https:\/\/www.fundacioolgatorres.org\/es\/wp-json\/wp\/v2\/pages"}],"about":[{"href":"https:\/\/www.fundacioolgatorres.org\/es\/wp-json\/wp\/v2\/types\/page"}],"author":[{"embeddable":true,"href":"https:\/\/www.fundacioolgatorres.org\/es\/wp-json\/wp\/v2\/users\/1"}],"replies":[{"embeddable":true,"href":"https:\/\/www.fundacioolgatorres.org\/es\/wp-json\/wp\/v2\/comments?post=5409"}],"version-history":[{"count":0,"href":"https:\/\/www.fundacioolgatorres.org\/es\/wp-json\/wp\/v2\/pages\/5409\/revisions"}],"wp:attachment":[{"href":"https:\/\/www.fundacioolgatorres.org\/es\/wp-json\/wp\/v2\/media?parent=5409"}],"curies":[{"name":"wp","href":"https:\/\/api.w.org\/{rel}","templated":true}]}}